{"id":2218,"date":"2024-06-07T15:54:16","date_gmt":"2024-06-07T21:54:16","guid":{"rendered":"https:\/\/idpacongress2025.com\/ponentes\/"},"modified":"2025-11-29T15:35:36","modified_gmt":"2025-11-29T21:35:36","slug":"ponentes","status":"publish","type":"page","link":"https:\/\/idpacongress2025.com\/es\/ponentes\/","title":{"rendered":"Ponentes"},"content":{"rendered":"\t\t<div data-elementor-type=\"wp-post\" data-elementor-id=\"2218\" class=\"elementor elementor-2218 elementor-948\">\n\t\t\t\t<div class=\"elementor-element elementor-element-d10299b e-con-full e-flex e-con e-parent\" data-id=\"d10299b\" data-element_type=\"container\">\n\t\t<div class=\"elementor-element elementor-element-297c364 e-flex e-con-boxed e-con e-child\" data-id=\"297c364\" data-element_type=\"container\">\n\t\t\t\t\t<div class=\"e-con-inner\">\n\t\t<div class=\"elementor-element elementor-element-3500845 e-grid e-con-full e-con e-child\" data-id=\"3500845\" data-element_type=\"container\">\n\t\t\t\t<div class=\"elementor-element elementor-element-0ae90c1 elementor-align-left hero-btn elementor-mobile-align-center elementor-hidden-desktop elementor-hidden-tablet elementor-hidden-mobile elementor-widget elementor-widget-button\" data-id=\"0ae90c1\" data-element_type=\"widget\" data-widget_type=\"button.default\">\n\t\t\t\t<div class=\"elementor-widget-container\">\n\t\t\t\t\t\t\t\t\t<div class=\"elementor-button-wrapper\">\n\t\t\t\t\t<a class=\"elementor-button elementor-button-link elementor-size-sm\" href=\"#\">\n\t\t\t\t\t\t<span class=\"elementor-button-content-wrapper\">\n\t\t\t\t\t\t\t\t\t<span class=\"elementor-button-text\">Registro<\/span>\n\t\t\t\t\t<\/span>\n\t\t\t\t\t<\/a>\n\t\t\t\t<\/div>\n\t\t\t\t\t\t\t\t<\/div>\n\t\t\t\t<\/div>\n\t\t\t\t<\/div>\n\t\t\t\t\t<\/div>\n\t\t\t\t<\/div>\n\t\t\t\t<\/div>\n\t\t<div class=\"elementor-element elementor-element-2a14791 e-flex e-con-boxed e-con e-parent\" data-id=\"2a14791\" data-element_type=\"container\">\n\t\t\t\t\t<div class=\"e-con-inner\">\n\t\t\t\t<div class=\"elementor-element elementor-element-4bddbd7 elementor-widget elementor-widget-image\" data-id=\"4bddbd7\" data-element_type=\"widget\" data-widget_type=\"image.default\">\n\t\t\t\t<div class=\"elementor-widget-container\">\n\t\t\t\t\t\t\t\t\t\t\t\t\t\t\t<img decoding=\"async\" src=\"https:\/\/idpacongress2025.com\/wp-content\/uploads\/elementor\/thumbs\/cropped-cropped-IDPA_2025-Logo-qr5qcs7xuappnr8168jbjzurbc0edx29783jjq686g.png\" title=\"cropped-cropped-IDPA_2025-Logo.png\" alt=\"IDPA 2025 Congress Logo\" loading=\"lazy\" \/>\t\t\t\t\t\t\t\t\t\t\t\t\t\t\t<\/div>\n\t\t\t\t<\/div>\n\t\t\t\t<div class=\"elementor-element elementor-element-11bf82b elementor-widget elementor-widget-heading\" data-id=\"11bf82b\" data-element_type=\"widget\" data-widget_type=\"heading.default\">\n\t\t\t\t<div class=\"elementor-widget-container\">\n\t\t\t\t\t<h1 class=\"elementor-heading-title elementor-size-default\">PONENTES<\/h1>\t\t\t\t<\/div>\n\t\t\t\t<\/div>\n\t\t\t\t\t<\/div>\n\t\t\t\t<\/div>\n\t\t<div class=\"elementor-element elementor-element-75a153b e-con-full e-flex e-con e-parent\" data-id=\"75a153b\" data-element_type=\"container\">\n\t\t<div class=\"elementor-element elementor-element-8646a2b e-con-full e-flex e-con e-child\" data-id=\"8646a2b\" data-element_type=\"container\">\n\t\t\t\t<\/div>\n\t\t\t\t<\/div>\n\t\t<div class=\"elementor-element elementor-element-42a4bf6 e-flex e-con-boxed e-con e-parent\" data-id=\"42a4bf6\" data-element_type=\"container\" data-settings=\"{&quot;background_background&quot;:&quot;classic&quot;}\">\n\t\t\t\t\t<div class=\"e-con-inner\">\n\t\t\t\t<div class=\"elementor-element elementor-element-c912dcc center-mobile elementor-widget elementor-widget-text-editor\" data-id=\"c912dcc\" data-element_type=\"widget\" data-widget_type=\"text-editor.default\">\n\t\t\t\t<div class=\"elementor-widget-container\">\n\t\t\t\t\t\t\t\t\t<p>Este a\u00f1o, estamos encantados de presentar una lista excepcional de ponentes que est\u00e1n a la vanguardia de la investigaci\u00f3n, la pr\u00e1ctica cl\u00ednica y la innovaci\u00f3n educativa. Sus contribuciones son fundamentales para mejorar nuestra comprensi\u00f3n del desarrollo humano desde la infancia hasta la adultez. <\/p>\n<p>A medida que profundizamos en el congreso, cada ponente aportar\u00e1 perspectivas \u00fanicas y hallazgos innovadores, brindando una visi\u00f3n completa de las tendencias actuales y las direcciones futuras en la psicolog\u00eda del desarrollo. Prep\u00e1rate para ser inspirado por su experiencia y participar en discusiones significativas que dar\u00e1n forma al futuro de nuestra disciplina. <\/p>\n\t\t\t\t\t\t\t\t<\/div>\n\t\t\t\t<\/div>\n\t\t\t\t\t<\/div>\n\t\t\t\t<\/div>\n\t\t<div class=\"elementor-element elementor-element-cce228c e-flex e-con-boxed e-con e-parent\" data-id=\"cce228c\" data-element_type=\"container\" data-settings=\"{&quot;background_background&quot;:&quot;classic&quot;}\">\n\t\t\t\t\t<div class=\"e-con-inner\">\n\t\t<div class=\"elementor-element elementor-element-d14c91d e-con-full e-flex e-con e-child\" data-id=\"d14c91d\" data-element_type=\"container\">\n\t\t\t\t<div class=\"elementor-element elementor-element-04bba12 elementor-widget elementor-widget-image\" data-id=\"04bba12\" data-element_type=\"widget\" data-widget_type=\"image.default\">\n\t\t\t\t<div class=\"elementor-widget-container\">\n\t\t\t\t\t\t\t\t\t\t\t\t\t\t\t<img decoding=\"async\" width=\"522\" height=\"67\" src=\"https:\/\/idpacongress2025.com\/wp-content\/uploads\/2025\/03\/Divider-2-1.png\" class=\"attachment-full size-full wp-image-3515\" alt=\"\" srcset=\"https:\/\/idpacongress2025.com\/wp-content\/uploads\/2025\/03\/Divider-2-1.png 522w, https:\/\/idpacongress2025.com\/wp-content\/uploads\/2025\/03\/Divider-2-1-300x39.png 300w\" sizes=\"(max-width: 522px) 100vw, 522px\" \/>\t\t\t\t\t\t\t\t\t\t\t\t\t\t\t<\/div>\n\t\t\t\t<\/div>\n\t\t\t\t<\/div>\n\t\t\t\t\t<\/div>\n\t\t\t\t<\/div>\n\t\t<div class=\"elementor-element elementor-element-ecea810 e-flex e-con-boxed e-con e-parent\" data-id=\"ecea810\" data-element_type=\"container\" data-settings=\"{&quot;background_background&quot;:&quot;classic&quot;}\">\n\t\t\t\t\t<div class=\"e-con-inner\">\n\t\t\t\t<div class=\"elementor-element elementor-element-2250c80 center-mobile elementor-widget elementor-widget-text-editor\" data-id=\"2250c80\" data-element_type=\"widget\" data-widget_type=\"text-editor.default\">\n\t\t\t\t<div class=\"elementor-widget-container\">\n\t\t\t\t\t\t\t\t\t<p style=\"text-align: center;\"><strong>Voces Visionarias: Conferencistas Principales<\/strong><\/p>\t\t\t\t\t\t\t\t<\/div>\n\t\t\t\t<\/div>\n\t\t\t\t\t<\/div>\n\t\t\t\t<\/div>\n\t\t<div class=\"elementor-element elementor-element-33ae8b4 e-grid e-con-boxed e-con e-parent\" data-id=\"33ae8b4\" data-element_type=\"container\" data-settings=\"{&quot;background_background&quot;:&quot;classic&quot;}\">\n\t\t\t\t\t<div class=\"e-con-inner\">\n\t\t<div class=\"elementor-element elementor-element-96aa2e6 e-con-full e-flex e-con e-child\" data-id=\"96aa2e6\" data-element_type=\"container\">\n\t\t\t\t<div class=\"elementor-element elementor-element-9f27e32 elementor-widget elementor-widget-image\" data-id=\"9f27e32\" data-element_type=\"widget\" data-widget_type=\"image.default\">\n\t\t\t\t<div class=\"elementor-widget-container\">\n\t\t\t\t\t\t\t\t\t\t\t\t\t\t\t<img fetchpriority=\"high\" decoding=\"async\" width=\"268\" height=\"300\" src=\"https:\/\/idpacongress2025.com\/wp-content\/uploads\/2025\/11\/Karin-Herrera-e1763401110508-268x300.jpg\" class=\"attachment-medium size-medium wp-image-4605\" alt=\"\" srcset=\"https:\/\/idpacongress2025.com\/wp-content\/uploads\/2025\/11\/Karin-Herrera-e1763401110508-268x300.jpg 268w, https:\/\/idpacongress2025.com\/wp-content\/uploads\/2025\/11\/Karin-Herrera-e1763401110508.jpg 478w\" sizes=\"(max-width: 268px) 100vw, 268px\" \/>\t\t\t\t\t\t\t\t\t\t\t\t\t\t\t<\/div>\n\t\t\t\t<\/div>\n\t\t\t\t<div class=\"elementor-element elementor-element-248c525 elementor-widget elementor-widget-text-editor\" data-id=\"248c525\" data-element_type=\"widget\" data-widget_type=\"text-editor.default\">\n\t\t\t\t<div class=\"elementor-widget-container\">\n\t\t\t\t\t\t\t\t\t<p style=\"font-weight: bold; font-size: 20px; color: #555; margin: 20px 0 5px; letter-spacing: 1px; text-transform: uppercase; text-align: center;\">Karin herrera<\/p><hr style=\"background: #777; width: 45px; height: 2px; margin: 6px auto; border: 0;\" \/><h2 style=\"color: #333; font-size: 15px; font-weight: normal; margin: 0 0 20px; text-transform: uppercase; letter-spacing: 1px; text-align: center;\">guatemala<\/h2>\t\t\t\t\t\t\t\t<\/div>\n\t\t\t\t<\/div>\n\t\t\t\t<div class=\"elementor-element elementor-element-2fc8bf2 elementor-widget elementor-widget-tp-accordion\" data-id=\"2fc8bf2\" data-element_type=\"widget\" data-widget_type=\"tp-accordion.default\">\n\t\t\t\t<div class=\"elementor-widget-container\">\n\t\t\t\t\t\t\t<div class=\"theplus-accordion-wrapper elementor-accordion \" id=\"accordion69f44da6a4aaf\" data-accordion-id=\"accordion69f44da6a4aaf\" data-accordion-type=\"accordion\" data-toogle-speed=\"300\"   role=\"tablist\">\n\t\t\t\t\t\t\t\n\t\t\t\t<div class=\"theplus-accordion-item\">\n\t\t\t\t\t<div id=\"elementor-tab-title-5011\" class=\"elementor-tab-title plus-accordion-header 0\" tabindex=\"5011\" data-tab=\"1\" role=\"tab\" aria-controls=\"elementor-tab-content-5011\">\n\t\t\t\t\t\t<span class=\"elementor-accordion-icon elementor-accordion-icon-left\" aria-hidden=\"true\"><i class=\"elementor-accordion-icon-closed fa fa-plus\"><\/i><i class=\"elementor-accordion-icon-opened fa fa-minus\"><\/i><\/span><span style=\"width:100%\">BIOGRAF\u00cdA<\/span>\n\t\t\t\t\t<\/div>  \n\n\t\t\t\t\t\t\t\t\t\t\t<div id=\"elementor-tab-content-5011\" class=\"elementor-tab-content elementor-clearfix plus-accordion-content 0\" data-tab=\"1\" role=\"tabpanel\" aria-labelledby=\"elementor-tab-title-5011\">\n\t\t\t\t\t\t\t<div class=\"plus-content-editor\"><p>La Dra. Karin Larissa Herrera Aguilar es una bi\u00f3loga, profesora, soci\u00f3loga y pol\u00edtica guatemalteca que se desempe\u00f1a como la d\u00e9cimo octava vicepresidenta de Guatemala, desde enero del a\u00f1o 2024.<\/p><p>Graduada en la Facultad de Ciencias Qu\u00edmicas de la Universidad de San Carlos de Guatemala con una licenciatura en Qu\u00edmica Biol\u00f3gica . Posee una maestr\u00eda en Estudios Ambientales por la Universidad del Valle y un doctorado en Ciencias Pol\u00edticas y Sociolog\u00eda por la Universidad Pontificia de Salamanca, Espa\u00f1a .<\/p><p>Distinguida a lo largo de su destacada trayectoria profesional con varios premios internacionales por su labor en favor del medio ambiente.<\/p><p>Ha dedicado parte de su vida profesional a la docencia y a la investigaci\u00f3n quimica y biol\u00f3gica; adem\u00e1s ha impartido cursos universitarios sobre temas de An\u00e1lisis Microbiol\u00f3gico y Control de Procesos Industriales y Control Microbiol\u00f3gico de Alimentos, Medicamentos y Cosm\u00e9ticos.<\/p><p>Vicepresidenta de la Junta Directiva del Colegio de Farmac\u00e9uticos y Qu\u00edmicos de Guatemala para el per\u00edodo 2021-2023.<\/p><p>Asesora de diversas organizaciones como la Autoridad del Lago Amatitl\u00e1n (AMSA), M\u00e9dicos Sin Fronteras y la Red Nacional de Formaci\u00f3n e Investigaci\u00f3n Ambiental (REDFIA). Asi como asesora de tesis, serminarios y proyectos de investigaci\u00f3n.<\/p><p>Ha trabajado en proyectos de conservaci\u00f3n y protecci\u00f3n de la biodiversidad, y ha colaborado con diversas instituciones p\u00fablicas y privadas. Su experiencia en temas ambientales y de salud p\u00fablica la ha llevado a realizar activismo en \u00e1reas como la alimentaci\u00f3n saludable, el saneamiento de fuentes de agua y la protecci\u00f3n de la biodiversidad.<\/p><\/div>\n\t\t\t\t\t\t<\/div>\n\t\t\t\t\t\n\t\t\t\t<\/div>\n\n\t\t\t\t\t<\/div>\n\t\t\t\t\t\t<\/div>\n\t\t\t\t<\/div>\n\t\t\t\t<\/div>\n\t\t<div class=\"elementor-element elementor-element-7cc7fa4 e-con-full e-flex e-con e-child\" data-id=\"7cc7fa4\" data-element_type=\"container\">\n\t\t\t\t<div class=\"elementor-element elementor-element-db5a6d5 elementor-widget elementor-widget-image\" data-id=\"db5a6d5\" data-element_type=\"widget\" data-widget_type=\"image.default\">\n\t\t\t\t<div class=\"elementor-widget-container\">\n\t\t\t\t\t\t\t\t\t\t\t\t\t\t\t<img decoding=\"async\" width=\"271\" height=\"300\" src=\"https:\/\/idpacongress2025.com\/wp-content\/uploads\/2025\/03\/scott-e1741300597386-1-271x300.jpg\" class=\"attachment-medium size-medium wp-image-3530\" alt=\"\" srcset=\"https:\/\/idpacongress2025.com\/wp-content\/uploads\/2025\/03\/scott-e1741300597386-1-271x300.jpg 271w, https:\/\/idpacongress2025.com\/wp-content\/uploads\/2025\/03\/scott-e1741300597386-1.jpg 465w\" sizes=\"(max-width: 271px) 100vw, 271px\" \/>\t\t\t\t\t\t\t\t\t\t\t\t\t\t\t<\/div>\n\t\t\t\t<\/div>\n\t\t\t\t<div class=\"elementor-element elementor-element-70efd9a elementor-widget elementor-widget-text-editor\" data-id=\"70efd9a\" data-element_type=\"widget\" data-widget_type=\"text-editor.default\">\n\t\t\t\t<div class=\"elementor-widget-container\">\n\t\t\t\t\t\t\t\t\t<p style=\"font-weight: bold; font-size: 20px; color: #555; margin: 20px 0 5px; letter-spacing: 1px; text-transform: uppercase; text-align: center;\">Scott Wright<\/p><hr style=\"background: #777; width: 45px; height: 2px; margin: 6px auto; border: 0;\" \/><h2 style=\"color: #333; font-size: 15px; font-weight: normal; margin: 0 0 20px; text-transform: uppercase; letter-spacing: 1px; text-align: center;\">EEUU<\/h2>\t\t\t\t\t\t\t\t<\/div>\n\t\t\t\t<\/div>\n\t\t\t\t<div class=\"elementor-element elementor-element-5ee56fe elementor-widget elementor-widget-tp-accordion\" data-id=\"5ee56fe\" data-element_type=\"widget\" data-widget_type=\"tp-accordion.default\">\n\t\t\t\t<div class=\"elementor-widget-container\">\n\t\t\t\t\t\t\t<div class=\"theplus-accordion-wrapper elementor-accordion \" id=\"accordion69f44da6a653c\" data-accordion-id=\"accordion69f44da6a653c\" data-accordion-type=\"accordion\" data-toogle-speed=\"300\"   role=\"tablist\">\n\t\t\t\t\t\t\t\n\t\t\t\t<div class=\"theplus-accordion-item\">\n\t\t\t\t\t<div id=\"elementor-tab-title-9951\" class=\"elementor-tab-title plus-accordion-header 0\" tabindex=\"9951\" data-tab=\"1\" role=\"tab\" aria-controls=\"elementor-tab-content-9951\">\n\t\t\t\t\t\t<span class=\"elementor-accordion-icon elementor-accordion-icon-left\" aria-hidden=\"true\"><i class=\"elementor-accordion-icon-closed fa fa-plus\"><\/i><i class=\"elementor-accordion-icon-opened fa fa-minus\"><\/i><\/span><span style=\"width:100%\">BIOGRAF\u00cdA<\/span>\n\t\t\t\t\t<\/div>  \n\n\t\t\t\t\t\t\t\t\t\t\t<div id=\"elementor-tab-content-9951\" class=\"elementor-tab-content elementor-clearfix plus-accordion-content 0\" data-tab=\"1\" role=\"tabpanel\" aria-labelledby=\"elementor-tab-title-9951\">\n\t\t\t\t\t\t\t<div class=\"plus-content-editor\"><p>Scott Wright es el Profesor Anne Gaines y G. Thomas Miller en los Departamentos de Medicina de la Facultad de Medicina de la Universidad Johns Hopkins. El Dr. Wright se desempe\u00f1a como Director de la Divisi\u00f3n de Medicina Interna General en Hopkins Bayview. Obtuvo su t\u00edtulo de m\u00e9dico (M.D.) en la Universidad McGill y complet\u00f3 su residencia en medicina interna en el Hospital General de Montreal. Despu\u00e9s de realizar una formaci\u00f3n de posgrado en Hopkins, se uni\u00f3 al cuerpo docente en 1997.<\/p><p>Las contribuciones del Dr. Wright al campo de la educaci\u00f3n m\u00e9dica, tanto a trav\u00e9s de su propia investigaci\u00f3n como mediante la mentor\u00eda de otros, han sido publicadas en destacadas revistas de investigaci\u00f3n biom\u00e9dica. En reconocimiento a sus logros en investigaci\u00f3n, fue elegido miembro de la American Society for Clinical Investigation.<\/p><p>El Dr. Wright ha brindado atenci\u00f3n primaria longitudinal a pacientes en Baltimore desde 1995 y se desempe\u00f1a como m\u00e9dico docente en el servicio de hospitalizaci\u00f3n de medicina interna de Hopkins. Por sus esfuerzos en la ense\u00f1anza, fue elegido miembro de la sociedad honoraria Alpha Omega Alpha.<\/p><p>Junto con sus colegas, estableci\u00f3 la Academia Miller-Coulson de Excelencia Cl\u00ednica en Hopkins. El Dr. Wright es el Director de la Academia, la cual se dedica a reconocer y promover la excelencia en la atenci\u00f3n al paciente. Adem\u00e1s, es Co-Director del Centro de Humanizaci\u00f3n de la Medicina de Hopkins; en este rol, cuenta con el apoyo de la beca Mary &amp; David Gallo a trav\u00e9s del Centro de Medicina Innovadora de Hopkins.<\/p><p>El Dr. Wright forma parte del Consejo Asesor del Centro de Par\u00e1lisis Cerebral de la Familia Weinberg en el Centro M\u00e9dico de la Universidad de Columbia y es miembro del Comit\u00e9 Directivo de la Colaboraci\u00f3n Global de Investigaci\u00f3n sobre Discapacidades del Desarrollo.<\/p><\/div>\n\t\t\t\t\t\t<\/div>\n\t\t\t\t\t\n\t\t\t\t<\/div>\n\n\t\t\t\t\t<\/div>\n\t\t\t\t\t\t<\/div>\n\t\t\t\t<\/div>\n\t\t\t\t<\/div>\n\t\t<div class=\"elementor-element elementor-element-0a62c50 e-con-full e-flex e-con e-child\" data-id=\"0a62c50\" data-element_type=\"container\">\n\t\t\t\t<div class=\"elementor-element elementor-element-00e9c05 elementor-widget elementor-widget-image\" data-id=\"00e9c05\" data-element_type=\"widget\" data-widget_type=\"image.default\">\n\t\t\t\t<div class=\"elementor-widget-container\">\n\t\t\t\t\t\t\t\t\t\t\t\t\t\t\t<img loading=\"lazy\" decoding=\"async\" width=\"300\" height=\"300\" src=\"https:\/\/idpacongress2025.com\/wp-content\/uploads\/2025\/03\/Waleska-qpx5sbnx0z3pfnn4vk2dzbb6ik3sqbl83a54xt2j7c.jpg\" class=\"attachment-medium size-medium wp-image-3533\" alt=\"\" srcset=\"https:\/\/idpacongress2025.com\/wp-content\/uploads\/2025\/03\/Waleska-qpx5sbnx0z3pfnn4vk2dzbb6ik3sqbl83a54xt2j7c.jpg 300w, https:\/\/idpacongress2025.com\/wp-content\/uploads\/2025\/03\/Waleska-qpx5sbnx0z3pfnn4vk2dzbb6ik3sqbl83a54xt2j7c-150x150.jpg 150w\" sizes=\"(max-width: 300px) 100vw, 300px\" \/>\t\t\t\t\t\t\t\t\t\t\t\t\t\t\t<\/div>\n\t\t\t\t<\/div>\n\t\t\t\t<div class=\"elementor-element elementor-element-e8c645c elementor-widget elementor-widget-text-editor\" data-id=\"e8c645c\" data-element_type=\"widget\" data-widget_type=\"text-editor.default\">\n\t\t\t\t<div class=\"elementor-widget-container\">\n\t\t\t\t\t\t\t\t\t<p style=\"font-weight: bold; font-size: 20px; color: #555; margin: 20px 0 5px; letter-spacing: 1px; text-transform: uppercase; text-align: center;\">Waleska lopez<\/p>\n\n\n<hr style=\"background: #777; width: 45px; height: 2px; margin: 6px auto; border: 0;\" \/>\n\n<h2 style=\"color: #333; font-size: 15px; font-weight: normal; margin: 0 0 20px; text-transform: uppercase; letter-spacing: 1px; text-align: center;\">guatemala<\/h2>\t\t\t\t\t\t\t\t<\/div>\n\t\t\t\t<\/div>\n\t\t\t\t<div class=\"elementor-element elementor-element-cd6f484 elementor-widget elementor-widget-tp-accordion\" data-id=\"cd6f484\" data-element_type=\"widget\" data-widget_type=\"tp-accordion.default\">\n\t\t\t\t<div class=\"elementor-widget-container\">\n\t\t\t\t\t\t\t<div class=\"theplus-accordion-wrapper elementor-accordion \" id=\"accordion69f44da6a7f98\" data-accordion-id=\"accordion69f44da6a7f98\" data-accordion-type=\"accordion\" data-toogle-speed=\"300\"   role=\"tablist\">\n\t\t\t\t\t\t\t\n\t\t\t\t<div class=\"theplus-accordion-item\">\n\t\t\t\t\t<div id=\"elementor-tab-title-2151\" class=\"elementor-tab-title plus-accordion-header 0\" tabindex=\"2151\" data-tab=\"1\" role=\"tab\" aria-controls=\"elementor-tab-content-2151\">\n\t\t\t\t\t\t<span class=\"elementor-accordion-icon elementor-accordion-icon-left\" aria-hidden=\"true\"><i class=\"elementor-accordion-icon-closed fa fa-plus\"><\/i><i class=\"elementor-accordion-icon-opened fa fa-minus\"><\/i><\/span><span style=\"width:100%\">BIOGRAF\u00cdA<\/span>\n\t\t\t\t\t<\/div>  \n\n\t\t\t\t\t\t\t\t\t\t\t<div id=\"elementor-tab-content-2151\" class=\"elementor-tab-content elementor-clearfix plus-accordion-content 0\" data-tab=\"1\" role=\"tabpanel\" aria-labelledby=\"elementor-tab-title-2151\">\n\t\t\t\t\t\t\t<div class=\"plus-content-editor\"><p>Waleska es originaria de Patz\u00fan, Chimaltenango, y se enorgullece de ser maya kaqchikel. Obtuvo su t\u00edtulo de doctora en medicina en la Universidad Aut\u00f3noma de M\u00e9xico y complet\u00f3 su formaci\u00f3n cl\u00ednica en la Universidad de San Carlos de Guatemala. Waleska ha trabajado ampliamente en M\u00e9xico y Guatemala en programas del Ministerio de Salud para ampliar la cobertura en \u00e1reas rurales. Actualmente, es la Directora M\u00e9dica de Wuqu&#8217; Kawoq | Maya Health Alliance.<\/p><\/div>\n\t\t\t\t\t\t<\/div>\n\t\t\t\t\t\n\t\t\t\t<\/div>\n\n\t\t\t\t\t<\/div>\n\t\t\t\t\t\t<\/div>\n\t\t\t\t<\/div>\n\t\t\t\t<\/div>\n\t\t<div class=\"elementor-element elementor-element-61b7974 e-con-full e-flex e-con e-child\" data-id=\"61b7974\" data-element_type=\"container\">\n\t\t\t\t<div class=\"elementor-element elementor-element-33f0a8b elementor-widget elementor-widget-image\" data-id=\"33f0a8b\" data-element_type=\"widget\" data-widget_type=\"image.default\">\n\t\t\t\t<div class=\"elementor-widget-container\">\n\t\t\t\t\t\t\t\t\t\t\t\t\t\t\t<img loading=\"lazy\" decoding=\"async\" width=\"224\" height=\"300\" src=\"https:\/\/idpacongress2025.com\/wp-content\/uploads\/2025\/02\/pasfoto-BD-224x300.jpg\" class=\"attachment-medium size-medium wp-image-2766\" alt=\"\" srcset=\"https:\/\/idpacongress2025.com\/wp-content\/uploads\/2025\/02\/pasfoto-BD-224x300.jpg 224w, https:\/\/idpacongress2025.com\/wp-content\/uploads\/2025\/02\/pasfoto-BD-766x1024.jpg 766w, https:\/\/idpacongress2025.com\/wp-content\/uploads\/2025\/02\/pasfoto-BD-768x1026.jpg 768w, https:\/\/idpacongress2025.com\/wp-content\/uploads\/2025\/02\/pasfoto-BD-1149x1536.jpg 1149w, https:\/\/idpacongress2025.com\/wp-content\/uploads\/2025\/02\/pasfoto-BD-1532x2048.jpg 1532w, https:\/\/idpacongress2025.com\/wp-content\/uploads\/2025\/02\/pasfoto-BD.jpg 1712w\" sizes=\"(max-width: 224px) 100vw, 224px\" \/>\t\t\t\t\t\t\t\t\t\t\t\t\t\t\t<\/div>\n\t\t\t\t<\/div>\n\t\t\t\t<div class=\"elementor-element elementor-element-1055788 elementor-widget elementor-widget-text-editor\" data-id=\"1055788\" data-element_type=\"widget\" data-widget_type=\"text-editor.default\">\n\t\t\t\t<div class=\"elementor-widget-container\">\n\t\t\t\t\t\t\t\t\t<p style=\"font-weight: bold; font-size: 20px; color: #555; margin: 20px 0 5px; letter-spacing: 1px; text-transform: uppercase; text-align: center;\">Bernadette Daelmans<\/p>\n\n\n<hr style=\"background: #777; width: 45px; height: 2px; margin: 6px auto; border: 0;\" \/>\n\n<h2 style=\"color: #333; font-size: 15px; font-weight: normal; margin: 0 0 20px; text-transform: uppercase; letter-spacing: 1px; text-align: center;\">Pa\u00edses Bajos<\/h2>\t\t\t\t\t\t\t\t<\/div>\n\t\t\t\t<\/div>\n\t\t\t\t<div class=\"elementor-element elementor-element-f3b781a elementor-widget elementor-widget-tp-accordion\" data-id=\"f3b781a\" data-element_type=\"widget\" data-widget_type=\"tp-accordion.default\">\n\t\t\t\t<div class=\"elementor-widget-container\">\n\t\t\t\t\t\t\t<div class=\"theplus-accordion-wrapper elementor-accordion \" id=\"accordion69f44da6a9a3e\" data-accordion-id=\"accordion69f44da6a9a3e\" data-accordion-type=\"accordion\" data-toogle-speed=\"300\"   role=\"tablist\">\n\t\t\t\t\t\t\t\n\t\t\t\t<div class=\"theplus-accordion-item\">\n\t\t\t\t\t<div id=\"elementor-tab-title-2551\" class=\"elementor-tab-title plus-accordion-header 0\" tabindex=\"2551\" data-tab=\"1\" role=\"tab\" aria-controls=\"elementor-tab-content-2551\">\n\t\t\t\t\t\t<span class=\"elementor-accordion-icon elementor-accordion-icon-left\" aria-hidden=\"true\"><i class=\"elementor-accordion-icon-closed fa fa-plus\"><\/i><i class=\"elementor-accordion-icon-opened fa fa-minus\"><\/i><\/span><span style=\"width:100%\">BIOGRAF\u00cdA<\/span>\n\t\t\t\t\t<\/div>  \n\n\t\t\t\t\t\t\t\t\t\t\t<div id=\"elementor-tab-content-2551\" class=\"elementor-tab-content elementor-clearfix plus-accordion-content 0\" data-tab=\"1\" role=\"tabpanel\" aria-labelledby=\"elementor-tab-title-2551\">\n\t\t\t\t\t\t\t<div class=\"plus-content-editor\"><p><span style=\"font-family: ABeeZee;font-size: 15px;font-style: normal;font-weight: 400;letter-spacing: 0.4px\">Bernadette Daelmans es m\u00e9dica especialista en salud p\u00fablica y exfuncionaria de la Organizaci\u00f3n Mundial de la Salud (OMS). Nacida en los Pa\u00edses Bajos, posee un t\u00edtulo en medicina por la Universidad de Utrecht y una maestr\u00eda en gesti\u00f3n de sistemas de salud por la Universidad de Londres. Trabaj\u00f3 como m\u00e9dica cl\u00ednica en los Pa\u00edses Bajos y Botsuana. Tras unirse a la OMS, particip\u00f3 en diversas iniciativas relacionadas con la salud materna, neonatal e infantil, incluyendo la alimentaci\u00f3n de lactantes y ni\u00f1os peque\u00f1os, el manejo integrado de enfermedades infantiles, la salud neonatal y el desarrollo en la primera infancia. Coordin\u00f3 el desarrollo del Marco para la Atenci\u00f3n Cari\u00f1osa y Sensible (Nurturing Care Framework) y fue miembro de la Comisi\u00f3n de The Lancet Global Health sobre Sistemas de Salud de Alta Calidad en la Era de los ODS. Su labor se centra en el fortalecimiento de los sistemas de salud para implementar una agenda integral de salud, desarrollo y bienestar de los ni\u00f1os durante las dos primeras d\u00e9cadas de vida.\u00a0<\/span><\/p><\/div>\n\t\t\t\t\t\t<\/div>\n\t\t\t\t\t\n\t\t\t\t<\/div>\n\n\t\t\t\t\t<\/div>\n\t\t\t\t\t\t<\/div>\n\t\t\t\t<\/div>\n\t\t\t\t<\/div>\n\t\t<div class=\"elementor-element elementor-element-5f8f6cb e-con-full e-flex e-con e-child\" data-id=\"5f8f6cb\" data-element_type=\"container\">\n\t\t\t\t<div class=\"elementor-element elementor-element-3147edc elementor-widget elementor-widget-image\" data-id=\"3147edc\" data-element_type=\"widget\" data-widget_type=\"image.default\">\n\t\t\t\t<div class=\"elementor-widget-container\">\n\t\t\t\t\t\t\t\t\t\t\t\t\t\t\t<img loading=\"lazy\" decoding=\"async\" width=\"268\" height=\"300\" src=\"https:\/\/idpacongress2025.com\/wp-content\/uploads\/2025\/05\/JoaquinBarnoya-e1741298052821-268x300.jpg\" class=\"attachment-medium size-medium wp-image-3751\" alt=\"\" srcset=\"https:\/\/idpacongress2025.com\/wp-content\/uploads\/2025\/05\/JoaquinBarnoya-e1741298052821-268x300.jpg 268w, https:\/\/idpacongress2025.com\/wp-content\/uploads\/2025\/05\/JoaquinBarnoya-e1741298052821.jpg 437w\" sizes=\"(max-width: 268px) 100vw, 268px\" \/>\t\t\t\t\t\t\t\t\t\t\t\t\t\t\t<\/div>\n\t\t\t\t<\/div>\n\t\t\t\t<div class=\"elementor-element elementor-element-74e1286 elementor-widget elementor-widget-text-editor\" data-id=\"74e1286\" data-element_type=\"widget\" data-widget_type=\"text-editor.default\">\n\t\t\t\t<div class=\"elementor-widget-container\">\n\t\t\t\t\t\t\t\t\t<p style=\"font-weight: bold; font-size: 20px; color: #555; margin: 20px 0 5px; letter-spacing: 1px; text-transform: uppercase; text-align: center;\">JOaquin Barnoya<\/p>\n\n\n<hr style=\"background: #777; width: 45px; height: 2px; margin: 6px auto; border: 0;\" \/>\n\n<h2 style=\"color: #333; font-size: 15px; font-weight: normal; margin: 0 0 20px; text-transform: uppercase; letter-spacing: 1px; text-align: center;\">guatemala<\/h2>\t\t\t\t\t\t\t\t<\/div>\n\t\t\t\t<\/div>\n\t\t\t\t<div class=\"elementor-element elementor-element-6044321 elementor-widget elementor-widget-tp-accordion\" data-id=\"6044321\" data-element_type=\"widget\" data-widget_type=\"tp-accordion.default\">\n\t\t\t\t<div class=\"elementor-widget-container\">\n\t\t\t\t\t\t\t<div class=\"theplus-accordion-wrapper elementor-accordion \" id=\"accordion69f44da6ab441\" data-accordion-id=\"accordion69f44da6ab441\" data-accordion-type=\"accordion\" data-toogle-speed=\"300\"   role=\"tablist\">\n\t\t\t\t\t\t\t\n\t\t\t\t<div class=\"theplus-accordion-item\">\n\t\t\t\t\t<div id=\"elementor-tab-title-1001\" class=\"elementor-tab-title plus-accordion-header 0\" tabindex=\"1001\" data-tab=\"1\" role=\"tab\" aria-controls=\"elementor-tab-content-1001\">\n\t\t\t\t\t\t<span class=\"elementor-accordion-icon elementor-accordion-icon-left\" aria-hidden=\"true\"><i class=\"elementor-accordion-icon-closed fa fa-plus\"><\/i><i class=\"elementor-accordion-icon-opened fa fa-minus\"><\/i><\/span><span style=\"width:100%\">BIOGRAF\u00cdA<\/span>\n\t\t\t\t\t<\/div>  \n\n\t\t\t\t\t\t\t\t\t\t\t<div id=\"elementor-tab-content-1001\" class=\"elementor-tab-content elementor-clearfix plus-accordion-content 0\" data-tab=\"1\" role=\"tabpanel\" aria-labelledby=\"elementor-tab-title-1001\">\n\t\t\t\t\t\t\t<div class=\"plus-content-editor\"><span style=\"font-family: ABeeZee;font-size: 15px;font-style: normal;font-weight: 400;letter-spacing: 0.4px\">El Dr. Joaqu\u00edn Barnoya es el Ministro de Salud de Guatemala.<\/span><\/div>\n\t\t\t\t\t\t<\/div>\n\t\t\t\t\t\n\t\t\t\t<\/div>\n\n\t\t\t\t\t<\/div>\n\t\t\t\t\t\t<\/div>\n\t\t\t\t<\/div>\n\t\t\t\t<\/div>\n\t\t<div class=\"elementor-element elementor-element-5e1a7d2 e-con-full e-flex e-con e-child\" data-id=\"5e1a7d2\" data-element_type=\"container\">\n\t\t\t\t<div class=\"elementor-element elementor-element-0c759af elementor-widget elementor-widget-image\" data-id=\"0c759af\" data-element_type=\"widget\" data-widget_type=\"image.default\">\n\t\t\t\t<div class=\"elementor-widget-container\">\n\t\t\t\t\t\t\t\t\t\t\t\t\t\t\t<img loading=\"lazy\" decoding=\"async\" width=\"300\" height=\"278\" src=\"https:\/\/idpacongress2025.com\/wp-content\/uploads\/2025\/03\/gabrielamontenegro-e1741983232724-1-300x278.jpeg\" class=\"attachment-medium size-medium wp-image-3535\" alt=\"\" srcset=\"https:\/\/idpacongress2025.com\/wp-content\/uploads\/2025\/03\/gabrielamontenegro-e1741983232724-1-300x278.jpeg 300w, https:\/\/idpacongress2025.com\/wp-content\/uploads\/2025\/03\/gabrielamontenegro-e1741983232724-1.jpeg 634w\" sizes=\"(max-width: 300px) 100vw, 300px\" \/>\t\t\t\t\t\t\t\t\t\t\t\t\t\t\t<\/div>\n\t\t\t\t<\/div>\n\t\t\t\t<div class=\"elementor-element elementor-element-ba04d9d elementor-widget elementor-widget-text-editor\" data-id=\"ba04d9d\" data-element_type=\"widget\" data-widget_type=\"text-editor.default\">\n\t\t\t\t<div class=\"elementor-widget-container\">\n\t\t\t\t\t\t\t\t\t<p style=\"font-weight: bold; font-size: 20px; color: #555; margin: 20px 0 5px; letter-spacing: 1px; text-transform: uppercase; text-align: center;\">Gabriela Montenegro<\/p><hr style=\"background: #777; width: 45px; height: 2px; margin: 6px auto; border: 0;\" \/><h2 style=\"color: #333; font-size: 15px; font-weight: normal; margin: 0 0 20px; text-transform: uppercase; letter-spacing: 1px; text-align: center;\">guatemala<\/h2>\t\t\t\t\t\t\t\t<\/div>\n\t\t\t\t<\/div>\n\t\t\t\t<div class=\"elementor-element elementor-element-b3b47c0 elementor-widget elementor-widget-tp-accordion\" data-id=\"b3b47c0\" data-element_type=\"widget\" data-widget_type=\"tp-accordion.default\">\n\t\t\t\t<div class=\"elementor-widget-container\">\n\t\t\t\t\t\t\t<div class=\"theplus-accordion-wrapper elementor-accordion \" id=\"accordion69f44da6acd76\" data-accordion-id=\"accordion69f44da6acd76\" data-accordion-type=\"accordion\" data-toogle-speed=\"300\"   role=\"tablist\">\n\t\t\t\t\t\t\t\n\t\t\t\t<div class=\"theplus-accordion-item\">\n\t\t\t\t\t<div id=\"elementor-tab-title-1881\" class=\"elementor-tab-title plus-accordion-header 0\" tabindex=\"1881\" data-tab=\"1\" role=\"tab\" aria-controls=\"elementor-tab-content-1881\">\n\t\t\t\t\t\t<span class=\"elementor-accordion-icon elementor-accordion-icon-left\" aria-hidden=\"true\"><i class=\"elementor-accordion-icon-closed fa fa-plus\"><\/i><i class=\"elementor-accordion-icon-opened fa fa-minus\"><\/i><\/span><span style=\"width:100%\">BIOGRAF\u00cdA<\/span>\n\t\t\t\t\t<\/div>  \n\n\t\t\t\t\t\t\t\t\t\t\t<div id=\"elementor-tab-content-1881\" class=\"elementor-tab-content elementor-clearfix plus-accordion-content 0\" data-tab=\"1\" role=\"tabpanel\" aria-labelledby=\"elementor-tab-title-1881\">\n\t\t\t\t\t\t\t<div class=\"plus-content-editor\"><p>Gabriela Montenegro Bethancourt es doctora en Nutrici\u00f3n por la Universidad de Bonn y secretaria nacional de ciencia y tecnolog\u00eda en Guatemala. Su trayectoria cient\u00edfica se ha centrado en nutrici\u00f3n, salud p\u00fablica y seguridad alimentaria, con un enfoque en poblaciones ind\u00edgenas. Ha sido becaria de la Academia de Nutrici\u00f3n y Diet\u00e9tica y de la Alianza Maya para la Salud, donde lider\u00f3 el Proyecto Saqmolo&#8217;. En 2023, fue galardonada con el premio OWSD-Elsevier para Mujeres Cient\u00edficas del Mundo en Desarrollo. Desde la Senacyt, impulsa la reducci\u00f3n de inequidades en ciencia y tecnolog\u00eda, promoviendo el empoderamiento de las mujeres y abordando \u00e1reas clave como salud, medio ambiente, tecnolog\u00eda y acceso al conocimiento cient\u00edfico.<\/p><\/div>\n\t\t\t\t\t\t<\/div>\n\t\t\t\t\t\n\t\t\t\t<\/div>\n\n\t\t\t\t\t<\/div>\n\t\t\t\t\t\t<\/div>\n\t\t\t\t<\/div>\n\t\t\t\t<\/div>\n\t\t<div class=\"elementor-element elementor-element-9ec1341 e-con-full e-flex e-con e-child\" data-id=\"9ec1341\" data-element_type=\"container\">\n\t\t\t\t<div class=\"elementor-element elementor-element-89160a8 elementor-widget elementor-widget-image\" data-id=\"89160a8\" data-element_type=\"widget\" data-widget_type=\"image.default\">\n\t\t\t\t<div class=\"elementor-widget-container\">\n\t\t\t\t\t\t\t\t\t\t\t\t\t\t\t<img loading=\"lazy\" decoding=\"async\" width=\"194\" height=\"300\" src=\"https:\/\/idpacongress2025.com\/wp-content\/uploads\/2025\/05\/Ramzi-Nasir-1-194x300.jpg\" class=\"attachment-medium size-medium wp-image-3748\" alt=\"\" srcset=\"https:\/\/idpacongress2025.com\/wp-content\/uploads\/2025\/05\/Ramzi-Nasir-1-194x300.jpg 194w, https:\/\/idpacongress2025.com\/wp-content\/uploads\/2025\/05\/Ramzi-Nasir-1-664x1024.jpg 664w, https:\/\/idpacongress2025.com\/wp-content\/uploads\/2025\/05\/Ramzi-Nasir-1-768x1185.jpg 768w, https:\/\/idpacongress2025.com\/wp-content\/uploads\/2025\/05\/Ramzi-Nasir-1-995x1536.jpg 995w, https:\/\/idpacongress2025.com\/wp-content\/uploads\/2025\/05\/Ramzi-Nasir-1.jpg 1215w\" sizes=\"(max-width: 194px) 100vw, 194px\" \/>\t\t\t\t\t\t\t\t\t\t\t\t\t\t\t<\/div>\n\t\t\t\t<\/div>\n\t\t\t\t<div class=\"elementor-element elementor-element-2c45c47 elementor-widget elementor-widget-text-editor\" data-id=\"2c45c47\" data-element_type=\"widget\" data-widget_type=\"text-editor.default\">\n\t\t\t\t<div class=\"elementor-widget-container\">\n\t\t\t\t\t\t\t\t\t<p style=\"font-weight: bold; font-size: 20px; color: #555; margin: 20px 0 5px; letter-spacing: 1px; text-transform: uppercase; text-align: center;\"><strong>Ramzi Nasir<\/strong><\/p><hr style=\"background: #777; width: 45px; height: 2px; margin: 6px auto; border: 0;\" \/><h2 style=\"color: #333; font-size: 15px; font-weight: normal; margin: 0 0 20px; text-transform: uppercase; letter-spacing: 1px; text-align: center;\">PalestinA<\/h2>\t\t\t\t\t\t\t\t<\/div>\n\t\t\t\t<\/div>\n\t\t\t\t<div class=\"elementor-element elementor-element-2646910 elementor-widget elementor-widget-tp-accordion\" data-id=\"2646910\" data-element_type=\"widget\" data-widget_type=\"tp-accordion.default\">\n\t\t\t\t<div class=\"elementor-widget-container\">\n\t\t\t\t\t\t\t<div class=\"theplus-accordion-wrapper elementor-accordion \" id=\"accordion69f44da6ae75f\" data-accordion-id=\"accordion69f44da6ae75f\" data-accordion-type=\"accordion\" data-toogle-speed=\"300\"   role=\"tablist\">\n\t\t\t\t\t\t\t\n\t\t\t\t<div class=\"theplus-accordion-item\">\n\t\t\t\t\t<div id=\"elementor-tab-title-4011\" class=\"elementor-tab-title plus-accordion-header 0\" tabindex=\"4011\" data-tab=\"1\" role=\"tab\" aria-controls=\"elementor-tab-content-4011\">\n\t\t\t\t\t\t<span class=\"elementor-accordion-icon elementor-accordion-icon-left\" aria-hidden=\"true\"><i class=\"elementor-accordion-icon-closed fa fa-plus\"><\/i><i class=\"elementor-accordion-icon-opened fa fa-minus\"><\/i><\/span><span style=\"width:100%\">BIOGRAF\u00cdA<\/span>\n\t\t\t\t\t<\/div>  \n\n\t\t\t\t\t\t\t\t\t\t\t<div id=\"elementor-tab-content-4011\" class=\"elementor-tab-content elementor-clearfix plus-accordion-content 0\" data-tab=\"1\" role=\"tabpanel\" aria-labelledby=\"elementor-tab-title-4011\">\n\t\t\t\t\t\t\t<div class=\"plus-content-editor\"><p>El Dr. Nasir es un pediatra especializado en desarrollo y comportamiento que se form\u00f3 en el Hospital Infantil de Boston y en la Escuela de Salud P\u00fablica de Harvard. Actualmente ejerce en Londres, Reino Unido, en el Imperial College Healthcare NHS Trust y tambi\u00e9n en la pr\u00e1ctica privada.<\/p><p>Los primeros a\u00f1os del Dr. Nasir transcurrieron en Palestina y Jordania, donde experiment\u00f3 de primera mano el impacto de la guerra y los conflictos en los ni\u00f1os y las familias. Como profesional, tiene un inter\u00e9s particular en promover la igualdad y los derechos humanos de grupos de ni\u00f1os frecuentemente olvidados en contextos de desastres humanitarios, especialmente en situaciones de guerra y conflicto. En este \u00e1mbito, ha liderado y participado en talleres de formaci\u00f3n a nivel mundial (incluidos congresos anteriores de la IDPA), y ha escrito dos cap\u00edtulos de libros sobre las necesidades de los ni\u00f1os con diferencias y discapacidades del neurodesarrollo en contextos humanitarios. Tambi\u00e9n trabaja como consultor cl\u00ednico y asesor para organizaciones humanitarias como M\u00e9dicos Sin Fronteras y Medical Aid for Palestinians.<\/p><p>Adem\u00e1s, es miembro fundador de EMRAN (Red de Autismo y Discapacidad del Desarrollo de la Regi\u00f3n del Mediterr\u00e1neo Oriental), una red que busca promover la investigaci\u00f3n, la defensa de derechos y la formaci\u00f3n profesional en la regi\u00f3n del Mediterr\u00e1neo Oriental. Otros intereses profesionales incluyen los derechos y necesidades de los ni\u00f1os y j\u00f3venes LGBTQ+ en el Sur Global, sobre los cuales ha organizado talleres y formaciones en congresos anteriores de la IDPA.<\/p><\/div>\n\t\t\t\t\t\t<\/div>\n\t\t\t\t\t\n\t\t\t\t<\/div>\n\n\t\t\t\t\t<\/div>\n\t\t\t\t\t\t<\/div>\n\t\t\t\t<\/div>\n\t\t\t\t<\/div>\n\t\t<div class=\"elementor-element elementor-element-788962d e-con-full e-flex e-con e-child\" data-id=\"788962d\" data-element_type=\"container\">\n\t\t\t\t<div class=\"elementor-element elementor-element-164c65c elementor-widget elementor-widget-image\" data-id=\"164c65c\" data-element_type=\"widget\" data-widget_type=\"image.default\">\n\t\t\t\t<div class=\"elementor-widget-container\">\n\t\t\t\t\t\t\t\t\t\t\t\t\t\t\t<img loading=\"lazy\" decoding=\"async\" width=\"300\" height=\"300\" src=\"https:\/\/idpacongress2025.com\/wp-content\/uploads\/2025\/06\/Helia-Molina-300x300.jpg\" class=\"attachment-medium size-medium wp-image-3933\" alt=\"\" srcset=\"https:\/\/idpacongress2025.com\/wp-content\/uploads\/2025\/06\/Helia-Molina-300x300.jpg 300w, https:\/\/idpacongress2025.com\/wp-content\/uploads\/2025\/06\/Helia-Molina-150x150.jpg 150w, https:\/\/idpacongress2025.com\/wp-content\/uploads\/2025\/06\/Helia-Molina-768x768.jpg 768w, https:\/\/idpacongress2025.com\/wp-content\/uploads\/2025\/06\/Helia-Molina-700x700.jpg 700w, https:\/\/idpacongress2025.com\/wp-content\/uploads\/2025\/06\/Helia-Molina-600x600.jpg 600w, https:\/\/idpacongress2025.com\/wp-content\/uploads\/2025\/06\/Helia-Molina.jpg 795w\" sizes=\"(max-width: 300px) 100vw, 300px\" \/>\t\t\t\t\t\t\t\t\t\t\t\t\t\t\t<\/div>\n\t\t\t\t<\/div>\n\t\t\t\t<div class=\"elementor-element elementor-element-ecc6ad0 elementor-widget elementor-widget-text-editor\" data-id=\"ecc6ad0\" data-element_type=\"widget\" data-widget_type=\"text-editor.default\">\n\t\t\t\t<div class=\"elementor-widget-container\">\n\t\t\t\t\t\t\t\t\t<p style=\"font-weight: bold; font-size: 20px; color: #555; margin: 20px 0 5px; letter-spacing: 1px; text-transform: uppercase; text-align: center;\">Helia Molina<\/p><hr style=\"background: #777; width: 45px; height: 2px; margin: 6px auto; border: 0;\" \/><h2 style=\"color: #333; font-size: 15px; font-weight: normal; margin: 0 0 20px; text-transform: uppercase; letter-spacing: 1px; text-align: center;\">CHILE<\/h2>\t\t\t\t\t\t\t\t<\/div>\n\t\t\t\t<\/div>\n\t\t\t\t<div class=\"elementor-element elementor-element-6bf8f92 elementor-widget elementor-widget-tp-accordion\" data-id=\"6bf8f92\" data-element_type=\"widget\" data-widget_type=\"tp-accordion.default\">\n\t\t\t\t<div class=\"elementor-widget-container\">\n\t\t\t\t\t\t\t<div class=\"theplus-accordion-wrapper elementor-accordion \" id=\"accordion69f44da6b00f2\" data-accordion-id=\"accordion69f44da6b00f2\" data-accordion-type=\"accordion\" data-toogle-speed=\"300\"   role=\"tablist\">\n\t\t\t\t\t\t\t\n\t\t\t\t<div class=\"theplus-accordion-item\">\n\t\t\t\t\t<div id=\"elementor-tab-title-1131\" class=\"elementor-tab-title plus-accordion-header 0\" tabindex=\"1131\" data-tab=\"1\" role=\"tab\" aria-controls=\"elementor-tab-content-1131\">\n\t\t\t\t\t\t<span class=\"elementor-accordion-icon elementor-accordion-icon-left\" aria-hidden=\"true\"><i class=\"elementor-accordion-icon-closed fa fa-plus\"><\/i><i class=\"elementor-accordion-icon-opened fa fa-minus\"><\/i><\/span><span style=\"width:100%\">BIOGRAF\u00cdA<\/span>\n\t\t\t\t\t<\/div>  \n\n\t\t\t\t\t\t\t\t\t\t\t<div id=\"elementor-tab-content-1131\" class=\"elementor-tab-content elementor-clearfix plus-accordion-content 0\" data-tab=\"1\" role=\"tabpanel\" aria-labelledby=\"elementor-tab-title-1131\">\n\t\t\t\t\t\t\t<div class=\"plus-content-editor\"><p><span style=\"font-weight: 400\">M\u00e9dico Cirujano, Universidad de Chile. Especialista en Pediatr\u00eda, Nefrolog\u00eda y Cuidados Intensivos Y ESPECIALISTA EN SALUD PUBLICA<\/span><\/p><p><span style=\"font-weight: 400\">Directora, Vicepresidenta y la primera mujer en ser Presidenta de la Sociedad Chilena de Pediatr\u00eda (1983-1987)\u00a0<\/span><\/p><p><span style=\"font-weight: 400\">Directora de la Sociedad de Epidemiolog\u00eda de Chile (1999)<\/span><\/p><p><span style=\"font-weight: 400\">Asesora Regional para LATAM y el Caribe de OPS\/OMS, WDC 1999-2004<\/span><\/p><p><span style=\"font-weight: 400\">Consultora Banco Interamericano del Desarrollo (BID) y en UNICEF asesorando a Paraguay, Republica Dominicana y Colombia.<\/span><\/p><p><span style=\"font-weight: 400\">Directora de al Divisi\u00f3n de pol\u00edticas publica Ministerio de Salud 2006-2010<\/span><\/p><p><span style=\"font-weight: 400\">Ministra de Salud gobierno Presidenta Michelle Bachelet 2014<\/span><\/p><p><span style=\"font-weight: 400\">Decana Facultad de Ciencias M\u00e9dicas\u00a0 de la Universidad de Santiago de Chile y Directora de Salud P\u00fablica de la misma facultad .2017-2021<\/span><\/p><p><span style=\"font-weight: 400\">Diputada de la Rep\u00fablica por el Distrito N\u00b010 Regi\u00f3n Metropolitana 2022 al presente\u00a0<\/span><\/p><\/div>\n\t\t\t\t\t\t<\/div>\n\t\t\t\t\t\n\t\t\t\t<\/div>\n\n\t\t\t\t\t<\/div>\n\t\t\t\t\t\t<\/div>\n\t\t\t\t<\/div>\n\t\t\t\t<\/div>\n\t\t<div class=\"elementor-element elementor-element-08c7f44 e-con-full e-flex e-con e-child\" data-id=\"08c7f44\" data-element_type=\"container\">\n\t\t\t\t<div class=\"elementor-element elementor-element-faf49b5 elementor-widget elementor-widget-image\" data-id=\"faf49b5\" data-element_type=\"widget\" data-widget_type=\"image.default\">\n\t\t\t\t<div class=\"elementor-widget-container\">\n\t\t\t\t\t\t\t\t\t\t\t\t\t\t\t<img loading=\"lazy\" decoding=\"async\" width=\"300\" height=\"225\" src=\"https:\/\/idpacongress2025.com\/wp-content\/uploads\/2025\/06\/Betsy-Lozoff-photo-300x225.jpg\" class=\"attachment-medium size-medium wp-image-4019\" alt=\"\" srcset=\"https:\/\/idpacongress2025.com\/wp-content\/uploads\/2025\/06\/Betsy-Lozoff-photo-300x225.jpg 300w, https:\/\/idpacongress2025.com\/wp-content\/uploads\/2025\/06\/Betsy-Lozoff-photo.jpg 691w\" sizes=\"(max-width: 300px) 100vw, 300px\" \/>\t\t\t\t\t\t\t\t\t\t\t\t\t\t\t<\/div>\n\t\t\t\t<\/div>\n\t\t\t\t<div class=\"elementor-element elementor-element-c51e366 elementor-widget elementor-widget-text-editor\" data-id=\"c51e366\" data-element_type=\"widget\" data-widget_type=\"text-editor.default\">\n\t\t\t\t<div class=\"elementor-widget-container\">\n\t\t\t\t\t\t\t\t\t<p style=\"font-weight: bold; font-size: 20px; color: #555; margin: 20px 0 5px; letter-spacing: 1px; text-transform: uppercase; text-align: center;\">Betsy Lozoff<\/p><hr style=\"background: #777; width: 45px; height: 2px; margin: 6px auto; border: 0;\" \/><h2 style=\"color: #333; font-size: 15px; font-weight: normal; margin: 0 0 20px; text-transform: uppercase; letter-spacing: 1px; text-align: center;\">EEUU<\/h2>\t\t\t\t\t\t\t\t<\/div>\n\t\t\t\t<\/div>\n\t\t\t\t<div class=\"elementor-element elementor-element-d37ec5d elementor-widget elementor-widget-tp-accordion\" data-id=\"d37ec5d\" data-element_type=\"widget\" data-widget_type=\"tp-accordion.default\">\n\t\t\t\t<div class=\"elementor-widget-container\">\n\t\t\t\t\t\t\t<div class=\"theplus-accordion-wrapper elementor-accordion \" id=\"accordion69f44da6b1a28\" data-accordion-id=\"accordion69f44da6b1a28\" data-accordion-type=\"accordion\" data-toogle-speed=\"300\"   role=\"tablist\">\n\t\t\t\t\t\t\t\n\t\t\t\t<div class=\"theplus-accordion-item\">\n\t\t\t\t\t<div id=\"elementor-tab-title-2211\" class=\"elementor-tab-title plus-accordion-header 0\" tabindex=\"2211\" data-tab=\"1\" role=\"tab\" aria-controls=\"elementor-tab-content-2211\">\n\t\t\t\t\t\t<span class=\"elementor-accordion-icon elementor-accordion-icon-left\" aria-hidden=\"true\"><i class=\"elementor-accordion-icon-closed fa fa-plus\"><\/i><i class=\"elementor-accordion-icon-opened fa fa-minus\"><\/i><\/span><span style=\"width:100%\">BIOGRAF\u00cdA<\/span>\n\t\t\t\t\t<\/div>  \n\n\t\t\t\t\t\t\t\t\t\t\t<div id=\"elementor-tab-content-2211\" class=\"elementor-tab-content elementor-clearfix plus-accordion-content 0\" data-tab=\"1\" role=\"tabpanel\" aria-labelledby=\"elementor-tab-title-2211\">\n\t\t\t\t\t\t\t<div class=\"plus-content-editor\"><p>La Dra. Betsy Lozoff obtuvo su licenciatura en Radcliffe College y su t\u00edtulo de Doctora en Medicina (MD) en la Case Western Reserve University. Es pediatra especializada en desarrollo y comportamiento, y actualmente es Profesora Em\u00e9rita en los Departamentos de Pediatr\u00eda de la Facultad de Medicina y de Ciencias de la Salud Ambiental en la Escuela de Salud P\u00fablica de la Universidad de Michigan.<\/p><p>La Dra. Lozoff es reconocida como una autoridad internacional en los efectos a corto y largo plazo de la deficiencia de hierro en la infancia sobre el comportamiento y el desarrollo. De manera m\u00e1s general, su investigaci\u00f3n se ha centrado en problemas nutricionales y ambientales comunes que afectan negativamente el desarrollo infantil en contextos con recursos limitados.<\/p><p>Este programa de investigaci\u00f3n cont\u00f3 con el respaldo ininterrumpido de los Institutos Nacionales de Salud (NIH) durante 40 a\u00f1os, con proyectos desarrollados en Guatemala, Costa Rica, Chile, India y China.<\/p><\/div>\n\t\t\t\t\t\t<\/div>\n\t\t\t\t\t\n\t\t\t\t<\/div>\n\n\t\t\t\t\t<\/div>\n\t\t\t\t\t\t<\/div>\n\t\t\t\t<\/div>\n\t\t\t\t<\/div>\n\t\t\t\t\t<\/div>\n\t\t\t\t<\/div>\n\t\t<div class=\"elementor-element elementor-element-5ea0e07 e-flex e-con-boxed e-con e-parent\" data-id=\"5ea0e07\" data-element_type=\"container\" data-settings=\"{&quot;background_background&quot;:&quot;classic&quot;}\">\n\t\t\t\t\t<div class=\"e-con-inner\">\n\t\t\t\t<div class=\"elementor-element elementor-element-b618c41 center-mobile elementor-widget elementor-widget-text-editor\" data-id=\"b618c41\" data-element_type=\"widget\" data-widget_type=\"text-editor.default\">\n\t\t\t\t<div class=\"elementor-widget-container\">\n\t\t\t\t\t\t\t\t\t<p style=\"text-align: center;\"><strong>Innovadores y L\u00edderes de Pensamiento: Facilitadores y Presentadores<\/strong><\/p>\t\t\t\t\t\t\t\t<\/div>\n\t\t\t\t<\/div>\n\t\t\t\t\t<\/div>\n\t\t\t\t<\/div>\n\t\t<div class=\"elementor-element elementor-element-d3fd0b1 e-grid e-con-boxed e-con e-parent\" data-id=\"d3fd0b1\" data-element_type=\"container\" data-settings=\"{&quot;background_background&quot;:&quot;classic&quot;}\">\n\t\t\t\t\t<div class=\"e-con-inner\">\n\t\t<div class=\"elementor-element elementor-element-a00ffb6 e-con-full e-flex e-con e-child\" data-id=\"a00ffb6\" data-element_type=\"container\">\n\t\t\t\t<div class=\"elementor-element elementor-element-1f59164 elementor-widget elementor-widget-image\" data-id=\"1f59164\" data-element_type=\"widget\" data-widget_type=\"image.default\">\n\t\t\t\t<div class=\"elementor-widget-container\">\n\t\t\t\t\t\t\t\t\t\t\t\t\t\t\t<img loading=\"lazy\" decoding=\"async\" width=\"274\" height=\"300\" src=\"https:\/\/idpacongress2025.com\/wp-content\/uploads\/2025\/02\/Nandita-de-Souza-2024-274x300.jpg\" class=\"attachment-medium size-medium wp-image-3074\" alt=\"\" srcset=\"https:\/\/idpacongress2025.com\/wp-content\/uploads\/2025\/02\/Nandita-de-Souza-2024-274x300.jpg 274w, https:\/\/idpacongress2025.com\/wp-content\/uploads\/2025\/02\/Nandita-de-Souza-2024-768x842.jpg 768w, https:\/\/idpacongress2025.com\/wp-content\/uploads\/2025\/02\/Nandita-de-Souza-2024.jpg 815w\" sizes=\"(max-width: 274px) 100vw, 274px\" \/>\t\t\t\t\t\t\t\t\t\t\t\t\t\t\t<\/div>\n\t\t\t\t<\/div>\n\t\t\t\t<div class=\"elementor-element elementor-element-988bea4 elementor-widget elementor-widget-text-editor\" data-id=\"988bea4\" data-element_type=\"widget\" data-widget_type=\"text-editor.default\">\n\t\t\t\t<div class=\"elementor-widget-container\">\n\t\t\t\t\t\t\t\t\t<p style=\"font-weight: bold; font-size: 20px; color: #555; margin: 20px 0 5px; letter-spacing: 1px; text-transform: uppercase; text-align: center;\">nandita de souza<\/p>\n\n\n<hr style=\"background: #777; width: 45px; height: 2px; margin: 6px auto; border: 0;\" \/>\n\n<h2 style=\"color: #333; font-size: 15px; font-weight: normal; margin: 0 0 20px; text-transform: uppercase; letter-spacing: 1px; text-align: center;\">india<\/h2>\t\t\t\t\t\t\t\t<\/div>\n\t\t\t\t<\/div>\n\t\t\t\t<div class=\"elementor-element elementor-element-4e97ed9 elementor-widget elementor-widget-tp-accordion\" data-id=\"4e97ed9\" data-element_type=\"widget\" data-widget_type=\"tp-accordion.default\">\n\t\t\t\t<div class=\"elementor-widget-container\">\n\t\t\t\t\t\t\t<div class=\"theplus-accordion-wrapper elementor-accordion \" id=\"accordion69f44da6b3841\" data-accordion-id=\"accordion69f44da6b3841\" data-accordion-type=\"accordion\" data-toogle-speed=\"300\"   role=\"tablist\">\n\t\t\t\t\t\t\t\n\t\t\t\t<div class=\"theplus-accordion-item\">\n\t\t\t\t\t<div id=\"elementor-tab-title-8241\" class=\"elementor-tab-title plus-accordion-header 0\" tabindex=\"8241\" data-tab=\"1\" role=\"tab\" aria-controls=\"elementor-tab-content-8241\">\n\t\t\t\t\t\t<span class=\"elementor-accordion-icon elementor-accordion-icon-left\" aria-hidden=\"true\"><i class=\"elementor-accordion-icon-closed fa fa-plus\"><\/i><i class=\"elementor-accordion-icon-opened fa fa-minus\"><\/i><\/span><span style=\"width:100%\">BIOGRAF\u00cdA<\/span>\n\t\t\t\t\t<\/div>  \n\n\t\t\t\t\t\t\t\t\t\t\t<div id=\"elementor-tab-content-8241\" class=\"elementor-tab-content elementor-clearfix plus-accordion-content 0\" data-tab=\"1\" role=\"tabpanel\" aria-labelledby=\"elementor-tab-title-8241\">\n\t\t\t\t\t\t\t<div class=\"plus-content-editor\">La Dra. Nandita de Souza es pediatra del desarrollo y del comportamiento, as\u00ed como autodefensora del TDAH (ADHDvocate), cuya raz\u00f3n de ser son los ni\u00f1os. Actualmente, es Directora del Sethu Centre for Child Development &amp; Family Guidance, en Goa, India.\n\nComprometida con un enfoque basado en fortalezas, afirmativo de la neurodiversidad y centrado en la familia, su labor en Sethu busca tender puentes de esperanza entre todos aquellos que cuidan de los ni\u00f1os, con el objetivo de construir un mundo m\u00e1s justo y lleno de alegr\u00eda para cada ni\u00f1o.<\/div>\n\t\t\t\t\t\t<\/div>\n\t\t\t\t\t\n\t\t\t\t<\/div>\n\n\t\t\t\t\t<\/div>\n\t\t\t\t\t\t<\/div>\n\t\t\t\t<\/div>\n\t\t\t\t<\/div>\n\t\t<div class=\"elementor-element elementor-element-15c9d48 e-con-full e-flex e-con e-child\" data-id=\"15c9d48\" data-element_type=\"container\">\n\t\t\t\t<div class=\"elementor-element elementor-element-3962f03 elementor-widget elementor-widget-image\" data-id=\"3962f03\" data-element_type=\"widget\" data-widget_type=\"image.default\">\n\t\t\t\t<div class=\"elementor-widget-container\">\n\t\t\t\t\t\t\t\t\t\t\t\t\t\t\t<img loading=\"lazy\" decoding=\"async\" width=\"249\" height=\"300\" src=\"https:\/\/idpacongress2025.com\/wp-content\/uploads\/2025\/01\/Koyeli-Sengupta\u200b-e1736901945171-1-249x300.png\" class=\"attachment-medium size-medium wp-image-2371\" alt=\"\" srcset=\"https:\/\/idpacongress2025.com\/wp-content\/uploads\/2025\/01\/Koyeli-Sengupta\u200b-e1736901945171-1-249x300.png 249w, https:\/\/idpacongress2025.com\/wp-content\/uploads\/2025\/01\/Koyeli-Sengupta\u200b-e1736901945171-1-849x1024.png 849w, https:\/\/idpacongress2025.com\/wp-content\/uploads\/2025\/01\/Koyeli-Sengupta\u200b-e1736901945171-1-768x927.png 768w, https:\/\/idpacongress2025.com\/wp-content\/uploads\/2025\/01\/Koyeli-Sengupta\u200b-e1736901945171-1.png 915w\" sizes=\"(max-width: 249px) 100vw, 249px\" \/>\t\t\t\t\t\t\t\t\t\t\t\t\t\t\t<\/div>\n\t\t\t\t<\/div>\n\t\t\t\t<div class=\"elementor-element elementor-element-aca4729 elementor-widget elementor-widget-text-editor\" data-id=\"aca4729\" data-element_type=\"widget\" data-widget_type=\"text-editor.default\">\n\t\t\t\t<div class=\"elementor-widget-container\">\n\t\t\t\t\t\t\t\t\t<p style=\"font-weight: bold; font-size: 20px; color: #555; margin: 20px 0 5px; letter-spacing: 1px; text-transform: uppercase; text-align: center;\">koyeli sengupta<\/p>\n\n\n<hr style=\"background: #777; width: 45px; height: 2px; margin: 6px auto; border: 0;\" \/>\n\n<h2 style=\"color: #333; font-size: 15px; font-weight: normal; margin: 0 0 20px; text-transform: uppercase; letter-spacing: 1px; text-align: center;\">india<\/h2>\t\t\t\t\t\t\t\t<\/div>\n\t\t\t\t<\/div>\n\t\t\t\t<div class=\"elementor-element elementor-element-35f1768 elementor-widget elementor-widget-tp-accordion\" data-id=\"35f1768\" data-element_type=\"widget\" data-widget_type=\"tp-accordion.default\">\n\t\t\t\t<div class=\"elementor-widget-container\">\n\t\t\t\t\t\t\t<div class=\"theplus-accordion-wrapper elementor-accordion \" id=\"accordion69f44da6b5119\" data-accordion-id=\"accordion69f44da6b5119\" data-accordion-type=\"accordion\" data-toogle-speed=\"300\"   role=\"tablist\">\n\t\t\t\t\t\t\t\n\t\t\t\t<div class=\"theplus-accordion-item\">\n\t\t\t\t\t<div id=\"elementor-tab-title-5651\" class=\"elementor-tab-title plus-accordion-header 0\" tabindex=\"5651\" data-tab=\"1\" role=\"tab\" aria-controls=\"elementor-tab-content-5651\">\n\t\t\t\t\t\t<span class=\"elementor-accordion-icon elementor-accordion-icon-left\" aria-hidden=\"true\"><i class=\"elementor-accordion-icon-closed fa fa-plus\"><\/i><i class=\"elementor-accordion-icon-opened fa fa-minus\"><\/i><\/span><span style=\"width:100%\">BIOGRAF\u00cdA<\/span>\n\t\t\t\t\t<\/div>  \n\n\t\t\t\t\t\t\t\t\t\t\t<div id=\"elementor-tab-content-5651\" class=\"elementor-tab-content elementor-clearfix plus-accordion-content 0\" data-tab=\"1\" role=\"tabpanel\" aria-labelledby=\"elementor-tab-title-5651\">\n\t\t\t\t\t\t\t<div class=\"plus-content-editor\"><p>La Dra. Koyeli Sengupta es pediatra del desarrollo con un posgrado en medicina pedi\u00e1trica y psicolog\u00eda cl\u00ednica. Actualmente, es Directora de los Servicios de Intervenci\u00f3n en Autismo en Ummeed, una organizaci\u00f3n sin fines de lucro de gran prestigio en Mumbai, India, dedicada al trabajo con ni\u00f1os con discapacidades.<\/p><p>Ha desempe\u00f1ado un papel clave en la expansi\u00f3n de los servicios cl\u00ednicos de Ummeed para el autismo, desarrollando un enfoque integral que aborda diversas dificultades relacionadas con el autismo a lo largo de la infancia y la adolescencia.<\/p><p>Bajo su liderazgo, el equipo de intervenci\u00f3n en autismo de Ummeed ha conceptualizado e implementado programas de capacitaci\u00f3n con el objetivo de fortalecer la capacidad de la comunidad para brindar atenci\u00f3n basada en la evidencia, centrada en el ni\u00f1o y en la familia.<\/p><p>En 2016, dirigi\u00f3 el desarrollo e implementaci\u00f3n del Programa de Capacitaci\u00f3n en Intervenci\u00f3n para el Autismo (AITP), el primer programa de este tipo en la India, dise\u00f1ado para profesionales que trabajan con ni\u00f1os con autismo.<\/p><\/div>\n\t\t\t\t\t\t<\/div>\n\t\t\t\t\t\n\t\t\t\t<\/div>\n\n\t\t\t\t\t<\/div>\n\t\t\t\t\t\t<\/div>\n\t\t\t\t<\/div>\n\t\t\t\t<\/div>\n\t\t<div class=\"elementor-element elementor-element-b7820df e-con-full e-flex e-con e-child\" data-id=\"b7820df\" data-element_type=\"container\">\n\t\t\t\t<div class=\"elementor-element elementor-element-82b557f elementor-widget elementor-widget-image\" data-id=\"82b557f\" data-element_type=\"widget\" data-widget_type=\"image.default\">\n\t\t\t\t<div class=\"elementor-widget-container\">\n\t\t\t\t\t\t\t\t\t\t\t\t\t\t\t<img decoding=\"async\" src=\"https:\/\/idpacongress2025.com\/wp-content\/uploads\/elementor\/thumbs\/Mayada-Elsabbagh-1-r2vhu09r8y90s5jqd9bi58rijvzbydpywbrn385260.png\" title=\"Mayada-Elsabbagh.png\" alt=\"Mayada-Elsabbagh.png\" loading=\"lazy\" \/>\t\t\t\t\t\t\t\t\t\t\t\t\t\t\t<\/div>\n\t\t\t\t<\/div>\n\t\t\t\t<div class=\"elementor-element elementor-element-9580d54 elementor-widget elementor-widget-text-editor\" data-id=\"9580d54\" data-element_type=\"widget\" data-widget_type=\"text-editor.default\">\n\t\t\t\t<div class=\"elementor-widget-container\">\n\t\t\t\t\t\t\t\t\t<p style=\"font-weight: bold; font-size: 20px; color: #555; margin: 20px 0 5px; letter-spacing: 1px; text-transform: uppercase; text-align: center;\">Mayada Elsabbagh<\/p><hr style=\"background: #777; width: 45px; height: 2px; margin: 6px auto; border: 0;\" \/><h2 style=\"color: #333; font-size: 15px; font-weight: normal; margin: 0 0 20px; text-transform: uppercase; letter-spacing: 1px; text-align: center;\">Canad\u00c1<\/h2>\t\t\t\t\t\t\t\t<\/div>\n\t\t\t\t<\/div>\n\t\t\t\t<div class=\"elementor-element elementor-element-cbfd2fb elementor-widget elementor-widget-tp-accordion\" data-id=\"cbfd2fb\" data-element_type=\"widget\" data-widget_type=\"tp-accordion.default\">\n\t\t\t\t<div class=\"elementor-widget-container\">\n\t\t\t\t\t\t\t<div class=\"theplus-accordion-wrapper elementor-accordion \" id=\"accordion69f44da6b6a26\" data-accordion-id=\"accordion69f44da6b6a26\" data-accordion-type=\"accordion\" data-toogle-speed=\"300\"   role=\"tablist\">\n\t\t\t\t\t\t\t\n\t\t\t\t<div class=\"theplus-accordion-item\">\n\t\t\t\t\t<div id=\"elementor-tab-title-2131\" class=\"elementor-tab-title plus-accordion-header 0\" tabindex=\"2131\" data-tab=\"1\" role=\"tab\" aria-controls=\"elementor-tab-content-2131\">\n\t\t\t\t\t\t<span class=\"elementor-accordion-icon elementor-accordion-icon-left\" aria-hidden=\"true\"><i class=\"elementor-accordion-icon-closed fa fa-plus\"><\/i><i class=\"elementor-accordion-icon-opened fa fa-minus\"><\/i><\/span><span style=\"width:100%\">BIOGRAF\u00cdA<\/span>\n\t\t\t\t\t<\/div>  \n\n\t\t\t\t\t\t\t\t\t\t\t<div id=\"elementor-tab-content-2131\" class=\"elementor-tab-content elementor-clearfix plus-accordion-content 0\" data-tab=\"1\" role=\"tabpanel\" aria-labelledby=\"elementor-tab-title-2131\">\n\t\t\t\t\t\t\t<div class=\"plus-content-editor\"><p>La Dra. Mayada Elsabbagh es profesora de Neurolog\u00eda y Neurocirug\u00eda en The Neuro de la Universidad McGill. Tambi\u00e9n tiene el cargo de Cient\u00edfica Investigadora en el McGill University Health Centre, donde su programa est\u00e1 integrado con servicios de diagn\u00f3stico y apoyo para el autismo y condiciones neurodesarrollacionales relacionadas. Su investigaci\u00f3n se centra en comprender las causas fundamentales del autismo y rastrear sus v\u00edas de desarrollo a lo largo de la vida. Su equipo utiliza modelos de desarrollo para explicar las interacciones complejas de los factores de riesgo y protectores que conducen a resultados variables en el autismo y condiciones neurodesarrollacionales relacionadas.<\/p><p>Sus contribuciones cient\u00edficas incluyen el descubrimiento de marcadores de funci\u00f3n cerebral muy tempranos para el autismo, antes de la aparici\u00f3n de signos conductuales, y la ampliaci\u00f3n de intervenciones basadas en la comunidad. El enfoque combina investigaci\u00f3n innovadora con la misi\u00f3n de acelerar el ritmo del descubrimiento y su traducci\u00f3n en impacto comunitario. Para lograrlo, el equipo se apoya en m\u00e9todos convergentes que abarcan t\u00e9cnicas para el estudio del desarrollo cerebral (EEG, seguimiento ocular), herramientas de evaluaci\u00f3n conductual y cl\u00ednica, y m\u00e9todos cualitativos novedosos para capturar las perspectivas de primera persona de ni\u00f1os y j\u00f3venes.<\/p><p>La Dra. Elsabbagh ha apoyado el lanzamiento exitoso de varias redes colaborativas de investigaci\u00f3n y traducci\u00f3n en Canad\u00e1 y Europa, incluyendo el Transforming Autism Care Consortium (TACC), una red de investigaci\u00f3n de Quebec apoyada por el Fonds de recherche du Qu\u00e9bec y varios socios comunitarios. La Dra. Elsabbagh es directora del programa de la plataforma Canadian Neurodevelopment Research Training (CanNRT). Tambi\u00e9n participa activamente en esfuerzos globales para mejorar la pr\u00e1ctica basada en evidencia en la comunidad y el fortalecimiento de capacidades en pa\u00edses de ingresos bajos y medianos. Estos esfuerzos incluyen CST-Canada, una plataforma de ensayos cl\u00ednicos para el Programa de Entrenamiento en Habilidades para Cuidadores (CST) de la OMS, que integra investigaci\u00f3n, capacitaci\u00f3n e intercambio internacional, ampliando el acceso a intervenciones basadas en evidencia en la comunidad.<\/p><\/div>\n\t\t\t\t\t\t<\/div>\n\t\t\t\t\t\n\t\t\t\t<\/div>\n\n\t\t\t\t\t<\/div>\n\t\t\t\t\t\t<\/div>\n\t\t\t\t<\/div>\n\t\t\t\t<\/div>\n\t\t<div class=\"elementor-element elementor-element-63fc433 e-con-full e-flex e-con e-child\" data-id=\"63fc433\" data-element_type=\"container\">\n\t\t\t\t<div class=\"elementor-element elementor-element-9d3c872 elementor-widget elementor-widget-image\" data-id=\"9d3c872\" data-element_type=\"widget\" data-widget_type=\"image.default\">\n\t\t\t\t<div class=\"elementor-widget-container\">\n\t\t\t\t\t\t\t\t\t\t\t\t\t\t\t<img decoding=\"async\" src=\"https:\/\/idpacongress2025.com\/wp-content\/uploads\/elementor\/thumbs\/Headshot-1-r2vhwdt27wt5cbe4h2qvjwfdg2tvkdceqiczqamo6w.jpg\" title=\"Headshot.jpg\" alt=\"Headshot.jpg\" loading=\"lazy\" \/>\t\t\t\t\t\t\t\t\t\t\t\t\t\t\t<\/div>\n\t\t\t\t<\/div>\n\t\t\t\t<div class=\"elementor-element elementor-element-15fd37d elementor-widget elementor-widget-text-editor\" data-id=\"15fd37d\" data-element_type=\"widget\" data-widget_type=\"text-editor.default\">\n\t\t\t\t<div class=\"elementor-widget-container\">\n\t\t\t\t\t\t\t\t\t<p style=\"font-weight: bold; font-size: 20px; color: #555; margin: 20px 0 5px; letter-spacing: 1px; text-transform: uppercase; text-align: center;\">Jeffrey Goldhagen<\/p><hr style=\"background: #777; width: 45px; height: 2px; margin: 6px auto; border: 0;\" \/><h2 style=\"color: #333; font-size: 15px; font-weight: normal; margin: 0 0 20px; text-transform: uppercase; letter-spacing: 1px; text-align: center;\">EEUU<\/h2>\t\t\t\t\t\t\t\t<\/div>\n\t\t\t\t<\/div>\n\t\t\t\t<div class=\"elementor-element elementor-element-12ea173 elementor-widget elementor-widget-tp-accordion\" data-id=\"12ea173\" data-element_type=\"widget\" data-widget_type=\"tp-accordion.default\">\n\t\t\t\t<div class=\"elementor-widget-container\">\n\t\t\t\t\t\t\t<div class=\"theplus-accordion-wrapper elementor-accordion \" id=\"accordion69f44da6b83a3\" data-accordion-id=\"accordion69f44da6b83a3\" data-accordion-type=\"accordion\" data-toogle-speed=\"300\"   role=\"tablist\">\n\t\t\t\t\t\t\t\n\t\t\t\t<div class=\"theplus-accordion-item\">\n\t\t\t\t\t<div id=\"elementor-tab-title-1981\" class=\"elementor-tab-title plus-accordion-header 0\" tabindex=\"1981\" data-tab=\"1\" role=\"tab\" aria-controls=\"elementor-tab-content-1981\">\n\t\t\t\t\t\t<span class=\"elementor-accordion-icon elementor-accordion-icon-left\" aria-hidden=\"true\"><i class=\"elementor-accordion-icon-closed fa fa-plus\"><\/i><i class=\"elementor-accordion-icon-opened fa fa-minus\"><\/i><\/span><span style=\"width:100%\">BIOGRAF\u00cdA<\/span>\n\t\t\t\t\t<\/div>  \n\n\t\t\t\t\t\t\t\t\t\t\t<div id=\"elementor-tab-content-1981\" class=\"elementor-tab-content elementor-clearfix plus-accordion-content 0\" data-tab=\"1\" role=\"tabpanel\" aria-labelledby=\"elementor-tab-title-1981\">\n\t\t\t\t\t\t\t<div class=\"plus-content-editor\"><p>El Dr. Jeffrey Goldhagen es Profesor de Pediatr\u00eda y Jefe de la Divisi\u00f3n de Pediatr\u00eda Comunitaria y Social en la Universidad de Florida-Jacksonville, y Presidente de la Sociedad Internacional de Pediatr\u00eda Social y Salud Infantil (ISSOP). Tiene una amplia experiencia en salud maternoinfantil tanto nacional como internacional; salud urbana; educaci\u00f3n m\u00e9dica; las funciones esenciales de la salud p\u00fablica; administraci\u00f3n de atenci\u00f3n m\u00e9dica; medicina paliativa y de hospicio; as\u00ed como en derechos de los ni\u00f1os y abogac\u00eda. Ha proporcionado liderazgo a nivel nacional en el desarrollo de sistemas p\u00fablicos de salud integrales y sistemas de atenci\u00f3n para la salud m\u00e9dica y conductual de los ni\u00f1os.<\/p><p>La experiencia internacional del Dr. Goldhagen incluye un trabajo extenso en cuatro continentes. Como Presidente de ISSOP, actualmente trabaja con un consorcio global de profesionales y organizaciones para promover la salud y el bienestar de los ni\u00f1os, abordando temas como la violencia contra los ni\u00f1os, la migraci\u00f3n, el cambio clim\u00e1tico, entre otros problemas actuales relacionados con las violaciones de los derechos infantiles.<\/p><\/div>\n\t\t\t\t\t\t<\/div>\n\t\t\t\t\t\n\t\t\t\t<\/div>\n\n\t\t\t\t\t<\/div>\n\t\t\t\t\t\t<\/div>\n\t\t\t\t<\/div>\n\t\t\t\t<\/div>\n\t\t<div class=\"elementor-element elementor-element-9ef2bcb e-con-full e-flex e-con e-child\" data-id=\"9ef2bcb\" data-element_type=\"container\">\n\t\t\t\t<div class=\"elementor-element elementor-element-439f2c4 elementor-widget elementor-widget-image\" data-id=\"439f2c4\" data-element_type=\"widget\" data-widget_type=\"image.default\">\n\t\t\t\t<div class=\"elementor-widget-container\">\n\t\t\t\t\t\t\t\t\t\t\t\t\t\t\t<img loading=\"lazy\" decoding=\"async\" width=\"300\" height=\"300\" src=\"https:\/\/idpacongress2025.com\/wp-content\/uploads\/2025\/01\/Roopa-Srinivasan-1-300x300.webp\" class=\"attachment-medium size-medium wp-image-2379\" alt=\"\" srcset=\"https:\/\/idpacongress2025.com\/wp-content\/uploads\/2025\/01\/Roopa-Srinivasan-1-300x300.webp 300w, https:\/\/idpacongress2025.com\/wp-content\/uploads\/2025\/01\/Roopa-Srinivasan-1-150x150.webp 150w, https:\/\/idpacongress2025.com\/wp-content\/uploads\/2025\/01\/Roopa-Srinivasan-1.webp 500w\" sizes=\"(max-width: 300px) 100vw, 300px\" \/>\t\t\t\t\t\t\t\t\t\t\t\t\t\t\t<\/div>\n\t\t\t\t<\/div>\n\t\t\t\t<div class=\"elementor-element elementor-element-abdb4ae elementor-widget elementor-widget-text-editor\" data-id=\"abdb4ae\" data-element_type=\"widget\" data-widget_type=\"text-editor.default\">\n\t\t\t\t<div class=\"elementor-widget-container\">\n\t\t\t\t\t\t\t\t\t<p style=\"font-weight: bold; font-size: 20px; color: #555; margin: 20px 0 5px; letter-spacing: 1px; text-transform: uppercase; text-align: center;\">roopa srinivasan<\/p>\n\n\n<hr style=\"background: #777; width: 45px; height: 2px; margin: 6px auto; border: 0;\" \/>\n\n<h2 style=\"color: #333; font-size: 15px; font-weight: normal; margin: 0 0 20px; text-transform: uppercase; letter-spacing: 1px; text-align: center;\">india<\/h2>\t\t\t\t\t\t\t\t<\/div>\n\t\t\t\t<\/div>\n\t\t\t\t<div class=\"elementor-element elementor-element-c1620e5 elementor-widget elementor-widget-tp-accordion\" data-id=\"c1620e5\" data-element_type=\"widget\" data-widget_type=\"tp-accordion.default\">\n\t\t\t\t<div class=\"elementor-widget-container\">\n\t\t\t\t\t\t\t<div class=\"theplus-accordion-wrapper elementor-accordion \" id=\"accordion69f44da6b9d2c\" data-accordion-id=\"accordion69f44da6b9d2c\" data-accordion-type=\"accordion\" data-toogle-speed=\"300\"   role=\"tablist\">\n\t\t\t\t\t\t\t\n\t\t\t\t<div class=\"theplus-accordion-item\">\n\t\t\t\t\t<div id=\"elementor-tab-title-2021\" class=\"elementor-tab-title plus-accordion-header 0\" tabindex=\"2021\" data-tab=\"1\" role=\"tab\" aria-controls=\"elementor-tab-content-2021\">\n\t\t\t\t\t\t<span class=\"elementor-accordion-icon elementor-accordion-icon-left\" aria-hidden=\"true\"><i class=\"elementor-accordion-icon-closed fa fa-plus\"><\/i><i class=\"elementor-accordion-icon-opened fa fa-minus\"><\/i><\/span><span style=\"width:100%\">BIOGRAF\u00cdA<\/span>\n\t\t\t\t\t<\/div>  \n\n\t\t\t\t\t\t\t\t\t\t\t<div id=\"elementor-tab-content-2021\" class=\"elementor-tab-content elementor-clearfix plus-accordion-content 0\" data-tab=\"1\" role=\"tabpanel\" aria-labelledby=\"elementor-tab-title-2021\">\n\t\t\t\t\t\t\t<div class=\"plus-content-editor\"><span style=\"font-family: ABeeZee;font-size: 15px;font-style: normal;font-weight: 400;letter-spacing: 0.4px\">Dra. Roopa Srinivasan\n\nLa Dra. Roopa Srinivasan cuenta con m\u00e1s de 17 a\u00f1os de experiencia como pediatra del desarrollo. Actualmente, dirige los Servicios Cl\u00ednicos en Ummeed Child Development Centre, una de las principales organizaciones sin fines de lucro en la India dedicada al desarrollo infantil y las discapacidades.\n\nEs Coordinadora del Programa de Formaci\u00f3n en Pediatr\u00eda del Desarrollo y del Comportamiento acreditado por la Academia India de Pediatr\u00eda en Ummeed.\n\nForm\u00f3 parte del equipo de investigaci\u00f3n internacional que particip\u00f3 en la estandarizaci\u00f3n y validaci\u00f3n de la Gu\u00eda para el Monitoreo del Desarrollo Infantil (GMCD) en cuatro pa\u00edses de ingresos bajos y medios. Actualmente, colabora en un proyecto internacional financiado por los NIH para la implementaci\u00f3n del GMCD en zonas rurales de la India y Guatemala.\n\nSu trabajo actual se centra en la implementaci\u00f3n de modelos de atenci\u00f3n centrados en la familia y enfoques de intervenci\u00f3n enfocados en la participaci\u00f3n, especialmente en contextos con recursos limitados.<\/span><\/div>\n\t\t\t\t\t\t<\/div>\n\t\t\t\t\t\n\t\t\t\t<\/div>\n\n\t\t\t\t\t<\/div>\n\t\t\t\t\t\t<\/div>\n\t\t\t\t<\/div>\n\t\t\t\t<\/div>\n\t\t<div class=\"elementor-element elementor-element-3853aca e-con-full e-flex e-con e-child\" data-id=\"3853aca\" data-element_type=\"container\">\n\t\t\t\t<div class=\"elementor-element elementor-element-eee8f22 elementor-widget elementor-widget-image\" data-id=\"eee8f22\" data-element_type=\"widget\" data-widget_type=\"image.default\">\n\t\t\t\t<div class=\"elementor-widget-container\">\n\t\t\t\t\t\t\t\t\t\t\t\t\t\t\t<img loading=\"lazy\" decoding=\"async\" width=\"300\" height=\"281\" src=\"https:\/\/idpacongress2025.com\/wp-content\/uploads\/2025\/01\/Karyn-Choy-e1736903603952-1-300x281.jpg\" class=\"attachment-medium size-medium wp-image-2384\" alt=\"\" srcset=\"https:\/\/idpacongress2025.com\/wp-content\/uploads\/2025\/01\/Karyn-Choy-e1736903603952-1-300x281.jpg 300w, https:\/\/idpacongress2025.com\/wp-content\/uploads\/2025\/01\/Karyn-Choy-e1736903603952-1.jpg 470w\" sizes=\"(max-width: 300px) 100vw, 300px\" \/>\t\t\t\t\t\t\t\t\t\t\t\t\t\t\t<\/div>\n\t\t\t\t<\/div>\n\t\t\t\t<div class=\"elementor-element elementor-element-16e4e18 elementor-widget elementor-widget-text-editor\" data-id=\"16e4e18\" data-element_type=\"widget\" data-widget_type=\"text-editor.default\">\n\t\t\t\t<div class=\"elementor-widget-container\">\n\t\t\t\t\t\t\t\t\t<p style=\"font-weight: bold; font-size: 20px; color: #555; margin: 20px 0 5px; letter-spacing: 1px; text-transform: uppercase; text-align: center;\">karyn choy<\/p>\n\n\n<hr style=\"background: #777; width: 45px; height: 2px; margin: 6px auto; border: 0;\" \/>\n\n<h2 style=\"color: #333; font-size: 15px; font-weight: normal; margin: 0 0 20px; text-transform: uppercase; letter-spacing: 1px; text-align: center;\">guatemala<\/h2>\t\t\t\t\t\t\t\t<\/div>\n\t\t\t\t<\/div>\n\t\t\t\t<div class=\"elementor-element elementor-element-b731a09 elementor-widget elementor-widget-tp-accordion\" data-id=\"b731a09\" data-element_type=\"widget\" data-widget_type=\"tp-accordion.default\">\n\t\t\t\t<div class=\"elementor-widget-container\">\n\t\t\t\t\t\t\t<div class=\"theplus-accordion-wrapper elementor-accordion \" id=\"accordion69f44da6bb655\" data-accordion-id=\"accordion69f44da6bb655\" data-accordion-type=\"accordion\" data-toogle-speed=\"300\"   role=\"tablist\">\n\t\t\t\t\t\t\t\n\t\t\t\t<div class=\"theplus-accordion-item\">\n\t\t\t\t\t<div id=\"elementor-tab-title-1921\" class=\"elementor-tab-title plus-accordion-header 0\" tabindex=\"1921\" data-tab=\"1\" role=\"tab\" aria-controls=\"elementor-tab-content-1921\">\n\t\t\t\t\t\t<span class=\"elementor-accordion-icon elementor-accordion-icon-left\" aria-hidden=\"true\"><i class=\"elementor-accordion-icon-closed fa fa-plus\"><\/i><i class=\"elementor-accordion-icon-opened fa fa-minus\"><\/i><\/span><span style=\"width:100%\">BIOGRAF\u00cdA<\/span>\n\t\t\t\t\t<\/div>  \n\n\t\t\t\t\t\t\t\t\t\t\t<div id=\"elementor-tab-content-1921\" class=\"elementor-tab-content elementor-clearfix plus-accordion-content 0\" data-tab=\"1\" role=\"tabpanel\" aria-labelledby=\"elementor-tab-title-1921\">\n\t\t\t\t\t\t\t<div class=\"plus-content-editor\"><p><span style=\"font-family: ABeeZee;font-size: 15px;font-style: normal;font-weight: 400;letter-spacing: 0.4px\">Karyn<\/span><\/p><p>Karyn es enfermera investigadora en desarrollo infantil temprano en Maya Health Alliance en Guatemala y ha colaborado con esta organizaci\u00f3n durante 10 a\u00f1os en diversos programas.<\/p><p>Cuenta con m\u00e1s de 16 a\u00f1os de experiencia trabajando en programas de ONGs orientados al desarrollo comunitario en \u00e1reas rurales de Guatemala. A lo largo de estos a\u00f1os, ha promovido activamente la salud, la nutrici\u00f3n y el desarrollo comunitario, as\u00ed como el empoderamiento de las mujeres, el acceso a servicios de salud de calidad y los derechos humanos.<\/p><p>Adem\u00e1s, realiza trabajo voluntario y activismo en la promoci\u00f3n de la igualdad de g\u00e9nero y los derechos de las mujeres e ind\u00edgenas a trav\u00e9s de distintos movimientos y organizaciones.<\/p><p>Es licenciada en Enfermer\u00eda por la Universidad Panamericana de Guatemala y posee un t\u00edtulo asociado en Emprendimiento Empresarial del Rockland Community College, Nueva York.<\/p><\/div>\n\t\t\t\t\t\t<\/div>\n\t\t\t\t\t\n\t\t\t\t<\/div>\n\n\t\t\t\t\t<\/div>\n\t\t\t\t\t\t<\/div>\n\t\t\t\t<\/div>\n\t\t\t\t<\/div>\n\t\t<div class=\"elementor-element elementor-element-324b2df e-con-full e-flex e-con e-child\" data-id=\"324b2df\" data-element_type=\"container\">\n\t\t\t\t<div class=\"elementor-element elementor-element-0fe0e5e elementor-widget elementor-widget-image\" data-id=\"0fe0e5e\" data-element_type=\"widget\" data-widget_type=\"image.default\">\n\t\t\t\t<div class=\"elementor-widget-container\">\n\t\t\t\t\t\t\t\t\t\t\t\t\t\t\t<img loading=\"lazy\" decoding=\"async\" width=\"279\" height=\"300\" src=\"https:\/\/idpacongress2025.com\/wp-content\/uploads\/2025\/01\/Sara-e1736904314415-1-279x300.jpg\" class=\"attachment-medium size-medium wp-image-2394\" alt=\"\" srcset=\"https:\/\/idpacongress2025.com\/wp-content\/uploads\/2025\/01\/Sara-e1736904314415-1-279x300.jpg 279w, https:\/\/idpacongress2025.com\/wp-content\/uploads\/2025\/01\/Sara-e1736904314415-1.jpg 576w\" sizes=\"(max-width: 279px) 100vw, 279px\" \/>\t\t\t\t\t\t\t\t\t\t\t\t\t\t\t<\/div>\n\t\t\t\t<\/div>\n\t\t\t\t<div class=\"elementor-element elementor-element-f124199 elementor-widget elementor-widget-text-editor\" data-id=\"f124199\" data-element_type=\"widget\" data-widget_type=\"text-editor.default\">\n\t\t\t\t<div class=\"elementor-widget-container\">\n\t\t\t\t\t\t\t\t\t<p style=\"font-weight: bold; font-size: 20px; color: #555; margin: 20px 0 5px; letter-spacing: 1px; text-transform: uppercase; text-align: center;\">sara hidalgo<\/p>\n\n\n<hr style=\"background: #777; width: 45px; height: 2px; margin: 6px auto; border: 0;\" \/>\n\n<h2 style=\"color: #333; font-size: 15px; font-weight: normal; margin: 0 0 20px; text-transform: uppercase; letter-spacing: 1px; text-align: center;\">guatemala<\/h2>\t\t\t\t\t\t\t\t<\/div>\n\t\t\t\t<\/div>\n\t\t\t\t<div class=\"elementor-element elementor-element-96f82ed elementor-widget elementor-widget-tp-accordion\" data-id=\"96f82ed\" data-element_type=\"widget\" data-widget_type=\"tp-accordion.default\">\n\t\t\t\t<div class=\"elementor-widget-container\">\n\t\t\t\t\t\t\t<div class=\"theplus-accordion-wrapper elementor-accordion \" id=\"accordion69f44da6bcff0\" data-accordion-id=\"accordion69f44da6bcff0\" data-accordion-type=\"accordion\" data-toogle-speed=\"300\"   role=\"tablist\">\n\t\t\t\t\t\t\t\n\t\t\t\t<div class=\"theplus-accordion-item\">\n\t\t\t\t\t<div id=\"elementor-tab-title-1581\" class=\"elementor-tab-title plus-accordion-header 0\" tabindex=\"1581\" data-tab=\"1\" role=\"tab\" aria-controls=\"elementor-tab-content-1581\">\n\t\t\t\t\t\t<span class=\"elementor-accordion-icon elementor-accordion-icon-left\" aria-hidden=\"true\"><i class=\"elementor-accordion-icon-closed fa fa-plus\"><\/i><i class=\"elementor-accordion-icon-opened fa fa-minus\"><\/i><\/span><span style=\"width:100%\">BIOGRAF\u00cdA<\/span>\n\t\t\t\t\t<\/div>  \n\n\t\t\t\t\t\t\t\t\t\t\t<div id=\"elementor-tab-content-1581\" class=\"elementor-tab-content elementor-clearfix plus-accordion-content 0\" data-tab=\"1\" role=\"tabpanel\" aria-labelledby=\"elementor-tab-title-1581\">\n\t\t\t\t\t\t\t<div class=\"plus-content-editor\">Sara Hern\u00e1ndez\n\nSara Hern\u00e1ndez es psic\u00f3loga educativa guatemalteca, con una maestr\u00eda en Gesti\u00f3n del Desarrollo Infantil y Adolescente. Actualmente, es Fellow en desarrollo infantil y asistente de investigaci\u00f3n en Maya Health Alliance\/Wuqu\u2019 Kawoq, una organizaci\u00f3n sin fines de lucro en Guatemala dedicada a la salud maya.\n\nActualmente, colabora en un estudio de investigaci\u00f3n sobre la efectividad de la Gu\u00eda para el Monitoreo del Desarrollo Infantil (GMCD) en Guatemala. Anteriormente, fue coinvestigadora en un estudio sobre los efectos neurodesarrollativos del virus del Zika en ni\u00f1os que viven en zonas rurales de Guatemala.\n\nDesde entonces, su trabajo se ha centrado en la investigaci\u00f3n sobre desarrollo infantil, evaluaci\u00f3n infantil y derechos de la ni\u00f1ez.<\/div>\n\t\t\t\t\t\t<\/div>\n\t\t\t\t\t\n\t\t\t\t<\/div>\n\n\t\t\t\t\t<\/div>\n\t\t\t\t\t\t<\/div>\n\t\t\t\t<\/div>\n\t\t\t\t<\/div>\n\t\t<div class=\"elementor-element elementor-element-a5556a5 e-con-full e-flex e-con e-child\" data-id=\"a5556a5\" data-element_type=\"container\">\n\t\t\t\t<div class=\"elementor-element elementor-element-24933fc elementor-widget elementor-widget-image\" data-id=\"24933fc\" data-element_type=\"widget\" data-widget_type=\"image.default\">\n\t\t\t\t<div class=\"elementor-widget-container\">\n\t\t\t\t\t\t\t\t\t\t\t\t\t\t\t<img loading=\"lazy\" decoding=\"async\" width=\"225\" height=\"300\" src=\"https:\/\/idpacongress2025.com\/wp-content\/uploads\/2025\/03\/Eva-Tuiz-1-225x300.jpg\" class=\"attachment-medium size-medium wp-image-3543\" alt=\"\" srcset=\"https:\/\/idpacongress2025.com\/wp-content\/uploads\/2025\/03\/Eva-Tuiz-1-225x300.jpg 225w, https:\/\/idpacongress2025.com\/wp-content\/uploads\/2025\/03\/Eva-Tuiz-1.jpg 300w\" sizes=\"(max-width: 225px) 100vw, 225px\" \/>\t\t\t\t\t\t\t\t\t\t\t\t\t\t\t<\/div>\n\t\t\t\t<\/div>\n\t\t\t\t<div class=\"elementor-element elementor-element-bf980a7 elementor-widget elementor-widget-text-editor\" data-id=\"bf980a7\" data-element_type=\"widget\" data-widget_type=\"text-editor.default\">\n\t\t\t\t<div class=\"elementor-widget-container\">\n\t\t\t\t\t\t\t\t\t<p style=\"font-weight: bold; font-size: 20px; color: #555; margin: 20px 0 5px; letter-spacing: 1px; text-transform: uppercase; text-align: center;\">Eva Tuiz<\/p><hr style=\"background: #777; width: 45px; height: 2px; margin: 6px auto; border: 0;\" \/><h2 style=\"color: #333; font-size: 15px; font-weight: normal; margin: 0 0 20px; text-transform: uppercase; letter-spacing: 1px; text-align: center;\">GUATEMALA<\/h2>\t\t\t\t\t\t\t\t<\/div>\n\t\t\t\t<\/div>\n\t\t\t\t<div class=\"elementor-element elementor-element-a6a16e7 elementor-widget elementor-widget-tp-accordion\" data-id=\"a6a16e7\" data-element_type=\"widget\" data-widget_type=\"tp-accordion.default\">\n\t\t\t\t<div class=\"elementor-widget-container\">\n\t\t\t\t\t\t\t<div class=\"theplus-accordion-wrapper elementor-accordion \" id=\"accordion69f44da6be853\" data-accordion-id=\"accordion69f44da6be853\" data-accordion-type=\"accordion\" data-toogle-speed=\"300\"   role=\"tablist\">\n\t\t\t\t\t\t\t\n\t\t\t\t<div class=\"theplus-accordion-item\">\n\t\t\t\t\t<div id=\"elementor-tab-title-1741\" class=\"elementor-tab-title plus-accordion-header 0\" tabindex=\"1741\" data-tab=\"1\" role=\"tab\" aria-controls=\"elementor-tab-content-1741\">\n\t\t\t\t\t\t<span class=\"elementor-accordion-icon elementor-accordion-icon-left\" aria-hidden=\"true\"><i class=\"elementor-accordion-icon-closed fa fa-plus\"><\/i><i class=\"elementor-accordion-icon-opened fa fa-minus\"><\/i><\/span><span style=\"width:100%\">BIOGRAF\u00cdA<\/span>\n\t\t\t\t\t<\/div>  \n\n\t\t\t\t\t\t\t\t\t\t\t<div id=\"elementor-tab-content-1741\" class=\"elementor-tab-content elementor-clearfix plus-accordion-content 0\" data-tab=\"1\" role=\"tabpanel\" aria-labelledby=\"elementor-tab-title-1741\">\n\t\t\t\t\t\t\t<div class=\"plus-content-editor\"><p><span style=\"font-weight: 400\">Enfermera, gerente de investigaci\u00f3n en programa de desarrollo infantil, con m\u00e1s de cinco a\u00f1os de experiencia liderando programas y equipos de trabajo en campo. Su labor se centra en la planificaci\u00f3n, coordinaci\u00f3n y ejecuci\u00f3n de estudios en campo, que buscan mejorar la calidad de vida de la ni\u00f1ez, asegurando que cada investigaci\u00f3n se lleve a cabo con determinaci\u00f3n, eficiencia y un enfoque de atenci\u00f3n de calidad respondiendo a las necesidades reales de la comunidad<\/span><\/p><p><span style=\"font-weight: 400\">Como persona ind\u00edgena y hablante de kaqchikel, entiende la importancia de una investigaci\u00f3n culturalmente pertinente, integrando el conocimiento cient\u00edfico respetando las tradiciones de las comunidades. Su enfoque de trabajo promueve el respeto, la inclusi\u00f3n y la mejora de las condiciones de vida de la poblaci\u00f3n infantil.\u00a0<\/span><\/p><p><span style=\"font-weight: 400\">Su compromiso con la excelencia en la investigaci\u00f3n y la gesti\u00f3n de equipos ha permitido la ejecuci\u00f3n de proyectos en el \u00e1rea del desarrollo infantil garantizando que los hallazgos contribuyan significativamente a la formulaci\u00f3n de programas y pol\u00edticas orientadas al desarrollo infantil. Su objetivo es seguir contribuyendo al avance del conocimiento en el sector, optimizando procesos y garantizando que cada investigaci\u00f3n tenga un impacto positivo en la vida de quienes m\u00e1s lo necesitan.<\/span><\/p><\/div>\n\t\t\t\t\t\t<\/div>\n\t\t\t\t\t\n\t\t\t\t<\/div>\n\n\t\t\t\t\t<\/div>\n\t\t\t\t\t\t<\/div>\n\t\t\t\t<\/div>\n\t\t\t\t<\/div>\n\t\t<div class=\"elementor-element elementor-element-58deb4e e-con-full e-flex e-con e-child\" data-id=\"58deb4e\" data-element_type=\"container\">\n\t\t\t\t<div class=\"elementor-element elementor-element-3cfdfd9 elementor-widget elementor-widget-image\" data-id=\"3cfdfd9\" data-element_type=\"widget\" data-widget_type=\"image.default\">\n\t\t\t\t<div class=\"elementor-widget-container\">\n\t\t\t\t\t\t\t\t\t\t\t\t\t\t\t<img loading=\"lazy\" decoding=\"async\" width=\"265\" height=\"300\" src=\"https:\/\/idpacongress2025.com\/wp-content\/uploads\/2025\/01\/Revan-Mustafayev-1-265x300.png\" class=\"attachment-medium size-medium wp-image-2377\" alt=\"\" srcset=\"https:\/\/idpacongress2025.com\/wp-content\/uploads\/2025\/01\/Revan-Mustafayev-1-265x300.png 265w, https:\/\/idpacongress2025.com\/wp-content\/uploads\/2025\/01\/Revan-Mustafayev-1.png 399w\" sizes=\"(max-width: 265px) 100vw, 265px\" \/>\t\t\t\t\t\t\t\t\t\t\t\t\t\t\t<\/div>\n\t\t\t\t<\/div>\n\t\t\t\t<div class=\"elementor-element elementor-element-9a30aff elementor-widget elementor-widget-text-editor\" data-id=\"9a30aff\" data-element_type=\"widget\" data-widget_type=\"text-editor.default\">\n\t\t\t\t<div class=\"elementor-widget-container\">\n\t\t\t\t\t\t\t\t\t<p style=\"font-weight: bold; font-size: 20px; color: #555; margin: 20px 0 5px; letter-spacing: 1px; text-transform: uppercase; text-align: center;\">revan mustafa<\/p><hr style=\"background: #777; width: 45px; height: 2px; margin: 6px auto; border: 0;\" \/><h2 style=\"color: #333; font-size: 15px; font-weight: normal; margin: 0 0 20px; text-transform: uppercase; letter-spacing: 1px; text-align: center;\">turqu\u00eda<\/h2>\t\t\t\t\t\t\t\t<\/div>\n\t\t\t\t<\/div>\n\t\t\t\t<div class=\"elementor-element elementor-element-c3cbcec elementor-widget elementor-widget-tp-accordion\" data-id=\"c3cbcec\" data-element_type=\"widget\" data-widget_type=\"tp-accordion.default\">\n\t\t\t\t<div class=\"elementor-widget-container\">\n\t\t\t\t\t\t\t<div class=\"theplus-accordion-wrapper elementor-accordion \" id=\"accordion69f44da6c013d\" data-accordion-id=\"accordion69f44da6c013d\" data-accordion-type=\"accordion\" data-toogle-speed=\"300\"   role=\"tablist\">\n\t\t\t\t\t\t\t\n\t\t\t\t<div class=\"theplus-accordion-item\">\n\t\t\t\t\t<div id=\"elementor-tab-title-2051\" class=\"elementor-tab-title plus-accordion-header 0\" tabindex=\"2051\" data-tab=\"1\" role=\"tab\" aria-controls=\"elementor-tab-content-2051\">\n\t\t\t\t\t\t<span class=\"elementor-accordion-icon elementor-accordion-icon-left\" aria-hidden=\"true\"><i class=\"elementor-accordion-icon-closed fa fa-plus\"><\/i><i class=\"elementor-accordion-icon-opened fa fa-minus\"><\/i><\/span><span style=\"width:100%\">BIOGRAF\u00cdA<\/span>\n\t\t\t\t\t<\/div>  \n\n\t\t\t\t\t\t\t\t\t\t\t<div id=\"elementor-tab-content-2051\" class=\"elementor-tab-content elementor-clearfix plus-accordion-content 0\" data-tab=\"1\" role=\"tabpanel\" aria-labelledby=\"elementor-tab-title-2051\">\n\t\t\t\t\t\t\t<div class=\"plus-content-editor\"><p><span style=\"font-family: ABeeZee;font-size: 15px;font-style: normal;font-weight: 400;letter-spacing: 0.4px\">El Dr. Revan Mustafa es un pediatra del desarrollo que ha dedicado su carrera profesional a la implementaci\u00f3n y difusi\u00f3n de servicios de salud orientados al apoyo del desarrollo infantil temprano. Es formador internacional del Gu\u00eda para el Monitoreo del Desarrollo Infantil (GMCD) y ha brindado apoyo a Azerbaiy\u00e1n, Kirguist\u00e1n y Turkmenist\u00e1n en la capacitaci\u00f3n de formadores nacionales de GMCD. Est\u00e1 comprometido con el fortalecimiento de las competencias y habilidades de los profesionales de la salud en la regi\u00f3n para abordar las dificultades del desarrollo infantil. El Dr. Mustafa es consultor de la OMS y UNICEF en desarrollo infantil temprano (ECD) en Europa y Asia Central, adem\u00e1s de ser miembro del comit\u00e9 ejecutivo de la Asociaci\u00f3n Internacional de Pediatr\u00eda del Desarrollo (IDPA).<\/span><\/p><\/div>\n\t\t\t\t\t\t<\/div>\n\t\t\t\t\t\n\t\t\t\t<\/div>\n\n\t\t\t\t\t<\/div>\n\t\t\t\t\t\t<\/div>\n\t\t\t\t<\/div>\n\t\t\t\t<\/div>\n\t\t<div class=\"elementor-element elementor-element-85a85d4 e-con-full e-flex e-con e-child\" data-id=\"85a85d4\" data-element_type=\"container\">\n\t\t\t\t<div class=\"elementor-element elementor-element-b7b0594 elementor-widget elementor-widget-image\" data-id=\"b7b0594\" data-element_type=\"widget\" data-widget_type=\"image.default\">\n\t\t\t\t<div class=\"elementor-widget-container\">\n\t\t\t\t\t\t\t\t\t\t\t\t\t\t\t<img loading=\"lazy\" decoding=\"async\" width=\"300\" height=\"291\" src=\"https:\/\/idpacongress2025.com\/wp-content\/uploads\/2025\/02\/ana-vides-square-300x291.jpg\" class=\"attachment-medium size-medium wp-image-3085\" alt=\"\" srcset=\"https:\/\/idpacongress2025.com\/wp-content\/uploads\/2025\/02\/ana-vides-square-300x291.jpg 300w, https:\/\/idpacongress2025.com\/wp-content\/uploads\/2025\/02\/ana-vides-square-1024x994.jpg 1024w, https:\/\/idpacongress2025.com\/wp-content\/uploads\/2025\/02\/ana-vides-square-768x746.jpg 768w, https:\/\/idpacongress2025.com\/wp-content\/uploads\/2025\/02\/ana-vides-square-1536x1491.jpg 1536w, https:\/\/idpacongress2025.com\/wp-content\/uploads\/2025\/02\/ana-vides-square.jpg 1890w\" sizes=\"(max-width: 300px) 100vw, 300px\" \/>\t\t\t\t\t\t\t\t\t\t\t\t\t\t\t<\/div>\n\t\t\t\t<\/div>\n\t\t\t\t<div class=\"elementor-element elementor-element-899f437 elementor-widget elementor-widget-text-editor\" data-id=\"899f437\" data-element_type=\"widget\" data-widget_type=\"text-editor.default\">\n\t\t\t\t<div class=\"elementor-widget-container\">\n\t\t\t\t\t\t\t\t\t<p style=\"font-weight: bold; font-size: 20px; color: #555; margin: 20px 0 5px; letter-spacing: 1px; text-transform: uppercase; text-align: center;\">Ana Vides Porras<\/p>\n\n\n<hr style=\"background: #777; width: 45px; height: 2px; margin: 6px auto; border: 0;\" \/>\n\n<h2 style=\"color: #333; font-size: 15px; font-weight: normal; margin: 0 0 20px; text-transform: uppercase; letter-spacing: 1px; text-align: center;\">guatemala<\/h2>\t\t\t\t\t\t\t\t<\/div>\n\t\t\t\t<\/div>\n\t\t\t\t<div class=\"elementor-element elementor-element-c6242bf elementor-widget elementor-widget-tp-accordion\" data-id=\"c6242bf\" data-element_type=\"widget\" data-widget_type=\"tp-accordion.default\">\n\t\t\t\t<div class=\"elementor-widget-container\">\n\t\t\t\t\t\t\t<div class=\"theplus-accordion-wrapper elementor-accordion \" id=\"accordion69f44da6c19be\" data-accordion-id=\"accordion69f44da6c19be\" data-accordion-type=\"accordion\" data-toogle-speed=\"300\"   role=\"tablist\">\n\t\t\t\t\t\t\t\n\t\t\t\t<div class=\"theplus-accordion-item\">\n\t\t\t\t\t<div id=\"elementor-tab-title-2071\" class=\"elementor-tab-title plus-accordion-header 0\" tabindex=\"2071\" data-tab=\"1\" role=\"tab\" aria-controls=\"elementor-tab-content-2071\">\n\t\t\t\t\t\t<span class=\"elementor-accordion-icon elementor-accordion-icon-left\" aria-hidden=\"true\"><i class=\"elementor-accordion-icon-closed fa fa-plus\"><\/i><i class=\"elementor-accordion-icon-opened fa fa-minus\"><\/i><\/span><span style=\"width:100%\">BIOGRAF\u00cdA<\/span>\n\t\t\t\t\t<\/div>  \n\n\t\t\t\t\t\t\t\t\t\t\t<div id=\"elementor-tab-content-2071\" class=\"elementor-tab-content elementor-clearfix plus-accordion-content 0\" data-tab=\"1\" role=\"tabpanel\" aria-labelledby=\"elementor-tab-title-2071\">\n\t\t\t\t\t\t\t<div class=\"plus-content-editor\"><p>Ana Vides Porras es Doctora en Antropolog\u00eda con especializaci\u00f3n en Antropolog\u00eda Cultural y M\u00e9dica por la Universidad de Wyoming. Obtuvo su licenciatura en Psicolog\u00eda de la Universidad del Valle de Guatemala y una especializaci\u00f3n en Terapia Cognitivo-Integrativa de la Fundaci\u00f3n Aigl\u00e9 de Argentina.<\/p><p>Actualmente coordina el curso de Ciudadan\u00eda Global en la Universidad del Valle de Guatemala y es investigadora asociada en el Departamento de Antropolog\u00eda y Sociolog\u00eda. Su trabajo de investigaci\u00f3n se ha centrado en las relaciones terap\u00e9uticas en contextos interculturales, el acceso a servicios de salud en poblaciones vulnerables y la salud intercultural. Ha publicado diversos art\u00edculos en revistas cient\u00edficas internacionales y participa como consultora en temas de investigaci\u00f3n, salud mental y prevenci\u00f3n. Como profesional, combina la docencia universitaria con la pr\u00e1ctica cl\u00ednica como terapeuta cognitivo-integrativa. Trabaja desde un enfoque interdisciplinario entre la antropolog\u00eda, la psicolog\u00eda y la educaci\u00f3n.<\/p><\/div>\n\t\t\t\t\t\t<\/div>\n\t\t\t\t\t\n\t\t\t\t<\/div>\n\n\t\t\t\t\t<\/div>\n\t\t\t\t\t\t<\/div>\n\t\t\t\t<\/div>\n\t\t\t\t<\/div>\n\t\t<div class=\"elementor-element elementor-element-7364246 e-con-full e-flex e-con e-child\" data-id=\"7364246\" data-element_type=\"container\">\n\t\t\t\t<div class=\"elementor-element elementor-element-ee6ccfe elementor-widget elementor-widget-image\" data-id=\"ee6ccfe\" data-element_type=\"widget\" data-widget_type=\"image.default\">\n\t\t\t\t<div class=\"elementor-widget-container\">\n\t\t\t\t\t\t\t\t\t\t\t\t\t\t\t<img loading=\"lazy\" decoding=\"async\" width=\"300\" height=\"300\" src=\"https:\/\/idpacongress2025.com\/wp-content\/uploads\/2025\/03\/Ertem-Ilgi-1-300x300.jpg\" class=\"attachment-medium size-medium wp-image-3545\" alt=\"\" srcset=\"https:\/\/idpacongress2025.com\/wp-content\/uploads\/2025\/03\/Ertem-Ilgi-1-300x300.jpg 300w, https:\/\/idpacongress2025.com\/wp-content\/uploads\/2025\/03\/Ertem-Ilgi-1-1020x1024.jpg 1020w, https:\/\/idpacongress2025.com\/wp-content\/uploads\/2025\/03\/Ertem-Ilgi-1-150x150.jpg 150w, https:\/\/idpacongress2025.com\/wp-content\/uploads\/2025\/03\/Ertem-Ilgi-1-768x771.jpg 768w, https:\/\/idpacongress2025.com\/wp-content\/uploads\/2025\/03\/Ertem-Ilgi-1-700x700.jpg 700w, https:\/\/idpacongress2025.com\/wp-content\/uploads\/2025\/03\/Ertem-Ilgi-1-600x600.jpg 600w, https:\/\/idpacongress2025.com\/wp-content\/uploads\/2025\/03\/Ertem-Ilgi-1.jpg 1136w\" sizes=\"(max-width: 300px) 100vw, 300px\" \/>\t\t\t\t\t\t\t\t\t\t\t\t\t\t\t<\/div>\n\t\t\t\t<\/div>\n\t\t\t\t<div class=\"elementor-element elementor-element-fb6502c elementor-widget elementor-widget-text-editor\" data-id=\"fb6502c\" data-element_type=\"widget\" data-widget_type=\"text-editor.default\">\n\t\t\t\t<div class=\"elementor-widget-container\">\n\t\t\t\t\t\t\t\t\t<p style=\"font-weight: bold; font-size: 20px; color: #555; margin: 20px 0 5px; letter-spacing: 1px; text-transform: uppercase; text-align: center;\">Ilgi Ertem<\/p><hr style=\"background: #777; width: 45px; height: 2px; margin: 6px auto; border: 0;\" \/><h2 style=\"color: #333; font-size: 15px; font-weight: normal; margin: 0 0 20px; text-transform: uppercase; letter-spacing: 1px; text-align: center;\">TURQU\u00cdA<\/h2>\t\t\t\t\t\t\t\t<\/div>\n\t\t\t\t<\/div>\n\t\t\t\t<div class=\"elementor-element elementor-element-66e300e elementor-widget elementor-widget-tp-accordion\" data-id=\"66e300e\" data-element_type=\"widget\" data-widget_type=\"tp-accordion.default\">\n\t\t\t\t<div class=\"elementor-widget-container\">\n\t\t\t\t\t\t\t<div class=\"theplus-accordion-wrapper elementor-accordion \" id=\"accordion69f44da6c3283\" data-accordion-id=\"accordion69f44da6c3283\" data-accordion-type=\"accordion\" data-toogle-speed=\"300\"   role=\"tablist\">\n\t\t\t\t\t\t\t\n\t\t\t\t<div class=\"theplus-accordion-item\">\n\t\t\t\t\t<div id=\"elementor-tab-title-1071\" class=\"elementor-tab-title plus-accordion-header 0\" tabindex=\"1071\" data-tab=\"1\" role=\"tab\" aria-controls=\"elementor-tab-content-1071\">\n\t\t\t\t\t\t<span class=\"elementor-accordion-icon elementor-accordion-icon-left\" aria-hidden=\"true\"><i class=\"elementor-accordion-icon-closed fa fa-plus\"><\/i><i class=\"elementor-accordion-icon-opened fa fa-minus\"><\/i><\/span><span style=\"width:100%\">BIOGRAF\u00cdA<\/span>\n\t\t\t\t\t<\/div>  \n\n\t\t\t\t\t\t\t\t\t\t\t<div id=\"elementor-tab-content-1071\" class=\"elementor-tab-content elementor-clearfix plus-accordion-content 0\" data-tab=\"1\" role=\"tabpanel\" aria-labelledby=\"elementor-tab-title-1071\">\n\t\t\t\t\t\t\t<div class=\"plus-content-editor\"><p data-start=\"28\" data-end=\"795\">La Prof. Dra. Ilgi Ertem es pediatra del desarrollo y del comportamiento, presidenta fundadora de la International Developmental Pediatrics Association (IDPA) y profesora em\u00e9rita de la Universidad de Ankara, Turqu\u00eda. Su trabajo se ha centrado en facilitar la inclusi\u00f3n de las ense\u00f1anzas y pr\u00e1cticas de la pediatr\u00eda del desarrollo y del comportamiento dentro de los sistemas de salud y otros sistemas en Turqu\u00eda y en todo el mundo. Tiene una amplia experiencia internacional en la colaboraci\u00f3n con colegas de varios pa\u00edses, incluyendo Argentina, Azerbaiy\u00e1n, China, Croacia, Guatemala, India, Italia, Kosovo, Kirguist\u00e1n, Moldavia, Serbia, Sud\u00e1frica, Turqu\u00eda, Turkmenist\u00e1n, Ucrania y Estados Unidos. Es asesora de la OMS y UNICEF en desarrollo infantil y discapacidad.<\/p><p data-start=\"797\" data-end=\"1294\" data-is-last-node=\"\" data-is-only-node=\"\">La Dra. Ertem fue becaria de Zero to Three, becaria del Fogarty International Center para Mujeres en Salud Global y profesora visitante en la Universidad de Yale. La Dra. Ertem ha recibido importantes subvenciones internacionales de investigaci\u00f3n y es la desarrolladora de la Gu\u00eda Internacional para el Monitoreo del Desarrollo Infantil (GMCD). Es autora de dos libros, incluido <em data-start=\"1176\" data-end=\"1223\">Developmental Difficulties in Early Childhood<\/em> publicado por la OMS, y ha publicado en prestigiosas revistas m\u00e9dicas.<\/p><\/div>\n\t\t\t\t\t\t<\/div>\n\t\t\t\t\t\n\t\t\t\t<\/div>\n\n\t\t\t\t\t<\/div>\n\t\t\t\t\t\t<\/div>\n\t\t\t\t<\/div>\n\t\t\t\t<\/div>\n\t\t<div class=\"elementor-element elementor-element-4820151 e-con-full e-flex e-con e-child\" data-id=\"4820151\" data-element_type=\"container\">\n\t\t\t\t<div class=\"elementor-element elementor-element-eb7e5d3 elementor-widget elementor-widget-image\" data-id=\"eb7e5d3\" data-element_type=\"widget\" data-widget_type=\"image.default\">\n\t\t\t\t<div class=\"elementor-widget-container\">\n\t\t\t\t\t\t\t\t\t\t\t\t\t\t\t<img loading=\"lazy\" decoding=\"async\" width=\"276\" height=\"300\" src=\"https:\/\/idpacongress2025.com\/wp-content\/uploads\/2025\/03\/Ashwini-Marathe-e1736903512826-1-276x300.jpg\" class=\"attachment-medium size-medium wp-image-3635\" alt=\"\" srcset=\"https:\/\/idpacongress2025.com\/wp-content\/uploads\/2025\/03\/Ashwini-Marathe-e1736903512826-1-276x300.jpg 276w, https:\/\/idpacongress2025.com\/wp-content\/uploads\/2025\/03\/Ashwini-Marathe-e1736903512826-1.jpg 524w\" sizes=\"(max-width: 276px) 100vw, 276px\" \/>\t\t\t\t\t\t\t\t\t\t\t\t\t\t\t<\/div>\n\t\t\t\t<\/div>\n\t\t\t\t<div class=\"elementor-element elementor-element-0880495 elementor-widget elementor-widget-text-editor\" data-id=\"0880495\" data-element_type=\"widget\" data-widget_type=\"text-editor.default\">\n\t\t\t\t<div class=\"elementor-widget-container\">\n\t\t\t\t\t\t\t\t\t<p style=\"font-weight: bold; font-size: 20px; color: #555; margin: 20px 0 5px; letter-spacing: 1px; text-transform: uppercase; text-align: center;\">Ashwini Marathe<\/p><hr style=\"background: #777; width: 45px; height: 2px; margin: 6px auto; border: 0;\" \/><h2 style=\"color: #333; font-size: 15px; font-weight: normal; margin: 0 0 20px; text-transform: uppercase; letter-spacing: 1px; text-align: center;\">INDIA<\/h2>\t\t\t\t\t\t\t\t<\/div>\n\t\t\t\t<\/div>\n\t\t\t\t<div class=\"elementor-element elementor-element-02cb1fc elementor-widget elementor-widget-tp-accordion\" data-id=\"02cb1fc\" data-element_type=\"widget\" data-widget_type=\"tp-accordion.default\">\n\t\t\t\t<div class=\"elementor-widget-container\">\n\t\t\t\t\t\t\t<div class=\"theplus-accordion-wrapper elementor-accordion \" id=\"accordion69f44da6c4c62\" data-accordion-id=\"accordion69f44da6c4c62\" data-accordion-type=\"accordion\" data-toogle-speed=\"300\"   role=\"tablist\">\n\t\t\t\t\t\t\t\n\t\t\t\t<div class=\"theplus-accordion-item\">\n\t\t\t\t\t<div id=\"elementor-tab-title-2921\" class=\"elementor-tab-title plus-accordion-header 0\" tabindex=\"2921\" data-tab=\"1\" role=\"tab\" aria-controls=\"elementor-tab-content-2921\">\n\t\t\t\t\t\t<span class=\"elementor-accordion-icon elementor-accordion-icon-left\" aria-hidden=\"true\"><i class=\"elementor-accordion-icon-closed fa fa-plus\"><\/i><i class=\"elementor-accordion-icon-opened fa fa-minus\"><\/i><\/span><span style=\"width:100%\">BIOGRAF\u00cdA<\/span>\n\t\t\t\t\t<\/div>  \n\n\t\t\t\t\t\t\t\t\t\t\t<div id=\"elementor-tab-content-2921\" class=\"elementor-tab-content elementor-clearfix plus-accordion-content 0\" data-tab=\"1\" role=\"tabpanel\" aria-labelledby=\"elementor-tab-title-2921\">\n\t\t\t\t\t\t\t<div class=\"plus-content-editor\"><ul><li style=\"font-weight: 400\"><p>Pediatra del Desarrollo en el Centro de Desarrollo Infantil Ummeed, una organizaci\u00f3n sin fines de lucro en Mumbai, India.<\/p><\/li><li style=\"font-weight: 400\"><p>Experiencia cl\u00ednica en pediatr\u00eda: 30 a\u00f1os.<\/p><\/li><li style=\"font-weight: 400\"><p>Miembro del equipo central y formador en ECHO ADHD: Un programa de formaci\u00f3n en l\u00ednea interactivo y basado en casos para pediatras, sobre la identificaci\u00f3n y manejo del TDAH en ni\u00f1os, llevado a cabo por Ummeed CDC Mumbai y el Centro Sethu para el Desarrollo Infantil y la Orientaci\u00f3n Familiar en Goa.<\/p><\/li><li style=\"font-weight: 400\"><p>Formador en la herramienta Gu\u00eda Internacional para el Monitoreo del Desarrollo Infantil (GMCD).<\/p><\/li><li style=\"font-weight: 400\"><p>Conferencista en diversos talleres y charlas dirigidos a pediatras, profesionales, docentes y padres sobre temas relacionados con la Pediatr\u00eda del Desarrollo y del Comportamiento.<\/p><\/li><li style=\"font-weight: 400\"><p>Publicaciones en revistas revisadas por pares y presentaciones en foros nacionales e internacionales.<\/p><\/li><\/ul><\/div>\n\t\t\t\t\t\t<\/div>\n\t\t\t\t\t\n\t\t\t\t<\/div>\n\n\t\t\t\t\t<\/div>\n\t\t\t\t\t\t<\/div>\n\t\t\t\t<\/div>\n\t\t\t\t<\/div>\n\t\t<div class=\"elementor-element elementor-element-dbe488f e-con-full e-flex e-con e-child\" data-id=\"dbe488f\" data-element_type=\"container\">\n\t\t\t\t<div class=\"elementor-element elementor-element-3afb54a elementor-widget elementor-widget-image\" data-id=\"3afb54a\" data-element_type=\"widget\" data-widget_type=\"image.default\">\n\t\t\t\t<div class=\"elementor-widget-container\">\n\t\t\t\t\t\t\t\t\t\t\t\t\t\t\t<img loading=\"lazy\" decoding=\"async\" width=\"282\" height=\"300\" src=\"https:\/\/idpacongress2025.com\/wp-content\/uploads\/2025\/07\/Amruta-Bandal-282x300.jpg\" class=\"attachment-medium size-medium wp-image-4178\" alt=\"\" srcset=\"https:\/\/idpacongress2025.com\/wp-content\/uploads\/2025\/07\/Amruta-Bandal-282x300.jpg 282w, https:\/\/idpacongress2025.com\/wp-content\/uploads\/2025\/07\/Amruta-Bandal.jpg 688w\" sizes=\"(max-width: 282px) 100vw, 282px\" \/>\t\t\t\t\t\t\t\t\t\t\t\t\t\t\t<\/div>\n\t\t\t\t<\/div>\n\t\t\t\t<div class=\"elementor-element elementor-element-367ae3a elementor-widget elementor-widget-text-editor\" data-id=\"367ae3a\" data-element_type=\"widget\" data-widget_type=\"text-editor.default\">\n\t\t\t\t<div class=\"elementor-widget-container\">\n\t\t\t\t\t\t\t\t\t<p style=\"font-weight: bold; font-size: 20px; color: #555; margin: 20px 0 5px; letter-spacing: 1px; text-transform: uppercase; text-align: center;\">Amruta Bandal<\/p><hr style=\"background: #777; width: 45px; height: 2px; margin: 6px auto; border: 0;\" \/><h2 style=\"color: #333; font-size: 15px; font-weight: normal; margin: 0 0 20px; text-transform: uppercase; letter-spacing: 1px; text-align: center;\">INDIA<\/h2>\t\t\t\t\t\t\t\t<\/div>\n\t\t\t\t<\/div>\n\t\t\t\t<div class=\"elementor-element elementor-element-9d507b2 elementor-widget elementor-widget-tp-accordion\" data-id=\"9d507b2\" data-element_type=\"widget\" data-widget_type=\"tp-accordion.default\">\n\t\t\t\t<div class=\"elementor-widget-container\">\n\t\t\t\t\t\t\t<div class=\"theplus-accordion-wrapper elementor-accordion \" id=\"accordion69f44da6c6675\" data-accordion-id=\"accordion69f44da6c6675\" data-accordion-type=\"accordion\" data-toogle-speed=\"300\"   role=\"tablist\">\n\t\t\t\t\t\t\t\n\t\t\t\t<div class=\"theplus-accordion-item\">\n\t\t\t\t\t<div id=\"elementor-tab-title-1641\" class=\"elementor-tab-title plus-accordion-header 0\" tabindex=\"1641\" data-tab=\"1\" role=\"tab\" aria-controls=\"elementor-tab-content-1641\">\n\t\t\t\t\t\t<span class=\"elementor-accordion-icon elementor-accordion-icon-left\" aria-hidden=\"true\"><i class=\"elementor-accordion-icon-closed fa fa-plus\"><\/i><i class=\"elementor-accordion-icon-opened fa fa-minus\"><\/i><\/span><span style=\"width:100%\">BIOGRAF\u00cdA<\/span>\n\t\t\t\t\t<\/div>  \n\n\t\t\t\t\t\t\t\t\t\t\t<div id=\"elementor-tab-content-1641\" class=\"elementor-tab-content elementor-clearfix plus-accordion-content 0\" data-tab=\"1\" role=\"tabpanel\" aria-labelledby=\"elementor-tab-title-1641\">\n\t\t\t\t\t\t\t<div class=\"plus-content-editor\"><p>La Dra. Amruta Bandal posee una maestr\u00eda en Medicina Oral (MDS). Es madre orgullosa de un ni\u00f1o autista y defensora activa del autismo.<\/p><p>Est\u00e1 vinculada a la Escuela de Salud P\u00fablica Sushila Nayar, del Departamento de Medicina Comunitaria en el Instituto de Ciencias M\u00e9dicas Mahatma Gandhi, en Sevagram, India. Cuenta con m\u00e1s de cuatro a\u00f1os de experiencia en la coordinaci\u00f3n de programas de desarrollo infantil. Es entrenadora principal (Master Trainer) del enfoque GMCD (Gu\u00eda Internacional para el Monitoreo del Desarrollo Infantil) y actualmente se desempe\u00f1a como coordinadora del ensayo de efectividad\/implementaci\u00f3n de dicha gu\u00eda.<\/p><p>Entre sus experiencias previas destaca un estudio sobre Desarrollo Infantil Temprano Inclusivo en el marco del esquema ICDS (Integrated Child Development Services) en India, as\u00ed como la implementaci\u00f3n de herramientas de monitoreo del desarrollo a trav\u00e9s del personal de primera l\u00ednea de dicho programa.<\/p><p>Fue responsable del sitio en el Proyecto de Estandarizaci\u00f3n en India \u2013 Adaptaci\u00f3n al idioma marat\u00ed de la Escala de Desarrollo Infantil y del Beb\u00e9 de Bayley, Cuarta Edici\u00f3n (Bayley-4).<\/p><p>Sus \u00e1reas de inter\u00e9s incluyen el desarrollo infantil temprano, la intervenci\u00f3n temprana para ni\u00f1os con necesidades especiales, y el desarrollo infantil en la etapa media, especialmente en pa\u00edses de ingresos bajos y medios (LMICs).<\/p><\/div>\n\t\t\t\t\t\t<\/div>\n\t\t\t\t\t\n\t\t\t\t<\/div>\n\n\t\t\t\t\t<\/div>\n\t\t\t\t\t\t<\/div>\n\t\t\t\t<\/div>\n\t\t\t\t<\/div>\n\t\t<div class=\"elementor-element elementor-element-29d68c0 e-con-full e-flex e-con e-child\" data-id=\"29d68c0\" data-element_type=\"container\">\n\t\t\t\t<div class=\"elementor-element elementor-element-33a58b9 elementor-widget elementor-widget-image\" data-id=\"33a58b9\" data-element_type=\"widget\" data-widget_type=\"image.default\">\n\t\t\t\t<div class=\"elementor-widget-container\">\n\t\t\t\t\t\t\t\t\t\t\t\t\t\t\t<img loading=\"lazy\" decoding=\"async\" width=\"259\" height=\"300\" src=\"https:\/\/idpacongress2025.com\/wp-content\/uploads\/2025\/01\/Milos-jpg-1-e1736903967599-1-259x300.jpg\" class=\"attachment-medium size-medium wp-image-2388\" alt=\"\" srcset=\"https:\/\/idpacongress2025.com\/wp-content\/uploads\/2025\/01\/Milos-jpg-1-e1736903967599-1-259x300.jpg 259w, https:\/\/idpacongress2025.com\/wp-content\/uploads\/2025\/01\/Milos-jpg-1-e1736903967599-1-885x1024.jpg 885w, https:\/\/idpacongress2025.com\/wp-content\/uploads\/2025\/01\/Milos-jpg-1-e1736903967599-1-768x889.jpg 768w, https:\/\/idpacongress2025.com\/wp-content\/uploads\/2025\/01\/Milos-jpg-1-e1736903967599-1.jpg 890w\" sizes=\"(max-width: 259px) 100vw, 259px\" \/>\t\t\t\t\t\t\t\t\t\t\t\t\t\t\t<\/div>\n\t\t\t\t<\/div>\n\t\t\t\t<div class=\"elementor-element elementor-element-9c9cb10 elementor-widget elementor-widget-text-editor\" data-id=\"9c9cb10\" data-element_type=\"widget\" data-widget_type=\"text-editor.default\">\n\t\t\t\t<div class=\"elementor-widget-container\">\n\t\t\t\t\t\t\t\t\t<p style=\"font-weight: bold; font-size: 20px; color: #555; margin: 20px 0 5px; letter-spacing: 1px; text-transform: uppercase; text-align: center;\">Milo\u0161 Srem\u010dev<\/p>\n\n\n<hr style=\"background: #777; width: 45px; height: 2px; margin: 6px auto; border: 0;\" \/>\n\n<h2 style=\"color: #333; font-size: 15px; font-weight: normal; margin: 0 0 20px; text-transform: uppercase; letter-spacing: 1px; text-align: center;\">serbia<\/h2>\t\t\t\t\t\t\t\t<\/div>\n\t\t\t\t<\/div>\n\t\t\t\t<div class=\"elementor-element elementor-element-2bf5170 elementor-widget elementor-widget-tp-accordion\" data-id=\"2bf5170\" data-element_type=\"widget\" data-widget_type=\"tp-accordion.default\">\n\t\t\t\t<div class=\"elementor-widget-container\">\n\t\t\t\t\t\t\t<div class=\"theplus-accordion-wrapper elementor-accordion \" id=\"accordion69f44da6c7f5d\" data-accordion-id=\"accordion69f44da6c7f5d\" data-accordion-type=\"accordion\" data-toogle-speed=\"300\"   role=\"tablist\">\n\t\t\t\t\t\t\t\n\t\t\t\t<div class=\"theplus-accordion-item\">\n\t\t\t\t\t<div id=\"elementor-tab-title-4601\" class=\"elementor-tab-title plus-accordion-header 0\" tabindex=\"4601\" data-tab=\"1\" role=\"tab\" aria-controls=\"elementor-tab-content-4601\">\n\t\t\t\t\t\t<span class=\"elementor-accordion-icon elementor-accordion-icon-left\" aria-hidden=\"true\"><i class=\"elementor-accordion-icon-closed fa fa-plus\"><\/i><i class=\"elementor-accordion-icon-opened fa fa-minus\"><\/i><\/span><span style=\"width:100%\">BIOGRAF\u00cdA<\/span>\n\t\t\t\t\t<\/div>  \n\n\t\t\t\t\t\t\t\t\t\t\t<div id=\"elementor-tab-content-4601\" class=\"elementor-tab-content elementor-clearfix plus-accordion-content 0\" data-tab=\"1\" role=\"tabpanel\" aria-labelledby=\"elementor-tab-title-4601\">\n\t\t\t\t\t\t\t<div class=\"plus-content-editor\"><p>Milo\u0161 Srem\u010dev<\/p><p>Milo\u0161 Srem\u010dev es pediatra, psicoterapeuta infantil y adolescente, y residente en psiquiatr\u00eda infantil y adolescente.<\/p><p>Est\u00e1 involucrado en investigaci\u00f3n cient\u00edfica, enfoc\u00e1ndose en el desarrollo temprano de ni\u00f1os que viven en asentamientos subest\u00e1ndar.<\/p><\/div>\n\t\t\t\t\t\t<\/div>\n\t\t\t\t\t\n\t\t\t\t<\/div>\n\n\t\t\t\t\t<\/div>\n\t\t\t\t\t\t<\/div>\n\t\t\t\t<\/div>\n\t\t\t\t<\/div>\n\t\t<div class=\"elementor-element elementor-element-4cad4a5 e-con-full e-flex e-con e-child\" data-id=\"4cad4a5\" data-element_type=\"container\">\n\t\t\t\t<div class=\"elementor-element elementor-element-855cc63 elementor-widget elementor-widget-image\" data-id=\"855cc63\" data-element_type=\"widget\" data-widget_type=\"image.default\">\n\t\t\t\t<div class=\"elementor-widget-container\">\n\t\t\t\t\t\t\t\t\t\t\t\t\t\t\t<img loading=\"lazy\" decoding=\"async\" width=\"225\" height=\"300\" src=\"https:\/\/idpacongress2025.com\/wp-content\/uploads\/2025\/02\/Olaf-Kraus-de-Camargo_jpg-225x300.jpeg\" class=\"attachment-medium size-medium wp-image-2847\" alt=\"\" srcset=\"https:\/\/idpacongress2025.com\/wp-content\/uploads\/2025\/02\/Olaf-Kraus-de-Camargo_jpg-225x300.jpeg 225w, https:\/\/idpacongress2025.com\/wp-content\/uploads\/2025\/02\/Olaf-Kraus-de-Camargo_jpg-768x1024.jpeg 768w, https:\/\/idpacongress2025.com\/wp-content\/uploads\/2025\/02\/Olaf-Kraus-de-Camargo_jpg.jpeg 1151w\" sizes=\"(max-width: 225px) 100vw, 225px\" \/>\t\t\t\t\t\t\t\t\t\t\t\t\t\t\t<\/div>\n\t\t\t\t<\/div>\n\t\t\t\t<div class=\"elementor-element elementor-element-ae29e2c elementor-widget elementor-widget-text-editor\" data-id=\"ae29e2c\" data-element_type=\"widget\" data-widget_type=\"text-editor.default\">\n\t\t\t\t<div class=\"elementor-widget-container\">\n\t\t\t\t\t\t\t\t\t<p style=\"font-weight: bold; font-size: 20px; color: #555; margin: 20px 0 5px; letter-spacing: 1px; text-transform: uppercase; text-align: center;\">Olaf kraus de Camargo<\/p><hr style=\"background: #777; width: 45px; height: 2px; margin: 6px auto; border: 0;\" \/><h2 style=\"color: #333; font-size: 15px; font-weight: normal; margin: 0 0 20px; text-transform: uppercase; letter-spacing: 1px; text-align: center;\">Canad\u00c1<\/h2>\t\t\t\t\t\t\t\t<\/div>\n\t\t\t\t<\/div>\n\t\t\t\t<div class=\"elementor-element elementor-element-b9e8952 elementor-widget elementor-widget-tp-accordion\" data-id=\"b9e8952\" data-element_type=\"widget\" data-widget_type=\"tp-accordion.default\">\n\t\t\t\t<div class=\"elementor-widget-container\">\n\t\t\t\t\t\t\t<div class=\"theplus-accordion-wrapper elementor-accordion \" id=\"accordion69f44da6c980c\" data-accordion-id=\"accordion69f44da6c980c\" data-accordion-type=\"accordion\" data-toogle-speed=\"300\"   role=\"tablist\">\n\t\t\t\t\t\t\t\n\t\t\t\t<div class=\"theplus-accordion-item\">\n\t\t\t\t\t<div id=\"elementor-tab-title-1941\" class=\"elementor-tab-title plus-accordion-header 0\" tabindex=\"1941\" data-tab=\"1\" role=\"tab\" aria-controls=\"elementor-tab-content-1941\">\n\t\t\t\t\t\t<span class=\"elementor-accordion-icon elementor-accordion-icon-left\" aria-hidden=\"true\"><i class=\"elementor-accordion-icon-closed fa fa-plus\"><\/i><i class=\"elementor-accordion-icon-opened fa fa-minus\"><\/i><\/span><span style=\"width:100%\">BIOGRAF\u00cdA<\/span>\n\t\t\t\t\t<\/div>  \n\n\t\t\t\t\t\t\t\t\t\t\t<div id=\"elementor-tab-content-1941\" class=\"elementor-tab-content elementor-clearfix plus-accordion-content 0\" data-tab=\"1\" role=\"tabpanel\" aria-labelledby=\"elementor-tab-title-1941\">\n\t\t\t\t\t\t\t<div class=\"plus-content-editor\"><p><span style=\"font-family: ABeeZee;font-size: 15px;font-style: normal;font-weight: 400;letter-spacing: 0.4px\">El Dr. Olaf Kraus de Camargo es pediatra del desarrollo, profesor asociado de Pediatr\u00eda y codirector del Centro CanChild para la Investigaci\u00f3n de Discapacidades de Inicio en la Infancia en la Universidad McMaster.<\/span><\/p><\/div>\n\t\t\t\t\t\t<\/div>\n\t\t\t\t\t\n\t\t\t\t<\/div>\n\n\t\t\t\t\t<\/div>\n\t\t\t\t\t\t<\/div>\n\t\t\t\t<\/div>\n\t\t\t\t<\/div>\n\t\t<div class=\"elementor-element elementor-element-c4f449a e-con-full e-flex e-con e-child\" data-id=\"c4f449a\" data-element_type=\"container\">\n\t\t\t\t<div class=\"elementor-element elementor-element-9c03b5c elementor-widget elementor-widget-image\" data-id=\"9c03b5c\" data-element_type=\"widget\" data-widget_type=\"image.default\">\n\t\t\t\t<div class=\"elementor-widget-container\">\n\t\t\t\t\t\t\t\t\t\t\t\t\t\t\t<img loading=\"lazy\" decoding=\"async\" width=\"240\" height=\"300\" src=\"https:\/\/idpacongress2025.com\/wp-content\/uploads\/2025\/02\/Shanti-Raman_UNSW20211201_2057_web_crop-240x300.jpg\" class=\"attachment-medium size-medium wp-image-2850\" alt=\"\" srcset=\"https:\/\/idpacongress2025.com\/wp-content\/uploads\/2025\/02\/Shanti-Raman_UNSW20211201_2057_web_crop-240x300.jpg 240w, https:\/\/idpacongress2025.com\/wp-content\/uploads\/2025\/02\/Shanti-Raman_UNSW20211201_2057_web_crop-819x1024.jpg 819w, https:\/\/idpacongress2025.com\/wp-content\/uploads\/2025\/02\/Shanti-Raman_UNSW20211201_2057_web_crop-768x960.jpg 768w, https:\/\/idpacongress2025.com\/wp-content\/uploads\/2025\/02\/Shanti-Raman_UNSW20211201_2057_web_crop.jpg 1080w\" sizes=\"(max-width: 240px) 100vw, 240px\" \/>\t\t\t\t\t\t\t\t\t\t\t\t\t\t\t<\/div>\n\t\t\t\t<\/div>\n\t\t\t\t<div class=\"elementor-element elementor-element-310fcad elementor-widget elementor-widget-text-editor\" data-id=\"310fcad\" data-element_type=\"widget\" data-widget_type=\"text-editor.default\">\n\t\t\t\t<div class=\"elementor-widget-container\">\n\t\t\t\t\t\t\t\t\t<p style=\"font-weight: bold; font-size: 20px; color: #555; margin: 20px 0 5px; letter-spacing: 1px; text-transform: uppercase; text-align: center;\">shanti Raman<\/p>\n\n\n<hr style=\"background: #777; width: 45px; height: 2px; margin: 6px auto; border: 0;\" \/>\n\n<h2 style=\"color: #333; font-size: 15px; font-weight: normal; margin: 0 0 20px; text-transform: uppercase; letter-spacing: 1px; text-align: center;\">australia<\/h2>\t\t\t\t\t\t\t\t<\/div>\n\t\t\t\t<\/div>\n\t\t\t\t<div class=\"elementor-element elementor-element-ad93f69 elementor-widget elementor-widget-tp-accordion\" data-id=\"ad93f69\" data-element_type=\"widget\" data-widget_type=\"tp-accordion.default\">\n\t\t\t\t<div class=\"elementor-widget-container\">\n\t\t\t\t\t\t\t<div class=\"theplus-accordion-wrapper elementor-accordion \" id=\"accordion69f44da6cb08d\" data-accordion-id=\"accordion69f44da6cb08d\" data-accordion-type=\"accordion\" data-toogle-speed=\"300\"   role=\"tablist\">\n\t\t\t\t\t\t\t\n\t\t\t\t<div class=\"theplus-accordion-item\">\n\t\t\t\t\t<div id=\"elementor-tab-title-1821\" class=\"elementor-tab-title plus-accordion-header 0\" tabindex=\"1821\" data-tab=\"1\" role=\"tab\" aria-controls=\"elementor-tab-content-1821\">\n\t\t\t\t\t\t<span class=\"elementor-accordion-icon elementor-accordion-icon-left\" aria-hidden=\"true\"><i class=\"elementor-accordion-icon-closed fa fa-plus\"><\/i><i class=\"elementor-accordion-icon-opened fa fa-minus\"><\/i><\/span><span style=\"width:100%\">BIOGRAF\u00cdA<\/span>\n\t\t\t\t\t<\/div>  \n\n\t\t\t\t\t\t\t\t\t\t\t<div id=\"elementor-tab-content-1821\" class=\"elementor-tab-content elementor-clearfix plus-accordion-content 0\" data-tab=\"1\" role=\"tabpanel\" aria-labelledby=\"elementor-tab-title-1821\">\n\t\t\t\t\t\t\t<div class=\"plus-content-editor\"><span style=\"font-family: ABeeZee;font-size: 15px;font-style: normal;font-weight: 400;letter-spacing: 0.4px\">Shanti Raman, MBBS, FRACP, MAE, PhD\n\t\u2022\tDirectora \u2013 Departamento de Pediatr\u00eda Comunitaria, Distrito Local de Salud de South Western Sydney\n\t\u2022\tAsesora Cl\u00ednica Principal \u2013 Salud Infantil y Familiar, Ministerio de Salud de Nueva Gales del Sur (NSW)\n\t\u2022\tProfesora Adjunta \u2013 Universidad de Nueva Gales del Sur, Escuela de Salud de la Mujer y el Ni\u00f1o\n\nLa Dra. Shanti Raman es pediatra consultora con formaci\u00f3n subespecializada en salud infantil comunitaria, epidemiolog\u00eda y salud p\u00fablica. Se desempe\u00f1a como Directora de Pediatr\u00eda Comunitaria en South Western Sydney, donde lidera los servicios cl\u00ednicos de desarrollo infantil y protecci\u00f3n infantil en la regi\u00f3n, adem\u00e1s de proporcionar liderazgo acad\u00e9mico y dirigir programas de investigaci\u00f3n y formaci\u00f3n.\n\nRecientemente, ha sido asignada como Asesora Cl\u00ednica Principal en Salud Infantil y Familiar en el Ministerio de Salud de NSW, donde su labor se centra en mejorar la calidad, seguridad, pertinencia e integraci\u00f3n de los servicios de salud infantil y familiar mediante el desarrollo de pol\u00edticas de salud a nivel estatal.\n\nSus \u00e1reas de investigaci\u00f3n y docencia incluyen salud de migrantes y refugiados, salud infantil ind\u00edgena, derechos de la infancia, maltrato infantil, calidad y seguridad en la atenci\u00f3n m\u00e9dica, salud materna, neonatal e infantil a nivel global. Participa activamente en la elaboraci\u00f3n de pol\u00edticas de salud a nivel estatal, nacional e internacional, promoviendo un enfoque basado en derechos para la salud infantil y la salud poblacional.\n\nEs miembro del consejo directivo de la Sociedad Internacional para la Prevenci\u00f3n del Abuso y el Maltrato Infantil (ISPCAN) y del Comit\u00e9 Ejecutivo de la Sociedad Internacional de Pediatr\u00eda Social y Salud Infantil (ISSOP). Actualmente, se desempe\u00f1a como Editora en Jefe de BMJ Paediatrics Open.<\/span><\/div>\n\t\t\t\t\t\t<\/div>\n\t\t\t\t\t\n\t\t\t\t<\/div>\n\n\t\t\t\t\t<\/div>\n\t\t\t\t\t\t<\/div>\n\t\t\t\t<\/div>\n\t\t\t\t<\/div>\n\t\t<div class=\"elementor-element elementor-element-7aeb5ed e-con-full e-flex e-con e-child\" data-id=\"7aeb5ed\" data-element_type=\"container\">\n\t\t\t\t<div class=\"elementor-element elementor-element-20c296e elementor-widget elementor-widget-image\" data-id=\"20c296e\" data-element_type=\"widget\" data-widget_type=\"image.default\">\n\t\t\t\t<div class=\"elementor-widget-container\">\n\t\t\t\t\t\t\t\t\t\t\t\t\t\t\t<img loading=\"lazy\" decoding=\"async\" width=\"260\" height=\"300\" src=\"https:\/\/idpacongress2025.com\/wp-content\/uploads\/2025\/01\/Selamenesh-headshot-2023-e1736904435609-1-260x300.jpg\" class=\"attachment-medium size-medium wp-image-2396\" alt=\"\" srcset=\"https:\/\/idpacongress2025.com\/wp-content\/uploads\/2025\/01\/Selamenesh-headshot-2023-e1736904435609-1-260x300.jpg 260w, https:\/\/idpacongress2025.com\/wp-content\/uploads\/2025\/01\/Selamenesh-headshot-2023-e1736904435609-1.jpg 563w\" sizes=\"(max-width: 260px) 100vw, 260px\" \/>\t\t\t\t\t\t\t\t\t\t\t\t\t\t\t<\/div>\n\t\t\t\t<\/div>\n\t\t\t\t<div class=\"elementor-element elementor-element-35a73a2 elementor-widget elementor-widget-text-editor\" data-id=\"35a73a2\" data-element_type=\"widget\" data-widget_type=\"text-editor.default\">\n\t\t\t\t<div class=\"elementor-widget-container\">\n\t\t\t\t\t\t\t\t\t<p style=\"font-weight: bold; font-size: 20px; color: #555; margin: 20px 0 5px; letter-spacing: 1px; text-transform: uppercase; text-align: center;\">Selamenesh Tsige Legas<\/p><hr style=\"background: #777; width: 45px; height: 2px; margin: 6px auto; border: 0;\" \/><h2 style=\"color: #333; font-size: 15px; font-weight: normal; margin: 0 0 20px; text-transform: uppercase; letter-spacing: 1px; text-align: center;\">Etiop\u00eda<\/h2>\t\t\t\t\t\t\t\t<\/div>\n\t\t\t\t<\/div>\n\t\t\t\t<div class=\"elementor-element elementor-element-781c9ca elementor-widget elementor-widget-tp-accordion\" data-id=\"781c9ca\" data-element_type=\"widget\" data-widget_type=\"tp-accordion.default\">\n\t\t\t\t<div class=\"elementor-widget-container\">\n\t\t\t\t\t\t\t<div class=\"theplus-accordion-wrapper elementor-accordion \" id=\"accordion69f44da6cc87b\" data-accordion-id=\"accordion69f44da6cc87b\" data-accordion-type=\"accordion\" data-toogle-speed=\"300\"   role=\"tablist\">\n\t\t\t\t\t\t\t\n\t\t\t\t<div class=\"theplus-accordion-item\">\n\t\t\t\t\t<div id=\"elementor-tab-title-1251\" class=\"elementor-tab-title plus-accordion-header 0\" tabindex=\"1251\" data-tab=\"1\" role=\"tab\" aria-controls=\"elementor-tab-content-1251\">\n\t\t\t\t\t\t<span class=\"elementor-accordion-icon elementor-accordion-icon-left\" aria-hidden=\"true\"><i class=\"elementor-accordion-icon-closed fa fa-plus\"><\/i><i class=\"elementor-accordion-icon-opened fa fa-minus\"><\/i><\/span><span style=\"width:100%\">BIOGRAF\u00cdA<\/span>\n\t\t\t\t\t<\/div>  \n\n\t\t\t\t\t\t\t\t\t\t\t<div id=\"elementor-tab-content-1251\" class=\"elementor-tab-content elementor-clearfix plus-accordion-content 0\" data-tab=\"1\" role=\"tabpanel\" aria-labelledby=\"elementor-tab-title-1251\">\n\t\t\t\t\t\t\t<div class=\"plus-content-editor\">El Dr. Selamenesh Tsige Legas es una apasionada defensora de la discapacidad infantil y la primera especialista et\u00edope en Pediatr\u00eda del Desarrollo y del Comportamiento. Estableci\u00f3 la primera cl\u00ednica de pediatr\u00eda del desarrollo en el Hospital Especializado Tikur Anbessa en Addis Abeba, Etiop\u00eda. Actualmente, la Dra. Selamenesh se desempe\u00f1a como Pediatra del Desarrollo en el Children\u2019s Hospital del London Health Sciences Centre (LHSC) y como Profesora Asistente en el Departamento de Pediatr\u00eda de la Schulich School of Medicine and Dentistry, en Western University.\n\nEst\u00e1 afiliada a varias organizaciones internacionales, incluidas la Eastern Africa Academies of Childhood Disabilities (EAACD), la International Alliance Academies of Childhood Disability (IAACD), la Global Professional Educational Collaboration (GPEC) y el Comit\u00e9 de Asuntos Internacionales de la American Academy of Cerebral Palsy and Developmental Medicine (AACPDM). Sus intereses de investigaci\u00f3n se centran en la transferencia de conocimientos sobre discapacidad infantil en entornos con recursos limitados. Recientemente, ha estado trabajando en la adopci\u00f3n, traducci\u00f3n e integraci\u00f3n cl\u00ednica de herramientas de coaching para el desarrollo infantil en Etiop\u00eda, as\u00ed como en el desarrollo de un curr\u00edculo para el desarrollo infantil temprano (ECD) a trav\u00e9s del Eastern Central and Southern Africa Pediatrics College (ECSAPACH).\n\nEntre sus numerosos logros, la Dra. Selamenesh es la fundadora y presidenta de la ONG Gojo Accommodation and Temporary Shelter for Patients in Need. Es exalumna del Programa de Liderazgo de Posgrado de la Universidad de Toronto 2022\/2023, de la Beca Mandela Washington 2020\/2021 y fue reconocida como Mujer Et\u00edope de Excelencia 2019\/2020. Tiene el honor de formar parte de la Junta Secretarial de la International Developmental Pediatrics Association (IDPA).<\/div>\n\t\t\t\t\t\t<\/div>\n\t\t\t\t\t\n\t\t\t\t<\/div>\n\n\t\t\t\t\t<\/div>\n\t\t\t\t\t\t<\/div>\n\t\t\t\t<\/div>\n\t\t\t\t<\/div>\n\t\t<div class=\"elementor-element elementor-element-494359e e-con-full e-flex e-con e-child\" data-id=\"494359e\" data-element_type=\"container\">\n\t\t\t\t<div class=\"elementor-element elementor-element-deb3302 elementor-widget elementor-widget-image\" data-id=\"deb3302\" data-element_type=\"widget\" data-widget_type=\"image.default\">\n\t\t\t\t<div class=\"elementor-widget-container\">\n\t\t\t\t\t\t\t\t\t\t\t\t\t\t\t<img loading=\"lazy\" decoding=\"async\" width=\"300\" height=\"300\" src=\"https:\/\/idpacongress2025.com\/wp-content\/uploads\/2025\/02\/ezgi-square-300x300.jpg\" class=\"attachment-medium size-medium wp-image-3036\" alt=\"\" srcset=\"https:\/\/idpacongress2025.com\/wp-content\/uploads\/2025\/02\/ezgi-square-300x300.jpg 300w, https:\/\/idpacongress2025.com\/wp-content\/uploads\/2025\/02\/ezgi-square-150x150.jpg 150w, https:\/\/idpacongress2025.com\/wp-content\/uploads\/2025\/02\/ezgi-square.jpg 454w\" sizes=\"(max-width: 300px) 100vw, 300px\" \/>\t\t\t\t\t\t\t\t\t\t\t\t\t\t\t<\/div>\n\t\t\t\t<\/div>\n\t\t\t\t<div class=\"elementor-element elementor-element-a30c1f7 elementor-widget elementor-widget-text-editor\" data-id=\"a30c1f7\" data-element_type=\"widget\" data-widget_type=\"text-editor.default\">\n\t\t\t\t<div class=\"elementor-widget-container\">\n\t\t\t\t\t\t\t\t\t<p style=\"font-weight: bold; font-size: 20px; color: #555; margin: 20px 0 5px; letter-spacing: 1px; text-transform: uppercase; text-align: center;\">Ezgi \u00d6zalp Akin<\/p>\n\n\n<hr style=\"background: #777; width: 45px; height: 2px; margin: 6px auto; border: 0;\" \/>\n\n<h2 style=\"color: #333; font-size: 15px; font-weight: normal; margin: 0 0 20px; text-transform: uppercase; letter-spacing: 1px; text-align: center;\">turqu\u00eda<\/h2>\t\t\t\t\t\t\t\t<\/div>\n\t\t\t\t<\/div>\n\t\t\t\t<div class=\"elementor-element elementor-element-fa79548 elementor-widget elementor-widget-tp-accordion\" data-id=\"fa79548\" data-element_type=\"widget\" data-widget_type=\"tp-accordion.default\">\n\t\t\t\t<div class=\"elementor-widget-container\">\n\t\t\t\t\t\t\t<div class=\"theplus-accordion-wrapper elementor-accordion \" id=\"accordion69f44da6cdfe0\" data-accordion-id=\"accordion69f44da6cdfe0\" data-accordion-type=\"accordion\" data-toogle-speed=\"300\"   role=\"tablist\">\n\t\t\t\t\t\t\t\n\t\t\t\t<div class=\"theplus-accordion-item\">\n\t\t\t\t\t<div id=\"elementor-tab-title-2621\" class=\"elementor-tab-title plus-accordion-header 0\" tabindex=\"2621\" data-tab=\"1\" role=\"tab\" aria-controls=\"elementor-tab-content-2621\">\n\t\t\t\t\t\t<span class=\"elementor-accordion-icon elementor-accordion-icon-left\" aria-hidden=\"true\"><i class=\"elementor-accordion-icon-closed fa fa-plus\"><\/i><i class=\"elementor-accordion-icon-opened fa fa-minus\"><\/i><\/span><span style=\"width:100%\">BIOGRAF\u00cdA<\/span>\n\t\t\t\t\t<\/div>  \n\n\t\t\t\t\t\t\t\t\t\t\t<div id=\"elementor-tab-content-2621\" class=\"elementor-tab-content elementor-clearfix plus-accordion-content 0\" data-tab=\"1\" role=\"tabpanel\" aria-labelledby=\"elementor-tab-title-2621\">\n\t\t\t\t\t\t\t<div class=\"plus-content-editor\"><p>Ezgi \u00d6zalp Ak\u0131n<\/p><p>La Dra. Ezgi \u00d6zalp Ak\u0131n es profesora asociada en la Divisi\u00f3n de Pediatr\u00eda del Desarrollo de la Universidad de Ankara, Turqu\u00eda, y miembro del Comit\u00e9 Ejecutivo de la Asociaci\u00f3n Internacional de Pediatr\u00eda del Desarrollo (IDPA).<\/p><p>Su labor se centra en la formaci\u00f3n de m\u00e9dicos y pediatras en el \u00e1rea de pediatr\u00eda del desarrollo y en el uso de la Gu\u00eda Internacional para el Monitoreo del Desarrollo Infantil (GMCD), adem\u00e1s de la defensa de los derechos de los ni\u00f1os con dificultades en el desarrollo y sus familias.<\/p><p>Sus intereses de investigaci\u00f3n incluyen la aplicaci\u00f3n del Marco de la Clasificaci\u00f3n Internacional del Funcionamiento, la Discapacidad y la Salud (CIF) para evaluar y apoyar a los ni\u00f1os con dificultades en el desarrollo y a sus familias.<\/p><\/div>\n\t\t\t\t\t\t<\/div>\n\t\t\t\t\t\n\t\t\t\t<\/div>\n\n\t\t\t\t\t<\/div>\n\t\t\t\t\t\t<\/div>\n\t\t\t\t<\/div>\n\t\t\t\t<\/div>\n\t\t<div class=\"elementor-element elementor-element-9544c5d e-con-full e-flex e-con e-child\" data-id=\"9544c5d\" data-element_type=\"container\">\n\t\t\t\t<div class=\"elementor-element elementor-element-3046e62 elementor-widget elementor-widget-image\" data-id=\"3046e62\" data-element_type=\"widget\" data-widget_type=\"image.default\">\n\t\t\t\t<div class=\"elementor-widget-container\">\n\t\t\t\t\t\t\t\t\t\t\t\t\t\t\t<img loading=\"lazy\" decoding=\"async\" width=\"217\" height=\"300\" src=\"https:\/\/idpacongress2025.com\/wp-content\/uploads\/2025\/04\/KirstyDonald2-e1720809208295-217x300.jpg\" class=\"attachment-medium size-medium wp-image-3713\" alt=\"\" srcset=\"https:\/\/idpacongress2025.com\/wp-content\/uploads\/2025\/04\/KirstyDonald2-e1720809208295-217x300.jpg 217w, https:\/\/idpacongress2025.com\/wp-content\/uploads\/2025\/04\/KirstyDonald2-e1720809208295-740x1024.jpg 740w, https:\/\/idpacongress2025.com\/wp-content\/uploads\/2025\/04\/KirstyDonald2-e1720809208295-768x1062.jpg 768w, https:\/\/idpacongress2025.com\/wp-content\/uploads\/2025\/04\/KirstyDonald2-e1720809208295-1111x1536.jpg 1111w, https:\/\/idpacongress2025.com\/wp-content\/uploads\/2025\/04\/KirstyDonald2-e1720809208295-1481x2048.jpg 1481w, https:\/\/idpacongress2025.com\/wp-content\/uploads\/2025\/04\/KirstyDonald2-e1720809208295.jpg 1851w\" sizes=\"(max-width: 217px) 100vw, 217px\" \/>\t\t\t\t\t\t\t\t\t\t\t\t\t\t\t<\/div>\n\t\t\t\t<\/div>\n\t\t\t\t<div class=\"elementor-element elementor-element-8f0c9b8 elementor-widget elementor-widget-text-editor\" data-id=\"8f0c9b8\" data-element_type=\"widget\" data-widget_type=\"text-editor.default\">\n\t\t\t\t<div class=\"elementor-widget-container\">\n\t\t\t\t\t\t\t\t\t<p style=\"font-weight: bold; font-size: 20px; color: #555; margin: 20px 0 5px; letter-spacing: 1px; text-transform: uppercase; text-align: center;\">Kirsty Donald<\/p>\n\n\n<hr style=\"background: #777; width: 45px; height: 2px; margin: 6px auto; border: 0;\" \/>\n\n<h2 style=\"color: #333; font-size: 15px; font-weight: normal; margin: 0 0 20px; text-transform: uppercase; letter-spacing: 1px; text-align: center;\">sud\u00e1frica<\/h2>\t\t\t\t\t\t\t\t<\/div>\n\t\t\t\t<\/div>\n\t\t\t\t<div class=\"elementor-element elementor-element-67b0a17 elementor-widget elementor-widget-tp-accordion\" data-id=\"67b0a17\" data-element_type=\"widget\" data-widget_type=\"tp-accordion.default\">\n\t\t\t\t<div class=\"elementor-widget-container\">\n\t\t\t\t\t\t\t<div class=\"theplus-accordion-wrapper elementor-accordion \" id=\"accordion69f44da6cf786\" data-accordion-id=\"accordion69f44da6cf786\" data-accordion-type=\"accordion\" data-toogle-speed=\"300\"   role=\"tablist\">\n\t\t\t\t\t\t\t\n\t\t\t\t<div class=\"theplus-accordion-item\">\n\t\t\t\t\t<div id=\"elementor-tab-title-1081\" class=\"elementor-tab-title plus-accordion-header 0\" tabindex=\"1081\" data-tab=\"1\" role=\"tab\" aria-controls=\"elementor-tab-content-1081\">\n\t\t\t\t\t\t<span class=\"elementor-accordion-icon elementor-accordion-icon-left\" aria-hidden=\"true\"><i class=\"elementor-accordion-icon-closed fa fa-plus\"><\/i><i class=\"elementor-accordion-icon-opened fa fa-minus\"><\/i><\/span><span style=\"width:100%\">BIOGRAF\u00cdA<\/span>\n\t\t\t\t\t<\/div>  \n\n\t\t\t\t\t\t\t\t\t\t\t<div id=\"elementor-tab-content-1081\" class=\"elementor-tab-content elementor-clearfix plus-accordion-content 0\" data-tab=\"1\" role=\"tabpanel\" aria-labelledby=\"elementor-tab-title-1081\">\n\t\t\t\t\t\t\t<div class=\"plus-content-editor\"><p class=\"p1\">La profesora Kirsty Donald es subdirectora del Instituto de Neurociencia de la Universidad de Ciudad del Cabo (UCT), y durante los \u00faltimos 15 a\u00f1os ha liderado la Divisi\u00f3n de Pediatr\u00eda del Desarrollo en el Hospital Conmemorativo de Guerra Infantil Red Cross.<\/p><p class=\"p1\">Desde el \u00e1mbito cient\u00edfico, ha contribuido significativamente al conocimiento sobre la variabilidad fenot\u00edpica y gen\u00e9tica en trastornos del desarrollo en la regi\u00f3n africana.<\/p><p class=\"p1\">A nivel internacional, ha formado parte del panel de expertos de UNICEF dedicado al establecimiento de est\u00e1ndares globales en desarrollo infantil temprano, y actualmente es integrante del Grupo Asesor Estrat\u00e9gico y T\u00e9cnico de la OMS sobre salud mental, salud cerebral y consumo de sustancias.<\/p><p class=\"p1\">Comprometida profundamente con la formaci\u00f3n y la ampliaci\u00f3n del conocimiento en neurociencia en \u00c1frica, la profesora Donald tambi\u00e9n dirige actualmente un amplio portafolio de investigaci\u00f3n y desarrollo de capacidades, con financiaci\u00f3n internacional, en el Departamento de Pediatr\u00eda y Salud Infantil y en el Instituto de Neurociencia.<\/p><\/div>\n\t\t\t\t\t\t<\/div>\n\t\t\t\t\t\n\t\t\t\t<\/div>\n\n\t\t\t\t\t<\/div>\n\t\t\t\t\t\t<\/div>\n\t\t\t\t<\/div>\n\t\t\t\t<\/div>\n\t\t<div class=\"elementor-element elementor-element-947f0b3 e-con-full e-flex e-con e-child\" data-id=\"947f0b3\" data-element_type=\"container\">\n\t\t\t\t<div class=\"elementor-element elementor-element-518f20b elementor-widget elementor-widget-image\" data-id=\"518f20b\" data-element_type=\"widget\" data-widget_type=\"image.default\">\n\t\t\t\t<div class=\"elementor-widget-container\">\n\t\t\t\t\t\t\t\t\t\t\t\t\t\t\t<img loading=\"lazy\" decoding=\"async\" width=\"300\" height=\"300\" src=\"https:\/\/idpacongress2025.com\/wp-content\/uploads\/2025\/04\/Raisa-Lo\u0301pez-foto-300x300.jpg\" class=\"attachment-medium size-medium wp-image-3732\" alt=\"\" srcset=\"https:\/\/idpacongress2025.com\/wp-content\/uploads\/2025\/04\/Raisa-Lo\u0301pez-foto-300x300.jpg 300w, https:\/\/idpacongress2025.com\/wp-content\/uploads\/2025\/04\/Raisa-Lo\u0301pez-foto-1024x1024.jpg 1024w, https:\/\/idpacongress2025.com\/wp-content\/uploads\/2025\/04\/Raisa-Lo\u0301pez-foto-150x150.jpg 150w, https:\/\/idpacongress2025.com\/wp-content\/uploads\/2025\/04\/Raisa-Lo\u0301pez-foto-768x768.jpg 768w, https:\/\/idpacongress2025.com\/wp-content\/uploads\/2025\/04\/Raisa-Lo\u0301pez-foto-700x700.jpg 700w, https:\/\/idpacongress2025.com\/wp-content\/uploads\/2025\/04\/Raisa-Lo\u0301pez-foto-600x600.jpg 600w, https:\/\/idpacongress2025.com\/wp-content\/uploads\/2025\/04\/Raisa-Lo\u0301pez-foto.jpg 1080w\" sizes=\"(max-width: 300px) 100vw, 300px\" \/>\t\t\t\t\t\t\t\t\t\t\t\t\t\t\t<\/div>\n\t\t\t\t<\/div>\n\t\t\t\t<div class=\"elementor-element elementor-element-40a1282 elementor-widget elementor-widget-text-editor\" data-id=\"40a1282\" data-element_type=\"widget\" data-widget_type=\"text-editor.default\">\n\t\t\t\t<div class=\"elementor-widget-container\">\n\t\t\t\t\t\t\t\t\t<p style=\"font-weight: bold; font-size: 20px; color: #555; margin: 20px 0 5px; letter-spacing: 1px; text-transform: uppercase; text-align: center;\">raisa l\u00f3pez<\/p><hr style=\"background: #777; width: 45px; height: 2px; margin: 6px auto; border: 0;\" \/><h2 style=\"color: #333; font-size: 15px; font-weight: normal; margin: 0 0 20px; text-transform: uppercase; letter-spacing: 1px; text-align: center;\">guatemala<\/h2>\t\t\t\t\t\t\t\t<\/div>\n\t\t\t\t<\/div>\n\t\t\t\t<div class=\"elementor-element elementor-element-1346860 elementor-widget elementor-widget-tp-accordion\" data-id=\"1346860\" data-element_type=\"widget\" data-widget_type=\"tp-accordion.default\">\n\t\t\t\t<div class=\"elementor-widget-container\">\n\t\t\t\t\t\t\t<div class=\"theplus-accordion-wrapper elementor-accordion \" id=\"accordion69f44da6d0f98\" data-accordion-id=\"accordion69f44da6d0f98\" data-accordion-type=\"accordion\" data-toogle-speed=\"300\"   role=\"tablist\">\n\t\t\t\t\t\t\t\n\t\t\t\t<div class=\"theplus-accordion-item\">\n\t\t\t\t\t<div id=\"elementor-tab-title-2021\" class=\"elementor-tab-title plus-accordion-header 0\" tabindex=\"2021\" data-tab=\"1\" role=\"tab\" aria-controls=\"elementor-tab-content-2021\">\n\t\t\t\t\t\t<span class=\"elementor-accordion-icon elementor-accordion-icon-left\" aria-hidden=\"true\"><i class=\"elementor-accordion-icon-closed fa fa-plus\"><\/i><i class=\"elementor-accordion-icon-opened fa fa-minus\"><\/i><\/span><span style=\"width:100%\">BIOGRAF\u00cdA<\/span>\n\t\t\t\t\t<\/div>  \n\n\t\t\t\t\t\t\t\t\t\t\t<div id=\"elementor-tab-content-2021\" class=\"elementor-tab-content elementor-clearfix plus-accordion-content 0\" data-tab=\"1\" role=\"tabpanel\" aria-labelledby=\"elementor-tab-title-2021\">\n\t\t\t\t\t\t\t<div class=\"plus-content-editor\"><p class=\"MsoNormal\"><span lang=\"ES-GT\">Raisa L\u00f3pez es psic\u00f3loga cl\u00ednica con especializaci\u00f3n en Arteterapia y Educaci\u00f3n Art\u00edstica para la Inclusi\u00f3n Social. Desde 2014, ha trabajado como terapeuta, integrando el arte y la creatividad en procesos de bienestar emocional. Desde 2015, es docente universitaria, combinando su experiencia cl\u00ednica con la formaci\u00f3n de nuevas generaciones de profesionales.<\/span><\/p><p class=\"MsoNormal\"><span lang=\"ES-GT\">Cuenta con experiencia en la coordinaci\u00f3n de equipos multidisciplinarios y en la creaci\u00f3n de planes de acci\u00f3n en contextos educativos y cl\u00ednicos. Ha presentado en congresos nacionales de psicolog\u00eda, aportando su visi\u00f3n sobre el arte y la inclusi\u00f3n en el \u00e1mbito de la salud mental. Adem\u00e1s, es artista visual e improvisadora teatral, explorando el potencial expresivo del arte tanto en su pr\u00e1ctica profesional como en su desarrollo\u00a0personal.<\/span><\/p><\/div>\n\t\t\t\t\t\t<\/div>\n\t\t\t\t\t\n\t\t\t\t<\/div>\n\n\t\t\t\t\t<\/div>\n\t\t\t\t\t\t<\/div>\n\t\t\t\t<\/div>\n\t\t\t\t<\/div>\n\t\t<div class=\"elementor-element elementor-element-f16995c e-con-full e-flex e-con e-child\" data-id=\"f16995c\" data-element_type=\"container\">\n\t\t\t\t<div class=\"elementor-element elementor-element-2737476 elementor-widget elementor-widget-image\" data-id=\"2737476\" data-element_type=\"widget\" data-widget_type=\"image.default\">\n\t\t\t\t<div class=\"elementor-widget-container\">\n\t\t\t\t\t\t\t\t\t\t\t\t\t\t\t<img decoding=\"async\" src=\"https:\/\/idpacongress2025.com\/wp-content\/uploads\/elementor\/thumbs\/Vibha-Krisnmurthy-e1746661721749-r5hcoiowc9l8ow8cxlduaoarlq4cx3ssa7ranlhdbs.jpg\" title=\"Vibha-Krisnmurthy\" alt=\"Vibha-Krisnmurthy\" loading=\"lazy\" \/>\t\t\t\t\t\t\t\t\t\t\t\t\t\t\t<\/div>\n\t\t\t\t<\/div>\n\t\t\t\t<div class=\"elementor-element elementor-element-62b3e6e elementor-widget elementor-widget-text-editor\" data-id=\"62b3e6e\" data-element_type=\"widget\" data-widget_type=\"text-editor.default\">\n\t\t\t\t<div class=\"elementor-widget-container\">\n\t\t\t\t\t\t\t\t\t<p style=\"font-weight: bold; font-size: 20px; color: #555; margin: 20px 0 5px; letter-spacing: 1px; text-transform: uppercase; text-align: center;\">Vibha Krishnamurthy<\/p>\n\n\n<hr style=\"background: #777; width: 45px; height: 2px; margin: 6px auto; border: 0;\" \/>\n\n<h2 style=\"color: #333; font-size: 15px; font-weight: normal; margin: 0 0 20px; text-transform: uppercase; letter-spacing: 1px; text-align: center;\">INDIA<\/h2>\t\t\t\t\t\t\t\t<\/div>\n\t\t\t\t<\/div>\n\t\t\t\t<div class=\"elementor-element elementor-element-bf93ab7 elementor-widget elementor-widget-tp-accordion\" data-id=\"bf93ab7\" data-element_type=\"widget\" data-widget_type=\"tp-accordion.default\">\n\t\t\t\t<div class=\"elementor-widget-container\">\n\t\t\t\t\t\t\t<div class=\"theplus-accordion-wrapper elementor-accordion \" id=\"accordion69f44da6d284a\" data-accordion-id=\"accordion69f44da6d284a\" data-accordion-type=\"accordion\" data-toogle-speed=\"300\"   role=\"tablist\">\n\t\t\t\t\t\t\t\n\t\t\t\t<div class=\"theplus-accordion-item\">\n\t\t\t\t\t<div id=\"elementor-tab-title-2001\" class=\"elementor-tab-title plus-accordion-header 0\" tabindex=\"2001\" data-tab=\"1\" role=\"tab\" aria-controls=\"elementor-tab-content-2001\">\n\t\t\t\t\t\t<span class=\"elementor-accordion-icon elementor-accordion-icon-left\" aria-hidden=\"true\"><i class=\"elementor-accordion-icon-closed fa fa-plus\"><\/i><i class=\"elementor-accordion-icon-opened fa fa-minus\"><\/i><\/span><span style=\"width:100%\">BIOGRAF\u00cdA<\/span>\n\t\t\t\t\t<\/div>  \n\n\t\t\t\t\t\t\t\t\t\t\t<div id=\"elementor-tab-content-2001\" class=\"elementor-tab-content elementor-clearfix plus-accordion-content 0\" data-tab=\"1\" role=\"tabpanel\" aria-labelledby=\"elementor-tab-title-2001\">\n\t\t\t\t\t\t\t<div class=\"plus-content-editor\"><p>La Dra. Vibha Krishnamurthy, formada en Pediatr\u00eda del Desarrollo en el Children\u2019s Hospital de Boston, fund\u00f3 el Ummeed Child Development Center (ummeed.org) en 2001 y actualmente es su Directora Ejecutiva. Con m\u00e1s de 15 a\u00f1os de experiencia en India como pediatra del desarrollo, ha liderado al equipo de Ummeed en la prestaci\u00f3n de servicios directos, formaci\u00f3n, incidencia y investigaci\u00f3n en el \u00e1mbito del desarrollo infantil y la discapacidad. Adem\u00e1s, forma parte de comit\u00e9s de expertos sobre Desarrollo Infantil Temprano y Discapacidad para la OMS y el Gobierno de India.<\/p><p>Desde 2011, la Dra. Krishnamurthy ha sido miembro del Comit\u00e9 Editorial del Journal of Developmental Behavioral Pediatrics. Actualmente, es co-investigadora en un proyecto financiado por el Instituto Nacional de Salud de EE.UU. para desarrollar una herramienta de monitoreo del desarrollo infantil.<\/p><p>Sus intereses se centran en la prestaci\u00f3n de servicios, el fortalecimiento de capacidades y la incidencia en favor de ni\u00f1os con discapacidades en comunidades con recursos limitados.<\/p><\/div>\n\t\t\t\t\t\t<\/div>\n\t\t\t\t\t\n\t\t\t\t<\/div>\n\n\t\t\t\t\t<\/div>\n\t\t\t\t\t\t<\/div>\n\t\t\t\t<\/div>\n\t\t\t\t<\/div>\n\t\t<div class=\"elementor-element elementor-element-050efbd e-con-full e-flex e-con e-child\" data-id=\"050efbd\" data-element_type=\"container\">\n\t\t\t\t<div class=\"elementor-element elementor-element-ad8beb9 elementor-widget elementor-widget-image\" data-id=\"ad8beb9\" data-element_type=\"widget\" data-widget_type=\"image.default\">\n\t\t\t\t<div class=\"elementor-widget-container\">\n\t\t\t\t\t\t\t\t\t\t\t\t\t\t\t<img loading=\"lazy\" decoding=\"async\" width=\"200\" height=\"300\" src=\"https:\/\/idpacongress2025.com\/wp-content\/uploads\/2025\/05\/Dodi-Meyer-200x300.png\" class=\"attachment-medium size-medium wp-image-3762\" alt=\"\" srcset=\"https:\/\/idpacongress2025.com\/wp-content\/uploads\/2025\/05\/Dodi-Meyer-200x300.png 200w, https:\/\/idpacongress2025.com\/wp-content\/uploads\/2025\/05\/Dodi-Meyer.png 600w\" sizes=\"(max-width: 200px) 100vw, 200px\" \/>\t\t\t\t\t\t\t\t\t\t\t\t\t\t\t<\/div>\n\t\t\t\t<\/div>\n\t\t\t\t<div class=\"elementor-element elementor-element-a2f5261 elementor-widget elementor-widget-text-editor\" data-id=\"a2f5261\" data-element_type=\"widget\" data-widget_type=\"text-editor.default\">\n\t\t\t\t<div class=\"elementor-widget-container\">\n\t\t\t\t\t\t\t\t\t<p style=\"font-weight: bold; font-size: 20px; color: #555; margin: 20px 0 5px; letter-spacing: 1px; text-transform: uppercase; text-align: center;\">Dodi meyer<\/p><hr style=\"background: #777; width: 45px; height: 2px; margin: 6px auto; border: 0;\" \/><h2 style=\"color: #333; font-size: 15px; font-weight: normal; margin: 0 0 20px; text-transform: uppercase; letter-spacing: 1px; text-align: center;\">Argentina<\/h2>\t\t\t\t\t\t\t\t<\/div>\n\t\t\t\t<\/div>\n\t\t\t\t<div class=\"elementor-element elementor-element-5fd730a elementor-widget elementor-widget-tp-accordion\" data-id=\"5fd730a\" data-element_type=\"widget\" data-widget_type=\"tp-accordion.default\">\n\t\t\t\t<div class=\"elementor-widget-container\">\n\t\t\t\t\t\t\t<div class=\"theplus-accordion-wrapper elementor-accordion \" id=\"accordion69f44da6d4020\" data-accordion-id=\"accordion69f44da6d4020\" data-accordion-type=\"accordion\" data-toogle-speed=\"300\"   role=\"tablist\">\n\t\t\t\t\t\t\t\n\t\t\t\t<div class=\"theplus-accordion-item\">\n\t\t\t\t\t<div id=\"elementor-tab-title-1001\" class=\"elementor-tab-title plus-accordion-header 0\" tabindex=\"1001\" data-tab=\"1\" role=\"tab\" aria-controls=\"elementor-tab-content-1001\">\n\t\t\t\t\t\t<span class=\"elementor-accordion-icon elementor-accordion-icon-left\" aria-hidden=\"true\"><i class=\"elementor-accordion-icon-closed fa fa-plus\"><\/i><i class=\"elementor-accordion-icon-opened fa fa-minus\"><\/i><\/span><span style=\"width:100%\">BIOGRAF\u00cdA<\/span>\n\t\t\t\t\t<\/div>  \n\n\t\t\t\t\t\t\t\t\t\t\t<div id=\"elementor-tab-content-1001\" class=\"elementor-tab-content elementor-clearfix plus-accordion-content 0\" data-tab=\"1\" role=\"tabpanel\" aria-labelledby=\"elementor-tab-title-1001\">\n\t\t\t\t\t\t\t<div class=\"plus-content-editor\"><div id=\"elementor-tab-content-1881\" class=\"eael-accordion-content clearfix\" data-tab=\"1\" aria-labelledby=\"read-more\"><p>Dodi Meyer es Profesora de Pediatr\u00eda y Vicepresidenta de Salud Comunitaria en el Departamento de Pediatr\u00eda del Centro M\u00e9dico de la Universidad de Columbia, y Directora M\u00e9dica de la Divisi\u00f3n de Salud Comunitaria y Poblacional del NYP (NewYork-Presbyterian). El trabajo de la Dra. Meyer se centra en la equidad desde una perspectiva de participaci\u00f3n comunitaria. Tiene experiencia en el desarrollo y mantenimiento de alianzas entre la comunidad y el \u00e1mbito acad\u00e9mico con fines de formaci\u00f3n, servicios e investigaci\u00f3n. Supervisa varias iniciativas de salud poblacional y comunitaria que abordan desaf\u00edos importantes para la salud a trav\u00e9s de contextos interconectados de biolog\u00eda, familia y comunidad.<\/p><p>En los \u00faltimos a\u00f1os, su enfoque ha estado en abordar los determinantes sociales de la salud y en crear un enfoque de atenci\u00f3n de dos generaciones para el binomio madre-beb\u00e9 en entornos de atenci\u00f3n primaria y en la comunidad.<\/p><p>Como miembro de la Divisi\u00f3n de Salud Infantil y Adolescente, atiende pacientes y ense\u00f1a a residentes y estudiantes de medicina en una pr\u00e1ctica comunitaria afiliada a un hospital en Washington Heights.<\/p><p>Dodi se gradu\u00f3 de la Facultad de Medicina de la Universidad de Buenos Aires y lleg\u00f3 a Estados Unidos en 1988 para realizar su formaci\u00f3n en Pediatr\u00eda General.<\/p><\/div><\/div>\n\t\t\t\t\t\t<\/div>\n\t\t\t\t\t\n\t\t\t\t<\/div>\n\n\t\t\t\t\t<\/div>\n\t\t\t\t\t\t<\/div>\n\t\t\t\t<\/div>\n\t\t\t\t<\/div>\n\t\t<div class=\"elementor-element elementor-element-5b71203 e-con-full e-flex e-con e-child\" data-id=\"5b71203\" data-element_type=\"container\">\n\t\t\t\t<div class=\"elementor-element elementor-element-94202d1 elementor-widget elementor-widget-image\" data-id=\"94202d1\" data-element_type=\"widget\" data-widget_type=\"image.default\">\n\t\t\t\t<div class=\"elementor-widget-container\">\n\t\t\t\t\t\t\t\t\t\t\t\t\t\t\t<img loading=\"lazy\" decoding=\"async\" width=\"273\" height=\"300\" src=\"https:\/\/idpacongress2025.com\/wp-content\/uploads\/2025\/05\/GeorginaPerezLiz_headshot2023-scaled-e1746661453113-1-273x300.jpg\" class=\"attachment-medium size-medium wp-image-3767\" alt=\"\" srcset=\"https:\/\/idpacongress2025.com\/wp-content\/uploads\/2025\/05\/GeorginaPerezLiz_headshot2023-scaled-e1746661453113-1-273x300.jpg 273w, https:\/\/idpacongress2025.com\/wp-content\/uploads\/2025\/05\/GeorginaPerezLiz_headshot2023-scaled-e1746661453113-1-931x1024.jpg 931w, https:\/\/idpacongress2025.com\/wp-content\/uploads\/2025\/05\/GeorginaPerezLiz_headshot2023-scaled-e1746661453113-1-768x844.jpg 768w, https:\/\/idpacongress2025.com\/wp-content\/uploads\/2025\/05\/GeorginaPerezLiz_headshot2023-scaled-e1746661453113-1-1397x1536.jpg 1397w, https:\/\/idpacongress2025.com\/wp-content\/uploads\/2025\/05\/GeorginaPerezLiz_headshot2023-scaled-e1746661453113-1.jpg 1707w\" sizes=\"(max-width: 273px) 100vw, 273px\" \/>\t\t\t\t\t\t\t\t\t\t\t\t\t\t\t<\/div>\n\t\t\t\t<\/div>\n\t\t\t\t<div class=\"elementor-element elementor-element-feec4d3 elementor-widget elementor-widget-text-editor\" data-id=\"feec4d3\" data-element_type=\"widget\" data-widget_type=\"text-editor.default\">\n\t\t\t\t<div class=\"elementor-widget-container\">\n\t\t\t\t\t\t\t\t\t<p style=\"font-weight: bold; font-size: 20px; color: #555; margin: 20px 0 5px; letter-spacing: 1px; text-transform: uppercase; text-align: center;\"><strong>Georgina Perez Liz<\/strong><\/p><hr style=\"background: #777; width: 45px; height: 2px; margin: 6px auto; border: 0;\" \/><h2 style=\"color: #333; font-size: 15px; font-weight: normal; margin: 0 0 20px; text-transform: uppercase; letter-spacing: 1px; text-align: center;\">M\u00e9XICo<\/h2>\t\t\t\t\t\t\t\t<\/div>\n\t\t\t\t<\/div>\n\t\t\t\t<div class=\"elementor-element elementor-element-0f720d9 elementor-widget elementor-widget-tp-accordion\" data-id=\"0f720d9\" data-element_type=\"widget\" data-widget_type=\"tp-accordion.default\">\n\t\t\t\t<div class=\"elementor-widget-container\">\n\t\t\t\t\t\t\t<div class=\"theplus-accordion-wrapper elementor-accordion \" id=\"accordion69f44da6d57aa\" data-accordion-id=\"accordion69f44da6d57aa\" data-accordion-type=\"accordion\" data-toogle-speed=\"300\"   role=\"tablist\">\n\t\t\t\t\t\t\t\n\t\t\t\t<div class=\"theplus-accordion-item\">\n\t\t\t\t\t<div id=\"elementor-tab-title-1611\" class=\"elementor-tab-title plus-accordion-header 0\" tabindex=\"1611\" data-tab=\"1\" role=\"tab\" aria-controls=\"elementor-tab-content-1611\">\n\t\t\t\t\t\t<span class=\"elementor-accordion-icon elementor-accordion-icon-left\" aria-hidden=\"true\"><i class=\"elementor-accordion-icon-closed fa fa-plus\"><\/i><i class=\"elementor-accordion-icon-opened fa fa-minus\"><\/i><\/span><span style=\"width:100%\">BIOGRAF\u00cdA<\/span>\n\t\t\t\t\t<\/div>  \n\n\t\t\t\t\t\t\t\t\t\t\t<div id=\"elementor-tab-content-1611\" class=\"elementor-tab-content elementor-clearfix plus-accordion-content 0\" data-tab=\"1\" role=\"tabpanel\" aria-labelledby=\"elementor-tab-title-1611\">\n\t\t\t\t\t\t\t<div class=\"plus-content-editor\"><div id=\"elementor-tab-content-1881\" class=\"eael-accordion-content clearfix\" data-tab=\"1\" aria-labelledby=\"read-more\"><p>La Dra. Georgina P\u00e9rez Liz es m\u00e9dica con estudios de posgrado en Salud P\u00fablica y Salud Global. Su trayectoria en investigaci\u00f3n comenz\u00f3 en el campo de la Neuropatolog\u00eda y luego continu\u00f3 en el \u00e1mbito de la Salud P\u00fablica. Actualmente trabaja como investigadora asociada en el Instituto de Autismo AJ Drexel, en la Universidad de Drexel. Como parte del Programa de Detecci\u00f3n e Intervenci\u00f3n Temprana del AJDAI, la Dra. P\u00e9rez Liz estudia distintos aspectos relacionados con la identificaci\u00f3n temprana de ni\u00f1os con alta probabilidad de autismo, y c\u00f3mo condiciones coexistentes como la prematurez y la par\u00e1lisis cerebral pueden dificultar el diagn\u00f3stico.<\/p><p>La Dra. P\u00e9rez tambi\u00e9n est\u00e1 interesada en las intervenciones mediadas por padres para el autismo, y actualmente est\u00e1 lanzando un estudio para implementar el Programa de Capacitaci\u00f3n en Habilidades para Cuidadores (de la Organizaci\u00f3n Mundial de la Salud) en Filadelfia con familias latinas. Ha realizado un extenso trabajo en colaboraci\u00f3n con agencias comunitarias en M\u00e9xico para ayudar a fortalecer la capacidad de investigaci\u00f3n sobre autismo, y tambi\u00e9n es miembro de la Red Latinoamericana de Investigaci\u00f3n en Autismo, que lleva a cabo investigaciones en 9 pa\u00edses.<\/p><\/div><\/div>\n\t\t\t\t\t\t<\/div>\n\t\t\t\t\t\n\t\t\t\t<\/div>\n\n\t\t\t\t\t<\/div>\n\t\t\t\t\t\t<\/div>\n\t\t\t\t<\/div>\n\t\t\t\t<\/div>\n\t\t<div class=\"elementor-element elementor-element-8134abb e-con-full e-flex e-con e-child\" data-id=\"8134abb\" data-element_type=\"container\">\n\t\t\t\t<div class=\"elementor-element elementor-element-0fe87ac elementor-widget elementor-widget-image\" data-id=\"0fe87ac\" data-element_type=\"widget\" data-widget_type=\"image.default\">\n\t\t\t\t<div class=\"elementor-widget-container\">\n\t\t\t\t\t\t\t\t\t\t\t\t\t\t\t<img loading=\"lazy\" decoding=\"async\" width=\"300\" height=\"291\" src=\"https:\/\/idpacongress2025.com\/wp-content\/uploads\/2025\/05\/Sebastian-Cukier-1-300x291.png\" class=\"attachment-medium size-medium wp-image-3771\" alt=\"\" srcset=\"https:\/\/idpacongress2025.com\/wp-content\/uploads\/2025\/05\/Sebastian-Cukier-1-300x291.png 300w, https:\/\/idpacongress2025.com\/wp-content\/uploads\/2025\/05\/Sebastian-Cukier-1-1024x993.png 1024w, https:\/\/idpacongress2025.com\/wp-content\/uploads\/2025\/05\/Sebastian-Cukier-1-768x745.png 768w, https:\/\/idpacongress2025.com\/wp-content\/uploads\/2025\/05\/Sebastian-Cukier-1.png 1200w\" sizes=\"(max-width: 300px) 100vw, 300px\" \/>\t\t\t\t\t\t\t\t\t\t\t\t\t\t\t<\/div>\n\t\t\t\t<\/div>\n\t\t\t\t<div class=\"elementor-element elementor-element-fbf6a03 elementor-widget elementor-widget-text-editor\" data-id=\"fbf6a03\" data-element_type=\"widget\" data-widget_type=\"text-editor.default\">\n\t\t\t\t<div class=\"elementor-widget-container\">\n\t\t\t\t\t\t\t\t\t<p style=\"font-weight: bold; font-size: 20px; color: #555; margin: 20px 0 5px; letter-spacing: 1px; text-transform: uppercase; text-align: center;\"><strong>Sebasti\u00e1n Cukier<\/strong><\/p><hr style=\"background: #777; width: 45px; height: 2px; margin: 6px auto; border: 0;\" \/><h2 style=\"color: #333; font-size: 15px; font-weight: normal; margin: 0 0 20px; text-transform: uppercase; letter-spacing: 1px; text-align: center;\">argentina<\/h2>\t\t\t\t\t\t\t\t<\/div>\n\t\t\t\t<\/div>\n\t\t\t\t<div class=\"elementor-element elementor-element-f254b8d elementor-widget elementor-widget-tp-accordion\" data-id=\"f254b8d\" data-element_type=\"widget\" data-widget_type=\"tp-accordion.default\">\n\t\t\t\t<div class=\"elementor-widget-container\">\n\t\t\t\t\t\t\t<div class=\"theplus-accordion-wrapper elementor-accordion \" id=\"accordion69f44da6d6f1d\" data-accordion-id=\"accordion69f44da6d6f1d\" data-accordion-type=\"accordion\" data-toogle-speed=\"300\"   role=\"tablist\">\n\t\t\t\t\t\t\t\n\t\t\t\t<div class=\"theplus-accordion-item\">\n\t\t\t\t\t<div id=\"elementor-tab-title-2541\" class=\"elementor-tab-title plus-accordion-header 0\" tabindex=\"2541\" data-tab=\"1\" role=\"tab\" aria-controls=\"elementor-tab-content-2541\">\n\t\t\t\t\t\t<span class=\"elementor-accordion-icon elementor-accordion-icon-left\" aria-hidden=\"true\"><i class=\"elementor-accordion-icon-closed fa fa-plus\"><\/i><i class=\"elementor-accordion-icon-opened fa fa-minus\"><\/i><\/span><span style=\"width:100%\">BIOGRAF\u00cdA<\/span>\n\t\t\t\t\t<\/div>  \n\n\t\t\t\t\t\t\t\t\t\t\t<div id=\"elementor-tab-content-2541\" class=\"elementor-tab-content elementor-clearfix plus-accordion-content 0\" data-tab=\"1\" role=\"tabpanel\" aria-labelledby=\"elementor-tab-title-2541\">\n\t\t\t\t\t\t\t<div class=\"plus-content-editor\"><div id=\"elementor-tab-content-1881\" class=\"eael-accordion-content clearfix\" data-tab=\"1\" aria-labelledby=\"read-more\"><p>M\u00e9dica (Universidad de Buenos Aires), psiquiatra infantojuvenil. Jefa del Departamento de Salud Mental y Psicopatolog\u00eda del Hospital Elizalde, Buenos Aires. Presidenta del Cap\u00edtulo de Discapacidad y Desarrollo de la Asociaci\u00f3n de Psiquiatras Argentinos (APSA). Codirectora de la Fundaci\u00f3n Ados (ONG). Cofundadora de la red de investigaci\u00f3n REAL (Red Latinoamericana de Espectro Autista). \u00abL\u00edder Global Senior\u00bb (2021-2026) por Argentina en la Red Internacional de Investigaci\u00f3n en Autismo (INSAR). Formadora en la Academia DIR-FCE Profectum. \u00abMaster Trainer\u00bb y punto focal regional del programa de Capacitaci\u00f3n en Habilidades para Cuidadores de la OMS.<\/p><\/div><\/div>\n\t\t\t\t\t\t<\/div>\n\t\t\t\t\t\n\t\t\t\t<\/div>\n\n\t\t\t\t\t<\/div>\n\t\t\t\t\t\t<\/div>\n\t\t\t\t<\/div>\n\t\t\t\t<\/div>\n\t\t<div class=\"elementor-element elementor-element-889864c e-con-full e-flex e-con e-child\" data-id=\"889864c\" data-element_type=\"container\">\n\t\t\t\t<div class=\"elementor-element elementor-element-2f9c4c0 elementor-widget elementor-widget-image\" data-id=\"2f9c4c0\" data-element_type=\"widget\" data-widget_type=\"image.default\">\n\t\t\t\t<div class=\"elementor-widget-container\">\n\t\t\t\t\t\t\t\t\t\t\t\t\t\t\t<img loading=\"lazy\" decoding=\"async\" width=\"287\" height=\"300\" src=\"https:\/\/idpacongress2025.com\/wp-content\/uploads\/2025\/05\/Kareen-1-287x300.jpg\" class=\"attachment-medium size-medium wp-image-3786\" alt=\"\" srcset=\"https:\/\/idpacongress2025.com\/wp-content\/uploads\/2025\/05\/Kareen-1-287x300.jpg 287w, https:\/\/idpacongress2025.com\/wp-content\/uploads\/2025\/05\/Kareen-1.jpg 328w\" sizes=\"(max-width: 287px) 100vw, 287px\" \/>\t\t\t\t\t\t\t\t\t\t\t\t\t\t\t<\/div>\n\t\t\t\t<\/div>\n\t\t\t\t<div class=\"elementor-element elementor-element-29c51b1 elementor-widget elementor-widget-text-editor\" data-id=\"29c51b1\" data-element_type=\"widget\" data-widget_type=\"text-editor.default\">\n\t\t\t\t<div class=\"elementor-widget-container\">\n\t\t\t\t\t\t\t\t\t<p style=\"font-weight: bold; font-size: 20px; color: #555; margin: 20px 0 5px; letter-spacing: 1px; text-transform: uppercase; text-align: center;\"><b>Kareen Gudiel Zelada<\/b><\/p><hr style=\"background: #777; width: 45px; height: 2px; margin: 6px auto; border: 0;\" \/><h2 style=\"color: #333; font-size: 15px; font-weight: normal; margin: 0 0 20px; text-transform: uppercase; letter-spacing: 1px; text-align: center;\">Guatemala<\/h2>\t\t\t\t\t\t\t\t<\/div>\n\t\t\t\t<\/div>\n\t\t\t\t<div class=\"elementor-element elementor-element-6b0060d elementor-widget elementor-widget-tp-accordion\" data-id=\"6b0060d\" data-element_type=\"widget\" data-widget_type=\"tp-accordion.default\">\n\t\t\t\t<div class=\"elementor-widget-container\">\n\t\t\t\t\t\t\t<div class=\"theplus-accordion-wrapper elementor-accordion \" id=\"accordion69f44da6d873b\" data-accordion-id=\"accordion69f44da6d873b\" data-accordion-type=\"accordion\" data-toogle-speed=\"300\"   role=\"tablist\">\n\t\t\t\t\t\t\t\n\t\t\t\t<div class=\"theplus-accordion-item\">\n\t\t\t\t\t<div id=\"elementor-tab-title-1121\" class=\"elementor-tab-title plus-accordion-header 0\" tabindex=\"1121\" data-tab=\"1\" role=\"tab\" aria-controls=\"elementor-tab-content-1121\">\n\t\t\t\t\t\t<span class=\"elementor-accordion-icon elementor-accordion-icon-left\" aria-hidden=\"true\"><i class=\"elementor-accordion-icon-closed fa fa-plus\"><\/i><i class=\"elementor-accordion-icon-opened fa fa-minus\"><\/i><\/span><span style=\"width:100%\">BIOGRAF\u00cdA<\/span>\n\t\t\t\t\t<\/div>  \n\n\t\t\t\t\t\t\t\t\t\t\t<div id=\"elementor-tab-content-1121\" class=\"elementor-tab-content elementor-clearfix plus-accordion-content 0\" data-tab=\"1\" role=\"tabpanel\" aria-labelledby=\"elementor-tab-title-1121\">\n\t\t\t\t\t\t\t<div class=\"plus-content-editor\"><div id=\"elementor-tab-content-1881\" class=\"eael-accordion-content clearfix\" data-tab=\"1\" aria-labelledby=\"read-more\"><p><span style=\"font-weight: 400\">Madre de dos j\u00f3venes, de los cuales, el m\u00e1s peque\u00f1o Kenneth, es persona con autismo de 26 a\u00f1os de edad.\u00a0<\/span><\/p><p><span style=\"font-weight: 400\">Fundadora de AGUA \u2013 Asociaci\u00f3n Guatemalteca por el Autismo-. Miembro Fundador de ALaFe \u2013 Autismo Latinoam\u00e9rica Federaci\u00f3n-. Consultora Certificada en RDI Relationship Development Intervention. Cuenta con capacitaciones en temas de Autismo y trastornos asociados (TEACCH, PECS, DIR Floortime, tratamientos biom\u00e9dicos, neurocencia y neuropsicolog\u00eda, terapia asistida con animales, Integraci\u00f3n Sensorial, entre otros).\u00a0 Miembro de Junta Directiva en representaci\u00f3n de Latino Am\u00e9rica en Global Trust Partners (GTP), Miembro de la Junta Directiva de World Orphan Fund Guatemala, Coordinadora de la organizaci\u00f3n del Seminario Anual por el Autismo en Guatemala, Seminarios de Neurorehabilitaci\u00f3n, Talleres y Capacitaciones en diversos abordajes del Autismo y acompa\u00f1amiento a las Personas con Discapacidad.\u00a0 Conferencista y Defensora de Derechos Humanos de Personas con Discapacidad.\u00a0\u00a0<\/span><\/p><p><span style=\"font-weight: 400\"><strong>Idiomas:<\/strong>\u00a0 Espa\u00f1ol (materno), Ingl\u00e9s e Italiano.<\/span><\/p><\/div><\/div>\n\t\t\t\t\t\t<\/div>\n\t\t\t\t\t\n\t\t\t\t<\/div>\n\n\t\t\t\t\t<\/div>\n\t\t\t\t\t\t<\/div>\n\t\t\t\t<\/div>\n\t\t\t\t<\/div>\n\t\t<div class=\"elementor-element elementor-element-4e46d3d e-con-full e-flex e-con e-child\" data-id=\"4e46d3d\" data-element_type=\"container\">\n\t\t\t\t<div class=\"elementor-element elementor-element-41cd7f7 elementor-widget elementor-widget-image\" data-id=\"41cd7f7\" data-element_type=\"widget\" data-widget_type=\"image.default\">\n\t\t\t\t<div class=\"elementor-widget-container\">\n\t\t\t\t\t\t\t\t\t\t\t\t\t\t\t<img decoding=\"async\" src=\"https:\/\/idpacongress2025.com\/wp-content\/uploads\/elementor\/thumbs\/Carlos-Orellana-e1746662957169-1-r5hdle3pcol8pyhdzax4zvo3hu3h41augx3luyqpq0.jpeg\" title=\"Carlos-Orellana-e1746662957169.jpeg\" alt=\"Carlos-Orellana-e1746662957169.jpeg\" loading=\"lazy\" \/>\t\t\t\t\t\t\t\t\t\t\t\t\t\t\t<\/div>\n\t\t\t\t<\/div>\n\t\t\t\t<div class=\"elementor-element elementor-element-43c6b49 elementor-widget elementor-widget-text-editor\" data-id=\"43c6b49\" data-element_type=\"widget\" data-widget_type=\"text-editor.default\">\n\t\t\t\t<div class=\"elementor-widget-container\">\n\t\t\t\t\t\t\t\t\t<p style=\"font-weight: bold; font-size: 20px; color: #555; margin: 20px 0 5px; letter-spacing: 1px; text-transform: uppercase; text-align: center;\"><strong>Carlos Orellana-Ayala<\/strong><\/p><hr style=\"background: #777; width: 45px; height: 2px; margin: 6px auto; border: 0;\" \/><h2 style=\"color: #333; font-size: 15px; font-weight: normal; margin: 0 0 20px; text-transform: uppercase; letter-spacing: 1px; text-align: center;\">Guatemala<\/h2>\t\t\t\t\t\t\t\t<\/div>\n\t\t\t\t<\/div>\n\t\t\t\t<div class=\"elementor-element elementor-element-ba1deb7 elementor-widget elementor-widget-tp-accordion\" data-id=\"ba1deb7\" data-element_type=\"widget\" data-widget_type=\"tp-accordion.default\">\n\t\t\t\t<div class=\"elementor-widget-container\">\n\t\t\t\t\t\t\t<div class=\"theplus-accordion-wrapper elementor-accordion \" id=\"accordion69f44da6d9ebf\" data-accordion-id=\"accordion69f44da6d9ebf\" data-accordion-type=\"accordion\" data-toogle-speed=\"300\"   role=\"tablist\">\n\t\t\t\t\t\t\t\n\t\t\t\t<div class=\"theplus-accordion-item\">\n\t\t\t\t\t<div id=\"elementor-tab-title-1951\" class=\"elementor-tab-title plus-accordion-header 0\" tabindex=\"1951\" data-tab=\"1\" role=\"tab\" aria-controls=\"elementor-tab-content-1951\">\n\t\t\t\t\t\t<span class=\"elementor-accordion-icon elementor-accordion-icon-left\" aria-hidden=\"true\"><i class=\"elementor-accordion-icon-closed fa fa-plus\"><\/i><i class=\"elementor-accordion-icon-opened fa fa-minus\"><\/i><\/span><span style=\"width:100%\">BIOGRAF\u00cdA<\/span>\n\t\t\t\t\t<\/div>  \n\n\t\t\t\t\t\t\t\t\t\t\t<div id=\"elementor-tab-content-1951\" class=\"elementor-tab-content elementor-clearfix plus-accordion-content 0\" data-tab=\"1\" role=\"tabpanel\" aria-labelledby=\"elementor-tab-title-1951\">\n\t\t\t\t\t\t\t<div class=\"plus-content-editor\"><div id=\"elementor-tab-content-1881\" class=\"eael-accordion-content clearfix\" data-tab=\"1\" aria-labelledby=\"read-more\"><p>Carlos Enrique Orellana-Ayala es neur\u00f3logo pediatra, con una pr\u00e1ctica centrada en el neurodesarrollo, el aprendizaje y el comportamiento. Fue director del Programa de Formaci\u00f3n en Neurodesarrollo y del Programa de Especializaci\u00f3n en Neurolog\u00eda Neonatal en la Facultad de Medicina de la Universidad de San Carlos de Guatemala y en el Centro Universitario de Occidente.<br \/>Su trabajo actual se enfoca en generar informaci\u00f3n e implementar programas de capacitaci\u00f3n para padres y docentes de ni\u00f1os y adolescentes en el espectro autista y otras condiciones dentro de los Trastornos del Neurodesarrollo. Promueve el conocimiento de los pediatras en crecimiento y desarrollo, especialmente para la detecci\u00f3n temprana y la derivaci\u00f3n de ni\u00f1os con sospecha de autismo.<\/p><\/div><\/div>\n\t\t\t\t\t\t<\/div>\n\t\t\t\t\t\n\t\t\t\t<\/div>\n\n\t\t\t\t\t<\/div>\n\t\t\t\t\t\t<\/div>\n\t\t\t\t<\/div>\n\t\t\t\t<\/div>\n\t\t<div class=\"elementor-element elementor-element-762d2f2 e-con-full e-flex e-con e-child\" data-id=\"762d2f2\" data-element_type=\"container\">\n\t\t\t\t<div class=\"elementor-element elementor-element-967e4fd elementor-widget elementor-widget-image\" data-id=\"967e4fd\" data-element_type=\"widget\" data-widget_type=\"image.default\">\n\t\t\t\t<div class=\"elementor-widget-container\">\n\t\t\t\t\t\t\t\t\t\t\t\t\t\t\t<img loading=\"lazy\" decoding=\"async\" width=\"284\" height=\"300\" src=\"https:\/\/idpacongress2025.com\/wp-content\/uploads\/2025\/05\/Ryan-Jackson-e1746663127819-1-284x300.jpg\" class=\"attachment-medium size-medium wp-image-3794\" alt=\"\" srcset=\"https:\/\/idpacongress2025.com\/wp-content\/uploads\/2025\/05\/Ryan-Jackson-e1746663127819-1-284x300.jpg 284w, https:\/\/idpacongress2025.com\/wp-content\/uploads\/2025\/05\/Ryan-Jackson-e1746663127819-1-768x812.jpg 768w, https:\/\/idpacongress2025.com\/wp-content\/uploads\/2025\/05\/Ryan-Jackson-e1746663127819-1.jpg 960w\" sizes=\"(max-width: 284px) 100vw, 284px\" \/>\t\t\t\t\t\t\t\t\t\t\t\t\t\t\t<\/div>\n\t\t\t\t<\/div>\n\t\t\t\t<div class=\"elementor-element elementor-element-f4cb102 elementor-widget elementor-widget-text-editor\" data-id=\"f4cb102\" data-element_type=\"widget\" data-widget_type=\"text-editor.default\">\n\t\t\t\t<div class=\"elementor-widget-container\">\n\t\t\t\t\t\t\t\t\t<p style=\"font-weight: bold; font-size: 20px; color: #555; margin: 20px 0 5px; letter-spacing: 1px; text-transform: uppercase; text-align: center;\"><strong>Ryan Jackson<\/strong><\/p><hr style=\"background: #777; width: 45px; height: 2px; margin: 6px auto; border: 0;\" \/><h2 style=\"color: #333; font-size: 15px; font-weight: normal; margin: 0 0 20px; text-transform: uppercase; letter-spacing: 1px; text-align: center;\">EEUU<\/h2>\t\t\t\t\t\t\t\t<\/div>\n\t\t\t\t<\/div>\n\t\t\t\t<div class=\"elementor-element elementor-element-0eec00d elementor-widget elementor-widget-tp-accordion\" data-id=\"0eec00d\" data-element_type=\"widget\" data-widget_type=\"tp-accordion.default\">\n\t\t\t\t<div class=\"elementor-widget-container\">\n\t\t\t\t\t\t\t<div class=\"theplus-accordion-wrapper elementor-accordion \" id=\"accordion69f44da6db62e\" data-accordion-id=\"accordion69f44da6db62e\" data-accordion-type=\"accordion\" data-toogle-speed=\"300\"   role=\"tablist\">\n\t\t\t\t\t\t\t\n\t\t\t\t<div class=\"theplus-accordion-item\">\n\t\t\t\t\t<div id=\"elementor-tab-title-1561\" class=\"elementor-tab-title plus-accordion-header 0\" tabindex=\"1561\" data-tab=\"1\" role=\"tab\" aria-controls=\"elementor-tab-content-1561\">\n\t\t\t\t\t\t<span class=\"elementor-accordion-icon elementor-accordion-icon-left\" aria-hidden=\"true\"><i class=\"elementor-accordion-icon-closed fa fa-plus\"><\/i><i class=\"elementor-accordion-icon-opened fa fa-minus\"><\/i><\/span><span style=\"width:100%\">BIOGRAF\u00cdA<\/span>\n\t\t\t\t\t<\/div>  \n\n\t\t\t\t\t\t\t\t\t\t\t<div id=\"elementor-tab-content-1561\" class=\"elementor-tab-content elementor-clearfix plus-accordion-content 0\" data-tab=\"1\" role=\"tabpanel\" aria-labelledby=\"elementor-tab-title-1561\">\n\t\t\t\t\t\t\t<div class=\"plus-content-editor\"><div id=\"elementor-tab-content-1881\" class=\"eael-accordion-content clearfix\" data-tab=\"1\" aria-labelledby=\"read-more\"><p>Ryan Jackson es m\u00e9dico y ha dedicado su carrera a tratar de hacer del mundo un lugar un poco mejor cada d\u00eda. Ha brindado ayuda en situaciones de desastre en m\u00e1s de una docena de pa\u00edses tras terremotos, huracanes, erupciones volc\u00e1nicas y otros eventos devastadores que azotan nuestro mundo. Ha colaborado en proyectos para proporcionar alimentos, refugio, atenci\u00f3n m\u00e9dica, pr\u00f3tesis, apoyo emocional, restauraci\u00f3n ambiental y educaci\u00f3n. Ha trabajado como Decano y Director Acad\u00e9mico de escuelas de medicina y como miembro de la junta de organizaciones que ayudan en la educaci\u00f3n de ni\u00f1as en Afganist\u00e1n. En cada uno de estos roles, su visi\u00f3n es ayudar a los dem\u00e1s a encontrar la paz que solo puede lograrse a trav\u00e9s de la restauraci\u00f3n de la esperanza.<\/p><\/div><\/div>\n\t\t\t\t\t\t<\/div>\n\t\t\t\t\t\n\t\t\t\t<\/div>\n\n\t\t\t\t\t<\/div>\n\t\t\t\t\t\t<\/div>\n\t\t\t\t<\/div>\n\t\t\t\t<\/div>\n\t\t<div class=\"elementor-element elementor-element-4ec1d54 e-con-full e-flex e-con e-child\" data-id=\"4ec1d54\" data-element_type=\"container\">\n\t\t\t\t<div class=\"elementor-element elementor-element-0ac10fe elementor-widget elementor-widget-image\" data-id=\"0ac10fe\" data-element_type=\"widget\" data-widget_type=\"image.default\">\n\t\t\t\t<div class=\"elementor-widget-container\">\n\t\t\t\t\t\t\t\t\t\t\t\t\t\t\t<img loading=\"lazy\" decoding=\"async\" width=\"293\" height=\"300\" src=\"https:\/\/idpacongress2025.com\/wp-content\/uploads\/2025\/05\/Ziba-Vaghri-e1746663517648-1-293x300.jpeg\" class=\"attachment-medium size-medium wp-image-3801\" alt=\"\" srcset=\"https:\/\/idpacongress2025.com\/wp-content\/uploads\/2025\/05\/Ziba-Vaghri-e1746663517648-1-293x300.jpeg 293w, https:\/\/idpacongress2025.com\/wp-content\/uploads\/2025\/05\/Ziba-Vaghri-e1746663517648-1-999x1024.jpeg 999w, https:\/\/idpacongress2025.com\/wp-content\/uploads\/2025\/05\/Ziba-Vaghri-e1746663517648-1-768x787.jpeg 768w, https:\/\/idpacongress2025.com\/wp-content\/uploads\/2025\/05\/Ziba-Vaghri-e1746663517648-1.jpeg 1400w\" sizes=\"(max-width: 293px) 100vw, 293px\" \/>\t\t\t\t\t\t\t\t\t\t\t\t\t\t\t<\/div>\n\t\t\t\t<\/div>\n\t\t\t\t<div class=\"elementor-element elementor-element-8986bf7 elementor-widget elementor-widget-text-editor\" data-id=\"8986bf7\" data-element_type=\"widget\" data-widget_type=\"text-editor.default\">\n\t\t\t\t<div class=\"elementor-widget-container\">\n\t\t\t\t\t\t\t\t\t<p style=\"font-weight: bold; font-size: 20px; color: #555; margin: 20px 0 5px; letter-spacing: 1px; text-transform: uppercase; text-align: center;\">Ziba Vaghri<\/p><hr style=\"background: #777; width: 45px; height: 2px; margin: 6px auto; border: 0;\" \/><h2 style=\"color: #333; font-size: 15px; font-weight: normal; margin: 0 0 20px; text-transform: uppercase; letter-spacing: 1px; text-align: center;\">CANAD\u00c1<\/h2>\t\t\t\t\t\t\t\t<\/div>\n\t\t\t\t<\/div>\n\t\t\t\t<div class=\"elementor-element elementor-element-99fb854 elementor-widget elementor-widget-tp-accordion\" data-id=\"99fb854\" data-element_type=\"widget\" data-widget_type=\"tp-accordion.default\">\n\t\t\t\t<div class=\"elementor-widget-container\">\n\t\t\t\t\t\t\t<div class=\"theplus-accordion-wrapper elementor-accordion \" id=\"accordion69f44da6dcd45\" data-accordion-id=\"accordion69f44da6dcd45\" data-accordion-type=\"accordion\" data-toogle-speed=\"300\"   role=\"tablist\">\n\t\t\t\t\t\t\t\n\t\t\t\t<div class=\"theplus-accordion-item\">\n\t\t\t\t\t<div id=\"elementor-tab-title-1611\" class=\"elementor-tab-title plus-accordion-header 0\" tabindex=\"1611\" data-tab=\"1\" role=\"tab\" aria-controls=\"elementor-tab-content-1611\">\n\t\t\t\t\t\t<span class=\"elementor-accordion-icon elementor-accordion-icon-left\" aria-hidden=\"true\"><i class=\"elementor-accordion-icon-closed fa fa-plus\"><\/i><i class=\"elementor-accordion-icon-opened fa fa-minus\"><\/i><\/span><span style=\"width:100%\">BIOGRAF\u00cdA<\/span>\n\t\t\t\t\t<\/div>  \n\n\t\t\t\t\t\t\t\t\t\t\t<div id=\"elementor-tab-content-1611\" class=\"elementor-tab-content elementor-clearfix plus-accordion-content 0\" data-tab=\"1\" role=\"tabpanel\" aria-labelledby=\"elementor-tab-title-1611\">\n\t\t\t\t\t\t\t<div class=\"plus-content-editor\"><div id=\"elementor-tab-content-1881\" class=\"eael-accordion-content clearfix\" data-tab=\"1\" aria-labelledby=\"read-more\"><p>La Dra. Ziba Vaghri es Profesora Asociada en la Universidad de New Brunswick (UNB) y tambi\u00e9n ocupa una c\u00e1tedra de investigaci\u00f3n en Derechos de la Ni\u00f1ez y Desarrollo Infantil. Con m\u00e1s de dos d\u00e9cadas de extensa investigaci\u00f3n internacional y experiencia en las \u00e1reas de desarrollo infantil y derechos de la ni\u00f1ez, es una de las principales expertas en la creaci\u00f3n de v\u00ednculos entre estos dos campos del Desarrollo Infantil y los Derechos de la Ni\u00f1ez.<\/p><p>Ha trabajado con diversas universidades y agencias de la ONU, incluyendo la ONU CRC, la OMS, la UNESCO y UNICEF, y se desempe\u00f1\u00f3 como Oficial T\u00e9cnico de ECD en la sede de la OMS en Ginebra. Es la Investigadora Principal y directora del Programa GlobalChild, que dio lugar al desarrollo de la primera plataforma mundial integral de monitoreo de derechos de la ni\u00f1ez: la plataforma GlobalChild. Ha implementado actividades innovadoras de traducci\u00f3n de conocimiento, como el \u00abDi\u00e1logo Global sobre los Derechos de la Ni\u00f1ez (GCRD)\u00bb, que busc\u00f3 las opiniones de ni\u00f1os de 43 pa\u00edses sobre sus derechos bajo la CRC.<\/p><p>La Dra. Vaghri es la autora principal de dos libros muy aclamados: \u00abMonitoreo del Cumplimiento Estatal con la Convenci\u00f3n sobre los Derechos del Ni\u00f1o de la ONU\u00bb y el reciente libro de acceso abierto \u00abIndicadores basados en los derechos de los ni\u00f1os\u00bb, que proporciona una visi\u00f3n concisa de c\u00f3mo medir las implicaciones de cada art\u00edculo de la CRC en la pr\u00e1ctica.<\/p><\/div><\/div>\n\t\t\t\t\t\t<\/div>\n\t\t\t\t\t\n\t\t\t\t<\/div>\n\n\t\t\t\t\t<\/div>\n\t\t\t\t\t\t<\/div>\n\t\t\t\t<\/div>\n\t\t\t\t<\/div>\n\t\t<div class=\"elementor-element elementor-element-02c5ed6 e-con-full e-flex e-con e-child\" data-id=\"02c5ed6\" data-element_type=\"container\">\n\t\t\t\t<div class=\"elementor-element elementor-element-aefac10 elementor-widget elementor-widget-image\" data-id=\"aefac10\" data-element_type=\"widget\" data-widget_type=\"image.default\">\n\t\t\t\t<div class=\"elementor-widget-container\">\n\t\t\t\t\t\t\t\t\t\t\t\t\t\t\t<img decoding=\"async\" src=\"https:\/\/idpacongress2025.com\/wp-content\/uploads\/elementor\/thumbs\/Gloria-Rodriguez-Gil-1-r5he8h11686pt8yf7a3c81zkmgby4gxkb5su3kioxk.jpg\" title=\"Gloria-Rodriguez-Gil.jpg\" alt=\"Gloria-Rodriguez-Gil.jpg\" loading=\"lazy\" \/>\t\t\t\t\t\t\t\t\t\t\t\t\t\t\t<\/div>\n\t\t\t\t<\/div>\n\t\t\t\t<div class=\"elementor-element elementor-element-9867446 elementor-widget elementor-widget-text-editor\" data-id=\"9867446\" data-element_type=\"widget\" data-widget_type=\"text-editor.default\">\n\t\t\t\t<div class=\"elementor-widget-container\">\n\t\t\t\t\t\t\t\t\t<p style=\"font-weight: bold; font-size: 20px; color: #555; margin: 20px 0 5px; letter-spacing: 1px; text-transform: uppercase; text-align: center;\">Gloria Rodr\u00edguez Gil<\/p><hr style=\"background: #777; width: 45px; height: 2px; margin: 6px auto; border: 0;\" \/><h2 style=\"color: #333; font-size: 15px; font-weight: normal; margin: 0 0 20px; text-transform: uppercase; letter-spacing: 1px; text-align: center;\">Costa rica<\/h2>\t\t\t\t\t\t\t\t<\/div>\n\t\t\t\t<\/div>\n\t\t\t\t<div class=\"elementor-element elementor-element-2d596a3 elementor-widget elementor-widget-tp-accordion\" data-id=\"2d596a3\" data-element_type=\"widget\" data-widget_type=\"tp-accordion.default\">\n\t\t\t\t<div class=\"elementor-widget-container\">\n\t\t\t\t\t\t\t<div class=\"theplus-accordion-wrapper elementor-accordion \" id=\"accordion69f44da6de457\" data-accordion-id=\"accordion69f44da6de457\" data-accordion-type=\"accordion\" data-toogle-speed=\"300\"   role=\"tablist\">\n\t\t\t\t\t\t\t\n\t\t\t\t<div class=\"theplus-accordion-item\">\n\t\t\t\t\t<div id=\"elementor-tab-title-4751\" class=\"elementor-tab-title plus-accordion-header 0\" tabindex=\"4751\" data-tab=\"1\" role=\"tab\" aria-controls=\"elementor-tab-content-4751\">\n\t\t\t\t\t\t<span class=\"elementor-accordion-icon elementor-accordion-icon-left\" aria-hidden=\"true\"><i class=\"elementor-accordion-icon-closed fa fa-plus\"><\/i><i class=\"elementor-accordion-icon-opened fa fa-minus\"><\/i><\/span><span style=\"width:100%\">BIOGRAF\u00cdA<\/span>\n\t\t\t\t\t<\/div>  \n\n\t\t\t\t\t\t\t\t\t\t\t<div id=\"elementor-tab-content-4751\" class=\"elementor-tab-content elementor-clearfix plus-accordion-content 0\" data-tab=\"1\" role=\"tabpanel\" aria-labelledby=\"elementor-tab-title-4751\">\n\t\t\t\t\t\t\t<div class=\"plus-content-editor\"><div id=\"elementor-tab-content-1881\" class=\"eael-accordion-content clearfix\" data-tab=\"1\" aria-labelledby=\"read-more\"><p>Gloria es la Directora Regional para Am\u00e9rica Latina y el Caribe de Perkins School for the Blind. Con m\u00e1s de 30 a\u00f1os de experiencia en discapacidad visual, sordoceguera y discapacidad m\u00faltiple, ha sido una figura clave en la creaci\u00f3n de programas educativos inclusivos en la regi\u00f3n. Nacida y formada en Costa Rica, Espa\u00f1a y Estados Unidos, ha liderado iniciativas en varios pa\u00edses y fundado el primer programa para ni\u00f1os sordociegos en Centroam\u00e9rica. Posee posgrados en Educaci\u00f3n Especial de la Universidad de Costa Rica y Boston College, y ha sido reconocida por su labor con becas, publicaciones y conferencias a nivel internacional. Desde 2019, dirige estrategias innovadoras para transformar los sistemas educativos p\u00fablicos con un enfoque contextualizado y sostenible.<\/p><\/div><\/div>\n\t\t\t\t\t\t<\/div>\n\t\t\t\t\t\n\t\t\t\t<\/div>\n\n\t\t\t\t\t<\/div>\n\t\t\t\t\t\t<\/div>\n\t\t\t\t<\/div>\n\t\t\t\t<\/div>\n\t\t<div class=\"elementor-element elementor-element-7e2529a e-con-full e-flex e-con e-child\" data-id=\"7e2529a\" data-element_type=\"container\">\n\t\t\t\t<div class=\"elementor-element elementor-element-8d2c391 elementor-widget elementor-widget-image\" data-id=\"8d2c391\" data-element_type=\"widget\" data-widget_type=\"image.default\">\n\t\t\t\t<div class=\"elementor-widget-container\">\n\t\t\t\t\t\t\t\t\t\t\t\t\t\t\t<img decoding=\"async\" src=\"https:\/\/idpacongress2025.com\/wp-content\/uploads\/elementor\/thumbs\/Maria-Antonia-Vazquez-1-r5hepad3fj7di4j50jr2tt8f6lgbtjopadxj5rl5mg.jpg\" title=\"Maria-Antonia-Vazquez.jpg\" alt=\"Maria-Antonia-Vazquez.jpg\" loading=\"lazy\" \/>\t\t\t\t\t\t\t\t\t\t\t\t\t\t\t<\/div>\n\t\t\t\t<\/div>\n\t\t\t\t<div class=\"elementor-element elementor-element-c78d9c6 elementor-widget elementor-widget-text-editor\" data-id=\"c78d9c6\" data-element_type=\"widget\" data-widget_type=\"text-editor.default\">\n\t\t\t\t<div class=\"elementor-widget-container\">\n\t\t\t\t\t\t\t\t\t<p style=\"font-weight: bold; font-size: 20px; color: #555; margin: 20px 0 5px; letter-spacing: 1px; text-transform: uppercase; text-align: center;\">Mar\u00eda Antonia V\u00e1zquez<\/p><hr style=\"background: #777; width: 45px; height: 2px; margin: 6px auto; border: 0;\" \/><h2 style=\"color: #333; font-size: 15px; font-weight: normal; margin: 0 0 20px; text-transform: uppercase; letter-spacing: 1px; text-align: center;\">argentina<\/h2>\t\t\t\t\t\t\t\t<\/div>\n\t\t\t\t<\/div>\n\t\t\t\t<div class=\"elementor-element elementor-element-dfa54d2 elementor-widget elementor-widget-tp-accordion\" data-id=\"dfa54d2\" data-element_type=\"widget\" data-widget_type=\"tp-accordion.default\">\n\t\t\t\t<div class=\"elementor-widget-container\">\n\t\t\t\t\t\t\t<div class=\"theplus-accordion-wrapper elementor-accordion \" id=\"accordion69f44da6dfb82\" data-accordion-id=\"accordion69f44da6dfb82\" data-accordion-type=\"accordion\" data-toogle-speed=\"300\"   role=\"tablist\">\n\t\t\t\t\t\t\t\n\t\t\t\t<div class=\"theplus-accordion-item\">\n\t\t\t\t\t<div id=\"elementor-tab-title-2341\" class=\"elementor-tab-title plus-accordion-header 0\" tabindex=\"2341\" data-tab=\"1\" role=\"tab\" aria-controls=\"elementor-tab-content-2341\">\n\t\t\t\t\t\t<span class=\"elementor-accordion-icon elementor-accordion-icon-left\" aria-hidden=\"true\"><i class=\"elementor-accordion-icon-closed fa fa-plus\"><\/i><i class=\"elementor-accordion-icon-opened fa fa-minus\"><\/i><\/span><span style=\"width:100%\">BIOGRAF\u00cdA<\/span>\n\t\t\t\t\t<\/div>  \n\n\t\t\t\t\t\t\t\t\t\t\t<div id=\"elementor-tab-content-2341\" class=\"elementor-tab-content elementor-clearfix plus-accordion-content 0\" data-tab=\"1\" role=\"tabpanel\" aria-labelledby=\"elementor-tab-title-2341\">\n\t\t\t\t\t\t\t<div class=\"plus-content-editor\"><div id=\"elementor-tab-content-1881\" class=\"eael-accordion-content clearfix\" data-tab=\"1\" aria-labelledby=\"read-more\"><p><span style=\"font-weight: 400\">Mary es profesora y licenciada en Educaci\u00f3n Especial, mag\u00edster en Investigaci\u00f3n Educativa y egresada del Programa de Liderazgo Educativo de Perkins School for the Blind. Con m\u00e1s de 20 a\u00f1os de experiencia, ha trabajado en docencia, investigaci\u00f3n y consultor\u00eda en discapacidad m\u00faltiple, alfabetizaci\u00f3n, conducta y comunicaci\u00f3n. Fund\u00f3 y dirigi\u00f3 la ONG ACIPDIM en Argentina hasta 2020, y ha formado a numerosos profesionales en educaci\u00f3n especial. Actualmente es investigadora y gerente de calidad en Perkins Latinoam\u00e9rica, liderando procesos de documentaci\u00f3n y monitoreo en Argentina, Brasil y M\u00e9xico, adem\u00e1s de continuar como docente universitaria.<\/span><\/p><\/div><\/div>\n\t\t\t\t\t\t<\/div>\n\t\t\t\t\t\n\t\t\t\t<\/div>\n\n\t\t\t\t\t<\/div>\n\t\t\t\t\t\t<\/div>\n\t\t\t\t<\/div>\n\t\t\t\t<\/div>\n\t\t<div class=\"elementor-element elementor-element-5073330 e-con-full e-flex e-con e-child\" data-id=\"5073330\" data-element_type=\"container\">\n\t\t\t\t<div class=\"elementor-element elementor-element-e85f6ed elementor-widget elementor-widget-image\" data-id=\"e85f6ed\" data-element_type=\"widget\" data-widget_type=\"image.default\">\n\t\t\t\t<div class=\"elementor-widget-container\">\n\t\t\t\t\t\t\t\t\t\t\t\t\t\t\t<img loading=\"lazy\" decoding=\"async\" width=\"297\" height=\"300\" src=\"https:\/\/idpacongress2025.com\/wp-content\/uploads\/2025\/05\/Daniela-Roldan-1-297x300.jpg\" class=\"attachment-medium size-medium wp-image-3837\" alt=\"\" srcset=\"https:\/\/idpacongress2025.com\/wp-content\/uploads\/2025\/05\/Daniela-Roldan-1-297x300.jpg 297w, https:\/\/idpacongress2025.com\/wp-content\/uploads\/2025\/05\/Daniela-Roldan-1-1013x1024.jpg 1013w, https:\/\/idpacongress2025.com\/wp-content\/uploads\/2025\/05\/Daniela-Roldan-1-768x776.jpg 768w, https:\/\/idpacongress2025.com\/wp-content\/uploads\/2025\/05\/Daniela-Roldan-1.jpg 1155w\" sizes=\"(max-width: 297px) 100vw, 297px\" \/>\t\t\t\t\t\t\t\t\t\t\t\t\t\t\t<\/div>\n\t\t\t\t<\/div>\n\t\t\t\t<div class=\"elementor-element elementor-element-d34662d elementor-widget elementor-widget-text-editor\" data-id=\"d34662d\" data-element_type=\"widget\" data-widget_type=\"text-editor.default\">\n\t\t\t\t<div class=\"elementor-widget-container\">\n\t\t\t\t\t\t\t\t\t<p style=\"font-weight: bold; font-size: 20px; color: #555; margin: 20px 0 5px; letter-spacing: 1px; text-transform: uppercase; text-align: center;\">Daniela Roldan<\/p><hr style=\"background: #777; width: 45px; height: 2px; margin: 6px auto; border: 0;\" \/><h2 style=\"color: #333; font-size: 15px; font-weight: normal; margin: 0 0 20px; text-transform: uppercase; letter-spacing: 1px; text-align: center;\">argentina<\/h2>\t\t\t\t\t\t\t\t<\/div>\n\t\t\t\t<\/div>\n\t\t\t\t<div class=\"elementor-element elementor-element-8f25556 elementor-widget elementor-widget-tp-accordion\" data-id=\"8f25556\" data-element_type=\"widget\" data-widget_type=\"tp-accordion.default\">\n\t\t\t\t<div class=\"elementor-widget-container\">\n\t\t\t\t\t\t\t<div class=\"theplus-accordion-wrapper elementor-accordion \" id=\"accordion69f44da6e132b\" data-accordion-id=\"accordion69f44da6e132b\" data-accordion-type=\"accordion\" data-toogle-speed=\"300\"   role=\"tablist\">\n\t\t\t\t\t\t\t\n\t\t\t\t<div class=\"theplus-accordion-item\">\n\t\t\t\t\t<div id=\"elementor-tab-title-1501\" class=\"elementor-tab-title plus-accordion-header 0\" tabindex=\"1501\" data-tab=\"1\" role=\"tab\" aria-controls=\"elementor-tab-content-1501\">\n\t\t\t\t\t\t<span class=\"elementor-accordion-icon elementor-accordion-icon-left\" aria-hidden=\"true\"><i class=\"elementor-accordion-icon-closed fa fa-plus\"><\/i><i class=\"elementor-accordion-icon-opened fa fa-minus\"><\/i><\/span><span style=\"width:100%\">BIOGRAF\u00cdA<\/span>\n\t\t\t\t\t<\/div>  \n\n\t\t\t\t\t\t\t\t\t\t\t<div id=\"elementor-tab-content-1501\" class=\"elementor-tab-content elementor-clearfix plus-accordion-content 0\" data-tab=\"1\" role=\"tabpanel\" aria-labelledby=\"elementor-tab-title-1501\">\n\t\t\t\t\t\t\t<div class=\"plus-content-editor\"><div id=\"elementor-tab-content-1881\" class=\"eael-accordion-content clearfix\" data-tab=\"1\" aria-labelledby=\"read-more\"><p>Medica pediatra<br \/>Especialista en cuidados intensivos pedi\u00e1tricos<br \/>Miembro del comit\u00e9 de \u00e9tica cl\u00ednica de Hospital J.B.Alberdi de 1999 al 2010<br \/>Miembro del comit\u00e9 de Docencia e Investigacion del Hospital de ni\u00f1os V.J.Vilela desde<br \/>2010 al 2022<br \/>Research assistant en GMCD study.<br \/>Jefe de Sala de internaci\u00f3n de patolog\u00eda cr\u00f3nica compleja del Hospital de Ni\u00f1os V.J.Vilela.<\/p><\/div><\/div>\n\t\t\t\t\t\t<\/div>\n\t\t\t\t\t\n\t\t\t\t<\/div>\n\n\t\t\t\t\t<\/div>\n\t\t\t\t\t\t<\/div>\n\t\t\t\t<\/div>\n\t\t\t\t<\/div>\n\t\t<div class=\"elementor-element elementor-element-b6b835c e-con-full e-flex e-con e-child\" data-id=\"b6b835c\" data-element_type=\"container\">\n\t\t\t\t<div class=\"elementor-element elementor-element-a06aa4c elementor-widget elementor-widget-image\" data-id=\"a06aa4c\" data-element_type=\"widget\" data-widget_type=\"image.default\">\n\t\t\t\t<div class=\"elementor-widget-container\">\n\t\t\t\t\t\t\t\t\t\t\t\t\t\t\t<img decoding=\"async\" src=\"https:\/\/idpacongress2025.com\/wp-content\/uploads\/elementor\/thumbs\/Carroli-B-rotated-1-r5pr58mqozfe6fragax6ixzru104ff9k0dmftco1q0.jpg\" title=\"Carroli-B-rotated.jpg\" alt=\"Carroli-B-rotated.jpg\" loading=\"lazy\" \/>\t\t\t\t\t\t\t\t\t\t\t\t\t\t\t<\/div>\n\t\t\t\t<\/div>\n\t\t\t\t<div class=\"elementor-element elementor-element-ce9199b elementor-widget elementor-widget-text-editor\" data-id=\"ce9199b\" data-element_type=\"widget\" data-widget_type=\"text-editor.default\">\n\t\t\t\t<div class=\"elementor-widget-container\">\n\t\t\t\t\t\t\t\t\t<p style=\"font-weight: bold; font-size: 20px; color: #555; margin: 20px 0 5px; letter-spacing: 1px; text-transform: uppercase; text-align: center;\"><strong>Berenice Carroli<\/strong><\/p><hr style=\"background: #777; width: 45px; height: 2px; margin: 6px auto; border: 0;\" \/><h2 style=\"color: #333; font-size: 15px; font-weight: normal; margin: 0 0 20px; text-transform: uppercase; letter-spacing: 1px; text-align: center;\">argentina<\/h2>\t\t\t\t\t\t\t\t<\/div>\n\t\t\t\t<\/div>\n\t\t\t\t<div class=\"elementor-element elementor-element-9723e3f elementor-widget elementor-widget-tp-accordion\" data-id=\"9723e3f\" data-element_type=\"widget\" data-widget_type=\"tp-accordion.default\">\n\t\t\t\t<div class=\"elementor-widget-container\">\n\t\t\t\t\t\t\t<div class=\"theplus-accordion-wrapper elementor-accordion \" id=\"accordion69f44da6e2aa4\" data-accordion-id=\"accordion69f44da6e2aa4\" data-accordion-type=\"accordion\" data-toogle-speed=\"300\"   role=\"tablist\">\n\t\t\t\t\t\t\t\n\t\t\t\t<div class=\"theplus-accordion-item\">\n\t\t\t\t\t<div id=\"elementor-tab-title-1581\" class=\"elementor-tab-title plus-accordion-header 0\" tabindex=\"1581\" data-tab=\"1\" role=\"tab\" aria-controls=\"elementor-tab-content-1581\">\n\t\t\t\t\t\t<span class=\"elementor-accordion-icon elementor-accordion-icon-left\" aria-hidden=\"true\"><i class=\"elementor-accordion-icon-closed fa fa-plus\"><\/i><i class=\"elementor-accordion-icon-opened fa fa-minus\"><\/i><\/span><span style=\"width:100%\">BIOGRAF\u00cdA<\/span>\n\t\t\t\t\t<\/div>  \n\n\t\t\t\t\t\t\t\t\t\t\t<div id=\"elementor-tab-content-1581\" class=\"elementor-tab-content elementor-clearfix plus-accordion-content 0\" data-tab=\"1\" role=\"tabpanel\" aria-labelledby=\"elementor-tab-title-1581\">\n\t\t\t\t\t\t\t<div class=\"plus-content-editor\"><div id=\"elementor-tab-content-1881\" class=\"eael-accordion-content clearfix\" data-tab=\"1\" aria-labelledby=\"read-more\"><p>Licenciada en Terapia Ocupacional desde diciembre de 2003, Facultad de Psicolog\u00eda de la<br \/>Universidad Abierta Interamericana, Sede Regional Rosario.<\/p><p>Asistente de Gesti\u00f3n de la Carrera de Licenciatura en Terapia Ocupacional desde agosto de<br \/>2007 hasta la fecha. Profesora de la asignatura Seminario de Tesina desde el a\u00f1o 2011 hasta<br \/>la fecha. Instructora de Pr\u00e1cticas Pre Profesionales de Terapia Ocupacional en Disfunciones<br \/>Psicosociales en la sala de juego del Hospital de Ni\u00f1os V\u00edctor J. Vilela desde febrero de 2022<br \/>hasta la fecha. Co-investigadora en dos proyectos de investigaci\u00f3n y desarrollo desde<br \/>septiembre de 2022 hasta la fecha.<\/p><\/div><\/div>\n\t\t\t\t\t\t<\/div>\n\t\t\t\t\t\n\t\t\t\t<\/div>\n\n\t\t\t\t\t<\/div>\n\t\t\t\t\t\t<\/div>\n\t\t\t\t<\/div>\n\t\t\t\t<\/div>\n\t\t<div class=\"elementor-element elementor-element-5c308cc e-con-full e-flex e-con e-child\" data-id=\"5c308cc\" data-element_type=\"container\">\n\t\t\t\t<div class=\"elementor-element elementor-element-a4317c6 elementor-widget elementor-widget-image\" data-id=\"a4317c6\" data-element_type=\"widget\" data-widget_type=\"image.default\">\n\t\t\t\t<div class=\"elementor-widget-container\">\n\t\t\t\t\t\t\t\t\t\t\t\t\t\t\t<img decoding=\"async\" src=\"https:\/\/idpacongress2025.com\/wp-content\/uploads\/elementor\/thumbs\/ERNESTODURAN-r6ec0yzr8hiuihj2cma3wrei865jd5bbfm3sf1uto8.jpg\" title=\"ERNESTODURAN\" alt=\"ERNESTODURAN\" loading=\"lazy\" \/>\t\t\t\t\t\t\t\t\t\t\t\t\t\t\t<\/div>\n\t\t\t\t<\/div>\n\t\t\t\t<div class=\"elementor-element elementor-element-6abc492 elementor-widget elementor-widget-text-editor\" data-id=\"6abc492\" data-element_type=\"widget\" data-widget_type=\"text-editor.default\">\n\t\t\t\t<div class=\"elementor-widget-container\">\n\t\t\t\t\t\t\t\t\t<p style=\"font-weight: bold; font-size: 20px; color: #555; margin: 20px 0 5px; letter-spacing: 1px; text-transform: uppercase; text-align: center;\">ERNESTO DUR\u00c1N STRAUCH<\/p><hr style=\"background: #777; width: 45px; height: 2px; margin: 6px auto; border: 0;\" \/><h2 style=\"color: #333; font-size: 15px; font-weight: normal; margin: 0 0 20px; text-transform: uppercase; letter-spacing: 1px; text-align: center;\">COLOMBIA<\/h2>\t\t\t\t\t\t\t\t<\/div>\n\t\t\t\t<\/div>\n\t\t\t\t<div class=\"elementor-element elementor-element-3840c9e elementor-widget elementor-widget-tp-accordion\" data-id=\"3840c9e\" data-element_type=\"widget\" data-widget_type=\"tp-accordion.default\">\n\t\t\t\t<div class=\"elementor-widget-container\">\n\t\t\t\t\t\t\t<div class=\"theplus-accordion-wrapper elementor-accordion \" id=\"accordion69f44da6e428f\" data-accordion-id=\"accordion69f44da6e428f\" data-accordion-type=\"accordion\" data-toogle-speed=\"300\"   role=\"tablist\">\n\t\t\t\t\t\t\t\n\t\t\t\t<div class=\"theplus-accordion-item\">\n\t\t\t\t\t<div id=\"elementor-tab-title-5891\" class=\"elementor-tab-title plus-accordion-header 0\" tabindex=\"5891\" data-tab=\"1\" role=\"tab\" aria-controls=\"elementor-tab-content-5891\">\n\t\t\t\t\t\t<span class=\"elementor-accordion-icon elementor-accordion-icon-left\" aria-hidden=\"true\"><i class=\"elementor-accordion-icon-closed fa fa-plus\"><\/i><i class=\"elementor-accordion-icon-opened fa fa-minus\"><\/i><\/span><span style=\"width:100%\">BIOGRAF\u00cdA<\/span>\n\t\t\t\t\t<\/div>  \n\n\t\t\t\t\t\t\t\t\t\t\t<div id=\"elementor-tab-content-5891\" class=\"elementor-tab-content elementor-clearfix plus-accordion-content 0\" data-tab=\"1\" role=\"tabpanel\" aria-labelledby=\"elementor-tab-title-5891\">\n\t\t\t\t\t\t\t<div class=\"plus-content-editor\"><div id=\"elementor-tab-content-1881\" class=\"eael-accordion-content clearfix\" data-tab=\"1\" aria-labelledby=\"read-more\"><p>M\u00e9dico, especialista en Pediatr\u00eda, con maestr\u00eda en Psicolog\u00eda Comunitaria, maestr\u00eda en Salud P\u00fablica y doctorado en Ciencias Sociales, Ni\u00f1ez y Juventud. Profesor asociado en el \u00c1rea de Pediatr\u00eda Social del Departamento de Pediatr\u00eda de la Facultad de Medicina de la Universidad Nacional de Colombia, y coordinador del Grupo de Investigaci\u00f3n Observatorio sobre la Infancia de esta universidad. Investigador en derechos de la infancia, pediatr\u00eda social, cuidado infantil y pol\u00edticas de infancia. Miembro de la Sociedad Internacional de Pediatr\u00eda Social y expresidente de la Regional Bogot\u00e1 de la Sociedad Colombiana de Pediatr\u00eda.<\/p><\/div><\/div>\n\t\t\t\t\t\t<\/div>\n\t\t\t\t\t\n\t\t\t\t<\/div>\n\n\t\t\t\t\t<\/div>\n\t\t\t\t\t\t<\/div>\n\t\t\t\t<\/div>\n\t\t\t\t<\/div>\n\t\t<div class=\"elementor-element elementor-element-86ed1bc e-con-full e-flex e-con e-child\" data-id=\"86ed1bc\" data-element_type=\"container\">\n\t\t\t\t<div class=\"elementor-element elementor-element-e9b3cae elementor-widget elementor-widget-image\" data-id=\"e9b3cae\" data-element_type=\"widget\" data-widget_type=\"image.default\">\n\t\t\t\t<div class=\"elementor-widget-container\">\n\t\t\t\t\t\t\t\t\t\t\t\t\t\t\t<img decoding=\"async\" src=\"https:\/\/idpacongress2025.com\/wp-content\/uploads\/elementor\/thumbs\/Raul-r6ec6cmiccvwy5psxxz96ejgljn5eso0u8hta1vq2g.jpg\" title=\"Raul\" alt=\"Raul\" loading=\"lazy\" \/>\t\t\t\t\t\t\t\t\t\t\t\t\t\t\t<\/div>\n\t\t\t\t<\/div>\n\t\t\t\t<div class=\"elementor-element elementor-element-6641ae1 elementor-widget elementor-widget-text-editor\" data-id=\"6641ae1\" data-element_type=\"widget\" data-widget_type=\"text-editor.default\">\n\t\t\t\t<div class=\"elementor-widget-container\">\n\t\t\t\t\t\t\t\t\t<p style=\"font-weight: bold; font-size: 20px; color: #555; margin: 20px 0 5px; letter-spacing: 1px; text-transform: uppercase; text-align: center;\">Ra\u00fal Mercer<\/p><hr style=\"background: #777; width: 45px; height: 2px; margin: 6px auto; border: 0;\" \/><h2 style=\"color: #333; font-size: 15px; font-weight: normal; margin: 0 0 20px; text-transform: uppercase; letter-spacing: 1px; text-align: center;\">argentina<\/h2>\t\t\t\t\t\t\t\t<\/div>\n\t\t\t\t<\/div>\n\t\t\t\t<div class=\"elementor-element elementor-element-aed4484 elementor-widget elementor-widget-tp-accordion\" data-id=\"aed4484\" data-element_type=\"widget\" data-widget_type=\"tp-accordion.default\">\n\t\t\t\t<div class=\"elementor-widget-container\">\n\t\t\t\t\t\t\t<div class=\"theplus-accordion-wrapper elementor-accordion \" id=\"accordion69f44da6e5a30\" data-accordion-id=\"accordion69f44da6e5a30\" data-accordion-type=\"accordion\" data-toogle-speed=\"300\"   role=\"tablist\">\n\t\t\t\t\t\t\t\n\t\t\t\t<div class=\"theplus-accordion-item\">\n\t\t\t\t\t<div id=\"elementor-tab-title-1831\" class=\"elementor-tab-title plus-accordion-header 0\" tabindex=\"1831\" data-tab=\"1\" role=\"tab\" aria-controls=\"elementor-tab-content-1831\">\n\t\t\t\t\t\t<span class=\"elementor-accordion-icon elementor-accordion-icon-left\" aria-hidden=\"true\"><i class=\"elementor-accordion-icon-closed fa fa-plus\"><\/i><i class=\"elementor-accordion-icon-opened fa fa-minus\"><\/i><\/span><span style=\"width:100%\">BIOGRAF\u00cdA<\/span>\n\t\t\t\t\t<\/div>  \n\n\t\t\t\t\t\t\t\t\t\t\t<div id=\"elementor-tab-content-1831\" class=\"elementor-tab-content elementor-clearfix plus-accordion-content 0\" data-tab=\"1\" role=\"tabpanel\" aria-labelledby=\"elementor-tab-title-1831\">\n\t\t\t\t\t\t\t<div class=\"plus-content-editor\"><div id=\"elementor-tab-content-1881\" class=\"eael-accordion-content clearfix\" data-tab=\"1\" aria-labelledby=\"read-more\"><p data-start=\"73\" data-end=\"233\">Ra\u00fal Mercer es el Coordinador del Programa de Ciencias Sociales y Salud en FLACSO (Facultad Latinoamericana de Ciencias Sociales), sede Buenos Aires, Argentina.<\/p><p data-start=\"235\" data-end=\"938\">Ha desempe\u00f1ado funciones como responsable de programas materno-infantiles a nivel municipal, provincial y nacional. Sus \u00e1reas de inter\u00e9s se relacionan con los derechos de la infancia, el desarrollo infantil temprano (DIT), el enfoque del curso de vida, los determinantes sociales y comerciales de la salud, y la situaci\u00f3n de los ni\u00f1os que viven en zonas de conflicto. Es miembro de ISSOP (Sociedad Internacional de Pediatr\u00eda Social), de la Comisi\u00f3n Lancet-UNICEF-OMS para el informe \u201c\u00bfUn futuro para los ni\u00f1os del mundo?\u201d, de InspiRights (una iniciativa de Global Child para promover los derechos de la infancia), y Coordinador de CAP-2030 (Ni\u00f1ez en Todas las Pol\u00edticas) en Argentina (<a class=\"cursor-pointer\" target=\"_new\" rel=\"noopener\" data-start=\"920\" data-end=\"936\">www.cap-2030.org<\/a>).<\/p><p data-start=\"940\" data-end=\"1207\">Ra\u00fal es egresado de la Facultad de Medicina de la Universidad Nacional de La Plata, Argentina, con t\u00edtulo de pediatra por el Colegio M\u00e9dico de Buenos Aires. Posteriormente obtuvo su Maestr\u00eda en Ciencias (Epidemiolog\u00eda) en la Universidad de Madison, Wisconsin, EE. UU.<\/p><\/div><\/div>\n\t\t\t\t\t\t<\/div>\n\t\t\t\t\t\n\t\t\t\t<\/div>\n\n\t\t\t\t\t<\/div>\n\t\t\t\t\t\t<\/div>\n\t\t\t\t<\/div>\n\t\t\t\t<\/div>\n\t\t<div class=\"elementor-element elementor-element-4df2620 e-con-full e-flex e-con e-child\" data-id=\"4df2620\" data-element_type=\"container\">\n\t\t\t\t<div class=\"elementor-element elementor-element-6fc1d71 elementor-widget elementor-widget-image\" data-id=\"6fc1d71\" data-element_type=\"widget\" data-widget_type=\"image.default\">\n\t\t\t\t<div class=\"elementor-widget-container\">\n\t\t\t\t\t\t\t\t\t\t\t\t\t\t\t<img decoding=\"async\" src=\"https:\/\/idpacongress2025.com\/wp-content\/uploads\/elementor\/thumbs\/Elyse-Matos-e1749577183682-r7437c4ymjzlunlb53mqcchqgafv403yv6kncxf6bc.jpg\" title=\"Elyse Matos\" alt=\"Elyse Matos\" loading=\"lazy\" \/>\t\t\t\t\t\t\t\t\t\t\t\t\t\t\t<\/div>\n\t\t\t\t<\/div>\n\t\t\t\t<div class=\"elementor-element elementor-element-19d37a7 elementor-widget elementor-widget-text-editor\" data-id=\"19d37a7\" data-element_type=\"widget\" data-widget_type=\"text-editor.default\">\n\t\t\t\t<div class=\"elementor-widget-container\">\n\t\t\t\t\t\t\t\t\t<p style=\"font-weight: bold; font-size: 20px; color: #555; margin: 20px 0 5px; letter-spacing: 1px; text-transform: uppercase; text-align: center;\"><strong>Elyse Matos<\/strong><\/p><hr style=\"background: #777; width: 45px; height: 2px; margin: 6px auto; border: 0;\" \/><h2 style=\"color: #333; font-size: 15px; font-weight: normal; margin: 0 0 20px; text-transform: uppercase; letter-spacing: 1px; text-align: center;\">BRASIL<\/h2>\t\t\t\t\t\t\t\t<\/div>\n\t\t\t\t<\/div>\n\t\t\t\t<div class=\"elementor-element elementor-element-e6b5812 elementor-widget elementor-widget-tp-accordion\" data-id=\"e6b5812\" data-element_type=\"widget\" data-widget_type=\"tp-accordion.default\">\n\t\t\t\t<div class=\"elementor-widget-container\">\n\t\t\t\t\t\t\t<div class=\"theplus-accordion-wrapper elementor-accordion \" id=\"accordion69f44da6e7353\" data-accordion-id=\"accordion69f44da6e7353\" data-accordion-type=\"accordion\" data-toogle-speed=\"300\"   role=\"tablist\">\n\t\t\t\t\t\t\t\n\t\t\t\t<div class=\"theplus-accordion-item\">\n\t\t\t\t\t<div id=\"elementor-tab-title-2411\" class=\"elementor-tab-title plus-accordion-header 0\" tabindex=\"2411\" data-tab=\"1\" role=\"tab\" aria-controls=\"elementor-tab-content-2411\">\n\t\t\t\t\t\t<span class=\"elementor-accordion-icon elementor-accordion-icon-left\" aria-hidden=\"true\"><i class=\"elementor-accordion-icon-closed fa fa-plus\"><\/i><i class=\"elementor-accordion-icon-opened fa fa-minus\"><\/i><\/span><span style=\"width:100%\">BIOGRAF\u00cdA<\/span>\n\t\t\t\t\t<\/div>  \n\n\t\t\t\t\t\t\t\t\t\t\t<div id=\"elementor-tab-content-2411\" class=\"elementor-tab-content elementor-clearfix plus-accordion-content 0\" data-tab=\"1\" role=\"tabpanel\" aria-labelledby=\"elementor-tab-title-2411\">\n\t\t\t\t\t\t\t<div class=\"plus-content-editor\"><div id=\"elementor-tab-content-1881\" class=\"eael-accordion-content clearfix\" data-tab=\"1\" aria-labelledby=\"read-more\"><p>Elyse Matos es una abogada brasile\u00f1a con una maestr\u00eda en Derecho Franc\u00e9s, Europeo e Internacional del Comercio por la Universit\u00e9 Sorbonne (Par\u00eds II). Tambi\u00e9n es especialista en Derecho Financiero y Tributario por la misma universidad francesa. Recientemente obtuvo una maestr\u00eda en Educaci\u00f3n y actualmente cursa un doctorado en Educaci\u00f3n en la Universidade Federal do Paran\u00e1 (UFPR). En 2016, fue certificada en Innovaci\u00f3n y Emprendimiento por la Universidad de Stanford. Se desempe\u00f1\u00f3 como miembro de la Comisi\u00f3n Especial de Defensa de los Derechos de las Personas con Autismo del Consejo Federal de la Orden de Abogados de Brasil (CFOAB) durante los per\u00edodos 2018\u20132021 y 2022\u20132025.<\/p><p>Fund\u00f3 la iniciativa social INSTITUTO ICO y la cl\u00ednica Ico Project Centro de Desenvolvimento.<\/p><p>Desde 2017, ha sido responsable de implementar en Brasil el innovador Programa de Capacitaci\u00f3n para Cuidadores de la Organizaci\u00f3n Mundial de la Salud en colaboraci\u00f3n con Autism Speaks. Por esta iniciativa, recibi\u00f3 la Medalla de la Orden de Luz dos Pinhais por los servicios prestados a la comunidad de Curitiba en 2018, as\u00ed como el Premio Viver Inspiradores y el Premio Mujer Emprendedora de Curitiba. Actualmente, el programa se implementa en Curitiba, Bel\u00e9m, Salvador, Vit\u00f3ria y Ponta Grossa.<\/p><p>Como investigadora, su l\u00ednea de investigaci\u00f3n se centra en la formaci\u00f3n y educaci\u00f3n de padres de ni\u00f1os con autismo y otros retrasos en el desarrollo.<\/p><p>Es coautora de los libros <em>Ico y el mundo que queremos construir<\/em>, creado en un formato accesible, y <em>A la madre en la que me convert\u00ed<\/em>, lanzado en 2025.<\/p><p>Actualmente, es Directora del Departamento de Derechos de las Personas con Discapacidad en la Secretar\u00eda Municipal de Desarrollo Humano.<\/p><\/div><\/div>\n\t\t\t\t\t\t<\/div>\n\t\t\t\t\t\n\t\t\t\t<\/div>\n\n\t\t\t\t\t<\/div>\n\t\t\t\t\t\t<\/div>\n\t\t\t\t<\/div>\n\t\t\t\t<\/div>\n\t\t<div class=\"elementor-element elementor-element-9248fdc e-con-full e-flex e-con e-child\" data-id=\"9248fdc\" data-element_type=\"container\">\n\t\t\t\t<div class=\"elementor-element elementor-element-cd0f473 elementor-widget elementor-widget-image\" data-id=\"cd0f473\" data-element_type=\"widget\" data-widget_type=\"image.default\">\n\t\t\t\t<div class=\"elementor-widget-container\">\n\t\t\t\t\t\t\t\t\t\t\t\t\t\t\t<img decoding=\"async\" src=\"https:\/\/idpacongress2025.com\/wp-content\/uploads\/elementor\/thumbs\/Magdalena-Guarchaj-r743e5gu6bbg0voycjocx4l1huunx05wswudm5bf7c.jpg\" title=\"Magdalena Guarchaj\" alt=\"Magdalena Guarchaj\" loading=\"lazy\" \/>\t\t\t\t\t\t\t\t\t\t\t\t\t\t\t<\/div>\n\t\t\t\t<\/div>\n\t\t\t\t<div class=\"elementor-element elementor-element-4d9a4c2 elementor-widget elementor-widget-text-editor\" data-id=\"4d9a4c2\" data-element_type=\"widget\" data-widget_type=\"text-editor.default\">\n\t\t\t\t<div class=\"elementor-widget-container\">\n\t\t\t\t\t\t\t\t\t<p style=\"font-weight: bold; font-size: 20px; color: #555; margin: 20px 0 5px; letter-spacing: 1px; text-transform: uppercase; text-align: center;\">Magdalena Guarchaj<\/p><hr style=\"background: #777; width: 45px; height: 2px; margin: 6px auto; border: 0;\" \/><h2 style=\"color: #333; font-size: 15px; font-weight: normal; margin: 0 0 20px; text-transform: uppercase; letter-spacing: 1px; text-align: center;\">Guatemala<\/h2>\t\t\t\t\t\t\t\t<\/div>\n\t\t\t\t<\/div>\n\t\t\t\t<div class=\"elementor-element elementor-element-d7462aa elementor-widget elementor-widget-tp-accordion\" data-id=\"d7462aa\" data-element_type=\"widget\" data-widget_type=\"tp-accordion.default\">\n\t\t\t\t<div class=\"elementor-widget-container\">\n\t\t\t\t\t\t\t<div class=\"theplus-accordion-wrapper elementor-accordion \" id=\"accordion69f44da6e8bb1\" data-accordion-id=\"accordion69f44da6e8bb1\" data-accordion-type=\"accordion\" data-toogle-speed=\"300\"   role=\"tablist\">\n\t\t\t\t\t\t\t\n\t\t\t\t<div class=\"theplus-accordion-item\">\n\t\t\t\t\t<div id=\"elementor-tab-title-2251\" class=\"elementor-tab-title plus-accordion-header 0\" tabindex=\"2251\" data-tab=\"1\" role=\"tab\" aria-controls=\"elementor-tab-content-2251\">\n\t\t\t\t\t\t<span class=\"elementor-accordion-icon elementor-accordion-icon-left\" aria-hidden=\"true\"><i class=\"elementor-accordion-icon-closed fa fa-plus\"><\/i><i class=\"elementor-accordion-icon-opened fa fa-minus\"><\/i><\/span><span style=\"width:100%\">BIOGRAF\u00cdA<\/span>\n\t\t\t\t\t<\/div>  \n\n\t\t\t\t\t\t\t\t\t\t\t<div id=\"elementor-tab-content-2251\" class=\"elementor-tab-content elementor-clearfix plus-accordion-content 0\" data-tab=\"1\" role=\"tabpanel\" aria-labelledby=\"elementor-tab-title-2251\">\n\t\t\t\t\t\t\t<div class=\"plus-content-editor\"><div id=\"elementor-tab-content-1881\" class=\"eael-accordion-content clearfix\" data-tab=\"1\" aria-labelledby=\"read-more\"><p><span style=\"font-weight: 400\">Es colaboradora de la Organizaci\u00f3n no gubernamental Wuqu\u00b4 Kawoq | Maya Health Alliance desde hace 6 a\u00f1os; es Enfermera, actualmente lidera actividades en campo de un Estudio de investigaci\u00f3n sobre la efectividad de la Gu\u00eda Internacional para el Monitoreo del Desarrollo Infantil en Guatemala, coordina con socios y ha entrenado a personal de diferentes ONG participantes en el estudio de investigaci\u00f3n sobre el uso de la GIMDI.\u00a0 Anteriormente tambi\u00e9n lider\u00f3 actividades en campo de un estudio sobre automanejo y apoyo educacional para personas con diabetes tipo 2.\u00a0 Adem\u00e1s de Maya Health Alliance, ha trabajado extensamente en Guatemala para organizaciones sin fines de lucro para extender la cobertura de atenci\u00f3n m\u00e9dica en \u00e1reas rurales.<\/span><\/p><\/div><\/div>\n\t\t\t\t\t\t<\/div>\n\t\t\t\t\t\n\t\t\t\t<\/div>\n\n\t\t\t\t\t<\/div>\n\t\t\t\t\t\t<\/div>\n\t\t\t\t<\/div>\n\t\t\t\t<\/div>\n\t\t<div class=\"elementor-element elementor-element-0f54fc6 e-con-full e-flex e-con e-child\" data-id=\"0f54fc6\" data-element_type=\"container\">\n\t\t\t\t<div class=\"elementor-element elementor-element-ca555da elementor-widget elementor-widget-image\" data-id=\"ca555da\" data-element_type=\"widget\" data-widget_type=\"image.default\">\n\t\t\t\t<div class=\"elementor-widget-container\">\n\t\t\t\t\t\t\t\t\t\t\t\t\t\t\t<img decoding=\"async\" src=\"https:\/\/idpacongress2025.com\/wp-content\/uploads\/elementor\/thumbs\/Walter-scaled-r743o98dn75etz0kcewz82sfdz1pnva16xbac8c2bc.jpg\" title=\"Walter\" alt=\"Walter\" loading=\"lazy\" \/>\t\t\t\t\t\t\t\t\t\t\t\t\t\t\t<\/div>\n\t\t\t\t<\/div>\n\t\t\t\t<div class=\"elementor-element elementor-element-57a49f2 elementor-widget elementor-widget-text-editor\" data-id=\"57a49f2\" data-element_type=\"widget\" data-widget_type=\"text-editor.default\">\n\t\t\t\t<div class=\"elementor-widget-container\">\n\t\t\t\t\t\t\t\t\t<p style=\"font-weight: bold; font-size: 20px; color: #555; margin: 20px 0 5px; letter-spacing: 1px; text-transform: uppercase; text-align: center;\">Walter Kahumoku III<\/p><hr style=\"background: #777; width: 45px; height: 2px; margin: 6px auto; border: 0;\" \/><h2 style=\"color: #333; font-size: 15px; font-weight: normal; margin: 0 0 20px; text-transform: uppercase; letter-spacing: 1px; text-align: center;\">EEUU<\/h2>\t\t\t\t\t\t\t\t<\/div>\n\t\t\t\t<\/div>\n\t\t\t\t<div class=\"elementor-element elementor-element-653879f elementor-widget elementor-widget-tp-accordion\" data-id=\"653879f\" data-element_type=\"widget\" data-widget_type=\"tp-accordion.default\">\n\t\t\t\t<div class=\"elementor-widget-container\">\n\t\t\t\t\t\t\t<div class=\"theplus-accordion-wrapper elementor-accordion \" id=\"accordion69f44da6ea3be\" data-accordion-id=\"accordion69f44da6ea3be\" data-accordion-type=\"accordion\" data-toogle-speed=\"300\"   role=\"tablist\">\n\t\t\t\t\t\t\t\n\t\t\t\t<div class=\"theplus-accordion-item\">\n\t\t\t\t\t<div id=\"elementor-tab-title-1061\" class=\"elementor-tab-title plus-accordion-header 0\" tabindex=\"1061\" data-tab=\"1\" role=\"tab\" aria-controls=\"elementor-tab-content-1061\">\n\t\t\t\t\t\t<span class=\"elementor-accordion-icon elementor-accordion-icon-left\" aria-hidden=\"true\"><i class=\"elementor-accordion-icon-closed fa fa-plus\"><\/i><i class=\"elementor-accordion-icon-opened fa fa-minus\"><\/i><\/span><span style=\"width:100%\">BIOGRAF\u00cdA<\/span>\n\t\t\t\t\t<\/div>  \n\n\t\t\t\t\t\t\t\t\t\t\t<div id=\"elementor-tab-content-1061\" class=\"elementor-tab-content elementor-clearfix plus-accordion-content 0\" data-tab=\"1\" role=\"tabpanel\" aria-labelledby=\"elementor-tab-title-1061\">\n\t\t\t\t\t\t\t<div class=\"plus-content-editor\"><div id=\"elementor-tab-content-1881\" class=\"eael-accordion-content clearfix\" data-tab=\"1\" aria-labelledby=\"read-more\"><p>El Dr. Walter Kahumoku III ha dedicado su vida profesional a mejorar el bienestar de los K\u0101naka Hawai\u02bbi (nativos hawaianos) a trav\u00e9s de la educaci\u00f3n. Como exadministrador y maestro de secundaria, miembro de varias juntas en Haw\u00e1i y m\u00e1s all\u00e1, e investigador, su experiencia, publicaciones y presentaciones promueven enfoques educativos culturales, ling\u00fc\u00edsticos y nativos que impulsan una ense\u00f1anza y liderazgo significativos, pertinentes, rigurosos, basados en relaciones y centrados en la responsabilidad.<\/p><p>El Dr. Kahumoku y su familia son originarios de \u2018\u0100huimanu, O\u2018ahu, y actualmente es Profesor Asociado en el Departamento de Administraci\u00f3n Educativa y director del programa de doctorado EdD en la Facultad de Educaci\u00f3n de la Universidad de Haw\u00e1i, campus M\u0101noa. Sus investigaciones, publicaciones y cursos impartidos se enfocan en educaci\u00f3n y liderazgo ind\u00edgena-nativo, educaci\u00f3n basada en la cultura hawaiana, teor\u00eda ind\u00edgena y decolonizadora, m\u00e9todos de investigaci\u00f3n cualitativos y mixtos, y el fortalecimiento de la relaci\u00f3n entre escuelas nativas y sus comunidades.<\/p><\/div><\/div>\n\t\t\t\t\t\t<\/div>\n\t\t\t\t\t\n\t\t\t\t<\/div>\n\n\t\t\t\t\t<\/div>\n\t\t\t\t\t\t<\/div>\n\t\t\t\t<\/div>\n\t\t\t\t<\/div>\n\t\t<div class=\"elementor-element elementor-element-12df05b e-con-full e-flex e-con e-child\" data-id=\"12df05b\" data-element_type=\"container\">\n\t\t\t\t<div class=\"elementor-element elementor-element-c4129a2 elementor-widget elementor-widget-image\" data-id=\"c4129a2\" data-element_type=\"widget\" data-widget_type=\"image.default\">\n\t\t\t\t<div class=\"elementor-widget-container\">\n\t\t\t\t\t\t\t\t\t\t\t\t\t\t\t<img decoding=\"async\" src=\"https:\/\/idpacongress2025.com\/wp-content\/uploads\/elementor\/thumbs\/rhenderson-r75y4cq68tr150d06et8ofuemwpehvqkqpfpmljrg8.png\" title=\"rhenderson\" alt=\"rhenderson\" loading=\"lazy\" \/>\t\t\t\t\t\t\t\t\t\t\t\t\t\t\t<\/div>\n\t\t\t\t<\/div>\n\t\t\t\t<div class=\"elementor-element elementor-element-305bb5c elementor-widget elementor-widget-text-editor\" data-id=\"305bb5c\" data-element_type=\"widget\" data-widget_type=\"text-editor.default\">\n\t\t\t\t<div class=\"elementor-widget-container\">\n\t\t\t\t\t\t\t\t\t<p style=\"font-weight: bold; font-size: 20px; color: #555; margin: 20px 0 5px; letter-spacing: 1px; text-transform: uppercase; text-align: center;\">Robert Henderson<\/p><hr style=\"background: #777; width: 45px; height: 2px; margin: 6px auto; border: 0;\" \/><h2 style=\"color: #333; font-size: 15px; font-weight: normal; margin: 0 0 20px; text-transform: uppercase; letter-spacing: 1px; text-align: center;\">EEUU<\/h2>\t\t\t\t\t\t\t\t<\/div>\n\t\t\t\t<\/div>\n\t\t\t\t<div class=\"elementor-element elementor-element-ed2aea3 elementor-widget elementor-widget-tp-accordion\" data-id=\"ed2aea3\" data-element_type=\"widget\" data-widget_type=\"tp-accordion.default\">\n\t\t\t\t<div class=\"elementor-widget-container\">\n\t\t\t\t\t\t\t<div class=\"theplus-accordion-wrapper elementor-accordion \" id=\"accordion69f44da6ebc94\" data-accordion-id=\"accordion69f44da6ebc94\" data-accordion-type=\"accordion\" data-toogle-speed=\"300\"   role=\"tablist\">\n\t\t\t\t\t\t\t\n\t\t\t\t<div class=\"theplus-accordion-item\">\n\t\t\t\t\t<div id=\"elementor-tab-title-2481\" class=\"elementor-tab-title plus-accordion-header 0\" tabindex=\"2481\" data-tab=\"1\" role=\"tab\" aria-controls=\"elementor-tab-content-2481\">\n\t\t\t\t\t\t<span class=\"elementor-accordion-icon elementor-accordion-icon-left\" aria-hidden=\"true\"><i class=\"elementor-accordion-icon-closed fa fa-plus\"><\/i><i class=\"elementor-accordion-icon-opened fa fa-minus\"><\/i><\/span><span style=\"width:100%\">BIOGRAF\u00cdA<\/span>\n\t\t\t\t\t<\/div>  \n\n\t\t\t\t\t\t\t\t\t\t\t<div id=\"elementor-tab-content-2481\" class=\"elementor-tab-content elementor-clearfix plus-accordion-content 0\" data-tab=\"1\" role=\"tabpanel\" aria-labelledby=\"elementor-tab-title-2481\">\n\t\t\t\t\t\t\t<div class=\"plus-content-editor\"><div id=\"elementor-tab-content-1881\" class=\"eael-accordion-content clearfix\" data-tab=\"1\" aria-labelledby=\"read-more\"><p>Robert Henderson es profesor de Ling\u00fc\u00edstica (Universidad de Arizona). Su trabajo se centra en la documentaci\u00f3n, descripci\u00f3n y revitalizaci\u00f3n de las lenguas mesoamericanas, especialmente en el \u00e1mbito del significado. Es coinvestigador principal del proyecto \u00abSignificado, signo y gesto en Mesoam\u00e9rica\u00bb, que se enfoca en la documentaci\u00f3n de lenguas de se\u00f1as ind\u00edgenas en las tierras altas de Guatemala.<\/p><\/div><\/div>\n\t\t\t\t\t\t<\/div>\n\t\t\t\t\t\n\t\t\t\t<\/div>\n\n\t\t\t\t\t<\/div>\n\t\t\t\t\t\t<\/div>\n\t\t\t\t<\/div>\n\t\t\t\t<\/div>\n\t\t<div class=\"elementor-element elementor-element-87d5307 e-con-full e-flex e-con e-child\" data-id=\"87d5307\" data-element_type=\"container\">\n\t\t\t\t<div class=\"elementor-element elementor-element-7386f92 elementor-widget elementor-widget-image\" data-id=\"7386f92\" data-element_type=\"widget\" data-widget_type=\"image.default\">\n\t\t\t\t<div class=\"elementor-widget-container\">\n\t\t\t\t\t\t\t\t\t\t\t\t\t\t\t<img decoding=\"async\" src=\"https:\/\/idpacongress2025.com\/wp-content\/uploads\/elementor\/thumbs\/jajsivinac-r75y8y5rno1hwdopcebkva3j6q204lzc1g963aqh14.png\" title=\"jajsivinac\" alt=\"jajsivinac\" loading=\"lazy\" \/>\t\t\t\t\t\t\t\t\t\t\t\t\t\t\t<\/div>\n\t\t\t\t<\/div>\n\t\t\t\t<div class=\"elementor-element elementor-element-e963c43 elementor-widget elementor-widget-text-editor\" data-id=\"e963c43\" data-element_type=\"widget\" data-widget_type=\"text-editor.default\">\n\t\t\t\t<div class=\"elementor-widget-container\">\n\t\t\t\t\t\t\t\t\t<p style=\"font-weight: bold; font-size: 20px; color: #555; margin: 20px 0 5px; letter-spacing: 1px; text-transform: uppercase; text-align: center;\">Juan Ajsivinac Sian<\/p><hr style=\"background: #777; width: 45px; height: 2px; margin: 6px auto; border: 0;\" \/><h2 style=\"color: #333; font-size: 15px; font-weight: normal; margin: 0 0 20px; text-transform: uppercase; letter-spacing: 1px; text-align: center;\">GUATEMALA<\/h2>\t\t\t\t\t\t\t\t<\/div>\n\t\t\t\t<\/div>\n\t\t\t\t<div class=\"elementor-element elementor-element-c1e302b elementor-widget elementor-widget-tp-accordion\" data-id=\"c1e302b\" data-element_type=\"widget\" data-widget_type=\"tp-accordion.default\">\n\t\t\t\t<div class=\"elementor-widget-container\">\n\t\t\t\t\t\t\t<div class=\"theplus-accordion-wrapper elementor-accordion \" id=\"accordion69f44da6ed5ae\" data-accordion-id=\"accordion69f44da6ed5ae\" data-accordion-type=\"accordion\" data-toogle-speed=\"300\"   role=\"tablist\">\n\t\t\t\t\t\t\t\n\t\t\t\t<div class=\"theplus-accordion-item\">\n\t\t\t\t\t<div id=\"elementor-tab-title-2031\" class=\"elementor-tab-title plus-accordion-header 0\" tabindex=\"2031\" data-tab=\"1\" role=\"tab\" aria-controls=\"elementor-tab-content-2031\">\n\t\t\t\t\t\t<span class=\"elementor-accordion-icon elementor-accordion-icon-left\" aria-hidden=\"true\"><i class=\"elementor-accordion-icon-closed fa fa-plus\"><\/i><i class=\"elementor-accordion-icon-opened fa fa-minus\"><\/i><\/span><span style=\"width:100%\">BIOGRAF\u00cdA<\/span>\n\t\t\t\t\t<\/div>  \n\n\t\t\t\t\t\t\t\t\t\t\t<div id=\"elementor-tab-content-2031\" class=\"elementor-tab-content elementor-clearfix plus-accordion-content 0\" data-tab=\"1\" role=\"tabpanel\" aria-labelledby=\"elementor-tab-title-2031\">\n\t\t\t\t\t\t\t<div class=\"plus-content-editor\"><div id=\"elementor-tab-content-1881\" class=\"eael-accordion-content clearfix\" data-tab=\"1\" aria-labelledby=\"read-more\"><p>Juan es un Amaq\u2019 Kaqchikel, ling\u00fcista que se ha enfocado en la sintaxis y la morfolog\u00eda del idioma kaqchikel, as\u00ed como en el an\u00e1lisis ling\u00fc\u00edstico de textos y la tradici\u00f3n oral. Ha trabajado como ling\u00fcista t\u00e9cnico en m\u00faltiples proyectos, incluyendo con Oxlajuuj Keej Maya\u2019 Ajtz\u2019iib\u2019 (OKMA), Kaqchikel Cholchi\u2019 y la Fundaci\u00f3n Mozilla. Ha publicado varios libros y tambi\u00e9n ha desarrollado tecnolog\u00eda ling\u00fc\u00edstica para el idioma kaqchikel.<\/p><\/div><\/div>\n\t\t\t\t\t\t<\/div>\n\t\t\t\t\t\n\t\t\t\t<\/div>\n\n\t\t\t\t\t<\/div>\n\t\t\t\t\t\t<\/div>\n\t\t\t\t<\/div>\n\t\t\t\t<\/div>\n\t\t<div class=\"elementor-element elementor-element-12ba8b3 e-con-full e-flex e-con e-child\" data-id=\"12ba8b3\" data-element_type=\"container\">\n\t\t\t\t<div class=\"elementor-element elementor-element-2124e62 elementor-widget elementor-widget-image\" data-id=\"2124e62\" data-element_type=\"widget\" data-widget_type=\"image.default\">\n\t\t\t\t<div class=\"elementor-widget-container\">\n\t\t\t\t\t\t\t\t\t\t\t\t\t\t\t<img decoding=\"async\" src=\"https:\/\/idpacongress2025.com\/wp-content\/uploads\/elementor\/thumbs\/SPrins-r75yce8gpsrcgwoh7vyc0esdll2gcnnwiid9ftmi7s.jpg\" title=\"SPrins\" alt=\"SPrins\" loading=\"lazy\" \/>\t\t\t\t\t\t\t\t\t\t\t\t\t\t\t<\/div>\n\t\t\t\t<\/div>\n\t\t\t\t<div class=\"elementor-element elementor-element-a6d0092 elementor-widget elementor-widget-text-editor\" data-id=\"a6d0092\" data-element_type=\"widget\" data-widget_type=\"text-editor.default\">\n\t\t\t\t<div class=\"elementor-widget-container\">\n\t\t\t\t\t\t\t\t\t<p style=\"font-weight: bold; font-size: 20px; color: #555; margin: 20px 0 5px; letter-spacing: 1px; text-transform: uppercase; text-align: center;\">Samantha Prins<\/p><hr style=\"background: #777; width: 45px; height: 2px; margin: 6px auto; border: 0;\" \/><h2 style=\"color: #333; font-size: 15px; font-weight: normal; margin: 0 0 20px; text-transform: uppercase; letter-spacing: 1px; text-align: center;\">EEUU<\/h2>\t\t\t\t\t\t\t\t<\/div>\n\t\t\t\t<\/div>\n\t\t\t\t<div class=\"elementor-element elementor-element-154a7b2 elementor-widget elementor-widget-tp-accordion\" data-id=\"154a7b2\" data-element_type=\"widget\" data-widget_type=\"tp-accordion.default\">\n\t\t\t\t<div class=\"elementor-widget-container\">\n\t\t\t\t\t\t\t<div class=\"theplus-accordion-wrapper elementor-accordion \" id=\"accordion69f44da6eede2\" data-accordion-id=\"accordion69f44da6eede2\" data-accordion-type=\"accordion\" data-toogle-speed=\"300\"   role=\"tablist\">\n\t\t\t\t\t\t\t\n\t\t\t\t<div class=\"theplus-accordion-item\">\n\t\t\t\t\t<div id=\"elementor-tab-title-2231\" class=\"elementor-tab-title plus-accordion-header 0\" tabindex=\"2231\" data-tab=\"1\" role=\"tab\" aria-controls=\"elementor-tab-content-2231\">\n\t\t\t\t\t\t<span class=\"elementor-accordion-icon elementor-accordion-icon-left\" aria-hidden=\"true\"><i class=\"elementor-accordion-icon-closed fa fa-plus\"><\/i><i class=\"elementor-accordion-icon-opened fa fa-minus\"><\/i><\/span><span style=\"width:100%\">BIOGRAF\u00cdA<\/span>\n\t\t\t\t\t<\/div>  \n\n\t\t\t\t\t\t\t\t\t\t\t<div id=\"elementor-tab-content-2231\" class=\"elementor-tab-content elementor-clearfix plus-accordion-content 0\" data-tab=\"1\" role=\"tabpanel\" aria-labelledby=\"elementor-tab-title-2231\">\n\t\t\t\t\t\t\t<div class=\"plus-content-editor\"><div id=\"elementor-tab-content-1881\" class=\"eael-accordion-content clearfix\" data-tab=\"1\" aria-labelledby=\"read-more\"><p>Samantha es candidata a doctorado en el Departamento de Ling\u00fc\u00edstica de la Universidad de Arizona. Su formaci\u00f3n est\u00e1 centrada en la revitalizaci\u00f3n de lenguas ind\u00edgenas, las lenguas y ling\u00fc\u00edstica de Am\u00e9rica del Norte, y la teor\u00eda morfosint\u00e1ctica. Su trabajo actual se enfoca en la morfolog\u00eda de las lenguas algonquinas y en las intersecciones entre la ling\u00fc\u00edstica y el trabajo comunitario con lenguas.<\/p><\/div><\/div>\n\t\t\t\t\t\t<\/div>\n\t\t\t\t\t\n\t\t\t\t<\/div>\n\n\t\t\t\t\t<\/div>\n\t\t\t\t\t\t<\/div>\n\t\t\t\t<\/div>\n\t\t\t\t<\/div>\n\t\t<div class=\"elementor-element elementor-element-5592573 e-con-full e-flex e-con e-child\" data-id=\"5592573\" data-element_type=\"container\">\n\t\t\t\t<div class=\"elementor-element elementor-element-7ea599b elementor-widget elementor-widget-image\" data-id=\"7ea599b\" data-element_type=\"widget\" data-widget_type=\"image.default\">\n\t\t\t\t<div class=\"elementor-widget-container\">\n\t\t\t\t\t\t\t\t\t\t\t\t\t\t\t<img decoding=\"async\" src=\"https:\/\/idpacongress2025.com\/wp-content\/uploads\/elementor\/thumbs\/sybil-r75yfg7kxexw7a8qdphom51b3o0ed8shxmp2l73fzs.jpg\" title=\"sybil\" alt=\"sybil\" loading=\"lazy\" \/>\t\t\t\t\t\t\t\t\t\t\t\t\t\t\t<\/div>\n\t\t\t\t<\/div>\n\t\t\t\t<div class=\"elementor-element elementor-element-ef9f4f8 elementor-widget elementor-widget-text-editor\" data-id=\"ef9f4f8\" data-element_type=\"widget\" data-widget_type=\"text-editor.default\">\n\t\t\t\t<div class=\"elementor-widget-container\">\n\t\t\t\t\t\t\t\t\t<p style=\"font-weight: bold; font-size: 20px; color: #555; margin: 20px 0 5px; letter-spacing: 1px; text-transform: uppercase; text-align: center;\">Sybil Vachuadez<\/p><hr style=\"background: #777; width: 45px; height: 2px; margin: 6px auto; border: 0;\" \/><h2 style=\"color: #333; font-size: 15px; font-weight: normal; margin: 0 0 20px; text-transform: uppercase; letter-spacing: 1px; text-align: center;\">FRANCIA<\/h2>\t\t\t\t\t\t\t\t<\/div>\n\t\t\t\t<\/div>\n\t\t\t\t<div class=\"elementor-element elementor-element-95680e0 elementor-widget elementor-widget-tp-accordion\" data-id=\"95680e0\" data-element_type=\"widget\" data-widget_type=\"tp-accordion.default\">\n\t\t\t\t<div class=\"elementor-widget-container\">\n\t\t\t\t\t\t\t<div class=\"theplus-accordion-wrapper elementor-accordion \" id=\"accordion69f44da6f05cf\" data-accordion-id=\"accordion69f44da6f05cf\" data-accordion-type=\"accordion\" data-toogle-speed=\"300\"   role=\"tablist\">\n\t\t\t\t\t\t\t\n\t\t\t\t<div class=\"theplus-accordion-item\">\n\t\t\t\t\t<div id=\"elementor-tab-title-1561\" class=\"elementor-tab-title plus-accordion-header 0\" tabindex=\"1561\" data-tab=\"1\" role=\"tab\" aria-controls=\"elementor-tab-content-1561\">\n\t\t\t\t\t\t<span class=\"elementor-accordion-icon elementor-accordion-icon-left\" aria-hidden=\"true\"><i class=\"elementor-accordion-icon-closed fa fa-plus\"><\/i><i class=\"elementor-accordion-icon-opened fa fa-minus\"><\/i><\/span><span style=\"width:100%\">BIOGRAF\u00cdA<\/span>\n\t\t\t\t\t<\/div>  \n\n\t\t\t\t\t\t\t\t\t\t\t<div id=\"elementor-tab-content-1561\" class=\"elementor-tab-content elementor-clearfix plus-accordion-content 0\" data-tab=\"1\" role=\"tabpanel\" aria-labelledby=\"elementor-tab-title-1561\">\n\t\t\t\t\t\t\t<div class=\"plus-content-editor\"><div id=\"elementor-tab-content-1881\" class=\"eael-accordion-content clearfix\" data-tab=\"1\" aria-labelledby=\"read-more\"><p>Sybil es candidata a doctorado en el CNRS\/ENS-PSL en Par\u00eds, Francia. Anteriormente, ha trabajado en c\u00f3mo interact\u00faan la forma y el significado en las lenguas de se\u00f1as. Actualmente, para su doctorado, se enfoca en la documentaci\u00f3n y descripci\u00f3n de lenguas de se\u00f1as ind\u00edgenas de Guatemala, como parte del proyecto <em>Significado, signo y gesto en Mesoam\u00e9rica<\/em>.<\/p><\/div><\/div>\n\t\t\t\t\t\t<\/div>\n\t\t\t\t\t\n\t\t\t\t<\/div>\n\n\t\t\t\t\t<\/div>\n\t\t\t\t\t\t<\/div>\n\t\t\t\t<\/div>\n\t\t\t\t<\/div>\n\t\t<div class=\"elementor-element elementor-element-fd530f6 e-con-full e-flex e-con e-child\" data-id=\"fd530f6\" data-element_type=\"container\">\n\t\t\t\t<div class=\"elementor-element elementor-element-e7b4150 elementor-widget elementor-widget-image\" data-id=\"e7b4150\" data-element_type=\"widget\" data-widget_type=\"image.default\">\n\t\t\t\t<div class=\"elementor-widget-container\">\n\t\t\t\t\t\t\t\t\t\t\t\t\t\t\t<img decoding=\"async\" src=\"https:\/\/idpacongress2025.com\/wp-content\/uploads\/elementor\/thumbs\/Jane-Baldwin-e1750116501889-r7eycy6o1onkrp9ieye39wfx13yr594vkoy4lih2uw.jpg\" title=\"Jane Baldwin\" alt=\"Jane Baldwin\" loading=\"lazy\" \/>\t\t\t\t\t\t\t\t\t\t\t\t\t\t\t<\/div>\n\t\t\t\t<\/div>\n\t\t\t\t<div class=\"elementor-element elementor-element-18e55c0 elementor-widget elementor-widget-text-editor\" data-id=\"18e55c0\" data-element_type=\"widget\" data-widget_type=\"text-editor.default\">\n\t\t\t\t<div class=\"elementor-widget-container\">\n\t\t\t\t\t\t\t\t\t<p style=\"font-weight: bold; font-size: 20px; color: #555; margin: 20px 0 5px; letter-spacing: 1px; text-transform: uppercase; text-align: center;\"><b>Jane Baldin<\/b><\/p><hr style=\"background: #777; width: 45px; height: 2px; margin: 6px auto; border: 0;\" \/><h2 style=\"color: #333; font-size: 15px; font-weight: normal; margin: 0 0 20px; text-transform: uppercase; letter-spacing: 1px; text-align: center;\">USA<\/h2>\t\t\t\t\t\t\t\t<\/div>\n\t\t\t\t<\/div>\n\t\t\t\t<div class=\"elementor-element elementor-element-5b01ab4 elementor-widget elementor-widget-tp-accordion\" data-id=\"5b01ab4\" data-element_type=\"widget\" data-widget_type=\"tp-accordion.default\">\n\t\t\t\t<div class=\"elementor-widget-container\">\n\t\t\t\t\t\t\t<div class=\"theplus-accordion-wrapper elementor-accordion \" id=\"accordion69f44da6f1e27\" data-accordion-id=\"accordion69f44da6f1e27\" data-accordion-type=\"accordion\" data-toogle-speed=\"300\"   role=\"tablist\">\n\t\t\t\t\t\t\t\n\t\t\t\t<div class=\"theplus-accordion-item\">\n\t\t\t\t\t<div id=\"elementor-tab-title-9541\" class=\"elementor-tab-title plus-accordion-header 0\" tabindex=\"9541\" data-tab=\"1\" role=\"tab\" aria-controls=\"elementor-tab-content-9541\">\n\t\t\t\t\t\t<span class=\"elementor-accordion-icon elementor-accordion-icon-left\" aria-hidden=\"true\"><i class=\"elementor-accordion-icon-closed fa fa-plus\"><\/i><i class=\"elementor-accordion-icon-opened fa fa-minus\"><\/i><\/span><span style=\"width:100%\">BIOGRAF\u00cdA<\/span>\n\t\t\t\t\t<\/div>  \n\n\t\t\t\t\t\t\t\t\t\t\t<div id=\"elementor-tab-content-9541\" class=\"elementor-tab-content elementor-clearfix plus-accordion-content 0\" data-tab=\"1\" role=\"tabpanel\" aria-labelledby=\"elementor-tab-title-9541\">\n\t\t\t\t\t\t\t<div class=\"plus-content-editor\"><div id=\"elementor-tab-content-1881\" class=\"eael-accordion-content clearfix\" data-tab=\"1\" aria-labelledby=\"read-more\"><p>La Dra. Baldwin es Profesora Asistente en el Departamento de Fisioterapia del MGH Institute of Health Professions (IHP). Tambi\u00e9n se desempe\u00f1a como coordinadora del Centro Marjorie Ionta de Fisioterapia para la Educaci\u00f3n Cl\u00ednica y la Promoci\u00f3n de la Salud, un centro donde los estudiantes, bajo la supervisi\u00f3n directa del profesorado, brindan servicios pro bono basados en evidencia tanto a adultos como a ni\u00f1os.<\/p><p>Obtuvo su licenciatura en Fisioterapia en Northeastern University y su Doctorado en Fisioterapia en Simmons University. La Dra. Baldwin ha ocupado numerosos cargos cl\u00ednicos y administrativos en diversos entornos, trabajando con adultos y ni\u00f1os con afecciones neurol\u00f3gicas.<\/p><p>Sus intereses de investigaci\u00f3n incluyen la educaci\u00f3n interprofesional, resultados en personas con enfermedades neurol\u00f3gicas cr\u00f3nicas, salud global\/aprendizaje a trav\u00e9s del servicio y la telesalud. Es Especialista Cl\u00ednica Certificada en Fisioterapia Neurol\u00f3gica por la Junta y Miembro de las Academias Nacionales de Pr\u00e1ctica (National Academies of Practice). Tambi\u00e9n es Entrenadora Cl\u00ednica Acreditada de Nivel 1.<\/p><p>Ha sido galardonada con el Premio Lucy Blair al Servicio otorgado por la APTA (American Physical Therapy Association), el Premio Presidencial al Servicio de la APTA de Massachusetts (APTAMA), as\u00ed como el m\u00e1ximo reconocimiento de APTAMA, el Premio Mary MacDonald al Servicio.<\/p><\/div><\/div>\n\t\t\t\t\t\t<\/div>\n\t\t\t\t\t\n\t\t\t\t<\/div>\n\n\t\t\t\t\t<\/div>\n\t\t\t\t\t\t<\/div>\n\t\t\t\t<\/div>\n\t\t\t\t<\/div>\n\t\t<div class=\"elementor-element elementor-element-4e31c40 e-con-full e-flex e-con e-child\" data-id=\"4e31c40\" data-element_type=\"container\">\n\t\t\t\t<div class=\"elementor-element elementor-element-3b2ad66 elementor-widget elementor-widget-image\" data-id=\"3b2ad66\" data-element_type=\"widget\" data-widget_type=\"image.default\">\n\t\t\t\t<div class=\"elementor-widget-container\">\n\t\t\t\t\t\t\t\t\t\t\t\t\t\t\t<img decoding=\"async\" src=\"https:\/\/idpacongress2025.com\/wp-content\/uploads\/elementor\/thumbs\/Laura-Vinci-de-Vanegas-scaled-e1750116653261-r7eygx24wi35sfhz8o5dswdzboejn8w2sc3xjkl8l4.jpg\" title=\"Laura Vinci de Vanegas\" alt=\"Laura Vinci de Vanegas\" loading=\"lazy\" \/>\t\t\t\t\t\t\t\t\t\t\t\t\t\t\t<\/div>\n\t\t\t\t<\/div>\n\t\t\t\t<div class=\"elementor-element elementor-element-cac00f7 elementor-widget elementor-widget-text-editor\" data-id=\"cac00f7\" data-element_type=\"widget\" data-widget_type=\"text-editor.default\">\n\t\t\t\t<div class=\"elementor-widget-container\">\n\t\t\t\t\t\t\t\t\t<p style=\"font-weight: bold; font-size: 20px; color: #555; margin: 20px 0 5px; letter-spacing: 1px; text-transform: uppercase; text-align: center;\">Laura Vinci de Vanegas<\/p><hr style=\"background: #777; width: 45px; height: 2px; margin: 6px auto; border: 0;\" \/><h2 style=\"color: #333; font-size: 15px; font-weight: normal; margin: 0 0 20px; text-transform: uppercase; letter-spacing: 1px; text-align: center;\">EEUU<\/h2>\t\t\t\t\t\t\t\t<\/div>\n\t\t\t\t<\/div>\n\t\t\t\t<div class=\"elementor-element elementor-element-5e88a95 elementor-widget elementor-widget-tp-accordion\" data-id=\"5e88a95\" data-element_type=\"widget\" data-widget_type=\"tp-accordion.default\">\n\t\t\t\t<div class=\"elementor-widget-container\">\n\t\t\t\t\t\t\t<div class=\"theplus-accordion-wrapper elementor-accordion \" id=\"accordion69f44da6f3681\" data-accordion-id=\"accordion69f44da6f3681\" data-accordion-type=\"accordion\" data-toogle-speed=\"300\"   role=\"tablist\">\n\t\t\t\t\t\t\t\n\t\t\t\t<div class=\"theplus-accordion-item\">\n\t\t\t\t\t<div id=\"elementor-tab-title-9911\" class=\"elementor-tab-title plus-accordion-header 0\" tabindex=\"9911\" data-tab=\"1\" role=\"tab\" aria-controls=\"elementor-tab-content-9911\">\n\t\t\t\t\t\t<span class=\"elementor-accordion-icon elementor-accordion-icon-left\" aria-hidden=\"true\"><i class=\"elementor-accordion-icon-closed fa fa-plus\"><\/i><i class=\"elementor-accordion-icon-opened fa fa-minus\"><\/i><\/span><span style=\"width:100%\">BIOGRAF\u00cdA<\/span>\n\t\t\t\t\t<\/div>  \n\n\t\t\t\t\t\t\t\t\t\t\t<div id=\"elementor-tab-content-9911\" class=\"elementor-tab-content elementor-clearfix plus-accordion-content 0\" data-tab=\"1\" role=\"tabpanel\" aria-labelledby=\"elementor-tab-title-9911\">\n\t\t\t\t\t\t\t<div class=\"plus-content-editor\"><div id=\"elementor-tab-content-1881\" class=\"eael-accordion-content clearfix\" data-tab=\"1\" aria-labelledby=\"read-more\"><p><span style=\"font-weight: 400\">Laura Vinci de Vanegas, is a former professional dancer who transitioned to a career in physical therapy, earning her Doctor of Physical Therapy (DPT) from the MGH Institute of Health Professions in Boston, MA. As a board-certified orthopedic clinical specialist and certified in the McKenzie method, Laura specializes in treating chronic pain and mechanical dysfunction. She possesses extensive expertise in managing neurological conditions, including stroke, spinal cord injury, and brain injury with an emphasis on community reintegration.<\/span><\/p><p><span style=\"font-weight: 400\">In addition to her clinical work, Laura is actively involved in research, focusing on the efficacy of telehealth physical therapy to improve access and outcomes for underserved populations. Laura serves as the Movement Health Access Program Director for Move Together, a non-profit organization whose mission is to improve access to rehabilitative medicine in rural communities and expand continuing education opportunities for local physical therapists in Guatemala.<\/span><\/p><\/div><\/div>\n\t\t\t\t\t\t<\/div>\n\t\t\t\t\t\n\t\t\t\t<\/div>\n\n\t\t\t\t\t<\/div>\n\t\t\t\t\t\t<\/div>\n\t\t\t\t<\/div>\n\t\t\t\t<\/div>\n\t\t<div class=\"elementor-element elementor-element-c65f2d7 e-con-full e-flex e-con e-child\" data-id=\"c65f2d7\" data-element_type=\"container\">\n\t\t\t\t<div class=\"elementor-element elementor-element-f458f72 elementor-widget elementor-widget-image\" data-id=\"f458f72\" data-element_type=\"widget\" data-widget_type=\"image.default\">\n\t\t\t\t<div class=\"elementor-widget-container\">\n\t\t\t\t\t\t\t\t\t\t\t\t\t\t\t<img decoding=\"async\" src=\"https:\/\/idpacongress2025.com\/wp-content\/uploads\/elementor\/thumbs\/Noe-Chan-e1750116867815-r7eymi7lj1qiszdsm33jmhmmg4v3eh2mvzpu8sazlk.jpg\" title=\"Noe Chan\" alt=\"Noe Chan\" loading=\"lazy\" \/>\t\t\t\t\t\t\t\t\t\t\t\t\t\t\t<\/div>\n\t\t\t\t<\/div>\n\t\t\t\t<div class=\"elementor-element elementor-element-a80b353 elementor-widget elementor-widget-text-editor\" data-id=\"a80b353\" data-element_type=\"widget\" data-widget_type=\"text-editor.default\">\n\t\t\t\t<div class=\"elementor-widget-container\">\n\t\t\t\t\t\t\t\t\t<p style=\"font-weight: bold; font-size: 20px; color: #555; margin: 20px 0 5px; letter-spacing: 1px; text-transform: uppercase; text-align: center;\">No\u00e9 Chan Xirum<\/p><hr style=\"background: #777; width: 45px; height: 2px; margin: 6px auto; border: 0;\" \/><h2 style=\"color: #333; font-size: 15px; font-weight: normal; margin: 0 0 20px; text-transform: uppercase; letter-spacing: 1px; text-align: center;\">guatemala<\/h2>\t\t\t\t\t\t\t\t<\/div>\n\t\t\t\t<\/div>\n\t\t\t\t<div class=\"elementor-element elementor-element-3a745ac elementor-widget elementor-widget-tp-accordion\" data-id=\"3a745ac\" data-element_type=\"widget\" data-widget_type=\"tp-accordion.default\">\n\t\t\t\t<div class=\"elementor-widget-container\">\n\t\t\t\t\t\t\t<div class=\"theplus-accordion-wrapper elementor-accordion \" id=\"accordion69f44da700d44\" data-accordion-id=\"accordion69f44da700d44\" data-accordion-type=\"accordion\" data-toogle-speed=\"300\"   role=\"tablist\">\n\t\t\t\t\t\t\t\n\t\t\t\t<div class=\"theplus-accordion-item\">\n\t\t\t\t\t<div id=\"elementor-tab-title-6121\" class=\"elementor-tab-title plus-accordion-header 0\" tabindex=\"6121\" data-tab=\"1\" role=\"tab\" aria-controls=\"elementor-tab-content-6121\">\n\t\t\t\t\t\t<span class=\"elementor-accordion-icon elementor-accordion-icon-left\" aria-hidden=\"true\"><i class=\"elementor-accordion-icon-closed fa fa-plus\"><\/i><i class=\"elementor-accordion-icon-opened fa fa-minus\"><\/i><\/span><span style=\"width:100%\">BIOGRAF\u00cdA<\/span>\n\t\t\t\t\t<\/div>  \n\n\t\t\t\t\t\t\t\t\t\t\t<div id=\"elementor-tab-content-6121\" class=\"elementor-tab-content elementor-clearfix plus-accordion-content 0\" data-tab=\"1\" role=\"tabpanel\" aria-labelledby=\"elementor-tab-title-6121\">\n\t\t\t\t\t\t\t<div class=\"plus-content-editor\"><div id=\"elementor-tab-content-1881\" class=\"eael-accordion-content clearfix\" data-tab=\"1\" aria-labelledby=\"read-more\"><p>No\u00e9 Chan Xirum es Licenciado en Fisioterapia por la Universidad Rafael Land\u00edvar, sede Quetzaltenango. Con m\u00e1s de nueve a\u00f1os de experiencia en diversas \u00e1reas de la fisioterapia, ha construido una s\u00f3lida trayectoria profesional en entornos comunitarios, hospitalarios y de rehabilitaci\u00f3n integral.<\/p><p>Su experiencia incluye trabajo como fisioterapeuta comunitario en cl\u00ednicas m\u00f3viles y servicios hospitalarios gestionados por organizaciones no gubernamentales en la aldea Montellano, Mazatenango. Tambi\u00e9n ha trabajado en la cl\u00ednica comunitaria de la aldea Lemoa, en Santa Cruz del Quich\u00e9. Una parte fundamental de su labor ha sido su participaci\u00f3n en el proyecto de Rehabilitaci\u00f3n Basada en la Comunidad (RBC) en Chichicastenango, donde ha trabajado de cerca con promotores locales, capacitando a miembros de la comunidad en el cuidado, inclusi\u00f3n y rehabilitaci\u00f3n de personas con discapacidad.<\/p><p>No\u00e9 tambi\u00e9n es fundador del centro de rehabilitaci\u00f3n FisioAvanza, ubicado en Chichicastenango, el cual ofrece atenci\u00f3n especializada y accesible a la poblaci\u00f3n local. Adem\u00e1s, forma parte de la junta directiva del Hospital y Cl\u00ednica Comunitaria Ezell, donde contribuye a mejorar los servicios de salud comunitaria de forma sostenible y con un enfoque humano.<\/p><p>Su pr\u00e1ctica profesional se distingue por ser inclusiva, solidaria y comprometida con el bienestar integral de cada persona. Promueve la fisioterapia no solo como una herramienta para la recuperaci\u00f3n f\u00edsica, sino tambi\u00e9n como un medio para la educaci\u00f3n y el empoderamiento de las personas con discapacidad. Est\u00e1 firmemente comprometido con educar a la poblaci\u00f3n sobre su condici\u00f3n y con utilizar eficientemente los recursos humanos y materiales disponibles para promover su desarrollo, inclusi\u00f3n y autonom\u00eda dentro de la comunidad.<\/p><\/div><\/div>\n\t\t\t\t\t\t<\/div>\n\t\t\t\t\t\n\t\t\t\t<\/div>\n\n\t\t\t\t\t<\/div>\n\t\t\t\t\t\t<\/div>\n\t\t\t\t<\/div>\n\t\t\t\t<\/div>\n\t\t<div class=\"elementor-element elementor-element-990242c e-con-full e-flex e-con e-child\" data-id=\"990242c\" data-element_type=\"container\">\n\t\t\t\t<div class=\"elementor-element elementor-element-3da2854 elementor-widget elementor-widget-image\" data-id=\"3da2854\" data-element_type=\"widget\" data-widget_type=\"image.default\">\n\t\t\t\t<div class=\"elementor-widget-container\">\n\t\t\t\t\t\t\t\t\t\t\t\t\t\t\t<img decoding=\"async\" src=\"https:\/\/idpacongress2025.com\/wp-content\/uploads\/elementor\/thumbs\/Natalia-Davila-e1750116968474-r7eyp55apbchdljw7q4v4bo6g1v5zwjix1lvpqe854.jpg\" title=\"Natalia Davila\" alt=\"Natalia Davila\" loading=\"lazy\" \/>\t\t\t\t\t\t\t\t\t\t\t\t\t\t\t<\/div>\n\t\t\t\t<\/div>\n\t\t\t\t<div class=\"elementor-element elementor-element-efebae9 elementor-widget elementor-widget-text-editor\" data-id=\"efebae9\" data-element_type=\"widget\" data-widget_type=\"text-editor.default\">\n\t\t\t\t<div class=\"elementor-widget-container\">\n\t\t\t\t\t\t\t\t\t<p style=\"font-weight: bold; font-size: 20px; color: #555; margin: 20px 0 5px; letter-spacing: 1px; text-transform: uppercase; text-align: center;\">Natalia D\u00e1vila<\/p><hr style=\"background: #777; width: 45px; height: 2px; margin: 6px auto; border: 0;\" \/><h2 style=\"color: #333; font-size: 15px; font-weight: normal; margin: 0 0 20px; text-transform: uppercase; letter-spacing: 1px; text-align: center;\">guatemala<\/h2>\t\t\t\t\t\t\t\t<\/div>\n\t\t\t\t<\/div>\n\t\t\t\t<div class=\"elementor-element elementor-element-b60a0ec elementor-widget elementor-widget-tp-accordion\" data-id=\"b60a0ec\" data-element_type=\"widget\" data-widget_type=\"tp-accordion.default\">\n\t\t\t\t<div class=\"elementor-widget-container\">\n\t\t\t\t\t\t\t<div class=\"theplus-accordion-wrapper elementor-accordion \" id=\"accordion69f44da70257f\" data-accordion-id=\"accordion69f44da70257f\" data-accordion-type=\"accordion\" data-toogle-speed=\"300\"   role=\"tablist\">\n\t\t\t\t\t\t\t\n\t\t\t\t<div class=\"theplus-accordion-item\">\n\t\t\t\t\t<div id=\"elementor-tab-title-1901\" class=\"elementor-tab-title plus-accordion-header 0\" tabindex=\"1901\" data-tab=\"1\" role=\"tab\" aria-controls=\"elementor-tab-content-1901\">\n\t\t\t\t\t\t<span class=\"elementor-accordion-icon elementor-accordion-icon-left\" aria-hidden=\"true\"><i class=\"elementor-accordion-icon-closed fa fa-plus\"><\/i><i class=\"elementor-accordion-icon-opened fa fa-minus\"><\/i><\/span><span style=\"width:100%\">BIOGRAF\u00cdA<\/span>\n\t\t\t\t\t<\/div>  \n\n\t\t\t\t\t\t\t\t\t\t\t<div id=\"elementor-tab-content-1901\" class=\"elementor-tab-content elementor-clearfix plus-accordion-content 0\" data-tab=\"1\" role=\"tabpanel\" aria-labelledby=\"elementor-tab-title-1901\">\n\t\t\t\t\t\t\t<div class=\"plus-content-editor\"><div id=\"elementor-tab-content-1881\" class=\"eael-accordion-content clearfix\" data-tab=\"1\" aria-labelledby=\"read-more\"><p>Natalia D\u00e1vila es Licenciada en Fisioterapia con especializaci\u00f3n en Terapia Manual Funcional aplicada a ortopedia, traumatolog\u00eda y optimizaci\u00f3n deportiva. Actualmente trabaja en el Centro Cl\u00ednico de Rehabilitaci\u00f3n F\u00edsica Kineo y brinda atenci\u00f3n domiciliaria de forma independiente en la Ciudad de Guatemala, Guatemala.<\/p><p>Est\u00e1 cursando una certificaci\u00f3n en Terapia Manual Funcional del Institute of Physical Arts (IPA). Adem\u00e1s, se desempe\u00f1a como L\u00edder de Equipo en Guatemala para MoveTogether Guatemala, una organizaci\u00f3n sin fines de lucro cuya misi\u00f3n es aumentar el acceso a los servicios de rehabilitaci\u00f3n. Como parte de este trabajo, Natalia organiza actividades y programas en comunidades necesitadas junto a fisioterapeutas y estudiantes de todo el pa\u00eds.<\/p><\/div><\/div>\n\t\t\t\t\t\t<\/div>\n\t\t\t\t\t\n\t\t\t\t<\/div>\n\n\t\t\t\t\t<\/div>\n\t\t\t\t\t\t<\/div>\n\t\t\t\t<\/div>\n\t\t\t\t<\/div>\n\t\t<div class=\"elementor-element elementor-element-5a948b3 e-con-full e-flex e-con e-child\" data-id=\"5a948b3\" data-element_type=\"container\">\n\t\t\t\t<div class=\"elementor-element elementor-element-cedc292 elementor-widget elementor-widget-image\" data-id=\"cedc292\" data-element_type=\"widget\" data-widget_type=\"image.default\">\n\t\t\t\t<div class=\"elementor-widget-container\">\n\t\t\t\t\t\t\t\t\t\t\t\t\t\t\t<img decoding=\"async\" src=\"https:\/\/idpacongress2025.com\/wp-content\/uploads\/elementor\/thumbs\/Lana-Garcia-e1750465215101-r7lz9vukqwmhlbu5zm38paw1viwd9t3hdxr9dihvaw.jpg\" title=\"Lana Garc\u00eda\" alt=\"Lana Garc\u00eda\" loading=\"lazy\" \/>\t\t\t\t\t\t\t\t\t\t\t\t\t\t\t<\/div>\n\t\t\t\t<\/div>\n\t\t\t\t<div class=\"elementor-element elementor-element-1118bb0 elementor-widget elementor-widget-text-editor\" data-id=\"1118bb0\" data-element_type=\"widget\" data-widget_type=\"text-editor.default\">\n\t\t\t\t<div class=\"elementor-widget-container\">\n\t\t\t\t\t\t\t\t\t<p style=\"font-weight: bold; font-size: 20px; color: #555; margin: 20px 0 5px; letter-spacing: 1px; text-transform: uppercase; text-align: center;\">Lana Garcia<\/p><hr style=\"background: #777; width: 45px; height: 2px; margin: 6px auto; border: 0;\" \/><h2 style=\"color: #333; font-size: 15px; font-weight: normal; margin: 0 0 20px; text-transform: uppercase; letter-spacing: 1px; text-align: center;\">EEUU<\/h2>\t\t\t\t\t\t\t\t<\/div>\n\t\t\t\t<\/div>\n\t\t\t\t<div class=\"elementor-element elementor-element-1626959 elementor-widget elementor-widget-tp-accordion\" data-id=\"1626959\" data-element_type=\"widget\" data-widget_type=\"tp-accordion.default\">\n\t\t\t\t<div class=\"elementor-widget-container\">\n\t\t\t\t\t\t\t<div class=\"theplus-accordion-wrapper elementor-accordion \" id=\"accordion69f44da703c80\" data-accordion-id=\"accordion69f44da703c80\" data-accordion-type=\"accordion\" data-toogle-speed=\"300\"   role=\"tablist\">\n\t\t\t\t\t\t\t\n\t\t\t\t<div class=\"theplus-accordion-item\">\n\t\t\t\t\t<div id=\"elementor-tab-title-2321\" class=\"elementor-tab-title plus-accordion-header 0\" tabindex=\"2321\" data-tab=\"1\" role=\"tab\" aria-controls=\"elementor-tab-content-2321\">\n\t\t\t\t\t\t<span class=\"elementor-accordion-icon elementor-accordion-icon-left\" aria-hidden=\"true\"><i class=\"elementor-accordion-icon-closed fa fa-plus\"><\/i><i class=\"elementor-accordion-icon-opened fa fa-minus\"><\/i><\/span><span style=\"width:100%\">BIOGRAF\u00cdA<\/span>\n\t\t\t\t\t<\/div>  \n\n\t\t\t\t\t\t\t\t\t\t\t<div id=\"elementor-tab-content-2321\" class=\"elementor-tab-content elementor-clearfix plus-accordion-content 0\" data-tab=\"1\" role=\"tabpanel\" aria-labelledby=\"elementor-tab-title-2321\">\n\t\t\t\t\t\t\t<div class=\"plus-content-editor\"><div id=\"elementor-tab-content-1881\" class=\"eael-accordion-content clearfix\" data-tab=\"1\" aria-labelledby=\"read-more\"><p>Lana Garcia es miembro tribal del Pueblo de J\u00e9mez, ubicado en Jemez Pueblo, Nuevo M\u00e9xico. Es egresada de Emmanuel College, promoci\u00f3n de 1999. Lana es hablante del idioma j\u00e9mez y trabaja con dedicaci\u00f3n para asegurar que los ni\u00f1os peque\u00f1os del Pueblo de J\u00e9mez aprendan y conserven su lengua y cultura.<\/p><p>Como defensora comprometida de todos los ni\u00f1os y familias ind\u00edgenas americanas y nativo-alaskenses, Lana ha formado parte de juntas y consejos asesores a nivel nacional y estatal, promoviendo la importancia del idioma y la cultura dentro de los programas tribales de Head Start en todo el pa\u00eds.<\/p><p>Se uni\u00f3 a la familia Head Start en 2007 y actualmente supervisa los programas de Head Start y Cuidado Infantil. Walatowa Head Start est\u00e1 entrando en su duod\u00e9cimo a\u00f1o de implementaci\u00f3n total por inmersi\u00f3n ling\u00fc\u00edstica, y el programa de cuidado infantil inici\u00f3 tambi\u00e9n la inmersi\u00f3n total en el idioma en el oto\u00f1o de 2021.<\/p><p>La Administraci\u00f3n Obama reconoci\u00f3 a Walatowa Head Start por su labor en la preservaci\u00f3n del idioma con el Premio al Educador del A\u00f1o en 2016.<\/p><p>Lana vive en su comunidad junto a su esposo, Andrew Garcia, y sus tres hijos: Ava (23 a\u00f1os), Marissa (20 a\u00f1os) y Koda (7 a\u00f1os).<\/p><\/div><\/div>\n\t\t\t\t\t\t<\/div>\n\t\t\t\t\t\n\t\t\t\t<\/div>\n\n\t\t\t\t\t<\/div>\n\t\t\t\t\t\t<\/div>\n\t\t\t\t<\/div>\n\t\t\t\t<\/div>\n\t\t<div class=\"elementor-element elementor-element-69e349c e-con-full e-flex e-con e-child\" data-id=\"69e349c\" data-element_type=\"container\">\n\t\t\t\t<div class=\"elementor-element elementor-element-6b41183 elementor-widget elementor-widget-image\" data-id=\"6b41183\" data-element_type=\"widget\" data-widget_type=\"image.default\">\n\t\t\t\t<div class=\"elementor-widget-container\">\n\t\t\t\t\t\t\t\t\t\t\t\t\t\t\t<img decoding=\"async\" src=\"https:\/\/idpacongress2025.com\/wp-content\/uploads\/elementor\/thumbs\/Dra.-Dina-Elias-e1750465395855-r7lzel1ix323n50ejn836470svqfrbr6176nrbj06w.jpg\" title=\"Dra. Dina El\u00edas\" alt=\"Dra. Dina El\u00edas\" loading=\"lazy\" \/>\t\t\t\t\t\t\t\t\t\t\t\t\t\t\t<\/div>\n\t\t\t\t<\/div>\n\t\t\t\t<div class=\"elementor-element elementor-element-e09343c elementor-widget elementor-widget-text-editor\" data-id=\"e09343c\" data-element_type=\"widget\" data-widget_type=\"text-editor.default\">\n\t\t\t\t<div class=\"elementor-widget-container\">\n\t\t\t\t\t\t\t\t\t<p style=\"font-weight: bold; font-size: 20px; color: #555; margin: 20px 0 5px; letter-spacing: 1px; text-transform: uppercase; text-align: center;\">Dina Elias Rodas<\/p><hr style=\"background: #777; width: 45px; height: 2px; margin: 6px auto; border: 0;\" \/><h2 style=\"color: #333; font-size: 15px; font-weight: normal; margin: 0 0 20px; text-transform: uppercase; letter-spacing: 1px; text-align: center;\">guatemala<\/h2>\t\t\t\t\t\t\t\t<\/div>\n\t\t\t\t<\/div>\n\t\t\t\t<div class=\"elementor-element elementor-element-862e5c1 elementor-widget elementor-widget-tp-accordion\" data-id=\"862e5c1\" data-element_type=\"widget\" data-widget_type=\"tp-accordion.default\">\n\t\t\t\t<div class=\"elementor-widget-container\">\n\t\t\t\t\t\t\t<div class=\"theplus-accordion-wrapper elementor-accordion \" id=\"accordion69f44da7053ad\" data-accordion-id=\"accordion69f44da7053ad\" data-accordion-type=\"accordion\" data-toogle-speed=\"300\"   role=\"tablist\">\n\t\t\t\t\t\t\t\n\t\t\t\t<div class=\"theplus-accordion-item\">\n\t\t\t\t\t<div id=\"elementor-tab-title-1401\" class=\"elementor-tab-title plus-accordion-header 0\" tabindex=\"1401\" data-tab=\"1\" role=\"tab\" aria-controls=\"elementor-tab-content-1401\">\n\t\t\t\t\t\t<span class=\"elementor-accordion-icon elementor-accordion-icon-left\" aria-hidden=\"true\"><i class=\"elementor-accordion-icon-closed fa fa-plus\"><\/i><i class=\"elementor-accordion-icon-opened fa fa-minus\"><\/i><\/span><span style=\"width:100%\">BIOGRAF\u00cdA<\/span>\n\t\t\t\t\t<\/div>  \n\n\t\t\t\t\t\t\t\t\t\t\t<div id=\"elementor-tab-content-1401\" class=\"elementor-tab-content elementor-clearfix plus-accordion-content 0\" data-tab=\"1\" role=\"tabpanel\" aria-labelledby=\"elementor-tab-title-1401\">\n\t\t\t\t\t\t\t<div class=\"plus-content-editor\"><div id=\"elementor-tab-content-1881\" class=\"eael-accordion-content clearfix\" data-tab=\"1\" aria-labelledby=\"read-more\"><p>La Dra. Dina El\u00edas ejerce como psic\u00f3loga cl\u00ednica y social-comunitaria, docente e<br \/>investigadora. Tiene m\u00e1s de veinte a\u00f1os de experiencia profesional. Ha formado parte de<br \/>distintas universidades e instituciones en Guatemala y Estados Unidos, entre ellas:<\/p><ul><li>Universidad del Valle de Guatemala. Directora del Depto. De Psicolog\u00eda. Docencia en<br \/>programas de Licenciatura en Psicolog\u00eda y posgrados en Consejer\u00eda Psicol\u00f3gica y<br \/>Salud Mental y Consejer\u00eda Comunitaria y Doctorado en Psicolog\u00eda Aplicada.<\/li><li>Universidad Rafael Land\u00edvar. Investigadora del Instituto de Investigaci\u00f3n y<br \/>Proyecci\u00f3n sobre Diversidad Sociocultural e Interculturalidad-ILI.<\/li><li>Universidad de Miami, Florida. Docente, supervisora y coordinadora de pr\u00e1ctica de la<br \/>Licenciatura y maestr\u00eda.<\/li><li>Universidad San Carlos de Guatemala. Docencia y revisi\u00f3n de investigaci\u00f3n.<\/li><li>Facultad Latinoamericana de Ciencias Sociales, FLACSO. Programa de Maestr\u00eda en<br \/>Psicolog\u00eda Social y Violencia<\/li><li>Instituto de Compromiso Comunitario (Anteriormente, Centro de Investigaci\u00f3n<br \/>Aplicada y Evaluaci\u00f3n, Wichita State University, Kansas. Iniciativas como el Proyecto<br \/>de prevenci\u00f3n de violencia contra las mujeres Delta, administrado por la Coalici\u00f3n de<br \/>Kansas Contra la Violencia Sexual y Dom\u00e9stica y Centro para el Control y Prevenci\u00f3n<br \/>de las Enfermedades, CDC (por sus siglas en ingl\u00e9s), la Asociaci\u00f3n para el<br \/>empoderamiento Juvenil de Wichita y la Iniciativa Cita y noviazgo seguro para<br \/>prevenir la violencia de pareja en j\u00f3venes.<\/li><li>Centro de Salud Mental del Este Central de Kansas.<\/li><\/ul><\/div><\/div>\n\t\t\t\t\t\t<\/div>\n\t\t\t\t\t\n\t\t\t\t<\/div>\n\n\t\t\t\t\t<\/div>\n\t\t\t\t\t\t<\/div>\n\t\t\t\t<\/div>\n\t\t\t\t<\/div>\n\t\t<div class=\"elementor-element elementor-element-73cd652 e-con-full e-flex e-con e-child\" data-id=\"73cd652\" data-element_type=\"container\">\n\t\t\t\t<div class=\"elementor-element elementor-element-ce33aeb elementor-widget elementor-widget-image\" data-id=\"ce33aeb\" data-element_type=\"widget\" data-widget_type=\"image.default\">\n\t\t\t\t<div class=\"elementor-widget-container\">\n\t\t\t\t\t\t\t\t\t\t\t\t\t\t\t<img decoding=\"async\" src=\"https:\/\/idpacongress2025.com\/wp-content\/uploads\/elementor\/thumbs\/Nataly-Domico-Murillo-e1750704886810-r7qt3pbagp3tvg09q38q5nwb74wpf37a39h8i1ysoo.jpg\" title=\"Nataly Domic\u00f3 Murillo\" alt=\"Nataly Domic\u00f3 Murillo\" loading=\"lazy\" \/>\t\t\t\t\t\t\t\t\t\t\t\t\t\t\t<\/div>\n\t\t\t\t<\/div>\n\t\t\t\t<div class=\"elementor-element elementor-element-033eed7 elementor-widget elementor-widget-text-editor\" data-id=\"033eed7\" data-element_type=\"widget\" data-widget_type=\"text-editor.default\">\n\t\t\t\t<div class=\"elementor-widget-container\">\n\t\t\t\t\t\t\t\t\t<p style=\"font-weight: bold; font-size: 20px; color: #555; margin: 20px 0 5px; letter-spacing: 1px; text-transform: uppercase; text-align: center;\">Nataly Domic\u00f3 Murillo<\/p><hr style=\"background: #777; width: 45px; height: 2px; margin: 6px auto; border: 0;\" \/><h2 style=\"color: #333; font-size: 15px; font-weight: normal; margin: 0 0 20px; text-transform: uppercase; letter-spacing: 1px; text-align: center;\">COLOmBIA<\/h2>\t\t\t\t\t\t\t\t<\/div>\n\t\t\t\t<\/div>\n\t\t\t\t<div class=\"elementor-element elementor-element-d0479a3 elementor-widget elementor-widget-tp-accordion\" data-id=\"d0479a3\" data-element_type=\"widget\" data-widget_type=\"tp-accordion.default\">\n\t\t\t\t<div class=\"elementor-widget-container\">\n\t\t\t\t\t\t\t<div class=\"theplus-accordion-wrapper elementor-accordion \" id=\"accordion69f44da706b72\" data-accordion-id=\"accordion69f44da706b72\" data-accordion-type=\"accordion\" data-toogle-speed=\"300\"   role=\"tablist\">\n\t\t\t\t\t\t\t\n\t\t\t\t<div class=\"theplus-accordion-item\">\n\t\t\t\t\t<div id=\"elementor-tab-title-2181\" class=\"elementor-tab-title plus-accordion-header 0\" tabindex=\"2181\" data-tab=\"1\" role=\"tab\" aria-controls=\"elementor-tab-content-2181\">\n\t\t\t\t\t\t<span class=\"elementor-accordion-icon elementor-accordion-icon-left\" aria-hidden=\"true\"><i class=\"elementor-accordion-icon-closed fa fa-plus\"><\/i><i class=\"elementor-accordion-icon-opened fa fa-minus\"><\/i><\/span><span style=\"width:100%\">BIOGRAF\u00cdA<\/span>\n\t\t\t\t\t<\/div>  \n\n\t\t\t\t\t\t\t\t\t\t\t<div id=\"elementor-tab-content-2181\" class=\"elementor-tab-content elementor-clearfix plus-accordion-content 0\" data-tab=\"1\" role=\"tabpanel\" aria-labelledby=\"elementor-tab-title-2181\">\n\t\t\t\t\t\t\t<div class=\"plus-content-editor\"><div id=\"elementor-tab-content-1881\" class=\"eael-accordion-content clearfix\" data-tab=\"1\" aria-labelledby=\"read-more\"><p>Ind\u00edgena del Pueblo Embera Eyabida (Colombia): Es Licenciada en Pedagog\u00eda Infantil de la Universidad de Antioquia, magister Educaci\u00f3n con \u00e9nfasis en diversidad cultural, es poeta, investigadora y ambientalista. Ha escrito poes\u00eda para la comisi\u00f3n de la verdad, su experiencia laboral y comunitaria se ha centrado en la conservaci\u00f3n de la biodiversidad, los sitios sagrados y los conocimientos ancestrales de las comunidades \u00e9tnicas.<\/p><p>Ha realizado investigaciones acad\u00e9micas sobre la importancia ecol\u00f3gica de los sitios sagrados, la protecci\u00f3n territorial y cultural. Se destaca por la creaci\u00f3n de materiales pedag\u00f3gicos y did\u00e1cticos interculturales. Dentro de sus publicaciones se encuentran:<\/p><p>1. Los esp\u00edritus no mueren (y cuatro poemas ma\u0301s) del Libro Recuerdo mi Origen<\/p><p>2. Una mirada a la Comisi\u00f3n de la Verdad de Colombia. Aprendizajes, reflexiones y siete desafi\u0301os contempor\u00e1neos. Escritora del cap\u00edtulo: Sanar y volver al origen desde el Arte y la Cultura; caminos posibles para una paz verdadera.<\/p><p>3. Guardianas de la sabidur\u00eda: Pedagog\u00eda de los cantos ancestrales del pueblo Embera Eyabida.<\/p><p>4. Sitios Sagrados: tejido espiritual del origen Embera.<\/p><\/div><\/div>\n\t\t\t\t\t\t<\/div>\n\t\t\t\t\t\n\t\t\t\t<\/div>\n\n\t\t\t\t\t<\/div>\n\t\t\t\t\t\t<\/div>\n\t\t\t\t<\/div>\n\t\t\t\t<\/div>\n\t\t<div class=\"elementor-element elementor-element-0569778 e-con-full e-flex e-con e-child\" data-id=\"0569778\" data-element_type=\"container\">\n\t\t\t\t<div class=\"elementor-element elementor-element-50746e4 elementor-widget elementor-widget-image\" data-id=\"50746e4\" data-element_type=\"widget\" data-widget_type=\"image.default\">\n\t\t\t\t<div class=\"elementor-widget-container\">\n\t\t\t\t\t\t\t\t\t\t\t\t\t\t\t<img decoding=\"async\" src=\"https:\/\/idpacongress2025.com\/wp-content\/uploads\/elementor\/thumbs\/Cally-photo-r7qtci2wfv5gk185ce5zzxyndzjeh34tmtbv8ax4fs.jpg\" title=\"Cally photo\" alt=\"Cally photo\" loading=\"lazy\" \/>\t\t\t\t\t\t\t\t\t\t\t\t\t\t\t<\/div>\n\t\t\t\t<\/div>\n\t\t\t\t<div class=\"elementor-element elementor-element-7cb5745 elementor-widget elementor-widget-text-editor\" data-id=\"7cb5745\" data-element_type=\"widget\" data-widget_type=\"text-editor.default\">\n\t\t\t\t<div class=\"elementor-widget-container\">\n\t\t\t\t\t\t\t\t\t<p style=\"font-weight: bold; font-size: 20px; color: #555; margin: 20px 0 5px; letter-spacing: 1px; text-transform: uppercase; text-align: center;\">Cally Tann<\/p><hr style=\"background: #777; width: 45px; height: 2px; margin: 6px auto; border: 0;\" \/><h2 style=\"color: #333; font-size: 15px; font-weight: normal; margin: 0 0 20px; text-transform: uppercase; letter-spacing: 1px; text-align: center;\">Sud\u00e1frica<\/h2>\t\t\t\t\t\t\t\t<\/div>\n\t\t\t\t<\/div>\n\t\t\t\t<div class=\"elementor-element elementor-element-d1da0ff elementor-widget elementor-widget-tp-accordion\" data-id=\"d1da0ff\" data-element_type=\"widget\" data-widget_type=\"tp-accordion.default\">\n\t\t\t\t<div class=\"elementor-widget-container\">\n\t\t\t\t\t\t\t<div class=\"theplus-accordion-wrapper elementor-accordion \" id=\"accordion69f44da7082c8\" data-accordion-id=\"accordion69f44da7082c8\" data-accordion-type=\"accordion\" data-toogle-speed=\"300\"   role=\"tablist\">\n\t\t\t\t\t\t\t\n\t\t\t\t<div class=\"theplus-accordion-item\">\n\t\t\t\t\t<div id=\"elementor-tab-title-2201\" class=\"elementor-tab-title plus-accordion-header 0\" tabindex=\"2201\" data-tab=\"1\" role=\"tab\" aria-controls=\"elementor-tab-content-2201\">\n\t\t\t\t\t\t<span class=\"elementor-accordion-icon elementor-accordion-icon-left\" aria-hidden=\"true\"><i class=\"elementor-accordion-icon-closed fa fa-plus\"><\/i><i class=\"elementor-accordion-icon-opened fa fa-minus\"><\/i><\/span><span style=\"width:100%\">BIOGRAF\u00cdA<\/span>\n\t\t\t\t\t<\/div>  \n\n\t\t\t\t\t\t\t\t\t\t\t<div id=\"elementor-tab-content-2201\" class=\"elementor-tab-content elementor-clearfix plus-accordion-content 0\" data-tab=\"1\" role=\"tabpanel\" aria-labelledby=\"elementor-tab-title-2201\">\n\t\t\t\t\t\t\t<div class=\"plus-content-editor\"><div id=\"elementor-tab-content-1881\" class=\"eael-accordion-content clearfix\" data-tab=\"1\" aria-labelledby=\"read-more\"><p>Cally es Profesora de Medicina Neonatal y Salud Infantil Internacional en la London School of Hygiene &amp; Tropical Medicine, y Neonat\u00f3loga Consultora en la University College London. Nacida en Sud\u00e1frica y formada en el Reino Unido, es pediatra especializada en los riesgos e impactos de las condiciones neonatales comunes en el desarrollo cerebral, as\u00ed como en c\u00f3mo brindar el mejor apoyo posible a ni\u00f1os con discapacidades del desarrollo y a sus familias, especialmente en \u00c1frica.<\/p><p>Es cofundadora de Baby Ubuntu, un programa participativo de crianza grupal co-dise\u00f1ado con madres y padres expertos, que promueve la participaci\u00f3n e inclusi\u00f3n de ni\u00f1os con discapacidades del desarrollo y sus familias, fortaleciendo las habilidades de las personas cuidadoras, su agencia y el bienestar y calidad de vida de los ni\u00f1os.<\/p><p>Cally tambi\u00e9n brinda asesor\u00eda t\u00e9cnica a la Organizaci\u00f3n Mundial de la Salud (OMS) en intervenciones tempranas para ni\u00f1os con discapacidades del desarrollo, y a la Fundaci\u00f3n Gates en la elaboraci\u00f3n de estrategias de intervenci\u00f3n temprana para lesiones cerebrales en reci\u00e9n nacidos.<\/p><\/div><\/div>\n\t\t\t\t\t\t<\/div>\n\t\t\t\t\t\n\t\t\t\t<\/div>\n\n\t\t\t\t\t<\/div>\n\t\t\t\t\t\t<\/div>\n\t\t\t\t<\/div>\n\t\t\t\t<\/div>\n\t\t<div class=\"elementor-element elementor-element-424c84b e-con-full e-flex e-con e-child\" data-id=\"424c84b\" data-element_type=\"container\">\n\t\t\t\t<div class=\"elementor-element elementor-element-cd5badf elementor-widget elementor-widget-image\" data-id=\"cd5badf\" data-element_type=\"widget\" data-widget_type=\"image.default\">\n\t\t\t\t<div class=\"elementor-widget-container\">\n\t\t\t\t\t\t\t\t\t\t\t\t\t\t\t<img decoding=\"async\" src=\"https:\/\/idpacongress2025.com\/wp-content\/uploads\/elementor\/thumbs\/MMazariegos-e1750797173231-r7so1bisg5ouktwk95rnl3sl1m7oq07pprcgt37bug.jpg\" title=\"MMazariegos\" alt=\"MMazariegos\" loading=\"lazy\" \/>\t\t\t\t\t\t\t\t\t\t\t\t\t\t\t<\/div>\n\t\t\t\t<\/div>\n\t\t\t\t<div class=\"elementor-element elementor-element-5624e5b elementor-widget elementor-widget-text-editor\" data-id=\"5624e5b\" data-element_type=\"widget\" data-widget_type=\"text-editor.default\">\n\t\t\t\t<div class=\"elementor-widget-container\">\n\t\t\t\t\t\t\t\t\t<p style=\"font-weight: bold; font-size: 20px; color: #555; margin: 20px 0 5px; letter-spacing: 1px; text-transform: uppercase; text-align: center;\">Monica Mazariegos<\/p><hr style=\"background: #777; width: 45px; height: 2px; margin: 6px auto; border: 0;\" \/><h2 style=\"color: #333; font-size: 15px; font-weight: normal; margin: 0 0 20px; text-transform: uppercase; letter-spacing: 1px; text-align: center;\">guatemala<\/h2>\t\t\t\t\t\t\t\t<\/div>\n\t\t\t\t<\/div>\n\t\t\t\t<div class=\"elementor-element elementor-element-a581507 elementor-widget elementor-widget-tp-accordion\" data-id=\"a581507\" data-element_type=\"widget\" data-widget_type=\"tp-accordion.default\">\n\t\t\t\t<div class=\"elementor-widget-container\">\n\t\t\t\t\t\t\t<div class=\"theplus-accordion-wrapper elementor-accordion \" id=\"accordion69f44da7099b3\" data-accordion-id=\"accordion69f44da7099b3\" data-accordion-type=\"accordion\" data-toogle-speed=\"300\"   role=\"tablist\">\n\t\t\t\t\t\t\t\n\t\t\t\t<div class=\"theplus-accordion-item\">\n\t\t\t\t\t<div id=\"elementor-tab-title-1731\" class=\"elementor-tab-title plus-accordion-header 0\" tabindex=\"1731\" data-tab=\"1\" role=\"tab\" aria-controls=\"elementor-tab-content-1731\">\n\t\t\t\t\t\t<span class=\"elementor-accordion-icon elementor-accordion-icon-left\" aria-hidden=\"true\"><i class=\"elementor-accordion-icon-closed fa fa-plus\"><\/i><i class=\"elementor-accordion-icon-opened fa fa-minus\"><\/i><\/span><span style=\"width:100%\">BIOGRAF\u00cdA<\/span>\n\t\t\t\t\t<\/div>  \n\n\t\t\t\t\t\t\t\t\t\t\t<div id=\"elementor-tab-content-1731\" class=\"elementor-tab-content elementor-clearfix plus-accordion-content 0\" data-tab=\"1\" role=\"tabpanel\" aria-labelledby=\"elementor-tab-title-1731\">\n\t\t\t\t\t\t\t<div class=\"plus-content-editor\"><div id=\"elementor-tab-content-1881\" class=\"eael-accordion-content clearfix\" data-tab=\"1\" aria-labelledby=\"read-more\"><p><span style=\"font-weight: 400\">La Dra. M\u00f3nica Mazariegos es investigadora del Centro de Investigaci\u00f3n para la Prevenci\u00f3n de Enfermedades Cr\u00f3nicas (CIIPEC) del Instituto de Nutrici\u00f3n de Centroam\u00e9rica y Panam\u00e1 (INCAP). Obtuvo el grado de Doctora en Ciencias en Nutrici\u00f3n Poblacional por el Instituto Nacional de Salud P\u00fablica (INSP) de M\u00e9xico. Fue reconocida recientemente como Global Health Fellow por el consorcio Vanderbilt-Emory-Cornell-Duke y, en 2023, como Investigadora Joven del A\u00f1o por la Red Interamericana de Academias de Ciencias (IANAS).<\/span><\/p><p><span style=\"font-weight: 400\">Con m\u00e1s de 15 a\u00f1os de trayectoria en epidemiolog\u00eda nutricional, se especializa en identificar y analizar desaf\u00edos de salud a lo largo del curso de vida, aplicando an\u00e1lisis de datos longitudinales complejos y enfoques multinivel en salud poblacional. Su investigaci\u00f3n abarca la epidemiolog\u00eda de todas las formas de malnutrici\u00f3n, el dise\u00f1o y la evaluaci\u00f3n de pol\u00edticas de nutrici\u00f3n y salud, la salud materno-infantil, la salud reproductiva y el embarazo a lo largo de la vida, as\u00ed como los determinantes sociales y urbanos de la obesidad y la diabetes.<\/span><\/p><p><span style=\"font-weight: 400\">La Dra. Mazariegos es autora de m\u00e1s de 30 publicaciones arbitradas y contin\u00faa generando evidencia para impulsar soluciones que mejoren la salud de la poblaci\u00f3n.<\/span><\/p><\/div><\/div>\n\t\t\t\t\t\t<\/div>\n\t\t\t\t\t\n\t\t\t\t<\/div>\n\n\t\t\t\t\t<\/div>\n\t\t\t\t\t\t<\/div>\n\t\t\t\t<\/div>\n\t\t\t\t<\/div>\n\t\t<div class=\"elementor-element elementor-element-c5e4b63 e-con-full e-flex e-con e-child\" data-id=\"c5e4b63\" data-element_type=\"container\">\n\t\t\t\t<div class=\"elementor-element elementor-element-63066de elementor-widget elementor-widget-image\" data-id=\"63066de\" data-element_type=\"widget\" data-widget_type=\"image.default\">\n\t\t\t\t<div class=\"elementor-widget-container\">\n\t\t\t\t\t\t\t\t\t\t\t\t\t\t\t<img decoding=\"async\" src=\"https:\/\/idpacongress2025.com\/wp-content\/uploads\/elementor\/thumbs\/Adriana-Gidi--r8uuprd7xbmtnt6mit6qavbdy7zojhw32snxla77aw.jpg\" title=\"Adriana Gidi\" alt=\"Adriana Gidi\" loading=\"lazy\" \/>\t\t\t\t\t\t\t\t\t\t\t\t\t\t\t<\/div>\n\t\t\t\t<\/div>\n\t\t\t\t<div class=\"elementor-element elementor-element-da7d80f elementor-widget elementor-widget-text-editor\" data-id=\"da7d80f\" data-element_type=\"widget\" data-widget_type=\"text-editor.default\">\n\t\t\t\t<div class=\"elementor-widget-container\">\n\t\t\t\t\t\t\t\t\t<p style=\"font-weight: bold; font-size: 20px; color: #555; margin: 20px 0 5px; letter-spacing: 1px; text-transform: uppercase; text-align: center;\">Adriana Gidi<\/p><hr style=\"background: #777; width: 45px; height: 2px; margin: 6px auto; border: 0;\" \/><h2 style=\"color: #333; font-size: 15px; font-weight: normal; margin: 0 0 20px; text-transform: uppercase; letter-spacing: 1px; text-align: center;\">M\u00e9XICO<\/h2>\t\t\t\t\t\t\t\t<\/div>\n\t\t\t\t<\/div>\n\t\t\t\t<div class=\"elementor-element elementor-element-b3b9121 elementor-widget elementor-widget-tp-accordion\" data-id=\"b3b9121\" data-element_type=\"widget\" data-widget_type=\"tp-accordion.default\">\n\t\t\t\t<div class=\"elementor-widget-container\">\n\t\t\t\t\t\t\t<div class=\"theplus-accordion-wrapper elementor-accordion \" id=\"accordion69f44da70b159\" data-accordion-id=\"accordion69f44da70b159\" data-accordion-type=\"accordion\" data-toogle-speed=\"300\"   role=\"tablist\">\n\t\t\t\t\t\t\t\n\t\t\t\t<div class=\"theplus-accordion-item\">\n\t\t\t\t\t<div id=\"elementor-tab-title-1881\" class=\"elementor-tab-title plus-accordion-header 0\" tabindex=\"1881\" data-tab=\"1\" role=\"tab\" aria-controls=\"elementor-tab-content-1881\">\n\t\t\t\t\t\t<span class=\"elementor-accordion-icon elementor-accordion-icon-left\" aria-hidden=\"true\"><i class=\"elementor-accordion-icon-closed fa fa-plus\"><\/i><i class=\"elementor-accordion-icon-opened fa fa-minus\"><\/i><\/span><span style=\"width:100%\">BIOGRAF\u00cdA<\/span>\n\t\t\t\t\t<\/div>  \n\n\t\t\t\t\t\t\t\t\t\t\t<div id=\"elementor-tab-content-1881\" class=\"elementor-tab-content elementor-clearfix plus-accordion-content 0\" data-tab=\"1\" role=\"tabpanel\" aria-labelledby=\"elementor-tab-title-1881\">\n\t\t\t\t\t\t\t<div class=\"plus-content-editor\"><div id=\"elementor-tab-content-1881\" class=\"eael-accordion-content clearfix\" data-tab=\"1\" aria-labelledby=\"read-more\"><p data-start=\"154\" data-end=\"759\">Adriana Gidi es Directora Asociada del Centro de Primera Infancia del Tecnol\u00f3gico de Monterrey y Fundaci\u00f3n FEMSA, donde lidera la estrategia y ejecuci\u00f3n del Centro, cuya misi\u00f3n es impulsar el aprendizaje, desarrollo y bienestar de la primera infancia en M\u00e9xico y Am\u00e9rica Latina. Bajo su liderazgo, el Centro trabaja con el objetivo de convertirse en un referente nacional e internacional, enfocado en generar y divulgar conocimiento cient\u00edfico, formar y vincular actores clave del ecosistema, y promover programas y pol\u00edticas innovadoras que puedan escalar y generar un impacto significativo en la regi\u00f3n.<\/p><p data-start=\"761\" data-end=\"1091\">Adriana forma parte del Sistema de Protecci\u00f3n Integral de Ni\u00f1as, Ni\u00f1os y Adolescentes (SIPINNA) del municipio de Monterrey y de la Comisi\u00f3n de Educaci\u00f3n del Consejo Nuevo Le\u00f3n, donde contribuye al dise\u00f1o, implementaci\u00f3n y evaluaci\u00f3n de pol\u00edticas p\u00fablicas orientadas a garantizar los derechos y el bienestar de la primera infancia.<\/p><p data-start=\"1093\" data-end=\"1464\">Con una trayectoria de m\u00e1s de 10 a\u00f1os en el Tecnol\u00f3gico de Monterrey, Adriana ha desempe\u00f1ado roles clave que han impulsado la innovaci\u00f3n y el impacto institucional. En el per\u00edodo de 2019 a 2023, se desempe\u00f1\u00f3 como Directora de Relaciones Internacionales Estrat\u00e9gicas, donde impuls\u00f3 iniciativas de alto impacto que han fortalecido las relaciones globales de la instituci\u00f3n.<\/p><p data-start=\"1466\" data-end=\"2006\">Antes de su carrera en el \u00e1mbito acad\u00e9mico, Adriana ocup\u00f3 diversas posiciones en el Gobierno Federal de M\u00e9xico entre 2010 y 2015. En ProM\u00e9xico, dirigi\u00f3 cinco oficinas en el extranjero (India, Singapur, Malasia, Medio Oriente y Melbourne), fortaleciendo la presencia de M\u00e9xico en mercados estrat\u00e9gicos. Tambi\u00e9n desempe\u00f1\u00f3 roles de liderazgo en la Secretar\u00eda de Medio Ambiente y Recursos Naturales como Asesora del Secretario, y en la Procuradur\u00eda Federal de Protecci\u00f3n al Medio Ambiente (PROFEPA) como Coordinadora de Asesores del Procurador.<\/p><p data-start=\"2008\" data-end=\"2212\">Adriana es Licenciada en Negocios Internacionales por el Tecnol\u00f3gico de Monterrey, Campus Monterrey, y cuenta con una Maestr\u00eda en Marketing por la Escuela de Negocios del Tecnol\u00f3gico de Monterrey (EGADE).<\/p><\/div><\/div>\n\t\t\t\t\t\t<\/div>\n\t\t\t\t\t\n\t\t\t\t<\/div>\n\n\t\t\t\t\t<\/div>\n\t\t\t\t\t\t<\/div>\n\t\t\t\t<\/div>\n\t\t\t\t<\/div>\n\t\t<div class=\"elementor-element elementor-element-cb84ad5 e-con-full e-flex e-con e-child\" data-id=\"cb84ad5\" data-element_type=\"container\">\n\t\t\t\t<div class=\"elementor-element elementor-element-7e11bea elementor-widget elementor-widget-image\" data-id=\"7e11bea\" data-element_type=\"widget\" data-widget_type=\"image.default\">\n\t\t\t\t<div class=\"elementor-widget-container\">\n\t\t\t\t\t\t\t\t\t\t\t\t\t\t\t<img decoding=\"async\" src=\"https:\/\/idpacongress2025.com\/wp-content\/uploads\/elementor\/thumbs\/Daniel-Guarcax-r93m7f0fujer9zjxs7xmgsyz2rjo5r01xz7lwm37i0.jpg\" title=\"Daniel Guarcax\" alt=\"Daniel Guarcax\" loading=\"lazy\" \/>\t\t\t\t\t\t\t\t\t\t\t\t\t\t\t<\/div>\n\t\t\t\t<\/div>\n\t\t\t\t<div class=\"elementor-element elementor-element-9b6f305 elementor-widget elementor-widget-text-editor\" data-id=\"9b6f305\" data-element_type=\"widget\" data-widget_type=\"text-editor.default\">\n\t\t\t\t<div class=\"elementor-widget-container\">\n\t\t\t\t\t\t\t\t\t<p style=\"font-weight: bold; font-size: 20px; color: #555; margin: 20px 0 5px; letter-spacing: 1px; text-transform: uppercase; text-align: center;\">DANIEL GUARCAX<\/p><hr style=\"background: #777; width: 45px; height: 2px; margin: 6px auto; border: 0;\" \/><h2 style=\"color: #333; font-size: 15px; font-weight: normal; margin: 0 0 20px; text-transform: uppercase; letter-spacing: 1px; text-align: center;\">GUATEMALA<\/h2>\t\t\t\t\t\t\t\t<\/div>\n\t\t\t\t<\/div>\n\t\t\t\t<div class=\"elementor-element elementor-element-cf2de05 elementor-widget elementor-widget-tp-accordion\" data-id=\"cf2de05\" data-element_type=\"widget\" data-widget_type=\"tp-accordion.default\">\n\t\t\t\t<div class=\"elementor-widget-container\">\n\t\t\t\t\t\t\t<div class=\"theplus-accordion-wrapper elementor-accordion \" id=\"accordion69f44da70c9f7\" data-accordion-id=\"accordion69f44da70c9f7\" data-accordion-type=\"accordion\" data-toogle-speed=\"300\"   role=\"tablist\">\n\t\t\t\t\t\t\t\n\t\t\t\t<div class=\"theplus-accordion-item\">\n\t\t\t\t\t<div id=\"elementor-tab-title-2171\" class=\"elementor-tab-title plus-accordion-header 0\" tabindex=\"2171\" data-tab=\"1\" role=\"tab\" aria-controls=\"elementor-tab-content-2171\">\n\t\t\t\t\t\t<span class=\"elementor-accordion-icon elementor-accordion-icon-left\" aria-hidden=\"true\"><i class=\"elementor-accordion-icon-closed fa fa-plus\"><\/i><i class=\"elementor-accordion-icon-opened fa fa-minus\"><\/i><\/span><span style=\"width:100%\">BIOGRAF\u00cdA<\/span>\n\t\t\t\t\t<\/div>  \n\n\t\t\t\t\t\t\t\t\t\t\t<div id=\"elementor-tab-content-2171\" class=\"elementor-tab-content elementor-clearfix plus-accordion-content 0\" data-tab=\"1\" role=\"tabpanel\" aria-labelledby=\"elementor-tab-title-2171\">\n\t\t\t\t\t\t\t<div class=\"plus-content-editor\"><div id=\"elementor-tab-content-1881\" class=\"eael-accordion-content clearfix\" data-tab=\"1\" aria-labelledby=\"read-more\"><p><span style=\"font-weight: 400\">M\u00fasico, danzante, gestor y promotor cultural y de proyectos, de identidad maya kaqchikel, sus principales acciones las ha desarrollado en colectivo con el grupo art\u00edstico Sotz\u2019il y Centro cultural Sotz\u2019il Jay de Guatemala, en diferentes procesos de investigaci\u00f3n, creaci\u00f3n y fomento del arte y la cultura maya. Tambi\u00e9n ha participado en otros proyectos de investigaci\u00f3n hist\u00f3rica con equipos multidisciplinarios en el Departamento de Investigaciones del Centro Universitario de Solol\u00e1, de la Universidad de San Carlos de Guatemala, y en investigaciones sociales a nivel acad\u00e9mico.\u00a0<\/span><\/p><p><span style=\"font-weight: 400\">Ha sido parte de la divulgaci\u00f3n de los resultados del trabajo art\u00edstico y cultural del Grupo Sotz\u2019il a nivel nacional e internacional con diversos p\u00fablicos y en diferentes pa\u00edses, tales como: Per\u00fa, Brasil, Venezuela, Chile, Costa Rica, San Salvador, Honduras, M\u00e9xico, Estados Unidos, Noruega, Inglaterra, Italia, Francia y Jap\u00f3n., en distintos eventos y espacios como universidades, festivales art\u00edsticos, talleres, encuentros culturales, foros, laboratorios creativos, exposiciones, residencias, ferias, etc. Reivindicando y fomentando el conocimiento ancestral.\u00a0<\/span><\/p><p><span style=\"font-weight: 400\">A nivel acad\u00e9mico posee el t\u00edtulo de licenciatura en Trabajo Social otorgado por la Universidad de San Carlos de Guatemala.\u00a0<\/span><\/p><\/div><\/div>\n\t\t\t\t\t\t<\/div>\n\t\t\t\t\t\n\t\t\t\t<\/div>\n\n\t\t\t\t\t<\/div>\n\t\t\t\t\t\t<\/div>\n\t\t\t\t<\/div>\n\t\t\t\t<\/div>\n\t\t<div class=\"elementor-element elementor-element-7f481f6 e-con-full e-flex e-con e-child\" data-id=\"7f481f6\" data-element_type=\"container\">\n\t\t\t\t<div class=\"elementor-element elementor-element-2723cac elementor-widget elementor-widget-image\" data-id=\"2723cac\" data-element_type=\"widget\" data-widget_type=\"image.default\">\n\t\t\t\t<div class=\"elementor-widget-container\">\n\t\t\t\t\t\t\t\t\t\t\t\t\t\t\t<img decoding=\"async\" src=\"https:\/\/idpacongress2025.com\/wp-content\/uploads\/elementor\/thumbs\/Therdpong-Thongseiratch-e1753305150888-r9770ou6t1hj69nmd7gg53s6xh0noxnj6cj91ccwc8.jpg\" title=\"Therdpong Thongseiratch\" alt=\"Therdpong Thongseiratch\" loading=\"lazy\" \/>\t\t\t\t\t\t\t\t\t\t\t\t\t\t\t<\/div>\n\t\t\t\t<\/div>\n\t\t\t\t<div class=\"elementor-element elementor-element-e70fb17 elementor-widget elementor-widget-text-editor\" data-id=\"e70fb17\" data-element_type=\"widget\" data-widget_type=\"text-editor.default\">\n\t\t\t\t<div class=\"elementor-widget-container\">\n\t\t\t\t\t\t\t\t\t<p style=\"font-weight: bold; font-size: 20px; color: #555; margin: 20px 0 5px; letter-spacing: 1px; text-transform: uppercase; text-align: center;\">Therdpong Thongseiratch<\/p><hr style=\"background: #777; width: 45px; height: 2px; margin: 6px auto; border: 0;\" \/><h2 style=\"color: #333; font-size: 15px; font-weight: normal; margin: 0 0 20px; text-transform: uppercase; letter-spacing: 1px; text-align: center;\">tailandia<\/h2>\t\t\t\t\t\t\t\t<\/div>\n\t\t\t\t<\/div>\n\t\t\t\t<div class=\"elementor-element elementor-element-c037b80 elementor-widget elementor-widget-tp-accordion\" data-id=\"c037b80\" data-element_type=\"widget\" data-widget_type=\"tp-accordion.default\">\n\t\t\t\t<div class=\"elementor-widget-container\">\n\t\t\t\t\t\t\t<div class=\"theplus-accordion-wrapper elementor-accordion \" id=\"accordion69f44da70e26c\" data-accordion-id=\"accordion69f44da70e26c\" data-accordion-type=\"accordion\" data-toogle-speed=\"300\"   role=\"tablist\">\n\t\t\t\t\t\t\t\n\t\t\t\t<div class=\"theplus-accordion-item\">\n\t\t\t\t\t<div id=\"elementor-tab-title-2011\" class=\"elementor-tab-title plus-accordion-header 0\" tabindex=\"2011\" data-tab=\"1\" role=\"tab\" aria-controls=\"elementor-tab-content-2011\">\n\t\t\t\t\t\t<span class=\"elementor-accordion-icon elementor-accordion-icon-left\" aria-hidden=\"true\"><i class=\"elementor-accordion-icon-closed fa fa-plus\"><\/i><i class=\"elementor-accordion-icon-opened fa fa-minus\"><\/i><\/span><span style=\"width:100%\">BIOGRAF\u00cdA<\/span>\n\t\t\t\t\t<\/div>  \n\n\t\t\t\t\t\t\t\t\t\t\t<div id=\"elementor-tab-content-2011\" class=\"elementor-tab-content elementor-clearfix plus-accordion-content 0\" data-tab=\"1\" role=\"tabpanel\" aria-labelledby=\"elementor-tab-title-2011\">\n\t\t\t\t\t\t\t<div class=\"plus-content-editor\"><div id=\"elementor-tab-content-1881\" class=\"eael-accordion-content clearfix\" data-tab=\"1\" aria-labelledby=\"read-more\"><p>El Dr. Therdpong Thongseiratch, MD, MSc, es Profesor Asociado de Pediatr\u00eda y Director del Centro de Investigaci\u00f3n e Innovaci\u00f3n en Educaci\u00f3n de Profesiones de la Salud (CHERI) en el Hospital Ramathibodi, Universidad Mahidol.<\/p><p>La trayectoria de Therdpong integra atenci\u00f3n cl\u00ednica, liderazgo educativo y ciencia de implementaci\u00f3n. Tras una d\u00e9cada como docente en pediatr\u00eda del desarrollo y la conducta en la Universidad Prince of Songkla, se desempe\u00f1\u00f3 como Vicedecano de Recursos Humanos (2019\u20132024), liderando el desarrollo docente y la reforma organizacional, y dirigi\u00f3 el Equipo Multidisciplinario de Evaluaci\u00f3n y Atenci\u00f3n para la Mejora de la Calidad en TDAH del Hospital Songklanagarind.<\/p><p>Como acad\u00e9mico activo, Therdpong ha publicado m\u00e1s de 25 art\u00edculos revisados por pares, incluyendo revisiones sistem\u00e1ticas, metaan\u00e1lisis en red y estudios de mejora de la calidad, sobre temas como TDAH, vacunaci\u00f3n contra el VPH, apoyo digital a la crianza y uso de pantallas t\u00e1ctiles. Su trabajo ha sido publicado en revistas como European Child &amp; Adolescent Psychiatry, BMJ Paediatrics Open, Frontiers in Public Health y Medical Education. Combina principios de econom\u00eda conductual y pensamiento de dise\u00f1o para desarrollar intervenciones apoyadas en tecnolog\u00eda que mejoran la salud infantil.<\/p><p>Su misi\u00f3n es aprovechar la investigaci\u00f3n, la innovaci\u00f3n y la atenci\u00f3n compasiva para mejorar la vida de los ni\u00f1os en Tailandia y m\u00e1s all\u00e1.<\/p><\/div><\/div>\n\t\t\t\t\t\t<\/div>\n\t\t\t\t\t\n\t\t\t\t<\/div>\n\n\t\t\t\t\t<\/div>\n\t\t\t\t\t\t<\/div>\n\t\t\t\t<\/div>\n\t\t\t\t<\/div>\n\t\t<div class=\"elementor-element elementor-element-ee58062 e-con-full e-flex e-con e-child\" data-id=\"ee58062\" data-element_type=\"container\">\n\t\t\t\t<div class=\"elementor-element elementor-element-a3cd100 elementor-widget elementor-widget-image\" data-id=\"a3cd100\" data-element_type=\"widget\" data-widget_type=\"image.default\">\n\t\t\t\t<div class=\"elementor-widget-container\">\n\t\t\t\t\t\t\t\t\t\t\t\t\t\t\t<img decoding=\"async\" src=\"https:\/\/idpacongress2025.com\/wp-content\/uploads\/elementor\/thumbs\/Manuel-Perez-Jimenez-r9esxzauv0um81kxcsybxn4ztnyzlkakz7dvsux9yw.jpg\" title=\"Manuel P\u00e9rez Jim\u00e9nez\" alt=\"Manuel P\u00e9rez Jim\u00e9nez\" loading=\"lazy\" \/>\t\t\t\t\t\t\t\t\t\t\t\t\t\t\t<\/div>\n\t\t\t\t<\/div>\n\t\t\t\t<div class=\"elementor-element elementor-element-d783453 elementor-widget elementor-widget-text-editor\" data-id=\"d783453\" data-element_type=\"widget\" data-widget_type=\"text-editor.default\">\n\t\t\t\t<div class=\"elementor-widget-container\">\n\t\t\t\t\t\t\t\t\t<p style=\"font-weight: bold; font-size: 20px; color: #555; margin: 20px 0 5px; letter-spacing: 1px; text-transform: uppercase; text-align: center;\">Manuel P\u00e9rez Jim\u00e9nez<\/p><hr style=\"background: #777; width: 45px; height: 2px; margin: 6px auto; border: 0;\" \/><h2 style=\"color: #333; font-size: 15px; font-weight: normal; margin: 0 0 20px; text-transform: uppercase; letter-spacing: 1px; text-align: center;\">M\u00c9XICO<\/h2>\t\t\t\t\t\t\t\t<\/div>\n\t\t\t\t<\/div>\n\t\t\t\t<div class=\"elementor-element elementor-element-d1b97f4 elementor-widget elementor-widget-tp-accordion\" data-id=\"d1b97f4\" data-element_type=\"widget\" data-widget_type=\"tp-accordion.default\">\n\t\t\t\t<div class=\"elementor-widget-container\">\n\t\t\t\t\t\t\t<div class=\"theplus-accordion-wrapper elementor-accordion \" id=\"accordion69f44da70fa90\" data-accordion-id=\"accordion69f44da70fa90\" data-accordion-type=\"accordion\" data-toogle-speed=\"300\"   role=\"tablist\">\n\t\t\t\t\t\t\t\n\t\t\t\t<div class=\"theplus-accordion-item\">\n\t\t\t\t\t<div id=\"elementor-tab-title-2191\" class=\"elementor-tab-title plus-accordion-header 0\" tabindex=\"2191\" data-tab=\"1\" role=\"tab\" aria-controls=\"elementor-tab-content-2191\">\n\t\t\t\t\t\t<span class=\"elementor-accordion-icon elementor-accordion-icon-left\" aria-hidden=\"true\"><i class=\"elementor-accordion-icon-closed fa fa-plus\"><\/i><i class=\"elementor-accordion-icon-opened fa fa-minus\"><\/i><\/span><span style=\"width:100%\">BIOGRAF\u00cdA<\/span>\n\t\t\t\t\t<\/div>  \n\n\t\t\t\t\t\t\t\t\t\t\t<div id=\"elementor-tab-content-2191\" class=\"elementor-tab-content elementor-clearfix plus-accordion-content 0\" data-tab=\"1\" role=\"tabpanel\" aria-labelledby=\"elementor-tab-title-2191\">\n\t\t\t\t\t\t\t<div class=\"plus-content-editor\"><div id=\"elementor-tab-content-1881\" class=\"eael-accordion-content clearfix\" data-tab=\"1\" aria-labelledby=\"read-more\"><p><span style=\"font-weight: 400\">El Dr. Manuel P\u00e9rez, es originario del Puerto de Veracruz, M\u00e9xico.<\/span><\/p><p><span style=\"font-weight: 400\">Es Director del Centro para la Primera Infancia del Tecnol\u00f3gico de Monterrey y la Fundaci\u00f3n FEMSA desde Agosto de 2023<\/span><\/p><p><span style=\"font-weight: 400\">Fue Decano de la Escuela de Medicina y Ciencias de la Salud para las Regiones Monterrey y Chihuahua desde Marzo de 2017 y Julio 2023 respectivamente, hasta Mayo 2025<\/span><\/p><p><span style=\"font-weight: 400\">Es Consejero de Cl\u00ednica Nova desde Noviembre de 2017.<\/span><\/p><p><span style=\"font-weight: 400\">Es miembro del grupo consultivo en Salud Global de APRU desde Diciembre de 2020 y del comit\u00e9 de direcci\u00f3n en Salud P\u00fablica de WUN desde Octubre 2020.<\/span><\/p><p><span style=\"font-weight: 400\">Fue Chairman de Medicina en el per\u00edodo 2019 \u2013 2022 para el consorcio Universitas 21 en el grupo de ciencias de la salud. Y actualmente, Past Chairman y miembro em\u00e9rito del comit\u00e9 ejecutivo del mismo grupo universitario.<\/span><\/p><p><span style=\"font-weight: 400\">Fue l\u00edder de vacunaci\u00f3n COVID-19 para la iniciativa de regreso conciente, en el Tecnol\u00f3gico de Monterrey en el per\u00edodo Diciembre 2020 a Junio 2022 logrando vincular los esfuerzos con gobierno federal (Secretar\u00eda de Bienestar) y gobierno estatal (Secretar\u00eda de Salud en Nuevo Le\u00f3n), dise\u00f1ando el protocolo de vacunaci\u00f3n y liderando la implementaci\u00f3n en los Campus del Tecnol\u00f3gico de Monterrey y Tec Milenio, para alcanzar m\u00e1s de 750,000 vacunados en la instituci\u00f3n y en la comunidad del Estado de Nuevo Le\u00f3n.<\/span><\/p><p><span style=\"font-weight: 400\">Fue consejero del EGEL de Ceneval en Medicina de 2011 a 2015.<\/span><\/p><p><span style=\"font-weight: 400\">Fue Chairman en el per\u00edodo 2010 \u2013 2013 de la iniciativa \u201cObjetivos del Milenio de la ONU\u201d para el consorcio Universitas 21 en el grupo de ciencias de la salud.<\/span><\/p><p><span style=\"font-weight: 400\">Fue Director del \u00c1rea de Pregrado y de la Carrera Medicina en la Escuela de Medicina del Tecnol\u00f3gico de Monterrey desde Agosto del 2007 y Diciembre 2007 respectivamente, para la sede de Monterrey. Desde Mayo 2014 su responsabilidad se extiendi\u00f3 a la Escuela Nacional de Medicina en lo referente al \u00e1rea de Pregrado.<\/span><\/p><p><span style=\"font-weight: 400\">Fue miembro del Consejo ciudadano para el desarrollo social del gobierno del Estado de Nuevo Le\u00f3n de 2006 a 2009.<\/span><\/p><p><span style=\"font-weight: 400\">El Dr. P\u00e9rez Jim\u00e9nez se gradu\u00f3 de la carrera de M\u00e9dico Cirujano en 1991 en el mismo Tecnol\u00f3gico de Monterrey, haciendo su servicio social como investigador en el Instituto de Ciencias Biol\u00f3gicas de la UNAM ubicado en la reserva ecol\u00f3gica de Balzapote, Veracruz. Posteriormente termin\u00f3 su Especialidad en Pediatr\u00eda, en el Hospital San Jos\u00e9 del Tecnol\u00f3gico de Monterrey donde fungi\u00f3 como Jefe de Residentes en el \u00faltimo a\u00f1o de entrenamiento y se gradu\u00f3 con menci\u00f3n honor\u00edfica de excelencia.\u00a0<\/span><\/p><p><span style=\"font-weight: 400\">Adicionalmente obtuvo un grado de Mag\u00edster en Patolog\u00eda Infecciosa e Infectolog\u00eda en la Universidad Complutense de Madrid, Espa\u00f1a. As\u00ed mismo complet\u00f3 el entrenamiento en Salud Global por la George Washington University en Washington DC, EUA y el entrenamiento en Aprendizaje Basado en Problemas por la Universidad de Maastricht en Holanda. Recientemente se capacit\u00f3 en Aprendizaje Basado en Retos por la misma Universidad de Maastricht en Holanda.<\/span><\/p><p><span style=\"font-weight: 400\">El Dr. P\u00e9rez Jim\u00e9nez desempe\u00f1a su pr\u00e1ctica privada desde 1997 como Pediatra en Monterrey, donde ha ganado reputaci\u00f3n y prestigio regional. Desde 2012 es miembro del Instituto de Pediatr\u00eda del Tecnol\u00f3gico de Monterrey.\u00a0<\/span><\/p><p><span style=\"font-weight: 400\">Pertenece a 5 asociaciones profesionales en su \u00e1rea de especialidad adem\u00e1s de ser miembro del Colegio de Profesores de Pediatr\u00eda y ha sido invitado a dar m\u00e1s de 95 ponencias en foros nacionales e internacionales.<\/span><\/p><p>\u00a0<\/p><p><span style=\"font-weight: 400\">Ha sido profesor de las c\u00e1tedras de Proped\u00e9utica, Pediatr\u00eda, Pediatr\u00eda hospitalaria, Pediatr\u00eda ambulatoria, Introducci\u00f3n a la vida profesional y Salud Global en la Escuela de Medicina del Tecnol\u00f3gico de Monterrey. Adem\u00e1s ha colaborado en el redise\u00f1o curricular de la carrera de M\u00e9dico Cirujano en 2005, 2011 y actualmente, es responsable en la implementaci\u00f3n del Modelo TEC 21 para las carreras de la Escuela de Medicina y Ciencias de la Salud en la Regi\u00f3n Monterrey.\u00a0<\/span><\/p><p><span style=\"font-weight: 400\">Tambi\u00e9n fue responsable del proceso de re acreditaci\u00f3n por COMAEM en 2012, 2017 y 2022 para el programa de M\u00e9dico Cirujano de esta misma instituci\u00f3n.<\/span><\/p><\/div><\/div>\n\t\t\t\t\t\t<\/div>\n\t\t\t\t\t\n\t\t\t\t<\/div>\n\n\t\t\t\t\t<\/div>\n\t\t\t\t\t\t<\/div>\n\t\t\t\t<\/div>\n\t\t\t\t<\/div>\n\t\t<div class=\"elementor-element elementor-element-3fbdf3b e-con-full e-flex e-con e-child\" data-id=\"3fbdf3b\" data-element_type=\"container\">\n\t\t\t\t<div class=\"elementor-element elementor-element-9508391 elementor-widget elementor-widget-image\" data-id=\"9508391\" data-element_type=\"widget\" data-widget_type=\"image.default\">\n\t\t\t\t<div class=\"elementor-widget-container\">\n\t\t\t\t\t\t\t\t\t\t\t\t\t\t\t<img decoding=\"async\" src=\"https:\/\/idpacongress2025.com\/wp-content\/uploads\/elementor\/thumbs\/Melissa-Gladstone-e1754273485753-r9qpby9fuad6reb2vjatwgmt9l1esxg7mvi84ym3so.jpg\" title=\"Melissa Gladstone\" alt=\"Melissa Gladstone\" loading=\"lazy\" \/>\t\t\t\t\t\t\t\t\t\t\t\t\t\t\t<\/div>\n\t\t\t\t<\/div>\n\t\t\t\t<div class=\"elementor-element elementor-element-c01da8d elementor-widget elementor-widget-text-editor\" data-id=\"c01da8d\" data-element_type=\"widget\" data-widget_type=\"text-editor.default\">\n\t\t\t\t<div class=\"elementor-widget-container\">\n\t\t\t\t\t\t\t\t\t<p style=\"font-weight: bold; font-size: 20px; color: #555; margin: 20px 0 5px; letter-spacing: 1px; text-transform: uppercase; text-align: center;\">Melissa Gladstone<\/p><hr style=\"background: #777; width: 45px; height: 2px; margin: 6px auto; border: 0;\" \/><h2 style=\"color: #333; font-size: 15px; font-weight: normal; margin: 0 0 20px; text-transform: uppercase; letter-spacing: 1px; text-align: center;\">inglaterra<\/h2>\t\t\t\t\t\t\t\t<\/div>\n\t\t\t\t<\/div>\n\t\t\t\t<div class=\"elementor-element elementor-element-c4983d2 elementor-widget elementor-widget-tp-accordion\" data-id=\"c4983d2\" data-element_type=\"widget\" data-widget_type=\"tp-accordion.default\">\n\t\t\t\t<div class=\"elementor-widget-container\">\n\t\t\t\t\t\t\t<div class=\"theplus-accordion-wrapper elementor-accordion \" id=\"accordion69f44da7113ff\" data-accordion-id=\"accordion69f44da7113ff\" data-accordion-type=\"accordion\" data-toogle-speed=\"300\"   role=\"tablist\">\n\t\t\t\t\t\t\t\n\t\t\t\t<div class=\"theplus-accordion-item\">\n\t\t\t\t\t<div id=\"elementor-tab-title-2061\" class=\"elementor-tab-title plus-accordion-header 0\" tabindex=\"2061\" data-tab=\"1\" role=\"tab\" aria-controls=\"elementor-tab-content-2061\">\n\t\t\t\t\t\t<span class=\"elementor-accordion-icon elementor-accordion-icon-left\" aria-hidden=\"true\"><i class=\"elementor-accordion-icon-closed fa fa-plus\"><\/i><i class=\"elementor-accordion-icon-opened fa fa-minus\"><\/i><\/span><span style=\"width:100%\">BIOGRAF\u00cdA<\/span>\n\t\t\t\t\t<\/div>  \n\n\t\t\t\t\t\t\t\t\t\t\t<div id=\"elementor-tab-content-2061\" class=\"elementor-tab-content elementor-clearfix plus-accordion-content 0\" data-tab=\"1\" role=\"tabpanel\" aria-labelledby=\"elementor-tab-title-2061\">\n\t\t\t\t\t\t\t<div class=\"plus-content-editor\"><div id=\"elementor-tab-content-1881\" class=\"eael-accordion-content clearfix\" data-tab=\"1\" aria-labelledby=\"read-more\"><p>La profesora Gladstone es catedr\u00e1tica de pediatr\u00eda del neurodesarrollo en la Universidad de Liverpool y en el Hospital Infantil Alder Hey, con m\u00e1s de 20 a\u00f1os de experiencia investigando el neurodesarrollo infantil en entornos con recursos limitados, especialmente en \u00c1frica. Su investigaci\u00f3n reciente busca comprender la mejor manera de medir el neurodesarrollo en contextos con recursos limitados, as\u00ed como utilizar estas mediciones para identificar tempranamente los problemas en ni\u00f1os con discapacidades y trastornos del desarrollo, con el fin de brindarles apoyo.<\/p><p>Ha llevado a cabo y contin\u00faa realizando grandes estudios de campo en diversos contextos africanos, examinando el efecto de factores sanitarios y sociales en el desarrollo infantil temprano (como la malaria en el embarazo, la nutrici\u00f3n, la prematuridad y la exposici\u00f3n al VIH). Tambi\u00e9n le interesa explorar los v\u00ednculos entre la evaluaci\u00f3n del desarrollo y comportamiento infantil con intervenciones que puedan implementarse en entornos de bajos ingresos.<\/p><p>Ha publicado m\u00e1s de 90 art\u00edculos cient\u00edficos y posee varias subvenciones importantes junto con colegas del \u00c1frica subsahariana. Desarroll\u00f3 una herramienta de evaluaci\u00f3n neurodesarrollamental, el MDAT, que se est\u00e1 utilizando en m\u00e1s de 25 pa\u00edses africanos para investigaci\u00f3n y trabajo program\u00e1tico, gran parte de ello relacionando intervenciones tempranas en nutrici\u00f3n, agua y saneamiento (WASH) y programas de estimulaci\u00f3n temprana con resultados posteriores en la infancia.<\/p><p>Desde 2014, colabora con la Organizaci\u00f3n Mundial de la Salud en las Escalas Globales de Desarrollo Infantil Temprano (GSED), liderando el trabajo en la versi\u00f3n larga de GSED y en las pruebas individuales. Sus planes futuros incluyen incorporar mejores m\u00e9todos para realizar vigilancia del desarrollo a gran escala en entornos con recursos limitados.<\/p><\/div><\/div>\n\t\t\t\t\t\t<\/div>\n\t\t\t\t\t\n\t\t\t\t<\/div>\n\n\t\t\t\t\t<\/div>\n\t\t\t\t\t\t<\/div>\n\t\t\t\t<\/div>\n\t\t\t\t<\/div>\n\t\t<div class=\"elementor-element elementor-element-832845b e-con-full e-flex e-con e-child\" data-id=\"832845b\" data-element_type=\"container\">\n\t\t\t\t<div class=\"elementor-element elementor-element-ce280f1 elementor-widget elementor-widget-image\" data-id=\"ce280f1\" data-element_type=\"widget\" data-widget_type=\"image.default\">\n\t\t\t\t<div class=\"elementor-widget-container\">\n\t\t\t\t\t\t\t\t\t\t\t\t\t\t\t<img decoding=\"async\" src=\"https:\/\/idpacongress2025.com\/wp-content\/uploads\/elementor\/thumbs\/Paul-Lynch-scaled-e1754273652762-r9qpgb8hjmc2m9z2ex5iyv0sgxjpidrdwggba65cxk.jpg\" title=\"Paul Lynch\" alt=\"Paul Lynch\" loading=\"lazy\" \/>\t\t\t\t\t\t\t\t\t\t\t\t\t\t\t<\/div>\n\t\t\t\t<\/div>\n\t\t\t\t<div class=\"elementor-element elementor-element-4ae1fc0 elementor-widget elementor-widget-text-editor\" data-id=\"4ae1fc0\" data-element_type=\"widget\" data-widget_type=\"text-editor.default\">\n\t\t\t\t<div class=\"elementor-widget-container\">\n\t\t\t\t\t\t\t\t\t<p style=\"font-weight: bold; font-size: 20px; color: #555; margin: 20px 0 5px; letter-spacing: 1px; text-transform: uppercase; text-align: center;\">Paul Lynch<\/p><hr style=\"background: #777; width: 45px; height: 2px; margin: 6px auto; border: 0;\" \/><h2 style=\"color: #333; font-size: 15px; font-weight: normal; margin: 0 0 20px; text-transform: uppercase; letter-spacing: 1px; text-align: center;\">escocia<\/h2>\t\t\t\t\t\t\t\t<\/div>\n\t\t\t\t<\/div>\n\t\t\t\t<div class=\"elementor-element elementor-element-d36152a elementor-widget elementor-widget-tp-accordion\" data-id=\"d36152a\" data-element_type=\"widget\" data-widget_type=\"tp-accordion.default\">\n\t\t\t\t<div class=\"elementor-widget-container\">\n\t\t\t\t\t\t\t<div class=\"theplus-accordion-wrapper elementor-accordion \" id=\"accordion69f44da712bce\" data-accordion-id=\"accordion69f44da712bce\" data-accordion-type=\"accordion\" data-toogle-speed=\"300\"   role=\"tablist\">\n\t\t\t\t\t\t\t\n\t\t\t\t<div class=\"theplus-accordion-item\">\n\t\t\t\t\t<div id=\"elementor-tab-title-2211\" class=\"elementor-tab-title plus-accordion-header 0\" tabindex=\"2211\" data-tab=\"1\" role=\"tab\" aria-controls=\"elementor-tab-content-2211\">\n\t\t\t\t\t\t<span class=\"elementor-accordion-icon elementor-accordion-icon-left\" aria-hidden=\"true\"><i class=\"elementor-accordion-icon-closed fa fa-plus\"><\/i><i class=\"elementor-accordion-icon-opened fa fa-minus\"><\/i><\/span><span style=\"width:100%\">BIOGRAF\u00cdA<\/span>\n\t\t\t\t\t<\/div>  \n\n\t\t\t\t\t\t\t\t\t\t\t<div id=\"elementor-tab-content-2211\" class=\"elementor-tab-content elementor-clearfix plus-accordion-content 0\" data-tab=\"1\" role=\"tabpanel\" aria-labelledby=\"elementor-tab-title-2211\">\n\t\t\t\t\t\t\t<div class=\"plus-content-editor\"><div id=\"elementor-tab-content-1881\" class=\"eael-accordion-content clearfix\" data-tab=\"1\" aria-labelledby=\"read-more\"><p>El Dr. Paul Lynch es Profesor Titular (Reader\/Associate Professor) en Educaci\u00f3n Inclusiva, Educaci\u00f3n en la Primera Infancia y Discapacidad en la Universidad de Glasgow, Escocia. Anteriormente, fue investigador financiado (Research Fellow) en la Universidad de Birmingham, donde durante 14 a\u00f1os realiz\u00f3 estudios educativos por encargo para Sightsavers. Paul ha trabajado como consultor para el Banco Mundial, la Comisi\u00f3n de Derechos Humanos de las Naciones Unidas y OneBillion. Tiene formaci\u00f3n docente apoyando a ni\u00f1os con dificultades de aprendizaje y autismo en Irlanda.<\/p><p>Paul ha llevado a cabo investigaciones sobre la educaci\u00f3n y el desarrollo de ni\u00f1os con discapacidad visual. Ha participado en estudios interdisciplinarios sobre la identificaci\u00f3n y evaluaci\u00f3n de ni\u00f1os peque\u00f1os con discapacidades en \u00c1frica subsahariana, as\u00ed como en el sur de Asia. Tiene un profundo inter\u00e9s en la educaci\u00f3n y el bienestar de los ni\u00f1os con albinismo en Malaui. Actualmente, forma parte de dos grandes proyectos centrados en la preparaci\u00f3n escolar, el juego y el bienestar en Banglad\u00e9s, Nepal y Tanzania.<\/p><p>Paul ha sido miembro del ECDtf durante unos 8 a\u00f1os y forma parte del grupo central de liderazgo (Core Leadership Group) desde hace un a\u00f1o.<\/p><\/div><\/div>\n\t\t\t\t\t\t<\/div>\n\t\t\t\t\t\n\t\t\t\t<\/div>\n\n\t\t\t\t\t<\/div>\n\t\t\t\t\t\t<\/div>\n\t\t\t\t<\/div>\n\t\t\t\t<\/div>\n\t\t<div class=\"elementor-element elementor-element-75c6d41 e-con-full e-flex e-con e-child\" data-id=\"75c6d41\" data-element_type=\"container\">\n\t\t\t\t<div class=\"elementor-element elementor-element-a6c9317 elementor-widget elementor-widget-image\" data-id=\"a6c9317\" data-element_type=\"widget\" data-widget_type=\"image.default\">\n\t\t\t\t<div class=\"elementor-widget-container\">\n\t\t\t\t\t\t\t\t\t\t\t\t\t\t\t<img decoding=\"async\" src=\"https:\/\/idpacongress2025.com\/wp-content\/uploads\/elementor\/thumbs\/Collen-Kraft-ralha500otjsbze8k25qgtkupp3kyxujt678bsysvs.jpg\" title=\"Collen Kraft\" alt=\"Collen Kraft\" loading=\"lazy\" \/>\t\t\t\t\t\t\t\t\t\t\t\t\t\t\t<\/div>\n\t\t\t\t<\/div>\n\t\t\t\t<div class=\"elementor-element elementor-element-ed22ca7 elementor-widget elementor-widget-text-editor\" data-id=\"ed22ca7\" data-element_type=\"widget\" data-widget_type=\"text-editor.default\">\n\t\t\t\t<div class=\"elementor-widget-container\">\n\t\t\t\t\t\t\t\t\t<p style=\"font-weight: bold; font-size: 20px; color: #555; margin: 20px 0 5px; letter-spacing: 1px; text-transform: uppercase; text-align: center;\">collen kraft<\/p><hr style=\"background: #777; width: 45px; height: 2px; margin: 6px auto; border: 0;\" \/><h2 style=\"color: #333; font-size: 15px; font-weight: normal; margin: 0 0 20px; text-transform: uppercase; letter-spacing: 1px; text-align: center;\">EEUU<\/h2>\t\t\t\t\t\t\t\t<\/div>\n\t\t\t\t<\/div>\n\t\t\t\t<div class=\"elementor-element elementor-element-b8c20be elementor-widget elementor-widget-tp-accordion\" data-id=\"b8c20be\" data-element_type=\"widget\" data-widget_type=\"tp-accordion.default\">\n\t\t\t\t<div class=\"elementor-widget-container\">\n\t\t\t\t\t\t\t<div class=\"theplus-accordion-wrapper elementor-accordion \" id=\"accordion69f44da714346\" data-accordion-id=\"accordion69f44da714346\" data-accordion-type=\"accordion\" data-toogle-speed=\"300\"   role=\"tablist\">\n\t\t\t\t\t\t\t\n\t\t\t\t<div class=\"theplus-accordion-item\">\n\t\t\t\t\t<div id=\"elementor-tab-title-1931\" class=\"elementor-tab-title plus-accordion-header 0\" tabindex=\"1931\" data-tab=\"1\" role=\"tab\" aria-controls=\"elementor-tab-content-1931\">\n\t\t\t\t\t\t<span class=\"elementor-accordion-icon elementor-accordion-icon-left\" aria-hidden=\"true\"><i class=\"elementor-accordion-icon-closed fa fa-plus\"><\/i><i class=\"elementor-accordion-icon-opened fa fa-minus\"><\/i><\/span><span style=\"width:100%\">BIOGRAF\u00cdA<\/span>\n\t\t\t\t\t<\/div>  \n\n\t\t\t\t\t\t\t\t\t\t\t<div id=\"elementor-tab-content-1931\" class=\"elementor-tab-content elementor-clearfix plus-accordion-content 0\" data-tab=\"1\" role=\"tabpanel\" aria-labelledby=\"elementor-tab-title-1931\">\n\t\t\t\t\t\t\t<div class=\"plus-content-editor\"><div id=\"elementor-tab-content-1881\" class=\"eael-accordion-content clearfix\" data-tab=\"1\" aria-labelledby=\"read-more\"><p>Colleen A. Kraft, MD, MBA, FAAP es Profesora de Pediatr\u00eda en la Keck School of Medicine de la Universidad del Sur de California y en el Children\u2019s Hospital Los Angeles. Forma parte del cuerpo docente principal del programa de residencia en Pediatr\u00eda y dirige la l\u00ednea de defensa de los residentes, conocida como IMPACT (Improving Medicine, Pediatricians and Communities Together). La Dra. Kraft fue Presidenta de la Academia Americana de Pediatr\u00eda en 2018. Obtuvo su licenciatura en Virginia Tech, su t\u00edtulo de m\u00e9dica en la Virginia Commonwealth University y su MBA en la Universidad de Cincinnati. Complet\u00f3 su residencia en Pediatr\u00eda en la Virginia Commonwealth University.<\/p><p>La Dra. Kraft es reconocida por su trabajo en la integraci\u00f3n del cuidado de ni\u00f1os con discapacidades del desarrollo y condiciones de salud conductual en la pediatr\u00eda de atenci\u00f3n primaria. Sus intereses incluyen el estudio de la tecnolog\u00eda y su papel en la reducci\u00f3n de las disparidades en salud y el sesgo inconsciente en la atenci\u00f3n infantil.<\/p><p>Como Presidenta de la Academia Americana de Pediatr\u00eda en 2018, la Dra. Kraft es especialmente recordada por su defensa del trato humano a los ni\u00f1os migrantes en la frontera entre Estados Unidos y M\u00e9xico. Su explicaci\u00f3n al p\u00fablico sobre el da\u00f1o que sufr\u00edan los ni\u00f1os peque\u00f1os durante la pol\u00edtica de \u201cTolerancia Cero\u201d, que inclu\u00eda la separaci\u00f3n de los ni\u00f1os de sus padres en la frontera, ayud\u00f3 a movilizar a defensores a trav\u00e9s de todo el espectro pol\u00edtico para poner fin a esta pol\u00edtica. Ella contin\u00faa abogando por los derechos fundamentales de los ni\u00f1os en todo el mundo.<\/p><\/div><\/div>\n\t\t\t\t\t\t<\/div>\n\t\t\t\t\t\n\t\t\t\t<\/div>\n\n\t\t\t\t\t<\/div>\n\t\t\t\t\t\t<\/div>\n\t\t\t\t<\/div>\n\t\t\t\t<\/div>\n\t\t<div class=\"elementor-element elementor-element-7109b24 e-con-full e-flex e-con e-child\" data-id=\"7109b24\" data-element_type=\"container\">\n\t\t\t\t<div class=\"elementor-element elementor-element-bad325d elementor-widget elementor-widget-image\" data-id=\"bad325d\" data-element_type=\"widget\" data-widget_type=\"image.default\">\n\t\t\t\t<div class=\"elementor-widget-container\">\n\t\t\t\t\t\t\t\t\t\t\t\t\t\t\t<img decoding=\"async\" src=\"https:\/\/idpacongress2025.com\/wp-content\/uploads\/elementor\/thumbs\/Gerison-Lansdown-e1755801439180-ralhivvyabiudcouhc9r6449przjljkmogqw3hzwzc.jpg\" title=\"Gerison Lansdown\" alt=\"Gerison Lansdown\" loading=\"lazy\" \/>\t\t\t\t\t\t\t\t\t\t\t\t\t\t\t<\/div>\n\t\t\t\t<\/div>\n\t\t\t\t<div class=\"elementor-element elementor-element-d683e83 elementor-widget elementor-widget-text-editor\" data-id=\"d683e83\" data-element_type=\"widget\" data-widget_type=\"text-editor.default\">\n\t\t\t\t<div class=\"elementor-widget-container\">\n\t\t\t\t\t\t\t\t\t<p style=\"font-weight: bold; font-size: 20px; color: #555; margin: 20px 0 5px; letter-spacing: 1px; text-transform: uppercase; text-align: center;\">Gerison Lansdown<\/p><hr style=\"background: #777; width: 45px; height: 2px; margin: 6px auto; border: 0;\" \/><h2 style=\"color: #333; font-size: 15px; font-weight: normal; margin: 0 0 20px; text-transform: uppercase; letter-spacing: 1px; text-align: center;\">inglaterra<\/h2>\t\t\t\t\t\t\t\t<\/div>\n\t\t\t\t<\/div>\n\t\t\t\t<div class=\"elementor-element elementor-element-cc09914 elementor-widget elementor-widget-tp-accordion\" data-id=\"cc09914\" data-element_type=\"widget\" data-widget_type=\"tp-accordion.default\">\n\t\t\t\t<div class=\"elementor-widget-container\">\n\t\t\t\t\t\t\t<div class=\"theplus-accordion-wrapper elementor-accordion \" id=\"accordion69f44da715b9f\" data-accordion-id=\"accordion69f44da715b9f\" data-accordion-type=\"accordion\" data-toogle-speed=\"300\"   role=\"tablist\">\n\t\t\t\t\t\t\t\n\t\t\t\t<div class=\"theplus-accordion-item\">\n\t\t\t\t\t<div id=\"elementor-tab-title-2131\" class=\"elementor-tab-title plus-accordion-header 0\" tabindex=\"2131\" data-tab=\"1\" role=\"tab\" aria-controls=\"elementor-tab-content-2131\">\n\t\t\t\t\t\t<span class=\"elementor-accordion-icon elementor-accordion-icon-left\" aria-hidden=\"true\"><i class=\"elementor-accordion-icon-closed fa fa-plus\"><\/i><i class=\"elementor-accordion-icon-opened fa fa-minus\"><\/i><\/span><span style=\"width:100%\">BIOGRAF\u00cdA<\/span>\n\t\t\t\t\t<\/div>  \n\n\t\t\t\t\t\t\t\t\t\t\t<div id=\"elementor-tab-content-2131\" class=\"elementor-tab-content elementor-clearfix plus-accordion-content 0\" data-tab=\"1\" role=\"tabpanel\" aria-labelledby=\"elementor-tab-title-2131\">\n\t\t\t\t\t\t\t<div class=\"plus-content-editor\"><div id=\"elementor-tab-content-1881\" class=\"eael-accordion-content clearfix\" data-tab=\"1\" aria-labelledby=\"read-more\"><p>Gerison Lansdown es consultora internacional y defensora de los derechos de la ni\u00f1ez, con una amplia trayectoria en publicaciones y conferencias sobre este tema. Ha colaborado con el Comit\u00e9 de los Derechos del Ni\u00f1o en la elaboraci\u00f3n de varios comentarios generales, incluidos los relativos al derecho de los ni\u00f1os a ser escuchados, al juego, a la adolescencia y al entorno digital, y particip\u00f3 en la redacci\u00f3n de la Convenci\u00f3n sobre los Derechos de las Personas con Discapacidad.<\/p><p>Entre sus publicaciones destacan <em>The Evolving Capacities of the Child<\/em>, Innocenti Research Centre, 2005 (con una nueva edici\u00f3n prevista para 2025); <em>Article 31, A Commentary on the CRC<\/em>, Oxford University Press, ed. J. Tobin, 2019; y <em>Children\u2019s Rights Institutions<\/em>, en <em>The Oxford Handbook of Children Rights Law<\/em>, ed. J. Todres y S. King, Oxford University Press, 2019.<\/p><p>Es profesora adjunta en Carleton University (Canad\u00e1) y en University College Cork, y cuenta con Doctorados Honoris Causa otorgados por la Open University, Carleton University y la University of East London, as\u00ed como una beca honor\u00edfica de la University of Central Lancashire. Adem\u00e1s, preside el Grupo Asesor Internacional de GAGE en el ODI y el Consejo Asesor de <em>Digital Futures for Children<\/em> en la LSE.<\/p><\/div><\/div>\n\t\t\t\t\t\t<\/div>\n\t\t\t\t\t\n\t\t\t\t<\/div>\n\n\t\t\t\t\t<\/div>\n\t\t\t\t\t\t<\/div>\n\t\t\t\t<\/div>\n\t\t\t\t<\/div>\n\t\t<div class=\"elementor-element elementor-element-c8d31b2 e-con-full e-flex e-con e-child\" data-id=\"c8d31b2\" data-element_type=\"container\">\n\t\t\t\t<div class=\"elementor-element elementor-element-84d4af6 elementor-widget elementor-widget-image\" data-id=\"84d4af6\" data-element_type=\"widget\" data-widget_type=\"image.default\">\n\t\t\t\t<div class=\"elementor-widget-container\">\n\t\t\t\t\t\t\t\t\t\t\t\t\t\t\t<img decoding=\"async\" src=\"https:\/\/idpacongress2025.com\/wp-content\/uploads\/elementor\/thumbs\/Alvaro-Hidalgo-Robles-e1756318178803-ravwayjr975liwp78v3sqxprjl9swx660142hf5y2g.jpg\" title=\"\u00c1lvaro Hidalgo-Robles\" alt=\"\u00c1lvaro Hidalgo-Robles\" loading=\"lazy\" \/>\t\t\t\t\t\t\t\t\t\t\t\t\t\t\t<\/div>\n\t\t\t\t<\/div>\n\t\t\t\t<div class=\"elementor-element elementor-element-041f6e5 elementor-widget elementor-widget-text-editor\" data-id=\"041f6e5\" data-element_type=\"widget\" data-widget_type=\"text-editor.default\">\n\t\t\t\t<div class=\"elementor-widget-container\">\n\t\t\t\t\t\t\t\t\t<p style=\"font-weight: bold; font-size: 20px; color: #555; margin: 20px 0 5px; letter-spacing: 1px; text-transform: uppercase; text-align: center;\">\u00c1lvaro Hidalgo-Robles<\/p><hr style=\"background: #777; width: 45px; height: 2px; margin: 6px auto; border: 0;\" \/><h2 style=\"color: #333; font-size: 15px; font-weight: normal; margin: 0 0 20px; text-transform: uppercase; letter-spacing: 1px; text-align: center;\">Espa\u00f1a<\/h2>\t\t\t\t\t\t\t\t<\/div>\n\t\t\t\t<\/div>\n\t\t\t\t<div class=\"elementor-element elementor-element-f899a2f elementor-widget elementor-widget-tp-accordion\" data-id=\"f899a2f\" data-element_type=\"widget\" data-widget_type=\"tp-accordion.default\">\n\t\t\t\t<div class=\"elementor-widget-container\">\n\t\t\t\t\t\t\t<div class=\"theplus-accordion-wrapper elementor-accordion \" id=\"accordion69f44da7173dd\" data-accordion-id=\"accordion69f44da7173dd\" data-accordion-type=\"accordion\" data-toogle-speed=\"300\"   role=\"tablist\">\n\t\t\t\t\t\t\t\n\t\t\t\t<div class=\"theplus-accordion-item\">\n\t\t\t\t\t<div id=\"elementor-tab-title-2601\" class=\"elementor-tab-title plus-accordion-header 0\" tabindex=\"2601\" data-tab=\"1\" role=\"tab\" aria-controls=\"elementor-tab-content-2601\">\n\t\t\t\t\t\t<span class=\"elementor-accordion-icon elementor-accordion-icon-left\" aria-hidden=\"true\"><i class=\"elementor-accordion-icon-closed fa fa-plus\"><\/i><i class=\"elementor-accordion-icon-opened fa fa-minus\"><\/i><\/span><span style=\"width:100%\">BIOGRAF\u00cdA<\/span>\n\t\t\t\t\t<\/div>  \n\n\t\t\t\t\t\t\t\t\t\t\t<div id=\"elementor-tab-content-2601\" class=\"elementor-tab-content elementor-clearfix plus-accordion-content 0\" data-tab=\"1\" role=\"tabpanel\" aria-labelledby=\"elementor-tab-title-2601\">\n\t\t\t\t\t\t\t<div class=\"plus-content-editor\"><div id=\"elementor-tab-content-1881\" class=\"eael-accordion-content clearfix\" data-tab=\"1\" aria-labelledby=\"read-more\"><p><span style=\"font-weight: 400\">Estudiante de Doctorado en la Universidad Internacional de La Rioja. Fisioterapeuta. Investiga en beb\u00e9s prematuros o con lesi\u00f3n cerebral, en el campo de la detecci\u00f3n temprana en par\u00e1lisis cerebral, vigilancia e intervenci\u00f3n (Grupo de Investigaci\u00f3n en Atenci\u00f3n Temprana, INAT, Universidad Internacional de La Rioja). Profesor en la Universidad Internacional de La Rioja. Estancia Internacional en Pisa SMILE Lab (Stella Maris Infant Lab for Early Intervention), IRCCS Fondazione Stella Maris (Italia). Miembro de la Junta y Responsable de Comunicaci\u00f3n de la European Academy of Childhood Disability. Miembro del Comit\u00e9 de Comunicaci\u00f3n de la International Alliance of Academies of Childhood Disability.<\/span><\/p><\/div><\/div>\n\t\t\t\t\t\t<\/div>\n\t\t\t\t\t\n\t\t\t\t<\/div>\n\n\t\t\t\t\t<\/div>\n\t\t\t\t\t\t<\/div>\n\t\t\t\t<\/div>\n\t\t\t\t<\/div>\n\t\t<div class=\"elementor-element elementor-element-dc3273b e-con-full e-flex e-con e-child\" data-id=\"dc3273b\" data-element_type=\"container\">\n\t\t\t\t<div class=\"elementor-element elementor-element-e4b50f8 elementor-widget elementor-widget-image\" data-id=\"e4b50f8\" data-element_type=\"widget\" data-widget_type=\"image.default\">\n\t\t\t\t<div class=\"elementor-widget-container\">\n\t\t\t\t\t\t\t\t\t\t\t\t\t\t\t<img decoding=\"async\" src=\"https:\/\/idpacongress2025.com\/wp-content\/uploads\/elementor\/thumbs\/LuchiDeLeon-e1760656373120-rdbapdyakvtycr30i4o1t1e1q7r14bx28lgppdz0l4.jpg\" title=\"LuchiDeLeon\" alt=\"LuchiDeLeon\" loading=\"lazy\" \/>\t\t\t\t\t\t\t\t\t\t\t\t\t\t\t<\/div>\n\t\t\t\t<\/div>\n\t\t\t\t<div class=\"elementor-element elementor-element-919844b elementor-widget elementor-widget-text-editor\" data-id=\"919844b\" data-element_type=\"widget\" data-widget_type=\"text-editor.default\">\n\t\t\t\t<div class=\"elementor-widget-container\">\n\t\t\t\t\t\t\t\t\t<p style=\"font-weight: bold; font-size: 20px; color: #555; margin: 20px 0 5px; letter-spacing: 1px; text-transform: uppercase; text-align: center;\">Luchi de Le\u00f3n<\/p><hr style=\"background: #777; width: 45px; height: 2px; margin: 6px auto; border: 0;\" \/><h2 style=\"color: #333; font-size: 15px; font-weight: normal; margin: 0 0 20px; text-transform: uppercase; letter-spacing: 1px; text-align: center;\">GUATEMALA<\/h2>\t\t\t\t\t\t\t\t<\/div>\n\t\t\t\t<\/div>\n\t\t\t\t<div class=\"elementor-element elementor-element-0b7514f elementor-widget elementor-widget-tp-accordion\" data-id=\"0b7514f\" data-element_type=\"widget\" data-widget_type=\"tp-accordion.default\">\n\t\t\t\t<div class=\"elementor-widget-container\">\n\t\t\t\t\t\t\t<div class=\"theplus-accordion-wrapper elementor-accordion \" id=\"accordion69f44da718b5a\" data-accordion-id=\"accordion69f44da718b5a\" data-accordion-type=\"accordion\" data-toogle-speed=\"300\"   role=\"tablist\">\n\t\t\t\t\t\t\t\n\t\t\t\t<div class=\"theplus-accordion-item\">\n\t\t\t\t\t<div id=\"elementor-tab-title-1201\" class=\"elementor-tab-title plus-accordion-header 0\" tabindex=\"1201\" data-tab=\"1\" role=\"tab\" aria-controls=\"elementor-tab-content-1201\">\n\t\t\t\t\t\t<span class=\"elementor-accordion-icon elementor-accordion-icon-left\" aria-hidden=\"true\"><i class=\"elementor-accordion-icon-closed fa fa-plus\"><\/i><i class=\"elementor-accordion-icon-opened fa fa-minus\"><\/i><\/span><span style=\"width:100%\">BIOGRAF\u00cdA<\/span>\n\t\t\t\t\t<\/div>  \n\n\t\t\t\t\t\t\t\t\t\t\t<div id=\"elementor-tab-content-1201\" class=\"elementor-tab-content elementor-clearfix plus-accordion-content 0\" data-tab=\"1\" role=\"tabpanel\" aria-labelledby=\"elementor-tab-title-1201\">\n\t\t\t\t\t\t\t<div class=\"plus-content-editor\"><div id=\"elementor-tab-content-1881\" class=\"eael-accordion-content clearfix\" data-tab=\"1\" aria-labelledby=\"read-more\"><p><span style=\"font-weight: 400\">Con titulaci\u00f3n en psicolog\u00eda cl\u00ednica y un m\u00e1ster en an\u00e1lisis aplicado del comportamiento, ha trabajado en el campo de la cl\u00ednica desde el a\u00f1o 2013.<\/span><\/p><p><span style=\"font-weight: 400\">Desde un inicio, ha enfocado su pr\u00e1ctica en el modelo conductual-contextual, integrando una perspectiva cient\u00edfica y social. As\u00ed mismo ha trabajado muy de cerca con la poblaci\u00f3n LGBTIQ+ en la Ciudad de Guatemala, en donde vive y asume p\u00fablicamente su identidad no binaria.\u00a0<\/span><\/p><p><span style=\"font-weight: 400\">Adem\u00e1s de la consultor\u00eda cl\u00ednica, mantiene un trabajo activo en la divulgaci\u00f3n cient\u00edfica a trav\u00e9s de diversas plataformas digitales, y la docencia universitaria, impartiendo el curso de psicolog\u00eda del g\u00e9nero, diversidad e inclusi\u00f3n. <\/span><\/p><\/div><\/div>\n\t\t\t\t\t\t<\/div>\n\t\t\t\t\t\n\t\t\t\t<\/div>\n\n\t\t\t\t\t<\/div>\n\t\t\t\t\t\t<\/div>\n\t\t\t\t<\/div>\n\t\t\t\t<\/div>\n\t\t<div class=\"elementor-element elementor-element-9bcf03c e-con-full e-flex e-con e-child\" data-id=\"9bcf03c\" data-element_type=\"container\">\n\t\t\t\t<div class=\"elementor-element elementor-element-e594998 elementor-widget elementor-widget-image\" data-id=\"e594998\" data-element_type=\"widget\" data-widget_type=\"image.default\">\n\t\t\t\t<div class=\"elementor-widget-container\">\n\t\t\t\t\t\t\t\t\t\t\t\t\t\t\t<img decoding=\"async\" src=\"https:\/\/idpacongress2025.com\/wp-content\/uploads\/elementor\/thumbs\/Barbara-Rogoff-e1762983242871-rem6c1p55gdpnhjtynyj4t87fzrls1pek8pg5wfliw.png\" title=\"Barbara Rogoff\" alt=\"Barbara Rogoff\" loading=\"lazy\" \/>\t\t\t\t\t\t\t\t\t\t\t\t\t\t\t<\/div>\n\t\t\t\t<\/div>\n\t\t\t\t<div class=\"elementor-element elementor-element-a5f3bfb elementor-widget elementor-widget-text-editor\" data-id=\"a5f3bfb\" data-element_type=\"widget\" data-widget_type=\"text-editor.default\">\n\t\t\t\t<div class=\"elementor-widget-container\">\n\t\t\t\t\t\t\t\t\t<p style=\"font-weight: bold; font-size: 20px; color: #555; margin: 20px 0 5px; letter-spacing: 1px; text-transform: uppercase; text-align: center;\">Barbara Rogoff<\/p><hr style=\"background: #777; width: 45px; height: 2px; margin: 6px auto; border: 0;\" \/><h2 style=\"color: #333; font-size: 15px; font-weight: normal; margin: 0 0 20px; text-transform: uppercase; letter-spacing: 1px; text-align: center;\">EEUU<\/h2>\t\t\t\t\t\t\t\t<\/div>\n\t\t\t\t<\/div>\n\t\t\t\t<div class=\"elementor-element elementor-element-442d6c0 elementor-widget elementor-widget-tp-accordion\" data-id=\"442d6c0\" data-element_type=\"widget\" data-widget_type=\"tp-accordion.default\">\n\t\t\t\t<div class=\"elementor-widget-container\">\n\t\t\t\t\t\t\t<div class=\"theplus-accordion-wrapper elementor-accordion \" id=\"accordion69f44da71a2ad\" data-accordion-id=\"accordion69f44da71a2ad\" data-accordion-type=\"accordion\" data-toogle-speed=\"300\"   role=\"tablist\">\n\t\t\t\t\t\t\t\n\t\t\t\t<div class=\"theplus-accordion-item\">\n\t\t\t\t\t<div id=\"elementor-tab-title-7141\" class=\"elementor-tab-title plus-accordion-header 0\" tabindex=\"7141\" data-tab=\"1\" role=\"tab\" aria-controls=\"elementor-tab-content-7141\">\n\t\t\t\t\t\t<span class=\"elementor-accordion-icon elementor-accordion-icon-left\" aria-hidden=\"true\"><i class=\"elementor-accordion-icon-closed fa fa-plus\"><\/i><i class=\"elementor-accordion-icon-opened fa fa-minus\"><\/i><\/span><span style=\"width:100%\">BIOGRAF\u00cdA<\/span>\n\t\t\t\t\t<\/div>  \n\n\t\t\t\t\t\t\t\t\t\t\t<div id=\"elementor-tab-content-7141\" class=\"elementor-tab-content elementor-clearfix plus-accordion-content 0\" data-tab=\"1\" role=\"tabpanel\" aria-labelledby=\"elementor-tab-title-7141\">\n\t\t\t\t\t\t\t<div class=\"plus-content-editor\"><div id=\"elementor-tab-content-1881\" class=\"eael-accordion-content clearfix\" data-tab=\"1\" aria-labelledby=\"read-more\"><p>Barbara Rogoff es profesora de Psicolog\u00eda en la Universidad de California, Santa Cruz. Ha realizado investigaciones y participado durante 51 a\u00f1os en el pueblo maya tz\u2019utujil de San Pedro La Laguna (Solol\u00e1). A lo largo de estos a\u00f1os, ha intentado comprender un enigma que encontr\u00f3 cuando era estudiante de posgrado en Harvard, mientras estudiaba el aprendizaje infantil en San Pedro. Cuando pregunt\u00f3 a los padres c\u00f3mo ense\u00f1aban a sus hijos las complejas tecnolog\u00edas y conceptos relacionados con el tejido y la agricultura, ellos respondieron: \u201cNo los ense\u00f1amos. Ellos aprenden.\u201d Esto result\u00f3 desconcertante, ya que los ni\u00f1os claramente no estaban descubriendo este conocimiento complejo por s\u00ed solos. Desde entonces, Barbara ha intentado entender c\u00f3mo aprenden los ni\u00f1os sin ser ense\u00f1ados directamente.<\/p><p>Durante unos 25 a\u00f1os, ha liderado un consorcio internacional e interdisciplinario de acad\u00e9micos que investigan esta forma de aprendizaje, conocida como *Aprender por medio de Observar y Acomedirse* (*Learning by Observing and Pitching In*, LOPI). Este enfoque consiste en incluir a los aprendices como colaboradores, fomentar el aprendizaje de manera conjunta bas\u00e1ndose en su inter\u00e9s, tratar el aprendizaje como un proceso de crecimiento mediante la observaci\u00f3n y la participaci\u00f3n en actividades comunitarias compartidas, y valorar tanto la orientaci\u00f3n como las contribuciones de los aprendices. Barbara y sus colaboradores han observado una colaboraci\u00f3n, atenci\u00f3n y sentido comunitario especialmente sofisticados entre los ni\u00f1os de San Pedro y otras comunidades ind\u00edgenas de las Am\u00e9ricas.<\/p><p>Barbara es miembro electa de la Academia Estadounidense de Artes y Ciencias y de la Academia Nacional de Educaci\u00f3n, y ha recibido varios premios a la trayectoria. Entre sus publicaciones, se siente especialmente orgullosa de *Developing Destinies: A Mayan Midwife and Town*, escrita junto con la reconocida partera de San Pedro, Encarnaci\u00f3n P\u00e9rez (Q.E.P.D.), y sus nietos Chonita Chavajay Quiaca\u00edn y Josu\u00e9 Chavajay Quiaca\u00edn. Barbara tambi\u00e9n ha coeditado varios n\u00fameros especiales centrados en LOPI, entre ellos en el *Journal for the Study of Education and Development* (en espa\u00f1ol e ingl\u00e9s).<\/p><\/div><\/div>\n\t\t\t\t\t\t<\/div>\n\t\t\t\t\t\n\t\t\t\t<\/div>\n\n\t\t\t\t\t<\/div>\n\t\t\t\t\t\t<\/div>\n\t\t\t\t<\/div>\n\t\t\t\t<\/div>\n\t\t<div class=\"elementor-element elementor-element-a1cc6c4 e-con-full e-flex e-con e-child\" data-id=\"a1cc6c4\" data-element_type=\"container\">\n\t\t\t\t<div class=\"elementor-element elementor-element-330c903 elementor-widget elementor-widget-image\" data-id=\"330c903\" data-element_type=\"widget\" data-widget_type=\"image.default\">\n\t\t\t\t<div class=\"elementor-widget-container\">\n\t\t\t\t\t\t\t\t\t\t\t\t\t\t\t<img decoding=\"async\" src=\"https:\/\/idpacongress2025.com\/wp-content\/uploads\/elementor\/thumbs\/Gladys-Xep-e1762983392407-rem6fxr3frpfpdwe8uhxybvvyelamy5erhwso4nxrs.jpg\" title=\"Gladys Xep\" alt=\"Gladys Xep\" loading=\"lazy\" \/>\t\t\t\t\t\t\t\t\t\t\t\t\t\t\t<\/div>\n\t\t\t\t<\/div>\n\t\t\t\t<div class=\"elementor-element elementor-element-799cfbd elementor-widget elementor-widget-text-editor\" data-id=\"799cfbd\" data-element_type=\"widget\" data-widget_type=\"text-editor.default\">\n\t\t\t\t<div class=\"elementor-widget-container\">\n\t\t\t\t\t\t\t\t\t<p style=\"font-weight: bold; font-size: 20px; color: #555; margin: 20px 0 5px; letter-spacing: 1px; text-transform: uppercase; text-align: center;\">Gladys Xep<\/p><hr style=\"background: #777; width: 45px; height: 2px; margin: 6px auto; border: 0;\" \/><h2 style=\"color: #333; font-size: 15px; font-weight: normal; margin: 0 0 20px; text-transform: uppercase; letter-spacing: 1px; text-align: center;\">guatemala<\/h2>\t\t\t\t\t\t\t\t<\/div>\n\t\t\t\t<\/div>\n\t\t\t\t<div class=\"elementor-element elementor-element-910e6bb elementor-widget elementor-widget-tp-accordion\" data-id=\"910e6bb\" data-element_type=\"widget\" data-widget_type=\"tp-accordion.default\">\n\t\t\t\t<div class=\"elementor-widget-container\">\n\t\t\t\t\t\t\t<div class=\"theplus-accordion-wrapper elementor-accordion \" id=\"accordion69f44da71b969\" data-accordion-id=\"accordion69f44da71b969\" data-accordion-type=\"accordion\" data-toogle-speed=\"300\"   role=\"tablist\">\n\t\t\t\t\t\t\t\n\t\t\t\t<div class=\"theplus-accordion-item\">\n\t\t\t\t\t<div id=\"elementor-tab-title-1521\" class=\"elementor-tab-title plus-accordion-header 0\" tabindex=\"1521\" data-tab=\"1\" role=\"tab\" aria-controls=\"elementor-tab-content-1521\">\n\t\t\t\t\t\t<span class=\"elementor-accordion-icon elementor-accordion-icon-left\" aria-hidden=\"true\"><i class=\"elementor-accordion-icon-closed fa fa-plus\"><\/i><i class=\"elementor-accordion-icon-opened fa fa-minus\"><\/i><\/span><span style=\"width:100%\">BIOGRAF\u00cdA<\/span>\n\t\t\t\t\t<\/div>  \n\n\t\t\t\t\t\t\t\t\t\t\t<div id=\"elementor-tab-content-1521\" class=\"elementor-tab-content elementor-clearfix plus-accordion-content 0\" data-tab=\"1\" role=\"tabpanel\" aria-labelledby=\"elementor-tab-title-1521\">\n\t\t\t\t\t\t\t<div class=\"plus-content-editor\"><div id=\"elementor-tab-content-1881\" class=\"eael-accordion-content clearfix\" data-tab=\"1\" aria-labelledby=\"read-more\"><p>Madre de tres chicos, nacida en Panajachel, realiz\u00f3 estudios en el mismo municipio, gradu\u00e1ndose de Bachiller en Turismo. Por m\u00e1s de 20 a\u00f1os se ha desempe\u00f1ado como maestra de espa\u00f1ol como segunda lengua. Es miembro del Proyecto \u201cEl Bus de Benjam\u00edn\u00bb como parte de una organizaci\u00f3n que apoya a los ni\u00f1os y ni\u00f1as con discapacidad de la Escuela de Educaci\u00f3n Especial de Panajachel. Gladys ha trabajado en servicios comunitarios en la aldea San Jorge La Laguna donde reside actualmente.<\/p><\/div><\/div>\n\t\t\t\t\t\t<\/div>\n\t\t\t\t\t\n\t\t\t\t<\/div>\n\n\t\t\t\t\t<\/div>\n\t\t\t\t\t\t<\/div>\n\t\t\t\t<\/div>\n\t\t\t\t<\/div>\n\t\t<div class=\"elementor-element elementor-element-9d864f6 e-con-full e-flex e-con e-child\" data-id=\"9d864f6\" data-element_type=\"container\">\n\t\t\t\t<div class=\"elementor-element elementor-element-d8ac312 elementor-widget elementor-widget-image\" data-id=\"d8ac312\" data-element_type=\"widget\" data-widget_type=\"image.default\">\n\t\t\t\t<div class=\"elementor-widget-container\">\n\t\t\t\t\t\t\t\t\t\t\t\t\t\t\t<img decoding=\"async\" src=\"https:\/\/idpacongress2025.com\/wp-content\/uploads\/elementor\/thumbs\/Silvia-Barreno-e1762983478621-rem6i6l7ris3fumz4tfuwrhj1jiv0x2bqm0jxxc2wo.jpg\" title=\"Silvia Barreno\" alt=\"Silvia Barreno\" loading=\"lazy\" \/>\t\t\t\t\t\t\t\t\t\t\t\t\t\t\t<\/div>\n\t\t\t\t<\/div>\n\t\t\t\t<div class=\"elementor-element elementor-element-f8dc617 elementor-widget elementor-widget-text-editor\" data-id=\"f8dc617\" data-element_type=\"widget\" data-widget_type=\"text-editor.default\">\n\t\t\t\t<div class=\"elementor-widget-container\">\n\t\t\t\t\t\t\t\t\t<p style=\"font-weight: bold; font-size: 20px; color: #555; margin: 20px 0 5px; letter-spacing: 1px; text-transform: uppercase; text-align: center;\">Silvia Barreno<\/p><hr style=\"background: #777; width: 45px; height: 2px; margin: 6px auto; border: 0;\" \/><h2 style=\"color: #333; font-size: 15px; font-weight: normal; margin: 0 0 20px; text-transform: uppercase; letter-spacing: 1px; text-align: center;\">GUATEMALA<\/h2>\t\t\t\t\t\t\t\t<\/div>\n\t\t\t\t<\/div>\n\t\t\t\t<div class=\"elementor-element elementor-element-18a1727 elementor-widget elementor-widget-tp-accordion\" data-id=\"18a1727\" data-element_type=\"widget\" data-widget_type=\"tp-accordion.default\">\n\t\t\t\t<div class=\"elementor-widget-container\">\n\t\t\t\t\t\t\t<div class=\"theplus-accordion-wrapper elementor-accordion \" id=\"accordion69f44da71cfe5\" data-accordion-id=\"accordion69f44da71cfe5\" data-accordion-type=\"accordion\" data-toogle-speed=\"300\"   role=\"tablist\">\n\t\t\t\t\t\t\t\n\t\t\t\t<div class=\"theplus-accordion-item\">\n\t\t\t\t\t<div id=\"elementor-tab-title-2581\" class=\"elementor-tab-title plus-accordion-header 0\" tabindex=\"2581\" data-tab=\"1\" role=\"tab\" aria-controls=\"elementor-tab-content-2581\">\n\t\t\t\t\t\t<span class=\"elementor-accordion-icon elementor-accordion-icon-left\" aria-hidden=\"true\"><i class=\"elementor-accordion-icon-closed fa fa-plus\"><\/i><i class=\"elementor-accordion-icon-opened fa fa-minus\"><\/i><\/span><span style=\"width:100%\">BIOGRAF\u00cdA<\/span>\n\t\t\t\t\t<\/div>  \n\n\t\t\t\t\t\t\t\t\t\t\t<div id=\"elementor-tab-content-2581\" class=\"elementor-tab-content elementor-clearfix plus-accordion-content 0\" data-tab=\"1\" role=\"tabpanel\" aria-labelledby=\"elementor-tab-title-2581\">\n\t\t\t\t\t\t\t<div class=\"plus-content-editor\"><div id=\"elementor-tab-content-1881\" class=\"eael-accordion-content clearfix\" data-tab=\"1\" aria-labelledby=\"read-more\"><p><span style=\"font-weight: 400\">Madre de dos ni\u00f1os me dedico a capacitar a grupo de mujeres en el \u00e1rea de telar de pedal, en mis d\u00edas libres me dedico a las tareas del hogar y en llevar a mi hijo Luis a la escuela y tambi\u00e9n a tejer, confeccionar\u00a0y\u00a0bordar. <\/span><\/p><\/div><\/div>\n\t\t\t\t\t\t<\/div>\n\t\t\t\t\t\n\t\t\t\t<\/div>\n\n\t\t\t\t\t<\/div>\n\t\t\t\t\t\t<\/div>\n\t\t\t\t<\/div>\n\t\t\t\t<\/div>\n\t\t<div class=\"elementor-element elementor-element-d6dbc86 e-con-full e-flex e-con e-child\" data-id=\"d6dbc86\" data-element_type=\"container\">\n\t\t\t\t<div class=\"elementor-element elementor-element-efa5eaa elementor-widget elementor-widget-image\" data-id=\"efa5eaa\" data-element_type=\"widget\" data-widget_type=\"image.default\">\n\t\t\t\t<div class=\"elementor-widget-container\">\n\t\t\t\t\t\t\t\t\t\t\t\t\t\t\t<img decoding=\"async\" src=\"https:\/\/idpacongress2025.com\/wp-content\/uploads\/elementor\/thumbs\/Dani-Elegante-e1764200829999-rfapf9eylc5n331dllcbveqxz0x1domfg55zwva6k8.png\" title=\"Dani Elegante\" alt=\"Dani Elegante\" loading=\"lazy\" \/>\t\t\t\t\t\t\t\t\t\t\t\t\t\t\t<\/div>\n\t\t\t\t<\/div>\n\t\t\t\t<div class=\"elementor-element elementor-element-03b4627 elementor-widget elementor-widget-text-editor\" data-id=\"03b4627\" data-element_type=\"widget\" data-widget_type=\"text-editor.default\">\n\t\t\t\t<div class=\"elementor-widget-container\">\n\t\t\t\t\t\t\t\t\t<p style=\"font-weight: bold; font-size: 20px; color: #555; margin: 20px 0 5px; letter-spacing: 1px; text-transform: uppercase; text-align: center;\">Daniel Cid Cofr\u00e9<\/p><hr style=\"background: #777; width: 45px; height: 2px; margin: 6px auto; border: 0;\" \/><h2 style=\"color: #333; font-size: 15px; font-weight: normal; margin: 0 0 20px; text-transform: uppercase; letter-spacing: 1px; text-align: center;\">CHILE<\/h2>\t\t\t\t\t\t\t\t<\/div>\n\t\t\t\t<\/div>\n\t\t\t\t<div class=\"elementor-element elementor-element-5d3dd36 elementor-widget elementor-widget-tp-accordion\" data-id=\"5d3dd36\" data-element_type=\"widget\" data-widget_type=\"tp-accordion.default\">\n\t\t\t\t<div class=\"elementor-widget-container\">\n\t\t\t\t\t\t\t<div class=\"theplus-accordion-wrapper elementor-accordion \" id=\"accordion69f44da71e69c\" data-accordion-id=\"accordion69f44da71e69c\" data-accordion-type=\"accordion\" data-toogle-speed=\"300\"   role=\"tablist\">\n\t\t\t\t\t\t\t\n\t\t\t\t<div class=\"theplus-accordion-item\">\n\t\t\t\t\t<div id=\"elementor-tab-title-9771\" class=\"elementor-tab-title plus-accordion-header 0\" tabindex=\"9771\" data-tab=\"1\" role=\"tab\" aria-controls=\"elementor-tab-content-9771\">\n\t\t\t\t\t\t<span class=\"elementor-accordion-icon elementor-accordion-icon-left\" aria-hidden=\"true\"><i class=\"elementor-accordion-icon-closed fa fa-plus\"><\/i><i class=\"elementor-accordion-icon-opened fa fa-minus\"><\/i><\/span><span style=\"width:100%\">BIOGRAF\u00cdA<\/span>\n\t\t\t\t\t<\/div>  \n\n\t\t\t\t\t\t\t\t\t\t\t<div id=\"elementor-tab-content-9771\" class=\"elementor-tab-content elementor-clearfix plus-accordion-content 0\" data-tab=\"1\" role=\"tabpanel\" aria-labelledby=\"elementor-tab-title-9771\">\n\t\t\t\t\t\t\t<div class=\"plus-content-editor\"><div id=\"elementor-tab-content-1881\" class=\"eael-accordion-content clearfix\" data-tab=\"1\" aria-labelledby=\"read-more\"><p>Kinesi\u00f3logo Pedi\u00e1trico, Especialista en infancia, discapacidad y rehabilitaci\u00f3n. Autor de software FUNCAS para gesti\u00f3n interdisciplinaria e intersectorial en infancia con necesidades especiales. Mag\u00edster en Gesti\u00f3n de Salud con amplia trayectoria acad\u00e9mica internacional. Certificado por la Organizaci\u00f3n Mundial de la Salud (OMS) como instructor en la Clasificaci\u00f3n Internacional del Funcionamiento (CIF) y miembro Honorario de la Sociedad Internacional de Especialistas en Funcionamiento Humano (ISEF) y colaborador del grupo mundial de referencia en discapacidad y funcionamiento de la familia de clasificaciones internacionales de la OMS (WHOFIC).<\/p><\/div><\/div>\n\t\t\t\t\t\t<\/div>\n\t\t\t\t\t\n\t\t\t\t<\/div>\n\n\t\t\t\t\t<\/div>\n\t\t\t\t\t\t<\/div>\n\t\t\t\t<\/div>\n\t\t\t\t<\/div>\n\t\t<div class=\"elementor-element elementor-element-d04a332 e-con-full e-flex e-con e-child\" data-id=\"d04a332\" data-element_type=\"container\">\n\t\t\t\t<\/div>\n\t\t<div class=\"elementor-element elementor-element-7b57103 e-con-full e-flex e-con e-child\" data-id=\"7b57103\" data-element_type=\"container\">\n\t\t\t\t<div class=\"elementor-element elementor-element-be191b8 elementor-widget elementor-widget-image\" data-id=\"be191b8\" data-element_type=\"widget\" data-widget_type=\"image.default\">\n\t\t\t\t<div class=\"elementor-widget-container\">\n\t\t\t\t\t\t\t\t\t\t\t\t\t\t\t<img decoding=\"async\" src=\"https:\/\/idpacongress2025.com\/wp-content\/uploads\/elementor\/thumbs\/Sara-Vasquez-e1764447076900-rffo0s2cpnok4xsyqacgsfydogn3kkd3rawyx067co.jpg\" title=\"Sara V\u00e1squez\" alt=\"Sara V\u00e1squez\" loading=\"lazy\" \/>\t\t\t\t\t\t\t\t\t\t\t\t\t\t\t<\/div>\n\t\t\t\t<\/div>\n\t\t\t\t<div class=\"elementor-element elementor-element-d451542 elementor-widget elementor-widget-text-editor\" data-id=\"d451542\" data-element_type=\"widget\" data-widget_type=\"text-editor.default\">\n\t\t\t\t<div class=\"elementor-widget-container\">\n\t\t\t\t\t\t\t\t\t<p style=\"font-weight: bold; font-size: 20px; color: #555; margin: 20px 0 5px; letter-spacing: 1px; text-transform: uppercase; text-align: center;\">Sara V\u00e1squez<\/p><hr style=\"background: #777; width: 45px; height: 2px; margin: 6px auto; border: 0;\" \/><h2 style=\"color: #333; font-size: 15px; font-weight: normal; margin: 0 0 20px; text-transform: uppercase; letter-spacing: 1px; text-align: center;\">GUATEMALA<\/h2>\t\t\t\t\t\t\t\t<\/div>\n\t\t\t\t<\/div>\n\t\t\t\t<div class=\"elementor-element elementor-element-ae2c3d8 elementor-widget elementor-widget-tp-accordion\" data-id=\"ae2c3d8\" data-element_type=\"widget\" data-widget_type=\"tp-accordion.default\">\n\t\t\t\t<div class=\"elementor-widget-container\">\n\t\t\t\t\t\t\t<div class=\"theplus-accordion-wrapper elementor-accordion \" id=\"accordion69f44da71fd3b\" data-accordion-id=\"accordion69f44da71fd3b\" data-accordion-type=\"accordion\" data-toogle-speed=\"300\"   role=\"tablist\">\n\t\t\t\t\t\t\t\n\t\t\t\t<div class=\"theplus-accordion-item\">\n\t\t\t\t\t<div id=\"elementor-tab-title-1821\" class=\"elementor-tab-title plus-accordion-header 0\" tabindex=\"1821\" data-tab=\"1\" role=\"tab\" aria-controls=\"elementor-tab-content-1821\">\n\t\t\t\t\t\t<span class=\"elementor-accordion-icon elementor-accordion-icon-left\" aria-hidden=\"true\"><i class=\"elementor-accordion-icon-closed fa fa-plus\"><\/i><i class=\"elementor-accordion-icon-opened fa fa-minus\"><\/i><\/span><span style=\"width:100%\">BIOGRAF\u00cdA<\/span>\n\t\t\t\t\t<\/div>  \n\n\t\t\t\t\t\t\t\t\t\t\t<div id=\"elementor-tab-content-1821\" class=\"elementor-tab-content elementor-clearfix plus-accordion-content 0\" data-tab=\"1\" role=\"tabpanel\" aria-labelledby=\"elementor-tab-title-1821\">\n\t\t\t\t\t\t\t<div class=\"plus-content-editor\"><div id=\"elementor-tab-content-1881\" class=\"eael-accordion-content clearfix\" data-tab=\"1\" aria-labelledby=\"read-more\"><p>Soy mam\u00e1 de un hermoso joven con s\u00edndrome de Down. Me apasiona ayudar y gestionar apoyo para j\u00f3venes con necesidades especiales. Es algo que me regala paz en el coraz\u00f3n: ver sus sonrisas y verlos felices me motiva a seguir luchando por todos aquellos que necesitan mi ayuda. Todo lo hago de coraz\u00f3n.<\/p><\/div><\/div>\n\t\t\t\t\t\t<\/div>\n\t\t\t\t\t\n\t\t\t\t<\/div>\n\n\t\t\t\t\t<\/div>\n\t\t\t\t\t\t<\/div>\n\t\t\t\t<\/div>\n\t\t\t\t<\/div>\n\t\t\t\t\t<\/div>\n\t\t\t\t<\/div>\n\t\t<div class=\"elementor-element elementor-element-52ab409 e-flex e-con-boxed e-con e-parent\" data-id=\"52ab409\" data-element_type=\"container\" data-settings=\"{&quot;background_background&quot;:&quot;classic&quot;}\">\n\t\t\t\t\t<div class=\"e-con-inner\">\n\t\t\t\t<div class=\"elementor-element elementor-element-eba3024 center-mobile elementor-widget elementor-widget-text-editor\" data-id=\"eba3024\" data-element_type=\"widget\" data-widget_type=\"text-editor.default\">\n\t\t\t\t<div class=\"elementor-widget-container\">\n\t\t\t\t\t\t\t\t\t<p style=\"text-align: center;\"><strong>Presentaciones Especiales<\/strong><\/p>\t\t\t\t\t\t\t\t<\/div>\n\t\t\t\t<\/div>\n\t\t\t\t\t<\/div>\n\t\t\t\t<\/div>\n\t\t<div class=\"elementor-element elementor-element-050a454 e-grid e-con-boxed e-con e-parent\" data-id=\"050a454\" data-element_type=\"container\" data-settings=\"{&quot;background_background&quot;:&quot;classic&quot;}\">\n\t\t\t\t\t<div class=\"e-con-inner\">\n\t\t<div class=\"elementor-element elementor-element-d45e416 e-con-full e-flex e-con e-child\" data-id=\"d45e416\" data-element_type=\"container\">\n\t\t\t\t<\/div>\n\t\t<div class=\"elementor-element elementor-element-e2e40df e-con-full e-flex e-con e-child\" data-id=\"e2e40df\" data-element_type=\"container\">\n\t\t\t\t<div class=\"elementor-element elementor-element-6bd9fff elementor-widget elementor-widget-image\" data-id=\"6bd9fff\" data-element_type=\"widget\" data-widget_type=\"image.default\">\n\t\t\t\t<div class=\"elementor-widget-container\">\n\t\t\t\t\t\t\t\t\t\t\t\t\t\t\t<img decoding=\"async\" src=\"https:\/\/idpacongress2025.com\/wp-content\/uploads\/elementor\/thumbs\/LOGO-VERDE-SOTZIL-r8uuagjsoeosobepv73cpqb9ufel8v5dn2ded4vwl4.png\" title=\"LOGO VERDE SOTZ&#8217;IL\" alt=\"LOGO VERDE SOTZ&#039;IL\" loading=\"lazy\" \/>\t\t\t\t\t\t\t\t\t\t\t\t\t\t\t<\/div>\n\t\t\t\t<\/div>\n\t\t\t\t<div class=\"elementor-element elementor-element-c6968a9 elementor-widget elementor-widget-text-editor\" data-id=\"c6968a9\" data-element_type=\"widget\" data-widget_type=\"text-editor.default\">\n\t\t\t\t<div class=\"elementor-widget-container\">\n\t\t\t\t\t\t\t\t\t<p style=\"font-weight: bold; font-size: 20px; color: #555; margin: 20px 0 5px; letter-spacing: 1px; text-transform: uppercase; text-align: center;\">Grupo sotz&#8217;il<\/p><hr style=\"background: #777; width: 45px; height: 2px; margin: 6px auto; border: 0;\" \/><h2 style=\"color: #333; font-size: 15px; font-weight: normal; margin: 0 0 20px; text-transform: uppercase; letter-spacing: 1px; text-align: center;\">guatemala<\/h2>\t\t\t\t\t\t\t\t<\/div>\n\t\t\t\t<\/div>\n\t\t\t\t<div class=\"elementor-element elementor-element-4088bfd elementor-widget elementor-widget-tp-accordion\" data-id=\"4088bfd\" data-element_type=\"widget\" data-widget_type=\"tp-accordion.default\">\n\t\t\t\t<div class=\"elementor-widget-container\">\n\t\t\t\t\t\t\t<div class=\"theplus-accordion-wrapper elementor-accordion \" id=\"accordion69f44da7217ed\" data-accordion-id=\"accordion69f44da7217ed\" data-accordion-type=\"accordion\" data-toogle-speed=\"300\"   role=\"tablist\">\n\t\t\t\t\t\t\t\n\t\t\t\t<div class=\"theplus-accordion-item\">\n\t\t\t\t\t<div id=\"elementor-tab-title-6761\" class=\"elementor-tab-title plus-accordion-header 0\" tabindex=\"6761\" data-tab=\"1\" role=\"tab\" aria-controls=\"elementor-tab-content-6761\">\n\t\t\t\t\t\t<span class=\"elementor-accordion-icon elementor-accordion-icon-left\" aria-hidden=\"true\"><i class=\"elementor-accordion-icon-closed fa fa-plus\"><\/i><i class=\"elementor-accordion-icon-opened fa fa-minus\"><\/i><\/span><span style=\"width:100%\">BIOGRAF\u00cdA<\/span>\n\t\t\t\t\t<\/div>  \n\n\t\t\t\t\t\t\t\t\t\t\t<div id=\"elementor-tab-content-6761\" class=\"elementor-tab-content elementor-clearfix plus-accordion-content 0\" data-tab=\"1\" role=\"tabpanel\" aria-labelledby=\"elementor-tab-title-6761\">\n\t\t\t\t\t\t\t<div class=\"plus-content-editor\"><div id=\"elementor-tab-content-1881\" class=\"eael-accordion-content clearfix\" data-tab=\"1\" aria-labelledby=\"read-more\"><p><span style=\"font-weight: 400\"><strong>Sotz\u2019il<\/strong>: termino Maya Kaqchikel que significa <\/span><i><span style=\"font-weight: 400\">murci\u00e9lago, energ\u00eda o esencia del murci\u00e9lago<\/span><\/i><span style=\"font-weight: 400\">.\u00a0<\/span><\/p><p><span style=\"font-weight: 400\"><strong>Grupo Sotz\u2019il<\/strong>, maya kaqchikel originario de la Aldea, el Tabl\u00f3n, Solol\u00e1, del altiplano del pa\u00eds de Guatemala. Surge en el a\u00f1o 2000, su l\u00ednea de trabajo es la investigaci\u00f3n, creaci\u00f3n y fomento de la m\u00fasica, danza y arte esc\u00e9nico Maya. En la actualidad, ante una historia difuminada por los abusos permanentes contra los pueblos originarios, surge la necesidad de buscar y retomar los conocimientos art\u00edsticos ancestrales. Esta b\u00fasqueda es mediante la consulta con abuelos y abuelas artistas, con las sagradas energ\u00edas del universo y retomando la esencia del arte desde una vivencia hol\u00edstica, integrando lo espiritual, social y cient\u00edfico. A partir de los modelos de desarrollo art\u00edstico y cultural de la ancestralidad desde la pr\u00e1ctica y teorizaci\u00f3n de los conocimientos art\u00edsticos culturales, buscando innovaci\u00f3n y continuidad del arte creativo en las comunidades<\/span><\/p><p><b>Misi\u00f3n\u00a0<\/b><\/p><p><span style=\"font-weight: 400\">Ser reivindicadores y portavoces de la cultura y sabidur\u00eda ancestral a las futuras generaciones.\u00a0<\/span><\/p><\/div><\/div>\n\t\t\t\t\t\t<\/div>\n\t\t\t\t\t\n\t\t\t\t<\/div>\n\n\t\t\t\t\t<\/div>\n\t\t\t\t\t\t<\/div>\n\t\t\t\t<\/div>\n\t\t\t\t<\/div>\n\t\t<div class=\"elementor-element elementor-element-b1c1edc e-flex e-con-boxed e-con e-child\" data-id=\"b1c1edc\" data-element_type=\"container\">\n\t\t\t\t\t<div class=\"e-con-inner\">\n\t\t\t\t\t<\/div>\n\t\t\t\t<\/div>\n\t\t\t\t\t<\/div>\n\t\t\t\t<\/div>\n\t\t<div class=\"elementor-element elementor-element-58a4e37 e-flex e-con-boxed e-con e-parent\" data-id=\"58a4e37\" data-element_type=\"container\" data-settings=\"{&quot;background_background&quot;:&quot;classic&quot;}\">\n\t\t\t\t\t<div class=\"e-con-inner\">\n\t\t<div class=\"elementor-element elementor-element-b190582 e-con-full e-flex e-con e-child\" data-id=\"b190582\" data-element_type=\"container\">\n\t\t\t\t<div class=\"elementor-element elementor-element-52b48a7 elementor-widget elementor-widget-image\" data-id=\"52b48a7\" data-element_type=\"widget\" data-widget_type=\"image.default\">\n\t\t\t\t<div class=\"elementor-widget-container\">\n\t\t\t\t\t\t\t\t\t\t\t\t\t\t\t<img decoding=\"async\" width=\"522\" height=\"67\" src=\"https:\/\/idpacongress2025.com\/wp-content\/uploads\/2025\/03\/Divider-2-1.png\" class=\"attachment-full size-full wp-image-3515\" alt=\"\" srcset=\"https:\/\/idpacongress2025.com\/wp-content\/uploads\/2025\/03\/Divider-2-1.png 522w, https:\/\/idpacongress2025.com\/wp-content\/uploads\/2025\/03\/Divider-2-1-300x39.png 300w\" sizes=\"(max-width: 522px) 100vw, 522px\" \/>\t\t\t\t\t\t\t\t\t\t\t\t\t\t\t<\/div>\n\t\t\t\t<\/div>\n\t\t\t\t<\/div>\n\t\t\t\t\t<\/div>\n\t\t\t\t<\/div>\n\t\t\t\t<\/div>\n\t\t","protected":false},"excerpt":{"rendered":"<p>Registro PONENTES Este a\u00f1o, estamos encantados de presentar una lista excepcional de ponentes que est\u00e1n a la vanguardia de la investigaci\u00f3n, la pr\u00e1ctica cl\u00ednica y la innovaci\u00f3n educativa. Sus contribuciones son fundamentales para mejorar nuestra comprensi\u00f3n del desarrollo humano desde la infancia hasta la adultez. A medida que profundizamos en el congreso, cada ponente aportar\u00e1 [&hellip;]<\/p>\n","protected":false},"author":2,"featured_media":0,"parent":0,"menu_order":0,"comment_status":"closed","ping_status":"closed","template":"elementor_header_footer","meta":{"_monsterinsights_skip_tracking":false,"_monsterinsights_sitenote_active":false,"_monsterinsights_sitenote_note":"","_monsterinsights_sitenote_category":0,"ocean_post_layout":"","ocean_both_sidebars_style":"","ocean_both_sidebars_content_width":0,"ocean_both_sidebars_sidebars_width":0,"ocean_sidebar":"0","ocean_second_sidebar":"0","ocean_disable_margins":"on","ocean_add_body_class":"","ocean_shortcode_before_top_bar":"","ocean_shortcode_after_top_bar":"","ocean_shortcode_before_header":"","ocean_shortcode_after_header":"","ocean_has_shortcode":"","ocean_shortcode_after_title":"","ocean_shortcode_before_footer_widgets":"","ocean_shortcode_after_footer_widgets":"","ocean_shortcode_before_footer_bottom":"","ocean_shortcode_after_footer_bottom":"","ocean_display_top_bar":"default","ocean_display_header":"default","ocean_header_style":"","ocean_center_header_left_menu":"0","ocean_custom_header_template":"0","ocean_custom_logo":0,"ocean_custom_retina_logo":0,"ocean_custom_logo_max_width":0,"ocean_custom_logo_tablet_max_width":0,"ocean_custom_logo_mobile_max_width":0,"ocean_custom_logo_max_height":0,"ocean_custom_logo_tablet_max_height":0,"ocean_custom_logo_mobile_max_height":0,"ocean_header_custom_menu":"0","ocean_menu_typo_font_family":"0","ocean_menu_typo_font_subset":"","ocean_menu_typo_font_size":0,"ocean_menu_typo_font_size_tablet":0,"ocean_menu_typo_font_size_mobile":0,"ocean_menu_typo_font_size_unit":"px","ocean_menu_typo_font_weight":"","ocean_menu_typo_font_weight_tablet":"","ocean_menu_typo_font_weight_mobile":"","ocean_menu_typo_transform":"","ocean_menu_typo_transform_tablet":"","ocean_menu_typo_transform_mobile":"","ocean_menu_typo_line_height":0,"ocean_menu_typo_line_height_tablet":0,"ocean_menu_typo_line_height_mobile":0,"ocean_menu_typo_line_height_unit":"","ocean_menu_typo_spacing":0,"ocean_menu_typo_spacing_tablet":0,"ocean_menu_typo_spacing_mobile":0,"ocean_menu_typo_spacing_unit":"","ocean_menu_link_color":"","ocean_menu_link_color_hover":"","ocean_menu_link_color_active":"","ocean_menu_link_background":"","ocean_menu_link_hover_background":"","ocean_menu_link_active_background":"","ocean_menu_social_links_bg":"","ocean_menu_social_hover_links_bg":"","ocean_menu_social_links_color":"","ocean_menu_social_hover_links_color":"","ocean_disable_title":"enable","ocean_disable_heading":"on","ocean_post_title":"","ocean_post_subheading":"","ocean_post_title_style":"","ocean_post_title_background_color":"","ocean_post_title_background":0,"ocean_post_title_bg_image_position":"","ocean_post_title_bg_image_attachment":"","ocean_post_title_bg_image_repeat":"","ocean_post_title_bg_image_size":"","ocean_post_title_height":0,"ocean_post_title_bg_overlay":0.5,"ocean_post_title_bg_overlay_color":"","ocean_disable_breadcrumbs":"default","ocean_breadcrumbs_color":"","ocean_breadcrumbs_separator_color":"","ocean_breadcrumbs_links_color":"","ocean_breadcrumbs_links_hover_color":"","ocean_display_footer_widgets":"default","ocean_display_footer_bottom":"default","ocean_custom_footer_template":"0","omw_enable_modal_window":"enable","footnotes":""},"class_list":["post-2218","page","type-page","status-publish","hentry","entry"],"aioseo_notices":[],"_links":{"self":[{"href":"https:\/\/idpacongress2025.com\/es\/wp-json\/wp\/v2\/pages\/2218","targetHints":{"allow":["GET"]}}],"collection":[{"href":"https:\/\/idpacongress2025.com\/es\/wp-json\/wp\/v2\/pages"}],"about":[{"href":"https:\/\/idpacongress2025.com\/es\/wp-json\/wp\/v2\/types\/page"}],"author":[{"embeddable":true,"href":"https:\/\/idpacongress2025.com\/es\/wp-json\/wp\/v2\/users\/2"}],"replies":[{"embeddable":true,"href":"https:\/\/idpacongress2025.com\/es\/wp-json\/wp\/v2\/comments?post=2218"}],"version-history":[{"count":226,"href":"https:\/\/idpacongress2025.com\/es\/wp-json\/wp\/v2\/pages\/2218\/revisions"}],"predecessor-version":[{"id":4692,"href":"https:\/\/idpacongress2025.com\/es\/wp-json\/wp\/v2\/pages\/2218\/revisions\/4692"}],"wp:attachment":[{"href":"https:\/\/idpacongress2025.com\/es\/wp-json\/wp\/v2\/media?parent=2218"}],"curies":[{"name":"wp","href":"https:\/\/api.w.org\/{rel}","templated":true}]}}