{"id":1671,"date":"2016-11-06T00:11:41","date_gmt":"2016-11-06T06:11:41","guid":{"rendered":"https:\/\/idpacongress2025.com\/inicio\/"},"modified":"2025-05-13T11:44:49","modified_gmt":"2025-05-13T17:44:49","slug":"acerca-del-evento","status":"publish","type":"page","link":"https:\/\/idpacongress2025.com\/es\/acerca-del-evento\/","title":{"rendered":"Acerca del Evento"},"content":{"rendered":"\t\t<div data-elementor-type=\"wp-post\" data-elementor-id=\"1671\" class=\"elementor elementor-1671 elementor-240\">\n\t\t\t\t<div class=\"elementor-element elementor-element-28f50df e-flex e-con-boxed e-con e-parent\" data-id=\"28f50df\" data-element_type=\"container\">\n\t\t\t\t\t<div class=\"e-con-inner\">\n\t\t<div class=\"elementor-element elementor-element-cfc1916 e-con-full e-flex e-con e-child\" data-id=\"cfc1916\" data-element_type=\"container\">\n\t\t\t\t<div class=\"elementor-element elementor-element-55f66d7 elementor-widget elementor-widget-image-carousel\" data-id=\"55f66d7\" data-element_type=\"widget\" data-settings=\"{&quot;slides_to_show&quot;:&quot;1&quot;,&quot;navigation&quot;:&quot;none&quot;,&quot;effect&quot;:&quot;fade&quot;,&quot;speed&quot;:1500,&quot;autoplay&quot;:&quot;yes&quot;,&quot;pause_on_hover&quot;:&quot;yes&quot;,&quot;pause_on_interaction&quot;:&quot;yes&quot;,&quot;autoplay_speed&quot;:5000,&quot;infinite&quot;:&quot;yes&quot;}\" data-widget_type=\"image-carousel.default\">\n\t\t\t\t<div class=\"elementor-widget-container\">\n\t\t\t\t\t\t\t<div class=\"elementor-image-carousel-wrapper swiper\" role=\"region\" aria-roledescription=\"carousel\" aria-label=\"Image Carousel\" dir=\"ltr\">\n\t\t\t<div class=\"elementor-image-carousel swiper-wrapper swiper-image-stretch\" aria-live=\"off\">\n\t\t\t\t\t\t\t\t<div class=\"swiper-slide\" role=\"group\" aria-roledescription=\"slide\" aria-label=\"1 de 5\"><figure class=\"swiper-slide-inner\"><img decoding=\"async\" class=\"swiper-slide-image\" src=\"https:\/\/idpacongress2025.com\/wp-content\/uploads\/2024\/11\/Banner-1-1.jpg\" alt=\"IDPA Congress 2025 - Banner Image\" \/><\/figure><\/div><div class=\"swiper-slide\" role=\"group\" aria-roledescription=\"slide\" aria-label=\"2 de 5\"><figure class=\"swiper-slide-inner\"><img decoding=\"async\" class=\"swiper-slide-image\" src=\"https:\/\/idpacongress2025.com\/wp-content\/uploads\/2024\/11\/Banner-2-1.jpg\" alt=\"IDPA Congress 2025 - Banner Image\" \/><\/figure><\/div><div class=\"swiper-slide\" role=\"group\" aria-roledescription=\"slide\" aria-label=\"3 de 5\"><figure class=\"swiper-slide-inner\"><img decoding=\"async\" class=\"swiper-slide-image\" src=\"https:\/\/idpacongress2025.com\/wp-content\/uploads\/2024\/11\/Banner-3-1.jpg\" alt=\"IDPA Congress 2025 - Banner Image\" \/><\/figure><\/div><div class=\"swiper-slide\" role=\"group\" aria-roledescription=\"slide\" aria-label=\"4 de 5\"><figure class=\"swiper-slide-inner\"><img decoding=\"async\" class=\"swiper-slide-image\" src=\"https:\/\/idpacongress2025.com\/wp-content\/uploads\/2024\/11\/Banner-4-1.jpg\" alt=\"IDPA Congress 2025 - Banner Image\" \/><\/figure><\/div><div class=\"swiper-slide\" role=\"group\" aria-roledescription=\"slide\" aria-label=\"5 de 5\"><figure class=\"swiper-slide-inner\"><img decoding=\"async\" class=\"swiper-slide-image\" src=\"https:\/\/idpacongress2025.com\/wp-content\/uploads\/2024\/11\/Banner-5-1.jpg\" alt=\"IDPA Congress 2025 - Banner Image\" \/><\/figure><\/div>\t\t\t<\/div>\n\t\t\t\t\t\t\t\n\t\t\t\t\t\t\t\t\t<\/div>\n\t\t\t\t\t\t<\/div>\n\t\t\t\t<\/div>\n\t\t<div class=\"elementor-element elementor-element-63a089f e-grid e-con-full e-con e-child\" data-id=\"63a089f\" data-element_type=\"container\">\n\t\t\t\t<div class=\"elementor-element elementor-element-dea513d elementor-align-left hero-btn elementor-mobile-align-center elementor-hidden-desktop elementor-hidden-tablet elementor-hidden-mobile elementor-widget elementor-widget-button\" data-id=\"dea513d\" data-element_type=\"widget\" data-widget_type=\"button.default\">\n\t\t\t\t<div class=\"elementor-widget-container\">\n\t\t\t\t\t\t\t\t\t<div class=\"elementor-button-wrapper\">\n\t\t\t\t\t<a class=\"elementor-button elementor-button-link elementor-size-sm\" href=\"#\">\n\t\t\t\t\t\t<span class=\"elementor-button-content-wrapper\">\n\t\t\t\t\t\t\t\t\t<span class=\"elementor-button-text\">Registro<\/span>\n\t\t\t\t\t<\/span>\n\t\t\t\t\t<\/a>\n\t\t\t\t<\/div>\n\t\t\t\t\t\t\t\t<\/div>\n\t\t\t\t<\/div>\n\t\t\t\t<\/div>\n\t\t\t\t<\/div>\n\t\t\t\t\t<\/div>\n\t\t\t\t<\/div>\n\t\t<div class=\"elementor-element elementor-element-59be1f9 e-con-full e-flex e-con e-parent\" data-id=\"59be1f9\" data-element_type=\"container\">\n\t\t\t\t<div class=\"elementor-element elementor-element-5628792 elementor-widget elementor-widget-image\" data-id=\"5628792\" data-element_type=\"widget\" data-widget_type=\"image.default\">\n\t\t\t\t<div class=\"elementor-widget-container\">\n\t\t\t\t\t\t\t\t\t\t\t\t\t\t\t<img decoding=\"async\" width=\"522\" height=\"64\" src=\"https:\/\/idpacongress2025.com\/wp-content\/uploads\/2025\/03\/Divider-3-1.png\" class=\"attachment-full size-full wp-image-3490\" alt=\"\" srcset=\"https:\/\/idpacongress2025.com\/wp-content\/uploads\/2025\/03\/Divider-3-1.png 522w, https:\/\/idpacongress2025.com\/wp-content\/uploads\/2025\/03\/Divider-3-1-300x37.png 300w\" sizes=\"(max-width: 522px) 100vw, 522px\" \/>\t\t\t\t\t\t\t\t\t\t\t\t\t\t\t<\/div>\n\t\t\t\t<\/div>\n\t\t\t\t<\/div>\n\t\t<div class=\"elementor-element elementor-element-dbe4bed e-flex e-con-boxed e-con e-parent\" data-id=\"dbe4bed\" data-element_type=\"container\">\n\t\t\t\t\t<div class=\"e-con-inner\">\n\t\t\t\t<div class=\"elementor-element elementor-element-4f6bf30 elementor-widget elementor-widget-heading\" data-id=\"4f6bf30\" data-element_type=\"widget\" data-widget_type=\"heading.default\">\n\t\t\t\t<div class=\"elementor-widget-container\">\n\t\t\t\t\t<h1 class=\"elementor-heading-title elementor-size-default\">Bienvenidos al 6to Congreso de la Asociaci\u00f3n Internacional de Pediatr\u00eda del Desarrollo (IDPA) 2025<\/h1>\t\t\t\t<\/div>\n\t\t\t\t<\/div>\n\t\t\t\t<div class=\"elementor-element elementor-element-41144bb elementor-widget elementor-widget-text-editor\" data-id=\"41144bb\" data-element_type=\"widget\" data-widget_type=\"text-editor.default\">\n\t\t\t\t<div class=\"elementor-widget-container\">\n\t\t\t\t\t\t\t\t\t<p>En nombre de la <strong>Asociaci\u00f3n Internacional de Pediatr\u00eda del Desarrollo<\/strong> (IDPA) y <strong>Wuqu\u2019 Kawoq | Alianza Maya<\/strong> <strong>para la Salud<\/strong>, es un placer anunciar el <strong>Sexto Congreso de la Asociaci\u00f3n Internacional de Pediatr\u00eda del Desarrollo<\/strong>, que se llevar\u00e1 a cabo del<strong>\u00a01 al 4 de diciembre<\/strong> de 2025 en la Ciudad de Guatemala. Durante este evento, se conmemorar\u00e1 el <strong>D\u00eda Internacional de las Personas con Discapacidad<\/strong> el 3 de diciembre de 2025.<\/p><p>Este prestigioso evento internacional invita a participantes de diversas disciplinas que abarcan todos los aspectos de la prestaci\u00f3n de servicios y la investigaci\u00f3n relacionados con el desarrollo infantil y las discapacidades del desarrollo: pediatras del desarrollo, pediatras generales, m\u00e9dicos de familia, profesionales de la salud p\u00fablica, salud mental infantil, discapacidad, fisioterapeutas, terapeutas ocupacionales, terapeutas del habla y del lenguaje, expertos en desarrollo infantil y educaci\u00f3n, intervenci\u00f3n temprana, educaci\u00f3n especial, servicios sociales, defensa y pol\u00edticas p\u00fablicas. En a\u00f1os anteriores, el Congreso se ha celebrado en Turqu\u00eda, India, Filipinas, L\u00edbano (virtual) y Sud\u00e1frica. Esta es la primera vez que el Congreso se llevar\u00e1 a cabo en Am\u00e9rica Latina, y esperamos contar con una amplia participaci\u00f3n regional.\u00a0<\/p><p>El tema del 6\u00ba Congreso de la IDPA ser\u00e1 <strong>Equidad y Oportunidades para la ni\u00f1ez<\/strong>, con un enfoque especial en el <strong>Cuidado de los Ni\u00f1os de Comunidades Ind\u00edgenas y Minoritarias<\/strong>, dado que Am\u00e9rica Latina tiene una de las poblaciones ind\u00edgenas m\u00e1s grandes del mundo. Reconociendo las barreras estructurales que enfrentan los ni\u00f1os con discapacidades para acceder a la atenci\u00f3n m\u00e9dica, la conferencia tambi\u00e9n fomentar\u00e1 la colaboraci\u00f3n con organizaciones de personas con discapacidades, pueblos ind\u00edgenas con discapacidades y expertos en discapacidad. Esta iniciativa tiene como objetivo empoderar las voces de las personas con discapacidades y derribar las barreras hacia una atenci\u00f3n m\u00e9dica equitativa, asegurando que ning\u00fan ni\u00f1o se quede atr\u00e1s.<\/p><p><strong>Wuqu\u2019 Kawoq | Alianza Maya para la Salud<\/strong> ser\u00e1 el socio organizador local del Congreso. Wuqu\u2019 Kawoq es una organizaci\u00f3n sin fines de lucro en Guatemala que trabaja para brindar servicios de salud con competencia ling\u00fc\u00edstica y cultural a mujeres, ni\u00f1os y familias de comunidades ind\u00edgenas y rurales en Guatemala. <strong>IDPA <\/strong>es una sociedad profesional cuya misi\u00f3n es lograr la equidad en la pediatr\u00eda del desarrollo y los servicios relacionados para ni\u00f1os y familias en todo el mundo.<\/p><p>Estimamos que entre 500 y 600 delegados de Guatemala, Am\u00e9rica Latina y la comunidad global participar\u00e1n en el Congreso. Un enfoque especial de todos los Congresos de la IDPA es que todos los trabajos presentados en el Congreso deben ser realizados en pa\u00edses de ingresos bajos o medios (PIBM). <strong>Esto crea un espacio \u00fanico para voces y perspectivas importantes que generalmente no est\u00e1n representadas en conferencias internacionales de primera infancia.<\/strong> La agenda del Congreso incluir\u00e1 talleres previos al Congreso dise\u00f1ados para aumentar las habilidades de los profesionales de los pa\u00edses de medianos y bajos ingresos, una conferencia principal que proporcionar\u00e1 un espacio para compartir y aprender, y cenas de mentor\u00eda que brindar\u00e1n oportunidades a profesionales en las primeras etapas de sus carreras para ser guiados por expertos del sur y norte global.<\/p><p><span style=\"font-weight: 400;\">Estamos disponibles para reunirnos y proporcionar m\u00e1s detalles sobre este Congreso y las oportunidades relacionadas.<\/span><\/p><p>Cordialmente,<\/p>\t\t\t\t\t\t\t\t<\/div>\n\t\t\t\t<\/div>\n\t\t\t\t\t<\/div>\n\t\t\t\t<\/div>\n\t\t<div class=\"elementor-element elementor-element-9edb662 e-grid e-con-boxed e-con e-parent\" data-id=\"9edb662\" data-element_type=\"container\">\n\t\t\t\t\t<div class=\"e-con-inner\">\n\t\t<div class=\"elementor-element elementor-element-6f651a0 e-con-full e-flex e-con e-child\" data-id=\"6f651a0\" data-element_type=\"container\">\n\t\t\t\t<div class=\"elementor-element elementor-element-370fd16 elementor-widget elementor-widget-text-editor\" data-id=\"370fd16\" data-element_type=\"widget\" data-widget_type=\"text-editor.default\">\n\t\t\t\t<div class=\"elementor-widget-container\">\n\t\t\t\t\t\t\t\t\t<h4 style=\"text-align: center;\">Anne Kraemer Diaz, MA<\/h4><hr style=\"background: #777; width: 45px; height: 2px; margin: 2px auto 2px auto; border: 0;\" \/><h5 style=\"text-align: center;\">Directora Ejecutiva de Wuqu&#8217; Kawoq<\/h5>\t\t\t\t\t\t\t\t<\/div>\n\t\t\t\t<\/div>\n\t\t\t\t<\/div>\n\t\t<div class=\"elementor-element elementor-element-dc74d8c e-con-full e-flex e-con e-child\" data-id=\"dc74d8c\" data-element_type=\"container\">\n\t\t\t\t<div class=\"elementor-element elementor-element-96148db elementor-widget elementor-widget-text-editor\" data-id=\"96148db\" data-element_type=\"widget\" data-widget_type=\"text-editor.default\">\n\t\t\t\t<div class=\"elementor-widget-container\">\n\t\t\t\t\t\t\t\t\t<h4 style=\"text-align: center;\">Peter Rohloff MD PhD FAAP<\/h4><hr style=\"background: #777; width: 45px; height: 2px; margin: 2px auto 2px auto; border: 0;\" \/><h5 style=\"text-align: center;\">Presidente del Congreso IDPA 2025<\/h5>\t\t\t\t\t\t\t\t<\/div>\n\t\t\t\t<\/div>\n\t\t\t\t<\/div>\n\t\t<div class=\"elementor-element elementor-element-f441278 e-con-full e-flex e-con e-child\" data-id=\"f441278\" data-element_type=\"container\">\n\t\t\t\t<div class=\"elementor-element elementor-element-173ddae elementor-widget elementor-widget-text-editor\" data-id=\"173ddae\" data-element_type=\"widget\" data-widget_type=\"text-editor.default\">\n\t\t\t\t<div class=\"elementor-widget-container\">\n\t\t\t\t\t\t\t\t\t<h4 style=\"text-align: center;\">Kirsten Donald MBChB PhD<\/h4><hr style=\"background: #777; width: 45px; height: 2px; margin: 2px auto 2px auto; border: 0;\" \/><h5 style=\"text-align: center;\">Presidenta de la Junta Ejecutiva de IDPA<\/h5>\t\t\t\t\t\t\t\t<\/div>\n\t\t\t\t<\/div>\n\t\t\t\t<\/div>\n\t\t\t\t\t<\/div>\n\t\t\t\t<\/div>\n\t\t<div class=\"elementor-element elementor-element-034d175 e-flex e-con-boxed e-con e-parent\" data-id=\"034d175\" data-element_type=\"container\">\n\t\t\t\t\t<div class=\"e-con-inner\">\n\t\t\t\t<div class=\"elementor-element elementor-element-8110fba elementor-widget-divider--view-line elementor-widget elementor-widget-divider\" data-id=\"8110fba\" data-element_type=\"widget\" data-widget_type=\"divider.default\">\n\t\t\t\t<div class=\"elementor-widget-container\">\n\t\t\t\t\t\t\t<div class=\"elementor-divider\">\n\t\t\t<span class=\"elementor-divider-separator\">\n\t\t\t\t\t\t<\/span>\n\t\t<\/div>\n\t\t\t\t\t\t<\/div>\n\t\t\t\t<\/div>\n\t\t\t\t<div class=\"elementor-element elementor-element-dc8ec67 elementor-widget elementor-widget-heading\" data-id=\"dc8ec67\" data-element_type=\"widget\" data-widget_type=\"heading.default\">\n\t\t\t\t<div class=\"elementor-widget-container\">\n\t\t\t\t\t<h1 class=\"elementor-heading-title elementor-size-default\">Junta Ejecutiva<\/h1>\t\t\t\t<\/div>\n\t\t\t\t<\/div>\n\t\t<div class=\"elementor-element elementor-element-2b53e04 e-con-full e-flex e-con e-child\" data-id=\"2b53e04\" data-element_type=\"container\">\n\t\t<div class=\"elementor-element elementor-element-c6ae3b7 e-con-full e-flex e-con e-child\" data-id=\"c6ae3b7\" data-element_type=\"container\">\n\t\t\t\t<div class=\"elementor-element elementor-element-de69a26 elementor-widget elementor-widget-image\" data-id=\"de69a26\" data-element_type=\"widget\" data-widget_type=\"image.default\">\n\t\t\t\t<div class=\"elementor-widget-container\">\n\t\t\t\t\t\t\t\t\t\t\t\t\t\t\t<img decoding=\"async\" src=\"https:\/\/idpacongress2025.com\/wp-content\/uploads\/elementor\/thumbs\/Dr-Ezgi-1-r0cf2xwp34yjh5tsmkzjdv1z8zh78lvd3ax2io6vvg.jpg\" title=\"Dr-Ezgi.jpg\" alt=\"Dr-Ezgi.jpg\" loading=\"lazy\" \/>\t\t\t\t\t\t\t\t\t\t\t\t\t\t\t<\/div>\n\t\t\t\t<\/div>\n\t\t\t\t<\/div>\n\t\t<div class=\"elementor-element elementor-element-07ea683 e-con-full e-flex e-con e-child\" data-id=\"07ea683\" data-element_type=\"container\">\n\t\t\t\t<div class=\"elementor-element elementor-element-4d187f2 elementor-widget elementor-widget-heading\" data-id=\"4d187f2\" data-element_type=\"widget\" data-widget_type=\"heading.default\">\n\t\t\t\t<div class=\"elementor-widget-container\">\n\t\t\t\t\t<h2 class=\"elementor-heading-title elementor-size-default\">Ezgi \u00d6zalp Akin<\/h2>\t\t\t\t<\/div>\n\t\t\t\t<\/div>\n\t\t\t\t<div class=\"elementor-element elementor-element-4625461 elementor-widget elementor-widget-heading\" data-id=\"4625461\" data-element_type=\"widget\" data-widget_type=\"heading.default\">\n\t\t\t\t<div class=\"elementor-widget-container\">\n\t\t\t\t\t<h4 class=\"elementor-heading-title elementor-size-default\">Turqu\u00eda<\/h4>\t\t\t\t<\/div>\n\t\t\t\t<\/div>\n\t\t\t\t<div class=\"elementor-element elementor-element-1bc99be elementor-widget elementor-widget-eael-adv-accordion\" data-id=\"1bc99be\" data-element_type=\"widget\" data-widget_type=\"eael-adv-accordion.default\">\n\t\t\t\t<div class=\"elementor-widget-container\">\n\t\t\t\t\t        <div class=\"eael-adv-accordion\" id=\"eael-adv-accordion-1bc99be\" data-scroll-on-click=\"no\" data-scroll-speed=\"300\" data-accordion-id=\"1bc99be\" data-accordion-type=\"accordion\" data-toogle-speed=\"300\">\n    <div class=\"eael-accordion-list\">\n                <div id=\"leer-ms\" class=\"elementor-tab-title eael-accordion-header\" tabindex=\"0\" data-tab=\"1\" aria-controls=\"elementor-tab-content-2911\"><span class=\"eael-advanced-accordion-icon-closed\"><svg aria-hidden=\"true\" class=\"fa-accordion-icon e-font-icon-svg e-fas-plus\" viewBox=\"0 0 448 512\" xmlns=\"http:\/\/www.w3.org\/2000\/svg\"><path d=\"M416 208H272V64c0-17.67-14.33-32-32-32h-32c-17.67 0-32 14.33-32 32v144H32c-17.67 0-32 14.33-32 32v32c0 17.67 14.33 32 32 32h144v144c0 17.67 14.33 32 32 32h32c17.67 0 32-14.33 32-32V304h144c17.67 0 32-14.33 32-32v-32c0-17.67-14.33-32-32-32z\"><\/path><\/svg><\/span><span class=\"eael-advanced-accordion-icon-opened\"><svg aria-hidden=\"true\" class=\"fa-accordion-icon e-font-icon-svg e-fas-minus\" viewBox=\"0 0 448 512\" xmlns=\"http:\/\/www.w3.org\/2000\/svg\"><path d=\"M416 208H32c-17.67 0-32 14.33-32 32v32c0 17.67 14.33 32 32 32h384c17.67 0 32-14.33 32-32v-32c0-17.67-14.33-32-32-32z\"><\/path><\/svg><\/span><span class=\"eael-accordion-tab-title\">Leer m\u00e1s<\/span><\/div><div id=\"elementor-tab-content-2911\" class=\"eael-accordion-content clearfix\" data-tab=\"1\" aria-labelledby=\"leer-ms\"><p>Ezgi \u00d6zalp Ak\u0131n es profesora asociada en la Divisi\u00f3n de Pediatr\u00eda del Desarrollo de la Universidad de Ankara, Turqu\u00eda, y miembro de la Junta Ejectuiva de la Asociaci\u00f3n Internacional de Pediatr\u00eda del Desarrollo (IDPA). Trabaja en la formaci\u00f3n de m\u00e9dicos y pediatras en pediatr\u00eda del desarrollo y en el uso de la Gu\u00eda Internacional para el Monitoreo del Desarrollo Infantil, as\u00ed como en la defensa de los derechos de los ni\u00f1os con dificultades de desarrollo y sus familias. Sus intereses de investigaci\u00f3n est\u00e1n relacionados con el uso del Marco de la Clasificaci\u00f3n Internacional del Funcionamiento, la Discapacidad y la Salud para evaluar y apoyar a los ni\u00f1os con dificultades de desarrollo y a sus familias.<\/p><\/div>\n                <\/div><\/div>\t\t\t\t<\/div>\n\t\t\t\t<\/div>\n\t\t\t\t<\/div>\n\t\t\t\t<\/div>\n\t\t\t\t<div class=\"elementor-element elementor-element-de2d0b7 elementor-widget-divider--view-line elementor-widget elementor-widget-divider\" data-id=\"de2d0b7\" data-element_type=\"widget\" data-widget_type=\"divider.default\">\n\t\t\t\t<div class=\"elementor-widget-container\">\n\t\t\t\t\t\t\t<div class=\"elementor-divider\">\n\t\t\t<span class=\"elementor-divider-separator\">\n\t\t\t\t\t\t<\/span>\n\t\t<\/div>\n\t\t\t\t\t\t<\/div>\n\t\t\t\t<\/div>\n\t\t<div class=\"elementor-element elementor-element-97f99f9 e-con-full e-flex e-con e-child\" data-id=\"97f99f9\" data-element_type=\"container\">\n\t\t<div class=\"elementor-element elementor-element-d797cb0 e-con-full e-flex e-con e-child\" data-id=\"d797cb0\" data-element_type=\"container\">\n\t\t\t\t<div class=\"elementor-element elementor-element-4b81301 elementor-widget elementor-widget-image\" data-id=\"4b81301\" data-element_type=\"widget\" data-widget_type=\"image.default\">\n\t\t\t\t<div class=\"elementor-widget-container\">\n\t\t\t\t\t\t\t\t\t\t\t\t\t\t\t<img decoding=\"async\" src=\"https:\/\/idpacongress2025.com\/wp-content\/uploads\/elementor\/thumbs\/KirstyDonald2-e1720809208295-r0cf3il59hqukkzr9txbwpu4bgn9xy5gi59r2rc82k.jpg\" title=\"KirstyDonald2-e1720809208295.jpg\" alt=\"Kirsten Donald\" loading=\"lazy\" \/>\t\t\t\t\t\t\t\t\t\t\t\t\t\t\t<\/div>\n\t\t\t\t<\/div>\n\t\t\t\t<\/div>\n\t\t<div class=\"elementor-element elementor-element-5663699 e-con-full e-flex e-con e-child\" data-id=\"5663699\" data-element_type=\"container\">\n\t\t\t\t<div class=\"elementor-element elementor-element-c92bbba elementor-widget elementor-widget-heading\" data-id=\"c92bbba\" data-element_type=\"widget\" data-widget_type=\"heading.default\">\n\t\t\t\t<div class=\"elementor-widget-container\">\n\t\t\t\t\t<h2 class=\"elementor-heading-title elementor-size-default\">Kirsty Donald<\/h2>\t\t\t\t<\/div>\n\t\t\t\t<\/div>\n\t\t\t\t<div class=\"elementor-element elementor-element-b260705 elementor-widget elementor-widget-heading\" data-id=\"b260705\" data-element_type=\"widget\" data-widget_type=\"heading.default\">\n\t\t\t\t<div class=\"elementor-widget-container\">\n\t\t\t\t\t<h4 class=\"elementor-heading-title elementor-size-default\">Sud\u00e1frica<\/h4>\t\t\t\t<\/div>\n\t\t\t\t<\/div>\n\t\t\t\t<div class=\"elementor-element elementor-element-38bf3c6 elementor-widget elementor-widget-eael-adv-accordion\" data-id=\"38bf3c6\" data-element_type=\"widget\" data-widget_type=\"eael-adv-accordion.default\">\n\t\t\t\t<div class=\"elementor-widget-container\">\n\t\t\t\t\t        <div class=\"eael-adv-accordion\" id=\"eael-adv-accordion-38bf3c6\" data-scroll-on-click=\"no\" data-scroll-speed=\"300\" data-accordion-id=\"38bf3c6\" data-accordion-type=\"accordion\" data-toogle-speed=\"300\">\n    <div class=\"eael-accordion-list\">\n                <div id=\"leer-ms\" class=\"elementor-tab-title eael-accordion-header\" tabindex=\"0\" data-tab=\"1\" aria-controls=\"elementor-tab-content-5951\"><span class=\"eael-advanced-accordion-icon-closed\"><svg aria-hidden=\"true\" class=\"fa-accordion-icon e-font-icon-svg e-fas-plus\" viewBox=\"0 0 448 512\" xmlns=\"http:\/\/www.w3.org\/2000\/svg\"><path d=\"M416 208H272V64c0-17.67-14.33-32-32-32h-32c-17.67 0-32 14.33-32 32v144H32c-17.67 0-32 14.33-32 32v32c0 17.67 14.33 32 32 32h144v144c0 17.67 14.33 32 32 32h32c17.67 0 32-14.33 32-32V304h144c17.67 0 32-14.33 32-32v-32c0-17.67-14.33-32-32-32z\"><\/path><\/svg><\/span><span class=\"eael-advanced-accordion-icon-opened\"><svg aria-hidden=\"true\" class=\"fa-accordion-icon e-font-icon-svg e-fas-minus\" viewBox=\"0 0 448 512\" xmlns=\"http:\/\/www.w3.org\/2000\/svg\"><path d=\"M416 208H32c-17.67 0-32 14.33-32 32v32c0 17.67 14.33 32 32 32h384c17.67 0 32-14.33 32-32v-32c0-17.67-14.33-32-32-32z\"><\/path><\/svg><\/span><span class=\"eael-accordion-tab-title\">Leer m\u00e1s<\/span><\/div><div id=\"elementor-tab-content-5951\" class=\"eael-accordion-content clearfix\" data-tab=\"1\" aria-labelledby=\"leer-ms\"><p>La Prof. Kirsty Donald es Subdirectora del Instituto de Neurociencia de la Universidad de Ciudad del Cabo (UCT) y, durante los \u00faltimos 15 a\u00f1os, ha dirigido la Divisi\u00f3n de Pediatr\u00eda del Desarrollo en el Hospital Memorial de la Guerra Infantil del Red Cross.<\/p><p>Cient\u00edficamente, ha contribuido a la comprensi\u00f3n de la variabilidad fenot\u00edpica y la variaci\u00f3n gen\u00e9tica en condiciones de desarrollo en la regi\u00f3n africana.<\/p><p>A nivel internacional, ha formado parte del panel de expertos de UNICEF para el establecimiento de est\u00e1ndares globales en desarrollo infantil temprano y es miembro del Grupo Asesor Estrat\u00e9gico y T\u00e9cnico de la OMS sobre Salud Mental, Salud Cerebral y Uso de Sustancias.<\/p><p>En su compromiso con el futuro, la Prof. Donald est\u00e1 profundamente comprometida con la formaci\u00f3n y la expansi\u00f3n de la experiencia en neurociencia en \u00c1frica. Actualmente, tambi\u00e9n lidera un amplio portafolio de investigaci\u00f3n y desarrollo de capacidades, financiado internacionalmente, en el Departamento de Pediatr\u00eda y Salud Infantil y el Instituto de Neurociencia.<\/p><\/div>\n                <\/div><\/div>\t\t\t\t<\/div>\n\t\t\t\t<\/div>\n\t\t\t\t<\/div>\n\t\t\t\t<\/div>\n\t\t\t\t<div class=\"elementor-element elementor-element-e03fe58 elementor-widget-divider--view-line elementor-widget elementor-widget-divider\" data-id=\"e03fe58\" data-element_type=\"widget\" data-widget_type=\"divider.default\">\n\t\t\t\t<div class=\"elementor-widget-container\">\n\t\t\t\t\t\t\t<div class=\"elementor-divider\">\n\t\t\t<span class=\"elementor-divider-separator\">\n\t\t\t\t\t\t<\/span>\n\t\t<\/div>\n\t\t\t\t\t\t<\/div>\n\t\t\t\t<\/div>\n\t\t<div class=\"elementor-element elementor-element-fd97160 e-con-full e-flex e-con e-child\" data-id=\"fd97160\" data-element_type=\"container\">\n\t\t<div class=\"elementor-element elementor-element-188d481 e-con-full e-flex e-con e-child\" data-id=\"188d481\" data-element_type=\"container\">\n\t\t\t\t<div class=\"elementor-element elementor-element-345cf5a elementor-widget elementor-widget-image\" data-id=\"345cf5a\" data-element_type=\"widget\" data-widget_type=\"image.default\">\n\t\t\t\t<div class=\"elementor-widget-container\">\n\t\t\t\t\t\t\t\t\t\t\t\t\t\t\t<img decoding=\"async\" src=\"https:\/\/idpacongress2025.com\/wp-content\/uploads\/elementor\/thumbs\/Koyeli-Sengupta\u200b-e1736901945171-1-r0cf5e9ixkbhsi9gan6gw8rb37dpc5m4rg8pmojvmk.png\" title=\"Koyeli-Sengupta\u200b-e1736901945171.png\" alt=\"Koyeli-Sengupta\u200b-e1736901945171.png\" loading=\"lazy\" \/>\t\t\t\t\t\t\t\t\t\t\t\t\t\t\t<\/div>\n\t\t\t\t<\/div>\n\t\t\t\t<\/div>\n\t\t<div class=\"elementor-element elementor-element-2c42720 e-con-full e-flex e-con e-child\" data-id=\"2c42720\" data-element_type=\"container\">\n\t\t\t\t<div class=\"elementor-element elementor-element-60cfacf elementor-widget elementor-widget-heading\" data-id=\"60cfacf\" data-element_type=\"widget\" data-widget_type=\"heading.default\">\n\t\t\t\t<div class=\"elementor-widget-container\">\n\t\t\t\t\t<h2 class=\"elementor-heading-title elementor-size-default\">Koyeli Sengupta<\/h2>\t\t\t\t<\/div>\n\t\t\t\t<\/div>\n\t\t\t\t<div class=\"elementor-element elementor-element-59e1d82 elementor-widget elementor-widget-heading\" data-id=\"59e1d82\" data-element_type=\"widget\" data-widget_type=\"heading.default\">\n\t\t\t\t<div class=\"elementor-widget-container\">\n\t\t\t\t\t<h4 class=\"elementor-heading-title elementor-size-default\">India<\/h4>\t\t\t\t<\/div>\n\t\t\t\t<\/div>\n\t\t\t\t<div class=\"elementor-element elementor-element-e193fb7 elementor-widget elementor-widget-eael-adv-accordion\" data-id=\"e193fb7\" data-element_type=\"widget\" data-widget_type=\"eael-adv-accordion.default\">\n\t\t\t\t<div class=\"elementor-widget-container\">\n\t\t\t\t\t        <div class=\"eael-adv-accordion\" id=\"eael-adv-accordion-e193fb7\" data-scroll-on-click=\"no\" data-scroll-speed=\"300\" data-accordion-id=\"e193fb7\" data-accordion-type=\"accordion\" data-toogle-speed=\"300\">\n    <div class=\"eael-accordion-list\">\n                <div id=\"leer-ms\" class=\"elementor-tab-title eael-accordion-header\" tabindex=\"0\" data-tab=\"1\" aria-controls=\"elementor-tab-content-2361\"><span class=\"eael-advanced-accordion-icon-closed\"><svg aria-hidden=\"true\" class=\"fa-accordion-icon e-font-icon-svg e-fas-plus\" viewBox=\"0 0 448 512\" xmlns=\"http:\/\/www.w3.org\/2000\/svg\"><path d=\"M416 208H272V64c0-17.67-14.33-32-32-32h-32c-17.67 0-32 14.33-32 32v144H32c-17.67 0-32 14.33-32 32v32c0 17.67 14.33 32 32 32h144v144c0 17.67 14.33 32 32 32h32c17.67 0 32-14.33 32-32V304h144c17.67 0 32-14.33 32-32v-32c0-17.67-14.33-32-32-32z\"><\/path><\/svg><\/span><span class=\"eael-advanced-accordion-icon-opened\"><svg aria-hidden=\"true\" class=\"fa-accordion-icon e-font-icon-svg e-fas-minus\" viewBox=\"0 0 448 512\" xmlns=\"http:\/\/www.w3.org\/2000\/svg\"><path d=\"M416 208H32c-17.67 0-32 14.33-32 32v32c0 17.67 14.33 32 32 32h384c17.67 0 32-14.33 32-32v-32c0-17.67-14.33-32-32-32z\"><\/path><\/svg><\/span><span class=\"eael-accordion-tab-title\">Leer m\u00e1s<\/span><\/div><div id=\"elementor-tab-content-2361\" class=\"eael-accordion-content clearfix\" data-tab=\"1\" aria-labelledby=\"leer-ms\"><p>Koyeli Sengupta es pediatra del desarrollo con un t\u00edtulo de posgrado en Medicina Pedi\u00e1trica y Psicolog\u00eda Cl\u00ednica. Es la Directora de Servicios de Intervenci\u00f3n en Autismo en Ummeed, una destacada organizaci\u00f3n sin fines de lucro en Mumbai, India, muy respetada por su trabajo en el campo de los ni\u00f1os con discapacidades.<\/p><p>Koyeli ha sido fundamental en el crecimiento de los servicios de autismo de Ummeed, desarrollando una gama de servicios cl\u00ednicos que abordan diversas dificultades relacionadas con el autismo durante la infancia y la adolescencia. Bajo su liderazgo, el equipo de intervenci\u00f3n en autismo de Ummeed ha conceptualizado e implementado programas de capacitaci\u00f3n para fortalecer la capacidad de la comunidad en ofrecer atenci\u00f3n integral, basada en evidencia, centrada en el ni\u00f1o y en la familia, para ni\u00f1os con autismo y sus familias. En 2016, lider\u00f3 el desarrollo e implementaci\u00f3n del AITP (Programa de Capacitaci\u00f3n en Intervenci\u00f3n en Autismo), un programa de formaci\u00f3n \u00fanico en India para profesionales que trabajan con ni\u00f1os con autismo.<\/p><\/div>\n                <\/div><\/div>\t\t\t\t<\/div>\n\t\t\t\t<\/div>\n\t\t\t\t<\/div>\n\t\t\t\t<\/div>\n\t\t\t\t<div class=\"elementor-element elementor-element-a83d365 elementor-widget-divider--view-line elementor-widget elementor-widget-divider\" data-id=\"a83d365\" data-element_type=\"widget\" data-widget_type=\"divider.default\">\n\t\t\t\t<div class=\"elementor-widget-container\">\n\t\t\t\t\t\t\t<div class=\"elementor-divider\">\n\t\t\t<span class=\"elementor-divider-separator\">\n\t\t\t\t\t\t<\/span>\n\t\t<\/div>\n\t\t\t\t\t\t<\/div>\n\t\t\t\t<\/div>\n\t\t<div class=\"elementor-element elementor-element-0837385 e-con-full e-flex e-con e-child\" data-id=\"0837385\" data-element_type=\"container\">\n\t\t<div class=\"elementor-element elementor-element-4a72144 e-con-full e-flex e-con e-child\" data-id=\"4a72144\" data-element_type=\"container\">\n\t\t\t\t<div class=\"elementor-element elementor-element-8cadd79 elementor-widget elementor-widget-image\" data-id=\"8cadd79\" data-element_type=\"widget\" data-widget_type=\"image.default\">\n\t\t\t\t<div class=\"elementor-widget-container\">\n\t\t\t\t\t\t\t\t\t\t\t\t\t\t\t<img decoding=\"async\" src=\"https:\/\/idpacongress2025.com\/wp-content\/uploads\/elementor\/thumbs\/PIXLC2-rdemovebg-preview-r29t4xgvcybzqni3ntc6uud4rc0j26oszez9563o4c.png\" title=\"PIXLC2-rdemovebg-preview\" alt=\"PIXLC2-rdemovebg-preview\" loading=\"lazy\" \/>\t\t\t\t\t\t\t\t\t\t\t\t\t\t\t<\/div>\n\t\t\t\t<\/div>\n\t\t\t\t<\/div>\n\t\t<div class=\"elementor-element elementor-element-e0c2524 e-con-full e-flex e-con e-child\" data-id=\"e0c2524\" data-element_type=\"container\">\n\t\t\t\t<div class=\"elementor-element elementor-element-5015267 elementor-widget elementor-widget-heading\" data-id=\"5015267\" data-element_type=\"widget\" data-widget_type=\"heading.default\">\n\t\t\t\t<div class=\"elementor-widget-container\">\n\t\t\t\t\t<h2 class=\"elementor-heading-title elementor-size-default\">Lama Charafeddine<\/h2>\t\t\t\t<\/div>\n\t\t\t\t<\/div>\n\t\t\t\t<div class=\"elementor-element elementor-element-24793d2 elementor-widget elementor-widget-heading\" data-id=\"24793d2\" data-element_type=\"widget\" data-widget_type=\"heading.default\">\n\t\t\t\t<div class=\"elementor-widget-container\">\n\t\t\t\t\t<h4 class=\"elementor-heading-title elementor-size-default\">L\u00edbano<\/h4>\t\t\t\t<\/div>\n\t\t\t\t<\/div>\n\t\t\t\t<div class=\"elementor-element elementor-element-2a3d117 elementor-widget elementor-widget-eael-adv-accordion\" data-id=\"2a3d117\" data-element_type=\"widget\" data-widget_type=\"eael-adv-accordion.default\">\n\t\t\t\t<div class=\"elementor-widget-container\">\n\t\t\t\t\t        <div class=\"eael-adv-accordion\" id=\"eael-adv-accordion-2a3d117\" data-scroll-on-click=\"no\" data-scroll-speed=\"300\" data-accordion-id=\"2a3d117\" data-accordion-type=\"accordion\" data-toogle-speed=\"300\">\n    <div class=\"eael-accordion-list\">\n                <div id=\"leer-ms\" class=\"elementor-tab-title eael-accordion-header\" tabindex=\"0\" data-tab=\"1\" aria-controls=\"elementor-tab-content-4421\"><span class=\"eael-advanced-accordion-icon-closed\"><svg aria-hidden=\"true\" class=\"fa-accordion-icon e-font-icon-svg e-fas-plus\" viewBox=\"0 0 448 512\" xmlns=\"http:\/\/www.w3.org\/2000\/svg\"><path d=\"M416 208H272V64c0-17.67-14.33-32-32-32h-32c-17.67 0-32 14.33-32 32v144H32c-17.67 0-32 14.33-32 32v32c0 17.67 14.33 32 32 32h144v144c0 17.67 14.33 32 32 32h32c17.67 0 32-14.33 32-32V304h144c17.67 0 32-14.33 32-32v-32c0-17.67-14.33-32-32-32z\"><\/path><\/svg><\/span><span class=\"eael-advanced-accordion-icon-opened\"><svg aria-hidden=\"true\" class=\"fa-accordion-icon e-font-icon-svg e-fas-minus\" viewBox=\"0 0 448 512\" xmlns=\"http:\/\/www.w3.org\/2000\/svg\"><path d=\"M416 208H32c-17.67 0-32 14.33-32 32v32c0 17.67 14.33 32 32 32h384c17.67 0 32-14.33 32-32v-32c0-17.67-14.33-32-32-32z\"><\/path><\/svg><\/span><span class=\"eael-accordion-tab-title\">Leer m\u00e1s<\/span><\/div><div id=\"elementor-tab-content-4421\" class=\"eael-accordion-content clearfix\" data-tab=\"1\" aria-labelledby=\"leer-ms\"><p>La Dra. Charafeddine es Profesora de Pediatr\u00eda Cl\u00ednica y Neonatolog\u00eda en la Universidad Americana de Beirut (AUB), Divisi\u00f3n de Neonatolog\u00eda. Es diplomada por la Junta Americana de Pediatr\u00eda y Medicina Neonatal-Perinatal. Es fundadora y directora del Programa de Cuidado del Desarrollo e Intervenci\u00f3n Temprana y de la Cl\u00ednica de Seguimiento Continuo en Neonatolog\u00eda en AUB. Es profesional certificada en el Programa de Evaluaci\u00f3n de Cuidados Individualizados para el Desarrollo del Reci\u00e9n Nacido (NIDCAP) e instructora mentora en el programa de reanimaci\u00f3n neonatal.<\/p><p>La Dra. Charafeddine es consultora global de UNICEF y asesora t\u00e9cnica de la OMS en Desarrollo Infantil Temprano. Desde marzo de 2023, preside el Comit\u00e9 Nacional de Atenci\u00f3n a Prematuros y Reci\u00e9n Nacidos del Ministerio de Salud P\u00fablica. Actualmente, copreside el comit\u00e9 de Desarrollo Infantil Temprano de la Asociaci\u00f3n Internacional de Pediatr\u00eda.<\/p><p>Su investigaci\u00f3n se centra en el cuidado del desarrollo y la intervenci\u00f3n ultra-temprana, la mejora de la calidad de la atenci\u00f3n, el desarrollo infantil temprano y los resultados del desarrollo de los beb\u00e9s prematuros.<\/p><\/div>\n                <\/div><\/div>\t\t\t\t<\/div>\n\t\t\t\t<\/div>\n\t\t\t\t<\/div>\n\t\t\t\t<\/div>\n\t\t\t\t<div class=\"elementor-element elementor-element-4e5e124 elementor-widget-divider--view-line elementor-widget elementor-widget-divider\" data-id=\"4e5e124\" data-element_type=\"widget\" data-widget_type=\"divider.default\">\n\t\t\t\t<div class=\"elementor-widget-container\">\n\t\t\t\t\t\t\t<div class=\"elementor-divider\">\n\t\t\t<span class=\"elementor-divider-separator\">\n\t\t\t\t\t\t<\/span>\n\t\t<\/div>\n\t\t\t\t\t\t<\/div>\n\t\t\t\t<\/div>\n\t\t<div class=\"elementor-element elementor-element-e7cf819 e-con-full e-flex e-con e-child\" data-id=\"e7cf819\" data-element_type=\"container\">\n\t\t<div class=\"elementor-element elementor-element-995dfed e-con-full e-flex e-con e-child\" data-id=\"995dfed\" data-element_type=\"container\">\n\t\t\t\t<div class=\"elementor-element elementor-element-8e4a47e elementor-widget elementor-widget-image\" data-id=\"8e4a47e\" data-element_type=\"widget\" data-widget_type=\"image.default\">\n\t\t\t\t<div class=\"elementor-widget-container\">\n\t\t\t\t\t\t\t\t\t\t\t\t\t\t\t<img decoding=\"async\" src=\"https:\/\/idpacongress2025.com\/wp-content\/uploads\/elementor\/thumbs\/Ma.-Rochelle-Buenavista-Pacifico-e1736902692268-1-r0cf8lvoa6prgjlijj5kwxl05ljumxd47chfnpsgd8.jpg\" title=\"Ma.-Rochelle-Buenavista-Pacifico-e1736902692268.jpg\" alt=\"Ma.-Rochelle-Buenavista-Pacifico-e1736902692268.jpg\" loading=\"lazy\" \/>\t\t\t\t\t\t\t\t\t\t\t\t\t\t\t<\/div>\n\t\t\t\t<\/div>\n\t\t\t\t<\/div>\n\t\t<div class=\"elementor-element elementor-element-e190b1e e-con-full e-flex e-con e-child\" data-id=\"e190b1e\" data-element_type=\"container\">\n\t\t\t\t<div class=\"elementor-element elementor-element-f0afa53 elementor-widget elementor-widget-heading\" data-id=\"f0afa53\" data-element_type=\"widget\" data-widget_type=\"heading.default\">\n\t\t\t\t<div class=\"elementor-widget-container\">\n\t\t\t\t\t<h2 class=\"elementor-heading-title elementor-size-default\">Ma. Rochelle Buenavista-Pacifico<\/h2>\t\t\t\t<\/div>\n\t\t\t\t<\/div>\n\t\t\t\t<div class=\"elementor-element elementor-element-ba43135 elementor-widget elementor-widget-heading\" data-id=\"ba43135\" data-element_type=\"widget\" data-widget_type=\"heading.default\">\n\t\t\t\t<div class=\"elementor-widget-container\">\n\t\t\t\t\t<h4 class=\"elementor-heading-title elementor-size-default\">Filipinas<\/h4>\t\t\t\t<\/div>\n\t\t\t\t<\/div>\n\t\t\t\t<div class=\"elementor-element elementor-element-5ed2a49 elementor-widget elementor-widget-eael-adv-accordion\" data-id=\"5ed2a49\" data-element_type=\"widget\" data-widget_type=\"eael-adv-accordion.default\">\n\t\t\t\t<div class=\"elementor-widget-container\">\n\t\t\t\t\t        <div class=\"eael-adv-accordion\" id=\"eael-adv-accordion-5ed2a49\" data-scroll-on-click=\"no\" data-scroll-speed=\"300\" data-accordion-id=\"5ed2a49\" data-accordion-type=\"accordion\" data-toogle-speed=\"300\">\n    <div class=\"eael-accordion-list\">\n                <div id=\"leer-ms\" class=\"elementor-tab-title eael-accordion-header\" tabindex=\"0\" data-tab=\"1\" aria-controls=\"elementor-tab-content-9941\"><span class=\"eael-advanced-accordion-icon-closed\"><svg aria-hidden=\"true\" class=\"fa-accordion-icon e-font-icon-svg e-fas-plus\" viewBox=\"0 0 448 512\" xmlns=\"http:\/\/www.w3.org\/2000\/svg\"><path d=\"M416 208H272V64c0-17.67-14.33-32-32-32h-32c-17.67 0-32 14.33-32 32v144H32c-17.67 0-32 14.33-32 32v32c0 17.67 14.33 32 32 32h144v144c0 17.67 14.33 32 32 32h32c17.67 0 32-14.33 32-32V304h144c17.67 0 32-14.33 32-32v-32c0-17.67-14.33-32-32-32z\"><\/path><\/svg><\/span><span class=\"eael-advanced-accordion-icon-opened\"><svg aria-hidden=\"true\" class=\"fa-accordion-icon e-font-icon-svg e-fas-minus\" viewBox=\"0 0 448 512\" xmlns=\"http:\/\/www.w3.org\/2000\/svg\"><path d=\"M416 208H32c-17.67 0-32 14.33-32 32v32c0 17.67 14.33 32 32 32h384c17.67 0 32-14.33 32-32v-32c0-17.67-14.33-32-32-32z\"><\/path><\/svg><\/span><span class=\"eael-accordion-tab-title\">Leer m\u00e1s<\/span><\/div><div id=\"elementor-tab-content-9941\" class=\"eael-accordion-content clearfix\" data-tab=\"1\" aria-labelledby=\"leer-ms\"><p>La Dra. Pacifico es pediatra del desarrollo y del comportamiento. Es Profesora Titular en la Facultad de Medicina del Instituto de Ciencias de la Salud M\u00e9dica de la Universidad De La Salle, consultora\/cl\u00ednica y Presidenta de los Servicios Hospitalarios del Departamento de Pediatr\u00eda en el Centro M\u00e9dico de la Universidad De La Salle en Cavite, Filipinas. Tambi\u00e9n est\u00e1 activa en la formaci\u00f3n y mentor\u00eda de becarios en el Centro Neurodesarrollamental Hermano Miguel Febres Cordero, y contin\u00faa involucr\u00e1ndose en investigaciones y advocaciones para la promoci\u00f3n del desarrollo infantil y el comportamiento en ni\u00f1os filipinos, colaborando con unidades del gobierno local en varios programas comunitarios que involucran a ni\u00f1os y adolescentes con necesidades especiales.<\/p><p>La Dra. Pacifico es miembro fundadora de la Sociedad Filipina de Pediatr\u00eda del Desarrollo y del Comportamiento y fue presidenta de la sociedad en 2017 y 2018. Tambi\u00e9n es Miembro de la Asociaci\u00f3n Pedi\u00e1trica Filipina y miembro de la Junta Ejecutiva de la Asociaci\u00f3n Internacional de Pediatr\u00eda del Desarrollo (IDPA).<\/p><\/div>\n                <\/div><\/div>\t\t\t\t<\/div>\n\t\t\t\t<\/div>\n\t\t\t\t<\/div>\n\t\t\t\t<\/div>\n\t\t\t\t<div class=\"elementor-element elementor-element-12d7a30 elementor-widget-divider--view-line elementor-widget elementor-widget-divider\" data-id=\"12d7a30\" data-element_type=\"widget\" data-widget_type=\"divider.default\">\n\t\t\t\t<div class=\"elementor-widget-container\">\n\t\t\t\t\t\t\t<div class=\"elementor-divider\">\n\t\t\t<span class=\"elementor-divider-separator\">\n\t\t\t\t\t\t<\/span>\n\t\t<\/div>\n\t\t\t\t\t\t<\/div>\n\t\t\t\t<\/div>\n\t\t<div class=\"elementor-element elementor-element-e5c3979 e-con-full e-flex e-con e-child\" data-id=\"e5c3979\" data-element_type=\"container\">\n\t\t<div class=\"elementor-element elementor-element-7c5eda5 e-con-full e-flex e-con e-child\" data-id=\"7c5eda5\" data-element_type=\"container\">\n\t\t\t\t<div class=\"elementor-element elementor-element-cae3fca elementor-widget elementor-widget-image\" data-id=\"cae3fca\" data-element_type=\"widget\" data-widget_type=\"image.default\">\n\t\t\t\t<div class=\"elementor-widget-container\">\n\t\t\t\t\t\t\t\t\t\t\t\t\t\t\t<img decoding=\"async\" src=\"https:\/\/idpacongress2025.com\/wp-content\/uploads\/elementor\/thumbs\/Revan-Mustafayev-1-r0cfek6vkev4zmy7s3sipfi3lg7jdwzx0t852syoyk.png\" title=\"Revan-Mustafayev.png\" alt=\"Revan-Mustafayev.png\" loading=\"lazy\" \/>\t\t\t\t\t\t\t\t\t\t\t\t\t\t\t<\/div>\n\t\t\t\t<\/div>\n\t\t\t\t<\/div>\n\t\t<div class=\"elementor-element elementor-element-3b713d1 e-con-full e-flex e-con e-child\" data-id=\"3b713d1\" data-element_type=\"container\">\n\t\t\t\t<div class=\"elementor-element elementor-element-5e807d5 elementor-widget elementor-widget-heading\" data-id=\"5e807d5\" data-element_type=\"widget\" data-widget_type=\"heading.default\">\n\t\t\t\t<div class=\"elementor-widget-container\">\n\t\t\t\t\t<h2 class=\"elementor-heading-title elementor-size-default\">Revan Mustafa<\/h2>\t\t\t\t<\/div>\n\t\t\t\t<\/div>\n\t\t\t\t<div class=\"elementor-element elementor-element-e7d7d30 elementor-widget elementor-widget-heading\" data-id=\"e7d7d30\" data-element_type=\"widget\" data-widget_type=\"heading.default\">\n\t\t\t\t<div class=\"elementor-widget-container\">\n\t\t\t\t\t<h4 class=\"elementor-heading-title elementor-size-default\">Turqu\u00eda<\/h4>\t\t\t\t<\/div>\n\t\t\t\t<\/div>\n\t\t\t\t<div class=\"elementor-element elementor-element-0e126bd elementor-widget elementor-widget-eael-adv-accordion\" data-id=\"0e126bd\" data-element_type=\"widget\" data-widget_type=\"eael-adv-accordion.default\">\n\t\t\t\t<div class=\"elementor-widget-container\">\n\t\t\t\t\t        <div class=\"eael-adv-accordion\" id=\"eael-adv-accordion-0e126bd\" data-scroll-on-click=\"no\" data-scroll-speed=\"300\" data-accordion-id=\"0e126bd\" data-accordion-type=\"accordion\" data-toogle-speed=\"300\">\n    <div class=\"eael-accordion-list\">\n                <div id=\"leer-ms\" class=\"elementor-tab-title eael-accordion-header\" tabindex=\"0\" data-tab=\"1\" aria-controls=\"elementor-tab-content-1471\"><span class=\"eael-advanced-accordion-icon-closed\"><svg aria-hidden=\"true\" class=\"fa-accordion-icon e-font-icon-svg e-fas-plus\" viewBox=\"0 0 448 512\" xmlns=\"http:\/\/www.w3.org\/2000\/svg\"><path d=\"M416 208H272V64c0-17.67-14.33-32-32-32h-32c-17.67 0-32 14.33-32 32v144H32c-17.67 0-32 14.33-32 32v32c0 17.67 14.33 32 32 32h144v144c0 17.67 14.33 32 32 32h32c17.67 0 32-14.33 32-32V304h144c17.67 0 32-14.33 32-32v-32c0-17.67-14.33-32-32-32z\"><\/path><\/svg><\/span><span class=\"eael-advanced-accordion-icon-opened\"><svg aria-hidden=\"true\" class=\"fa-accordion-icon e-font-icon-svg e-fas-minus\" viewBox=\"0 0 448 512\" xmlns=\"http:\/\/www.w3.org\/2000\/svg\"><path d=\"M416 208H32c-17.67 0-32 14.33-32 32v32c0 17.67 14.33 32 32 32h384c17.67 0 32-14.33 32-32v-32c0-17.67-14.33-32-32-32z\"><\/path><\/svg><\/span><span class=\"eael-accordion-tab-title\">Leer m\u00e1s<\/span><\/div><div id=\"elementor-tab-content-1471\" class=\"eael-accordion-content clearfix\" data-tab=\"1\" aria-labelledby=\"leer-ms\"><p>El Dr. Revan Mustafa es pediatra del desarrollo que ha dedicado su carrera profesional a la implementaci\u00f3n y difusi\u00f3n de servicios de salud relacionados con el apoyo al desarrollo infantil temprano. Es formador internacional de la Gu\u00eda para el Monitoreo del Desarrollo Infantil (GMCD) y ha apoyado a Azerbaiy\u00e1n, Kirguist\u00e1n y Turkmenist\u00e1n en la formaci\u00f3n de formadores nacionales de GMCD. Est\u00e1 comprometido con el apoyo a los profesionales de la salud regionales en el desarrollo de sus habilidades y competencias necesarias para abordar las dificultades del desarrollo. El Dr. Mustafa es uno de los consultores de la OMS y UNICEF en el Desarrollo Infantil Temprano (ECD) en la regi\u00f3n de Europa y Asia Central, y miembro de la junta executiva de la Asociaci\u00f3n Internacional de Pediatr\u00eda del Desarrollo (IDPA).<\/p><\/div>\n                <\/div><\/div>\t\t\t\t<\/div>\n\t\t\t\t<\/div>\n\t\t\t\t<\/div>\n\t\t\t\t<\/div>\n\t\t\t\t<div class=\"elementor-element elementor-element-6ea4678 elementor-widget-divider--view-line elementor-widget elementor-widget-divider\" data-id=\"6ea4678\" data-element_type=\"widget\" data-widget_type=\"divider.default\">\n\t\t\t\t<div class=\"elementor-widget-container\">\n\t\t\t\t\t\t\t<div class=\"elementor-divider\">\n\t\t\t<span class=\"elementor-divider-separator\">\n\t\t\t\t\t\t<\/span>\n\t\t<\/div>\n\t\t\t\t\t\t<\/div>\n\t\t\t\t<\/div>\n\t\t<div class=\"elementor-element elementor-element-72274db e-con-full e-flex e-con e-child\" data-id=\"72274db\" data-element_type=\"container\">\n\t\t<div class=\"elementor-element elementor-element-6850ab2 e-con-full e-flex e-con e-child\" data-id=\"6850ab2\" data-element_type=\"container\">\n\t\t\t\t<div class=\"elementor-element elementor-element-7f8428c elementor-widget elementor-widget-image\" data-id=\"7f8428c\" data-element_type=\"widget\" data-widget_type=\"image.default\">\n\t\t\t\t<div class=\"elementor-widget-container\">\n\t\t\t\t\t\t\t\t\t\t\t\t\t\t\t<img decoding=\"async\" src=\"https:\/\/idpacongress2025.com\/wp-content\/uploads\/elementor\/thumbs\/Roopa-Srinivasan-1-r0cfeyagexeftsdqhrvx8ty0i8a1ldjw2r0f9ydsd8.webp\" title=\"Roopa-Srinivasan.webp\" alt=\"Roopa-Srinivasan.webp\" loading=\"lazy\" \/>\t\t\t\t\t\t\t\t\t\t\t\t\t\t\t<\/div>\n\t\t\t\t<\/div>\n\t\t\t\t<\/div>\n\t\t<div class=\"elementor-element elementor-element-1ae3521 e-con-full e-flex e-con e-child\" data-id=\"1ae3521\" data-element_type=\"container\">\n\t\t\t\t<div class=\"elementor-element elementor-element-5bbde27 elementor-widget elementor-widget-heading\" data-id=\"5bbde27\" data-element_type=\"widget\" data-widget_type=\"heading.default\">\n\t\t\t\t<div class=\"elementor-widget-container\">\n\t\t\t\t\t<h2 class=\"elementor-heading-title elementor-size-default\">Roopa Srinivasan<\/h2>\t\t\t\t<\/div>\n\t\t\t\t<\/div>\n\t\t\t\t<div class=\"elementor-element elementor-element-ccc7ab1 elementor-widget elementor-widget-heading\" data-id=\"ccc7ab1\" data-element_type=\"widget\" data-widget_type=\"heading.default\">\n\t\t\t\t<div class=\"elementor-widget-container\">\n\t\t\t\t\t<h4 class=\"elementor-heading-title elementor-size-default\">India<\/h4>\t\t\t\t<\/div>\n\t\t\t\t<\/div>\n\t\t\t\t<div class=\"elementor-element elementor-element-73176b3 elementor-widget elementor-widget-eael-adv-accordion\" data-id=\"73176b3\" data-element_type=\"widget\" data-widget_type=\"eael-adv-accordion.default\">\n\t\t\t\t<div class=\"elementor-widget-container\">\n\t\t\t\t\t        <div class=\"eael-adv-accordion\" id=\"eael-adv-accordion-73176b3\" data-scroll-on-click=\"no\" data-scroll-speed=\"300\" data-accordion-id=\"73176b3\" data-accordion-type=\"accordion\" data-toogle-speed=\"300\">\n    <div class=\"eael-accordion-list\">\n                <div id=\"leer-ms\" class=\"elementor-tab-title eael-accordion-header\" tabindex=\"0\" data-tab=\"1\" aria-controls=\"elementor-tab-content-1201\"><span class=\"eael-advanced-accordion-icon-closed\"><svg aria-hidden=\"true\" class=\"fa-accordion-icon e-font-icon-svg e-fas-plus\" viewBox=\"0 0 448 512\" xmlns=\"http:\/\/www.w3.org\/2000\/svg\"><path d=\"M416 208H272V64c0-17.67-14.33-32-32-32h-32c-17.67 0-32 14.33-32 32v144H32c-17.67 0-32 14.33-32 32v32c0 17.67 14.33 32 32 32h144v144c0 17.67 14.33 32 32 32h32c17.67 0 32-14.33 32-32V304h144c17.67 0 32-14.33 32-32v-32c0-17.67-14.33-32-32-32z\"><\/path><\/svg><\/span><span class=\"eael-advanced-accordion-icon-opened\"><svg aria-hidden=\"true\" class=\"fa-accordion-icon e-font-icon-svg e-fas-minus\" viewBox=\"0 0 448 512\" xmlns=\"http:\/\/www.w3.org\/2000\/svg\"><path d=\"M416 208H32c-17.67 0-32 14.33-32 32v32c0 17.67 14.33 32 32 32h384c17.67 0 32-14.33 32-32v-32c0-17.67-14.33-32-32-32z\"><\/path><\/svg><\/span><span class=\"eael-accordion-tab-title\">Leer m\u00e1s<\/span><\/div><div id=\"elementor-tab-content-1201\" class=\"eael-accordion-content clearfix\" data-tab=\"1\" aria-labelledby=\"leer-ms\"><p>La Dra. Roopa Srinivasan tiene m\u00e1s de 17 a\u00f1os de experiencia como pediatra del desarrollo en pr\u00e1ctica. Encabeza los Servicios Cl\u00ednicos en el Centro de Desarrollo Infantil Ummeed, una organizaci\u00f3n l\u00edder sin fines de lucro que trabaja en el \u00e1rea del desarrollo infantil y las discapacidades en India. Es Coordinadora del Programa de Becas Acreditado en Pediatr\u00eda del Desarrollo y del Comportamiento de la Academia India de Pediatr\u00eda en Ummeed. Form\u00f3 parte del equipo internacional de investigaci\u00f3n involucrado en la estandarizaci\u00f3n y validaci\u00f3n de la Gu\u00eda para el Monitoreo del Desarrollo Infantil en cuatro pa\u00edses de ingresos bajos y medios. Actualmente, forma parte de un proyecto internacional financiado por los NIH sobre la implementaci\u00f3n de la GMCD en \u00e1reas rurales de India y Guatemala. Su trabajo actual se centra en la implementaci\u00f3n de Modelos de Entrega de Servicios Centrado en la Familia y Enfoques de Intervenci\u00f3n Focalizados en la Participaci\u00f3n en entornos de recursos limitados.<\/p><\/div>\n                <\/div><\/div>\t\t\t\t<\/div>\n\t\t\t\t<\/div>\n\t\t\t\t<\/div>\n\t\t\t\t<\/div>\n\t\t\t\t<div class=\"elementor-element elementor-element-5454fd8 elementor-widget-divider--view-line elementor-widget elementor-widget-divider\" data-id=\"5454fd8\" data-element_type=\"widget\" data-widget_type=\"divider.default\">\n\t\t\t\t<div class=\"elementor-widget-container\">\n\t\t\t\t\t\t\t<div class=\"elementor-divider\">\n\t\t\t<span class=\"elementor-divider-separator\">\n\t\t\t\t\t\t<\/span>\n\t\t<\/div>\n\t\t\t\t\t\t<\/div>\n\t\t\t\t<\/div>\n\t\t\t\t\t<\/div>\n\t\t\t\t<\/div>\n\t\t<div class=\"elementor-element elementor-element-b38670e e-flex e-con-boxed e-con e-parent\" data-id=\"b38670e\" data-element_type=\"container\">\n\t\t\t\t\t<div class=\"e-con-inner\">\n\t\t\t\t<div class=\"elementor-element elementor-element-06936aa elementor-widget elementor-widget-heading\" data-id=\"06936aa\" data-element_type=\"widget\" data-widget_type=\"heading.default\">\n\t\t\t\t<div class=\"elementor-widget-container\">\n\t\t\t\t\t<h1 class=\"elementor-heading-title elementor-size-default\">Junta Secretarial<\/h1>\t\t\t\t<\/div>\n\t\t\t\t<\/div>\n\t\t<div class=\"elementor-element elementor-element-5572d63 e-con-full e-flex e-con e-child\" data-id=\"5572d63\" data-element_type=\"container\">\n\t\t<div class=\"elementor-element elementor-element-8b2e03a e-con-full e-flex e-con e-child\" data-id=\"8b2e03a\" data-element_type=\"container\">\n\t\t\t\t<div class=\"elementor-element elementor-element-e704bc7 elementor-widget elementor-widget-image\" data-id=\"e704bc7\" data-element_type=\"widget\" data-widget_type=\"image.default\">\n\t\t\t\t<div class=\"elementor-widget-container\">\n\t\t\t\t\t\t\t\t\t\t\t\t\t\t\t<img decoding=\"async\" src=\"https:\/\/idpacongress2025.com\/wp-content\/uploads\/elementor\/thumbs\/Ashwini-Marathe-e1736903512826-1-r0cg9bgr78ywwa9u6ef1ao33dclx9d3px1q4ercxcs.jpg\" title=\"Ashwini-Marathe-e1736903512826.jpg\" alt=\"Ashwini-Marathe-e1736903512826.jpg\" loading=\"lazy\" \/>\t\t\t\t\t\t\t\t\t\t\t\t\t\t\t<\/div>\n\t\t\t\t<\/div>\n\t\t\t\t<\/div>\n\t\t<div class=\"elementor-element elementor-element-1b19dee e-con-full e-flex e-con e-child\" data-id=\"1b19dee\" data-element_type=\"container\">\n\t\t\t\t<div class=\"elementor-element elementor-element-31ce139 elementor-widget elementor-widget-heading\" data-id=\"31ce139\" data-element_type=\"widget\" data-widget_type=\"heading.default\">\n\t\t\t\t<div class=\"elementor-widget-container\">\n\t\t\t\t\t<h2 class=\"elementor-heading-title elementor-size-default\">Ashwini Marathe<\/h2>\t\t\t\t<\/div>\n\t\t\t\t<\/div>\n\t\t\t\t<div class=\"elementor-element elementor-element-5dd786e elementor-widget elementor-widget-heading\" data-id=\"5dd786e\" data-element_type=\"widget\" data-widget_type=\"heading.default\">\n\t\t\t\t<div class=\"elementor-widget-container\">\n\t\t\t\t\t<h4 class=\"elementor-heading-title elementor-size-default\">India<\/h4>\t\t\t\t<\/div>\n\t\t\t\t<\/div>\n\t\t\t\t<div class=\"elementor-element elementor-element-8b7a1fe elementor-widget elementor-widget-eael-adv-accordion\" data-id=\"8b7a1fe\" data-element_type=\"widget\" data-widget_type=\"eael-adv-accordion.default\">\n\t\t\t\t<div class=\"elementor-widget-container\">\n\t\t\t\t\t        <div class=\"eael-adv-accordion\" id=\"eael-adv-accordion-8b7a1fe\" data-scroll-on-click=\"no\" data-scroll-speed=\"300\" data-accordion-id=\"8b7a1fe\" data-accordion-type=\"accordion\" data-toogle-speed=\"300\">\n    <div class=\"eael-accordion-list\">\n                <div id=\"leer-ms\" class=\"elementor-tab-title eael-accordion-header\" tabindex=\"0\" data-tab=\"1\" aria-controls=\"elementor-tab-content-1461\"><span class=\"eael-advanced-accordion-icon-closed\"><svg aria-hidden=\"true\" class=\"fa-accordion-icon e-font-icon-svg e-fas-plus\" viewBox=\"0 0 448 512\" xmlns=\"http:\/\/www.w3.org\/2000\/svg\"><path d=\"M416 208H272V64c0-17.67-14.33-32-32-32h-32c-17.67 0-32 14.33-32 32v144H32c-17.67 0-32 14.33-32 32v32c0 17.67 14.33 32 32 32h144v144c0 17.67 14.33 32 32 32h32c17.67 0 32-14.33 32-32V304h144c17.67 0 32-14.33 32-32v-32c0-17.67-14.33-32-32-32z\"><\/path><\/svg><\/span><span class=\"eael-advanced-accordion-icon-opened\"><svg aria-hidden=\"true\" class=\"fa-accordion-icon e-font-icon-svg e-fas-minus\" viewBox=\"0 0 448 512\" xmlns=\"http:\/\/www.w3.org\/2000\/svg\"><path d=\"M416 208H32c-17.67 0-32 14.33-32 32v32c0 17.67 14.33 32 32 32h384c17.67 0 32-14.33 32-32v-32c0-17.67-14.33-32-32-32z\"><\/path><\/svg><\/span><span class=\"eael-accordion-tab-title\">Leer m\u00e1s<\/span><\/div><div id=\"elementor-tab-content-1461\" class=\"eael-accordion-content clearfix\" data-tab=\"1\" aria-labelledby=\"leer-ms\"><p>La Dra. Ashwini Marathe es pediatra del desarrollo en el Centro de Desarrollo Infantil Ummeed, una organizaci\u00f3n l\u00edder sin fines de lucro que trabaja en el campo de las discapacidades del desarrollo en India.<\/p><\/div>\n                <\/div><\/div>\t\t\t\t<\/div>\n\t\t\t\t<\/div>\n\t\t\t\t<\/div>\n\t\t\t\t<\/div>\n\t\t\t\t<div class=\"elementor-element elementor-element-fd4636e elementor-widget-divider--view-line elementor-widget elementor-widget-divider\" data-id=\"fd4636e\" data-element_type=\"widget\" data-widget_type=\"divider.default\">\n\t\t\t\t<div class=\"elementor-widget-container\">\n\t\t\t\t\t\t\t<div class=\"elementor-divider\">\n\t\t\t<span class=\"elementor-divider-separator\">\n\t\t\t\t\t\t<\/span>\n\t\t<\/div>\n\t\t\t\t\t\t<\/div>\n\t\t\t\t<\/div>\n\t\t<div class=\"elementor-element elementor-element-a0acbc9 e-con-full e-flex e-con e-child\" data-id=\"a0acbc9\" data-element_type=\"container\">\n\t\t<div class=\"elementor-element elementor-element-d580d52 e-con-full e-flex e-con e-child\" data-id=\"d580d52\" data-element_type=\"container\">\n\t\t\t\t<div class=\"elementor-element elementor-element-54bb584 elementor-widget elementor-widget-image\" data-id=\"54bb584\" data-element_type=\"widget\" data-widget_type=\"image.default\">\n\t\t\t\t<div class=\"elementor-widget-container\">\n\t\t\t\t\t\t\t\t\t\t\t\t\t\t\t<img decoding=\"async\" src=\"https:\/\/idpacongress2025.com\/wp-content\/uploads\/elementor\/thumbs\/Karyn-Choy-e1736903603952-1-r0cgagtnjyjj34lrgwamcdndiay2o1nwqqfhixnlr0.jpg\" title=\"Karyn-Choy-e1736903603952.jpg\" alt=\"Karyn-Choy-e1736903603952.jpg\" loading=\"lazy\" \/>\t\t\t\t\t\t\t\t\t\t\t\t\t\t\t<\/div>\n\t\t\t\t<\/div>\n\t\t\t\t<\/div>\n\t\t<div class=\"elementor-element elementor-element-e75dd0c e-con-full e-flex e-con e-child\" data-id=\"e75dd0c\" data-element_type=\"container\">\n\t\t\t\t<div class=\"elementor-element elementor-element-8a842c7 elementor-widget elementor-widget-heading\" data-id=\"8a842c7\" data-element_type=\"widget\" data-widget_type=\"heading.default\">\n\t\t\t\t<div class=\"elementor-widget-container\">\n\t\t\t\t\t<h2 class=\"elementor-heading-title elementor-size-default\">Karyn Choy<\/h2>\t\t\t\t<\/div>\n\t\t\t\t<\/div>\n\t\t\t\t<div class=\"elementor-element elementor-element-92daf3f elementor-widget elementor-widget-heading\" data-id=\"92daf3f\" data-element_type=\"widget\" data-widget_type=\"heading.default\">\n\t\t\t\t<div class=\"elementor-widget-container\">\n\t\t\t\t\t<h4 class=\"elementor-heading-title elementor-size-default\">Guatemala<\/h4>\t\t\t\t<\/div>\n\t\t\t\t<\/div>\n\t\t\t\t<div class=\"elementor-element elementor-element-402f71a elementor-widget elementor-widget-eael-adv-accordion\" data-id=\"402f71a\" data-element_type=\"widget\" data-widget_type=\"eael-adv-accordion.default\">\n\t\t\t\t<div class=\"elementor-widget-container\">\n\t\t\t\t\t        <div class=\"eael-adv-accordion\" id=\"eael-adv-accordion-402f71a\" data-scroll-on-click=\"no\" data-scroll-speed=\"300\" data-accordion-id=\"402f71a\" data-accordion-type=\"accordion\" data-toogle-speed=\"300\">\n    <div class=\"eael-accordion-list\">\n                <div id=\"leer-ms\" class=\"elementor-tab-title eael-accordion-header\" tabindex=\"0\" data-tab=\"1\" aria-controls=\"elementor-tab-content-6731\"><span class=\"eael-advanced-accordion-icon-closed\"><svg aria-hidden=\"true\" class=\"fa-accordion-icon e-font-icon-svg e-fas-plus\" viewBox=\"0 0 448 512\" xmlns=\"http:\/\/www.w3.org\/2000\/svg\"><path d=\"M416 208H272V64c0-17.67-14.33-32-32-32h-32c-17.67 0-32 14.33-32 32v144H32c-17.67 0-32 14.33-32 32v32c0 17.67 14.33 32 32 32h144v144c0 17.67 14.33 32 32 32h32c17.67 0 32-14.33 32-32V304h144c17.67 0 32-14.33 32-32v-32c0-17.67-14.33-32-32-32z\"><\/path><\/svg><\/span><span class=\"eael-advanced-accordion-icon-opened\"><svg aria-hidden=\"true\" class=\"fa-accordion-icon e-font-icon-svg e-fas-minus\" viewBox=\"0 0 448 512\" xmlns=\"http:\/\/www.w3.org\/2000\/svg\"><path d=\"M416 208H32c-17.67 0-32 14.33-32 32v32c0 17.67 14.33 32 32 32h384c17.67 0 32-14.33 32-32v-32c0-17.67-14.33-32-32-32z\"><\/path><\/svg><\/span><span class=\"eael-accordion-tab-title\">Leer m\u00e1s<\/span><\/div><div id=\"elementor-tab-content-6731\" class=\"eael-accordion-content clearfix\" data-tab=\"1\" aria-labelledby=\"leer-ms\"><p>Karyn es enfermera de investigaci\u00f3n en desarrollo infantil temprano en Maya Health Alliance en Guatemala y ha estado colaborando con Maya Health Alliance durante 10 a\u00f1os en diferentes programas. Tiene m\u00e1s de 16 a\u00f1os de experiencia trabajando en diversos programas para organizaciones no gubernamentales (ONG) que promueven el desarrollo de las comunidades en las \u00e1reas rurales de Guatemala. Durante estos a\u00f1os, ha promovido activamente la salud, la nutrici\u00f3n y el desarrollo de las comunidades, el empoderamiento de las mujeres, el acceso a servicios de salud de calidad y los derechos humanos. Realiza trabajo voluntario y activismo promoviendo la igualdad, los derechos de las mujeres y los pueblos ind\u00edgenas a trav\u00e9s de diferentes movimientos y organizaciones. Tiene un t\u00edtulo de licenciada en enfermer\u00eda de la Universidad Panamericana, en Guatemala, y un t\u00edtulo asociado en emprendimiento empresarial del Rockland Community College, NY.<\/p><\/div>\n                <\/div><\/div>\t\t\t\t<\/div>\n\t\t\t\t<\/div>\n\t\t\t\t<\/div>\n\t\t\t\t<\/div>\n\t\t\t\t<div class=\"elementor-element elementor-element-126dcd7 elementor-widget-divider--view-line elementor-widget elementor-widget-divider\" data-id=\"126dcd7\" data-element_type=\"widget\" data-widget_type=\"divider.default\">\n\t\t\t\t<div class=\"elementor-widget-container\">\n\t\t\t\t\t\t\t<div class=\"elementor-divider\">\n\t\t\t<span class=\"elementor-divider-separator\">\n\t\t\t\t\t\t<\/span>\n\t\t<\/div>\n\t\t\t\t\t\t<\/div>\n\t\t\t\t<\/div>\n\t\t<div class=\"elementor-element elementor-element-944013c e-con-full e-flex e-con e-child\" data-id=\"944013c\" data-element_type=\"container\">\n\t\t<div class=\"elementor-element elementor-element-2803473 e-con-full e-flex e-con e-child\" data-id=\"2803473\" data-element_type=\"container\">\n\t\t\t\t<div class=\"elementor-element elementor-element-0d97ab6 elementor-widget elementor-widget-image\" data-id=\"0d97ab6\" data-element_type=\"widget\" data-widget_type=\"image.default\">\n\t\t\t\t<div class=\"elementor-widget-container\">\n\t\t\t\t\t\t\t\t\t\t\t\t\t\t\t<img decoding=\"async\" src=\"https:\/\/idpacongress2025.com\/wp-content\/uploads\/elementor\/thumbs\/Leera-Lobo-1-e1736903832492-1-r0cgatze7n1jlo2nc1zebabttp57nt45gjka8t43bw.jpg\" title=\"Leera-Lobo-1-e1736903832492.jpg\" alt=\"Leera-Lobo-1-e1736903832492.jpg\" loading=\"lazy\" \/>\t\t\t\t\t\t\t\t\t\t\t\t\t\t\t<\/div>\n\t\t\t\t<\/div>\n\t\t\t\t<\/div>\n\t\t<div class=\"elementor-element elementor-element-742edca e-con-full e-flex e-con e-child\" data-id=\"742edca\" data-element_type=\"container\">\n\t\t\t\t<div class=\"elementor-element elementor-element-d84a134 elementor-widget elementor-widget-heading\" data-id=\"d84a134\" data-element_type=\"widget\" data-widget_type=\"heading.default\">\n\t\t\t\t<div class=\"elementor-widget-container\">\n\t\t\t\t\t<h2 class=\"elementor-heading-title elementor-size-default\">Leera Lobo<\/h2>\t\t\t\t<\/div>\n\t\t\t\t<\/div>\n\t\t\t\t<div class=\"elementor-element elementor-element-cac798c elementor-widget elementor-widget-heading\" data-id=\"cac798c\" data-element_type=\"widget\" data-widget_type=\"heading.default\">\n\t\t\t\t<div class=\"elementor-widget-container\">\n\t\t\t\t\t<h4 class=\"elementor-heading-title elementor-size-default\">India<\/h4>\t\t\t\t<\/div>\n\t\t\t\t<\/div>\n\t\t\t\t<div class=\"elementor-element elementor-element-2883d11 elementor-widget elementor-widget-eael-adv-accordion\" data-id=\"2883d11\" data-element_type=\"widget\" data-widget_type=\"eael-adv-accordion.default\">\n\t\t\t\t<div class=\"elementor-widget-container\">\n\t\t\t\t\t        <div class=\"eael-adv-accordion\" id=\"eael-adv-accordion-2883d11\" data-scroll-on-click=\"no\" data-scroll-speed=\"300\" data-accordion-id=\"2883d11\" data-accordion-type=\"accordion\" data-toogle-speed=\"300\">\n    <div class=\"eael-accordion-list\">\n                <div id=\"leer-ms\" class=\"elementor-tab-title eael-accordion-header\" tabindex=\"0\" data-tab=\"1\" aria-controls=\"elementor-tab-content-4241\"><span class=\"eael-advanced-accordion-icon-closed\"><svg aria-hidden=\"true\" class=\"fa-accordion-icon e-font-icon-svg e-fas-plus\" viewBox=\"0 0 448 512\" xmlns=\"http:\/\/www.w3.org\/2000\/svg\"><path d=\"M416 208H272V64c0-17.67-14.33-32-32-32h-32c-17.67 0-32 14.33-32 32v144H32c-17.67 0-32 14.33-32 32v32c0 17.67 14.33 32 32 32h144v144c0 17.67 14.33 32 32 32h32c17.67 0 32-14.33 32-32V304h144c17.67 0 32-14.33 32-32v-32c0-17.67-14.33-32-32-32z\"><\/path><\/svg><\/span><span class=\"eael-advanced-accordion-icon-opened\"><svg aria-hidden=\"true\" class=\"fa-accordion-icon e-font-icon-svg e-fas-minus\" viewBox=\"0 0 448 512\" xmlns=\"http:\/\/www.w3.org\/2000\/svg\"><path d=\"M416 208H32c-17.67 0-32 14.33-32 32v32c0 17.67 14.33 32 32 32h384c17.67 0 32-14.33 32-32v-32c0-17.67-14.33-32-32-32z\"><\/path><\/svg><\/span><span class=\"eael-accordion-tab-title\">Leer m\u00e1s<\/span><\/div><div id=\"elementor-tab-content-4241\" class=\"eael-accordion-content clearfix\" data-tab=\"1\" aria-labelledby=\"leer-ms\"><p>La Dra. Leera Lobo es pediatra del desarrollo en el Centro de Desarrollo Infantil Ummeed, una organizaci\u00f3n l\u00edder sin fines de lucro que trabaja en el campo de las discapacidades del desarrollo en India. Apoya el Programa de Becas Acreditado en Pediatr\u00eda del Desarrollo y del Comportamiento de la Academia India de Pediatr\u00eda (IAP) en Ummeed y es la coordinadora del programa ECHO Autism (un programa de capacitaci\u00f3n en l\u00ednea dirigido por el equipo de Ummeed en India para apoyar a los m\u00e9dicos que trabajan con ni\u00f1os con autismo).<\/p><\/div>\n                <\/div><\/div>\t\t\t\t<\/div>\n\t\t\t\t<\/div>\n\t\t\t\t<\/div>\n\t\t\t\t<\/div>\n\t\t\t\t<div class=\"elementor-element elementor-element-655b7cd elementor-widget-divider--view-line elementor-widget elementor-widget-divider\" data-id=\"655b7cd\" data-element_type=\"widget\" data-widget_type=\"divider.default\">\n\t\t\t\t<div class=\"elementor-widget-container\">\n\t\t\t\t\t\t\t<div class=\"elementor-divider\">\n\t\t\t<span class=\"elementor-divider-separator\">\n\t\t\t\t\t\t<\/span>\n\t\t<\/div>\n\t\t\t\t\t\t<\/div>\n\t\t\t\t<\/div>\n\t\t<div class=\"elementor-element elementor-element-7830ba9 e-con-full e-flex e-con e-child\" data-id=\"7830ba9\" data-element_type=\"container\">\n\t\t<div class=\"elementor-element elementor-element-02e7e08 e-con-full e-flex e-con e-child\" data-id=\"02e7e08\" data-element_type=\"container\">\n\t\t\t\t<div class=\"elementor-element elementor-element-4f564a6 elementor-widget elementor-widget-image\" data-id=\"4f564a6\" data-element_type=\"widget\" data-widget_type=\"image.default\">\n\t\t\t\t<div class=\"elementor-widget-container\">\n\t\t\t\t\t\t\t\t\t\t\t\t\t\t\t<img decoding=\"async\" src=\"https:\/\/idpacongress2025.com\/wp-content\/uploads\/elementor\/thumbs\/Milos-jpg-1-e1736903967599-1-r0cgb3ds3zeetrozt61o07yfrjuvss5gtu351kq5lo.jpg\" title=\"Milos-jpg-1-e1736903967599.jpg\" alt=\"Milos-jpg-1-e1736903967599.jpg\" loading=\"lazy\" \/>\t\t\t\t\t\t\t\t\t\t\t\t\t\t\t<\/div>\n\t\t\t\t<\/div>\n\t\t\t\t<\/div>\n\t\t<div class=\"elementor-element elementor-element-33633af e-con-full e-flex e-con e-child\" data-id=\"33633af\" data-element_type=\"container\">\n\t\t\t\t<div class=\"elementor-element elementor-element-6cbad22 elementor-widget elementor-widget-heading\" data-id=\"6cbad22\" data-element_type=\"widget\" data-widget_type=\"heading.default\">\n\t\t\t\t<div class=\"elementor-widget-container\">\n\t\t\t\t\t<h2 class=\"elementor-heading-title elementor-size-default\">Milos Sremcev<\/h2>\t\t\t\t<\/div>\n\t\t\t\t<\/div>\n\t\t\t\t<div class=\"elementor-element elementor-element-bc08fdc elementor-widget elementor-widget-heading\" data-id=\"bc08fdc\" data-element_type=\"widget\" data-widget_type=\"heading.default\">\n\t\t\t\t<div class=\"elementor-widget-container\">\n\t\t\t\t\t<h4 class=\"elementor-heading-title elementor-size-default\">Serbia<\/h4>\t\t\t\t<\/div>\n\t\t\t\t<\/div>\n\t\t\t\t<div class=\"elementor-element elementor-element-135c9e3 elementor-widget elementor-widget-eael-adv-accordion\" data-id=\"135c9e3\" data-element_type=\"widget\" data-widget_type=\"eael-adv-accordion.default\">\n\t\t\t\t<div class=\"elementor-widget-container\">\n\t\t\t\t\t        <div class=\"eael-adv-accordion\" id=\"eael-adv-accordion-135c9e3\" data-scroll-on-click=\"no\" data-scroll-speed=\"300\" data-accordion-id=\"135c9e3\" data-accordion-type=\"accordion\" data-toogle-speed=\"300\">\n    <div class=\"eael-accordion-list\">\n                <div id=\"leer-ms\" class=\"elementor-tab-title eael-accordion-header\" tabindex=\"0\" data-tab=\"1\" aria-controls=\"elementor-tab-content-2031\"><span class=\"eael-advanced-accordion-icon-closed\"><svg aria-hidden=\"true\" class=\"fa-accordion-icon e-font-icon-svg e-fas-plus\" viewBox=\"0 0 448 512\" xmlns=\"http:\/\/www.w3.org\/2000\/svg\"><path d=\"M416 208H272V64c0-17.67-14.33-32-32-32h-32c-17.67 0-32 14.33-32 32v144H32c-17.67 0-32 14.33-32 32v32c0 17.67 14.33 32 32 32h144v144c0 17.67 14.33 32 32 32h32c17.67 0 32-14.33 32-32V304h144c17.67 0 32-14.33 32-32v-32c0-17.67-14.33-32-32-32z\"><\/path><\/svg><\/span><span class=\"eael-advanced-accordion-icon-opened\"><svg aria-hidden=\"true\" class=\"fa-accordion-icon e-font-icon-svg e-fas-minus\" viewBox=\"0 0 448 512\" xmlns=\"http:\/\/www.w3.org\/2000\/svg\"><path d=\"M416 208H32c-17.67 0-32 14.33-32 32v32c0 17.67 14.33 32 32 32h384c17.67 0 32-14.33 32-32v-32c0-17.67-14.33-32-32-32z\"><\/path><\/svg><\/span><span class=\"eael-accordion-tab-title\">Leer m\u00e1s<\/span><\/div><div id=\"elementor-tab-content-2031\" class=\"eael-accordion-content clearfix\" data-tab=\"1\" aria-labelledby=\"leer-ms\"><p>Milo\u0161 Srem\u010dev es pediatra, psicoterapeuta infantil y adolescente, y residente en psiquiatr\u00eda infantil y adolescente. Est\u00e1 involucrado en trabajos cient\u00edficos y investiga el desarrollo temprano de los ni\u00f1os que viven en asentamientos marginales.<\/p><\/div>\n                <\/div><\/div>\t\t\t\t<\/div>\n\t\t\t\t<\/div>\n\t\t\t\t<\/div>\n\t\t\t\t<\/div>\n\t\t\t\t<div class=\"elementor-element elementor-element-83c64c4 elementor-widget-divider--view-line elementor-widget elementor-widget-divider\" data-id=\"83c64c4\" data-element_type=\"widget\" data-widget_type=\"divider.default\">\n\t\t\t\t<div class=\"elementor-widget-container\">\n\t\t\t\t\t\t\t<div class=\"elementor-divider\">\n\t\t\t<span class=\"elementor-divider-separator\">\n\t\t\t\t\t\t<\/span>\n\t\t<\/div>\n\t\t\t\t\t\t<\/div>\n\t\t\t\t<\/div>\n\t\t<div class=\"elementor-element elementor-element-6027dac e-con-full e-flex e-con e-child\" data-id=\"6027dac\" data-element_type=\"container\">\n\t\t<div class=\"elementor-element elementor-element-c5f3f4a e-con-full e-flex e-con e-child\" data-id=\"c5f3f4a\" data-element_type=\"container\">\n\t\t\t\t<div class=\"elementor-element elementor-element-cd4cc8d elementor-widget elementor-widget-image\" data-id=\"cd4cc8d\" data-element_type=\"widget\" data-widget_type=\"image.default\">\n\t\t\t\t<div class=\"elementor-widget-container\">\n\t\t\t\t\t\t\t\t\t\t\t\t\t\t\t<img decoding=\"async\" src=\"https:\/\/idpacongress2025.com\/wp-content\/uploads\/elementor\/thumbs\/Riddhi-Mehta-e1736904061888-1-r0cgb9ynftnf31ffqqw1zoanx8yganvl6qnjeigee4.jpg\" title=\"Riddhi-Mehta-e1736904061888.jpg\" alt=\"Riddhi-Mehta-e1736904061888.jpg\" loading=\"lazy\" \/>\t\t\t\t\t\t\t\t\t\t\t\t\t\t\t<\/div>\n\t\t\t\t<\/div>\n\t\t\t\t<\/div>\n\t\t<div class=\"elementor-element elementor-element-f91d8fe e-con-full e-flex e-con e-child\" data-id=\"f91d8fe\" data-element_type=\"container\">\n\t\t\t\t<div class=\"elementor-element elementor-element-0003a66 elementor-widget elementor-widget-heading\" data-id=\"0003a66\" data-element_type=\"widget\" data-widget_type=\"heading.default\">\n\t\t\t\t<div class=\"elementor-widget-container\">\n\t\t\t\t\t<h2 class=\"elementor-heading-title elementor-size-default\">Riddhi Mehta<\/h2>\t\t\t\t<\/div>\n\t\t\t\t<\/div>\n\t\t\t\t<div class=\"elementor-element elementor-element-d877ec4 elementor-widget elementor-widget-heading\" data-id=\"d877ec4\" data-element_type=\"widget\" data-widget_type=\"heading.default\">\n\t\t\t\t<div class=\"elementor-widget-container\">\n\t\t\t\t\t<h4 class=\"elementor-heading-title elementor-size-default\">India<\/h4>\t\t\t\t<\/div>\n\t\t\t\t<\/div>\n\t\t\t\t<div class=\"elementor-element elementor-element-3e83f42 elementor-widget elementor-widget-eael-adv-accordion\" data-id=\"3e83f42\" data-element_type=\"widget\" data-widget_type=\"eael-adv-accordion.default\">\n\t\t\t\t<div class=\"elementor-widget-container\">\n\t\t\t\t\t        <div class=\"eael-adv-accordion\" id=\"eael-adv-accordion-3e83f42\" data-scroll-on-click=\"no\" data-scroll-speed=\"300\" data-accordion-id=\"3e83f42\" data-accordion-type=\"accordion\" data-toogle-speed=\"300\">\n    <div class=\"eael-accordion-list\">\n                <div id=\"leer-ms\" class=\"elementor-tab-title eael-accordion-header\" tabindex=\"0\" data-tab=\"1\" aria-controls=\"elementor-tab-content-6551\"><span class=\"eael-advanced-accordion-icon-closed\"><svg aria-hidden=\"true\" class=\"fa-accordion-icon e-font-icon-svg e-fas-plus\" viewBox=\"0 0 448 512\" xmlns=\"http:\/\/www.w3.org\/2000\/svg\"><path d=\"M416 208H272V64c0-17.67-14.33-32-32-32h-32c-17.67 0-32 14.33-32 32v144H32c-17.67 0-32 14.33-32 32v32c0 17.67 14.33 32 32 32h144v144c0 17.67 14.33 32 32 32h32c17.67 0 32-14.33 32-32V304h144c17.67 0 32-14.33 32-32v-32c0-17.67-14.33-32-32-32z\"><\/path><\/svg><\/span><span class=\"eael-advanced-accordion-icon-opened\"><svg aria-hidden=\"true\" class=\"fa-accordion-icon e-font-icon-svg e-fas-minus\" viewBox=\"0 0 448 512\" xmlns=\"http:\/\/www.w3.org\/2000\/svg\"><path d=\"M416 208H32c-17.67 0-32 14.33-32 32v32c0 17.67 14.33 32 32 32h384c17.67 0 32-14.33 32-32v-32c0-17.67-14.33-32-32-32z\"><\/path><\/svg><\/span><span class=\"eael-accordion-tab-title\">Leer m\u00e1s<\/span><\/div><div id=\"elementor-tab-content-6551\" class=\"eael-accordion-content clearfix\" data-tab=\"1\" aria-labelledby=\"leer-ms\"><p>La Dra. Riddhi Mehta es pediatra del desarrollo de Mumbai. Anteriormente trabaj\u00f3 con el Centro de Desarrollo Infantil Ummeed, una de las principales organizaciones sin fines de lucro de India, y es formadora principal para la Gu\u00eda Internacional para el Monitoreo del Desarrollo Infantil (GMCD). Est\u00e1 capacitada en el uso de pr\u00e1cticas narrativas y disfruta de las conversaciones con ni\u00f1os y j\u00f3venes. Su esperanza es crear un espacio donde todos los ni\u00f1os se sientan escuchados, libres para expresar sus preocupaciones y capaces de preguntar todo lo que quieran a su m\u00e9dico.<\/p><\/div>\n                <\/div><\/div>\t\t\t\t<\/div>\n\t\t\t\t<\/div>\n\t\t\t\t<\/div>\n\t\t\t\t<\/div>\n\t\t\t\t<div class=\"elementor-element elementor-element-ccc54f4 elementor-widget-divider--view-line elementor-widget elementor-widget-divider\" data-id=\"ccc54f4\" data-element_type=\"widget\" data-widget_type=\"divider.default\">\n\t\t\t\t<div class=\"elementor-widget-container\">\n\t\t\t\t\t\t\t<div class=\"elementor-divider\">\n\t\t\t<span class=\"elementor-divider-separator\">\n\t\t\t\t\t\t<\/span>\n\t\t<\/div>\n\t\t\t\t\t\t<\/div>\n\t\t\t\t<\/div>\n\t\t<div class=\"elementor-element elementor-element-4fdf952 e-con-full e-flex e-con e-child\" data-id=\"4fdf952\" data-element_type=\"container\">\n\t\t<div class=\"elementor-element elementor-element-22cb00e e-con-full e-flex e-con e-child\" data-id=\"22cb00e\" data-element_type=\"container\">\n\t\t\t\t<div class=\"elementor-element elementor-element-bbf745a elementor-widget elementor-widget-image\" data-id=\"bbf745a\" data-element_type=\"widget\" data-widget_type=\"image.default\">\n\t\t\t\t<div class=\"elementor-widget-container\">\n\t\t\t\t\t\t\t\t\t\t\t\t\t\t\t<img decoding=\"async\" src=\"https:\/\/idpacongress2025.com\/wp-content\/uploads\/elementor\/thumbs\/Sashmi-Moodley-1-1-r0cgbgjirnwfcb5vobqfz4mw2y20sjlpjn7xrg6n6k.jpg\" title=\"Sashmi-Moodley-.jpg\" alt=\"Sashmi-Moodley-.jpg\" loading=\"lazy\" \/>\t\t\t\t\t\t\t\t\t\t\t\t\t\t\t<\/div>\n\t\t\t\t<\/div>\n\t\t\t\t<\/div>\n\t\t<div class=\"elementor-element elementor-element-b611c05 e-con-full e-flex e-con e-child\" data-id=\"b611c05\" data-element_type=\"container\">\n\t\t\t\t<div class=\"elementor-element elementor-element-9436df3 elementor-widget elementor-widget-heading\" data-id=\"9436df3\" data-element_type=\"widget\" data-widget_type=\"heading.default\">\n\t\t\t\t<div class=\"elementor-widget-container\">\n\t\t\t\t\t<h2 class=\"elementor-heading-title elementor-size-default\">Sashmi Moodley<\/h2>\t\t\t\t<\/div>\n\t\t\t\t<\/div>\n\t\t\t\t<div class=\"elementor-element elementor-element-4c6016d elementor-widget elementor-widget-heading\" data-id=\"4c6016d\" data-element_type=\"widget\" data-widget_type=\"heading.default\">\n\t\t\t\t<div class=\"elementor-widget-container\">\n\t\t\t\t\t<h4 class=\"elementor-heading-title elementor-size-default\">Sud\u00e1frica<\/h4>\t\t\t\t<\/div>\n\t\t\t\t<\/div>\n\t\t\t\t<div class=\"elementor-element elementor-element-9ac38e1 elementor-widget elementor-widget-eael-adv-accordion\" data-id=\"9ac38e1\" data-element_type=\"widget\" data-widget_type=\"eael-adv-accordion.default\">\n\t\t\t\t<div class=\"elementor-widget-container\">\n\t\t\t\t\t        <div class=\"eael-adv-accordion\" id=\"eael-adv-accordion-9ac38e1\" data-scroll-on-click=\"no\" data-scroll-speed=\"300\" data-accordion-id=\"9ac38e1\" data-accordion-type=\"accordion\" data-toogle-speed=\"300\">\n    <div class=\"eael-accordion-list\">\n                <div id=\"leer-ms\" class=\"elementor-tab-title eael-accordion-header\" tabindex=\"0\" data-tab=\"1\" aria-controls=\"elementor-tab-content-1621\"><span class=\"eael-advanced-accordion-icon-closed\"><svg aria-hidden=\"true\" class=\"fa-accordion-icon e-font-icon-svg e-fas-plus\" viewBox=\"0 0 448 512\" xmlns=\"http:\/\/www.w3.org\/2000\/svg\"><path d=\"M416 208H272V64c0-17.67-14.33-32-32-32h-32c-17.67 0-32 14.33-32 32v144H32c-17.67 0-32 14.33-32 32v32c0 17.67 14.33 32 32 32h144v144c0 17.67 14.33 32 32 32h32c17.67 0 32-14.33 32-32V304h144c17.67 0 32-14.33 32-32v-32c0-17.67-14.33-32-32-32z\"><\/path><\/svg><\/span><span class=\"eael-advanced-accordion-icon-opened\"><svg aria-hidden=\"true\" class=\"fa-accordion-icon e-font-icon-svg e-fas-minus\" viewBox=\"0 0 448 512\" xmlns=\"http:\/\/www.w3.org\/2000\/svg\"><path d=\"M416 208H32c-17.67 0-32 14.33-32 32v32c0 17.67 14.33 32 32 32h384c17.67 0 32-14.33 32-32v-32c0-17.67-14.33-32-32-32z\"><\/path><\/svg><\/span><span class=\"eael-accordion-tab-title\">Leer m\u00e1s<\/span><\/div><div id=\"elementor-tab-content-1621\" class=\"eael-accordion-content clearfix\" data-tab=\"1\" aria-labelledby=\"leer-ms\"><p>La Dra. Sashmi Moodley es una humanitaria. Ha dedicado su pasi\u00f3n a la atenci\u00f3n cl\u00ednica de ni\u00f1os dentro del sector de salud de Sud\u00e1frica durante m\u00e1s de 17 a\u00f1os. Tiene una maestr\u00eda en Pediatr\u00eda y en Desarrollo Infantil. Mientras trabajaba como pediatra y subespecialista en neurodesarrollo en el Hospital Memorial de la Guerra Infantil del Red Cross y el New Somerset Hospital en Ciudad del Cabo, Sud\u00e1frica, su rol como profesora y examinadora en el Departamento de Pediatr\u00eda y Salud Infantil de la Universidad de Ciudad del Cabo ha generado un creciente inter\u00e9s en la investigaci\u00f3n traslacional. Sus preguntas buscan incluir las voces de los padres de ni\u00f1os con discapacidades del desarrollo en la pediatr\u00eda cl\u00ednica, mientras comprende las complejidades entre la resiliencia de los cuidadores y la calidad de vida familiar, especialmente en entornos de recursos limitados. La Dra. Moodley colabora activamente con organizaciones que promueven la defensa de los ni\u00f1os con enfermedades raras y condiciones neurodesarrollamentales. Tiene el honor de trabajar con la junta secretarial de la Asociaci\u00f3n Internacional de Pediatr\u00eda del Desarrollo y ha liderado la coordinaci\u00f3n del 5\u00ba congreso en \u00c1frica.<\/p><\/div>\n                <\/div><\/div>\t\t\t\t<\/div>\n\t\t\t\t<\/div>\n\t\t\t\t<\/div>\n\t\t\t\t<\/div>\n\t\t\t\t<div class=\"elementor-element elementor-element-43c6dfd elementor-widget-divider--view-line elementor-widget elementor-widget-divider\" data-id=\"43c6dfd\" data-element_type=\"widget\" data-widget_type=\"divider.default\">\n\t\t\t\t<div class=\"elementor-widget-container\">\n\t\t\t\t\t\t\t<div class=\"elementor-divider\">\n\t\t\t<span class=\"elementor-divider-separator\">\n\t\t\t\t\t\t<\/span>\n\t\t<\/div>\n\t\t\t\t\t\t<\/div>\n\t\t\t\t<\/div>\n\t\t<div class=\"elementor-element elementor-element-c91452d e-con-full e-flex e-con e-child\" data-id=\"c91452d\" data-element_type=\"container\">\n\t\t<div class=\"elementor-element elementor-element-aaa6ae7 e-con-full e-flex e-con e-child\" data-id=\"aaa6ae7\" data-element_type=\"container\">\n\t\t\t\t<div class=\"elementor-element elementor-element-b0a5ada elementor-widget elementor-widget-image\" data-id=\"b0a5ada\" data-element_type=\"widget\" data-widget_type=\"image.default\">\n\t\t\t\t<div class=\"elementor-widget-container\">\n\t\t\t\t\t\t\t\t\t\t\t\t\t\t\t<img decoding=\"async\" src=\"https:\/\/idpacongress2025.com\/wp-content\/uploads\/elementor\/thumbs\/Sara-e1736904314415-1-r0cgbm6jwo459yxore67e37nn9a82q83kf4un3ya58.jpg\" title=\"Sara-e1736904314415.jpg\" alt=\"Sara-e1736904314415.jpg\" loading=\"lazy\" \/>\t\t\t\t\t\t\t\t\t\t\t\t\t\t\t<\/div>\n\t\t\t\t<\/div>\n\t\t\t\t<\/div>\n\t\t<div class=\"elementor-element elementor-element-be33bb4 e-con-full e-flex e-con e-child\" data-id=\"be33bb4\" data-element_type=\"container\">\n\t\t\t\t<div class=\"elementor-element elementor-element-818b511 elementor-widget elementor-widget-heading\" data-id=\"818b511\" data-element_type=\"widget\" data-widget_type=\"heading.default\">\n\t\t\t\t<div class=\"elementor-widget-container\">\n\t\t\t\t\t<h2 class=\"elementor-heading-title elementor-size-default\">Sara Hidalgo<\/h2>\t\t\t\t<\/div>\n\t\t\t\t<\/div>\n\t\t\t\t<div class=\"elementor-element elementor-element-2084403 elementor-widget elementor-widget-heading\" data-id=\"2084403\" data-element_type=\"widget\" data-widget_type=\"heading.default\">\n\t\t\t\t<div class=\"elementor-widget-container\">\n\t\t\t\t\t<h4 class=\"elementor-heading-title elementor-size-default\">Guatemala<\/h4>\t\t\t\t<\/div>\n\t\t\t\t<\/div>\n\t\t\t\t<div class=\"elementor-element elementor-element-4d51f92 elementor-widget elementor-widget-eael-adv-accordion\" data-id=\"4d51f92\" data-element_type=\"widget\" data-widget_type=\"eael-adv-accordion.default\">\n\t\t\t\t<div class=\"elementor-widget-container\">\n\t\t\t\t\t        <div class=\"eael-adv-accordion\" id=\"eael-adv-accordion-4d51f92\" data-scroll-on-click=\"no\" data-scroll-speed=\"300\" data-accordion-id=\"4d51f92\" data-accordion-type=\"accordion\" data-toogle-speed=\"300\">\n    <div class=\"eael-accordion-list\">\n                <div id=\"leer-ms\" class=\"elementor-tab-title eael-accordion-header\" tabindex=\"0\" data-tab=\"1\" aria-controls=\"elementor-tab-content-8101\"><span class=\"eael-advanced-accordion-icon-closed\"><svg aria-hidden=\"true\" class=\"fa-accordion-icon e-font-icon-svg e-fas-plus\" viewBox=\"0 0 448 512\" xmlns=\"http:\/\/www.w3.org\/2000\/svg\"><path d=\"M416 208H272V64c0-17.67-14.33-32-32-32h-32c-17.67 0-32 14.33-32 32v144H32c-17.67 0-32 14.33-32 32v32c0 17.67 14.33 32 32 32h144v144c0 17.67 14.33 32 32 32h32c17.67 0 32-14.33 32-32V304h144c17.67 0 32-14.33 32-32v-32c0-17.67-14.33-32-32-32z\"><\/path><\/svg><\/span><span class=\"eael-advanced-accordion-icon-opened\"><svg aria-hidden=\"true\" class=\"fa-accordion-icon e-font-icon-svg e-fas-minus\" viewBox=\"0 0 448 512\" xmlns=\"http:\/\/www.w3.org\/2000\/svg\"><path d=\"M416 208H32c-17.67 0-32 14.33-32 32v32c0 17.67 14.33 32 32 32h384c17.67 0 32-14.33 32-32v-32c0-17.67-14.33-32-32-32z\"><\/path><\/svg><\/span><span class=\"eael-accordion-tab-title\">Leer m\u00e1s<\/span><\/div><div id=\"elementor-tab-content-8101\" class=\"eael-accordion-content clearfix\" data-tab=\"1\" aria-labelledby=\"leer-ms\"><p>Sara Hern\u00e1ndez es psic\u00f3loga educativa guatemalteca, con una maestr\u00eda en Gesti\u00f3n del Desarrollo Infantil y Adolescente. Actualmente es becaria en desarrollo infantil y asistente de investigaci\u00f3n en la Maya Health Alliance\/Wuqu&#8217; Kawoq, una organizaci\u00f3n guatemalteca sin fines de lucro dedicada a la salud maya, y est\u00e1 trabajando en un estudio de investigaci\u00f3n sobre la efectividad de la Gu\u00eda para el Monitoreo del Desarrollo Infantil en Guatemala. Fue coinvestigadora en un estudio de investigaci\u00f3n sobre los efectos neurodesarrollamentales del virus del Zika en ni\u00f1os que viven en \u00e1reas rurales de Guatemala. Desde entonces, su trabajo se ha centrado en la investigaci\u00f3n del desarrollo infantil, la evaluaci\u00f3n infantil y los derechos de los ni\u00f1os.<\/p><\/div>\n                <\/div><\/div>\t\t\t\t<\/div>\n\t\t\t\t<\/div>\n\t\t\t\t<\/div>\n\t\t\t\t<\/div>\n\t\t\t\t<div class=\"elementor-element elementor-element-4596a73 elementor-widget-divider--view-line elementor-widget elementor-widget-divider\" data-id=\"4596a73\" data-element_type=\"widget\" data-widget_type=\"divider.default\">\n\t\t\t\t<div class=\"elementor-widget-container\">\n\t\t\t\t\t\t\t<div class=\"elementor-divider\">\n\t\t\t<span class=\"elementor-divider-separator\">\n\t\t\t\t\t\t<\/span>\n\t\t<\/div>\n\t\t\t\t\t\t<\/div>\n\t\t\t\t<\/div>\n\t\t<div class=\"elementor-element elementor-element-16b866b e-con-full e-flex e-con e-child\" data-id=\"16b866b\" data-element_type=\"container\">\n\t\t<div class=\"elementor-element elementor-element-4aec583 e-con-full e-flex e-con e-child\" data-id=\"4aec583\" data-element_type=\"container\">\n\t\t\t\t<div class=\"elementor-element elementor-element-3e72f4c elementor-widget elementor-widget-image\" data-id=\"3e72f4c\" data-element_type=\"widget\" data-widget_type=\"image.default\">\n\t\t\t\t<div class=\"elementor-widget-container\">\n\t\t\t\t\t\t\t\t\t\t\t\t\t\t\t<img decoding=\"async\" src=\"https:\/\/idpacongress2025.com\/wp-content\/uploads\/elementor\/thumbs\/Selamenesh-headshot-2023-e1736904435609-1-r0cgbsrf8id5j8o4oz0ldjjvsydskly7xbp901oixo.jpg\" title=\"Selamenesh-headshot-2023-e1736904435609.jpg\" alt=\"Selamenesh-headshot-2023-e1736904435609.jpg\" loading=\"lazy\" \/>\t\t\t\t\t\t\t\t\t\t\t\t\t\t\t<\/div>\n\t\t\t\t<\/div>\n\t\t\t\t<\/div>\n\t\t<div class=\"elementor-element elementor-element-5f95ea5 e-con-full e-flex e-con e-child\" data-id=\"5f95ea5\" data-element_type=\"container\">\n\t\t\t\t<div class=\"elementor-element elementor-element-75e7d62 elementor-widget elementor-widget-heading\" data-id=\"75e7d62\" data-element_type=\"widget\" data-widget_type=\"heading.default\">\n\t\t\t\t<div class=\"elementor-widget-container\">\n\t\t\t\t\t<h2 class=\"elementor-heading-title elementor-size-default\">Selamenesh Tsige Legas, MD<\/h2>\t\t\t\t<\/div>\n\t\t\t\t<\/div>\n\t\t\t\t<div class=\"elementor-element elementor-element-f370c1b elementor-widget elementor-widget-heading\" data-id=\"f370c1b\" data-element_type=\"widget\" data-widget_type=\"heading.default\">\n\t\t\t\t<div class=\"elementor-widget-container\">\n\t\t\t\t\t<h4 class=\"elementor-heading-title elementor-size-default\">Etiop\u00eda<\/h4>\t\t\t\t<\/div>\n\t\t\t\t<\/div>\n\t\t\t\t<div class=\"elementor-element elementor-element-95824e7 elementor-widget elementor-widget-eael-adv-accordion\" data-id=\"95824e7\" data-element_type=\"widget\" data-widget_type=\"eael-adv-accordion.default\">\n\t\t\t\t<div class=\"elementor-widget-container\">\n\t\t\t\t\t        <div class=\"eael-adv-accordion\" id=\"eael-adv-accordion-95824e7\" data-scroll-on-click=\"no\" data-scroll-speed=\"300\" data-accordion-id=\"95824e7\" data-accordion-type=\"accordion\" data-toogle-speed=\"300\">\n    <div class=\"eael-accordion-list\">\n                <div id=\"leer-ms\" class=\"elementor-tab-title eael-accordion-header\" tabindex=\"0\" data-tab=\"1\" aria-controls=\"elementor-tab-content-1561\"><span class=\"eael-advanced-accordion-icon-closed\"><svg aria-hidden=\"true\" class=\"fa-accordion-icon e-font-icon-svg e-fas-plus\" viewBox=\"0 0 448 512\" xmlns=\"http:\/\/www.w3.org\/2000\/svg\"><path d=\"M416 208H272V64c0-17.67-14.33-32-32-32h-32c-17.67 0-32 14.33-32 32v144H32c-17.67 0-32 14.33-32 32v32c0 17.67 14.33 32 32 32h144v144c0 17.67 14.33 32 32 32h32c17.67 0 32-14.33 32-32V304h144c17.67 0 32-14.33 32-32v-32c0-17.67-14.33-32-32-32z\"><\/path><\/svg><\/span><span class=\"eael-advanced-accordion-icon-opened\"><svg aria-hidden=\"true\" class=\"fa-accordion-icon e-font-icon-svg e-fas-minus\" viewBox=\"0 0 448 512\" xmlns=\"http:\/\/www.w3.org\/2000\/svg\"><path d=\"M416 208H32c-17.67 0-32 14.33-32 32v32c0 17.67 14.33 32 32 32h384c17.67 0 32-14.33 32-32v-32c0-17.67-14.33-32-32-32z\"><\/path><\/svg><\/span><span class=\"eael-accordion-tab-title\">Leer m\u00e1s<\/span><\/div><div id=\"elementor-tab-content-1561\" class=\"eael-accordion-content clearfix\" data-tab=\"1\" aria-labelledby=\"leer-ms\"><p>La Dra. Selamenesh Tsige Legas es una apasionada defensora de los ni\u00f1os con discapacidades y sus familias. En 2019, estableci\u00f3 la primera cl\u00ednica de pediatr\u00eda del desarrollo en Etiop\u00eda, gestion\u00e1ndola de manera independiente a trav\u00e9s de afiliaciones internacionales. Tras recibir una beca en la Universidad de Toronto en 2021, se form\u00f3 en el Hospital de Rehabilitaci\u00f3n Infantil Holland Bloorview y se convirti\u00f3 en la primera pediatra del desarrollo de Etiop\u00eda. Actualmente, es una parte integral del din\u00e1mico equipo de pediatras del desarrollo en el Children\u2019s Hospital del London Health Sciences Centre y profesora asistente de Pediatr\u00eda en la Schulich School of Medicine and Dentistry de la Western University, en London, Ontario.<\/p><p>La Dra. Legas es exalumna del Programa de Liderazgo de Posgrado de la Universidad de Toronto 2022\/2023 y recientemente fue seleccionada para el Programa de L\u00edderes Emergentes de la American Academy of Cerebral Palsy and Developmental Medicine (AACPDM). Ocupa diversos cargos de liderazgo internacional, incluyendo posiciones en la International Alliance Academies of Childhood Disabilities (IAACD), el Global Professional Educational Consortium (GPEC), el Physicians of Ontario Neuro-Developmental Advocacy group (PONDA), el Comit\u00e9 de Asuntos Internacionales de la AACPDM, el Comit\u00e9 Cient\u00edfico de la AACPDM y la Eastern African Academy of Childhood Disability (EAACD). Tambi\u00e9n lider\u00f3 el equipo de desarrollo del curr\u00edculo de Desarrollo Infantil Temprano para residentes de Pediatr\u00eda a trav\u00e9s del Eastern Central and Southern Africa College of Pediatrics and Child Health (ECSAPACH).<\/p><p>Los intereses de investigaci\u00f3n de la Dra. Legas se centran en la traducci\u00f3n del conocimiento sobre discapacidad infantil en entornos con recursos limitados. Recientemente, ha trabajado en la adopci\u00f3n, traducci\u00f3n e integraci\u00f3n cl\u00ednica de herramientas para la identificaci\u00f3n temprana y el acompa\u00f1amiento en el desarrollo de ni\u00f1os con discapacidades de inicio en la infancia. Tambi\u00e9n es una firme defensora del cuidado centrado en la familia, lo que ha demostrado a trav\u00e9s de su p\u00f3dcast de PONDA (<em>Function vs. Diagnosis<\/em>) y la organizaci\u00f3n que fund\u00f3, Gojo Accommodation and Temporary Shelter for Patients in Need NGO en Etiop\u00eda. Es exalumna del Mandela Washington Fellowship 2020\/2021 y del programa de Experiencia Profesional en EE.UU.<\/p><p>La Dra. Legas tiene el honor de formar parte de la Junta Secretarial de la International Developmental Pediatrics Association (IDPA).<\/p><\/div>\n                <\/div><\/div>\t\t\t\t<\/div>\n\t\t\t\t<\/div>\n\t\t\t\t<\/div>\n\t\t\t\t<\/div>\n\t\t\t\t<div class=\"elementor-element elementor-element-732b924 elementor-widget-divider--view-line elementor-widget elementor-widget-divider\" data-id=\"732b924\" data-element_type=\"widget\" data-widget_type=\"divider.default\">\n\t\t\t\t<div class=\"elementor-widget-container\">\n\t\t\t\t\t\t\t<div class=\"elementor-divider\">\n\t\t\t<span class=\"elementor-divider-separator\">\n\t\t\t\t\t\t<\/span>\n\t\t<\/div>\n\t\t\t\t\t\t<\/div>\n\t\t\t\t<\/div>\n\t\t\t\t\t<\/div>\n\t\t\t\t<\/div>\n\t\t<div class=\"elementor-element elementor-element-f991707 e-con-full e-flex e-con e-parent\" data-id=\"f991707\" data-element_type=\"container\">\n\t\t\t\t<div class=\"elementor-element elementor-element-41d1828 elementor-widget elementor-widget-image\" data-id=\"41d1828\" data-element_type=\"widget\" data-widget_type=\"image.default\">\n\t\t\t\t<div class=\"elementor-widget-container\">\n\t\t\t\t\t\t\t\t\t\t\t\t\t\t\t<img fetchpriority=\"high\" decoding=\"async\" width=\"1024\" height=\"74\" src=\"https:\/\/idpacongress2025.com\/wp-content\/uploads\/2024\/05\/banner2.png\" class=\"attachment-full size-full wp-image-1620\" alt=\"IDPA Congress Guatemala 2025\" srcset=\"https:\/\/idpacongress2025.com\/wp-content\/uploads\/2024\/05\/banner2.png 1024w, https:\/\/idpacongress2025.com\/wp-content\/uploads\/2024\/05\/banner2-300x22.png 300w, https:\/\/idpacongress2025.com\/wp-content\/uploads\/2024\/05\/banner2-768x56.png 768w\" sizes=\"(max-width: 1024px) 100vw, 1024px\" \/>\t\t\t\t\t\t\t\t\t\t\t\t\t\t\t<\/div>\n\t\t\t\t<\/div>\n\t\t\t\t<\/div>\n\t\t\t\t<section class=\"elementor-section elementor-top-section elementor-element elementor-element-iprnvoi elementor-section-boxed elementor-section-height-default elementor-section-height-default\" data-id=\"iprnvoi\" data-element_type=\"section\" data-settings=\"{&quot;background_background&quot;:&quot;classic&quot;}\">\n\t\t\t\t\t\t\t<div class=\"elementor-background-overlay\"><\/div>\n\t\t\t\t\t\t\t<div class=\"elementor-container elementor-column-gap-default\">\n\t\t\t\t\t<div class=\"elementor-column elementor-col-100 elementor-top-column elementor-element elementor-element-ykgrusx\" data-id=\"ykgrusx\" data-element_type=\"column\">\n\t\t\t<div class=\"elementor-widget-wrap elementor-element-populated\">\n\t\t\t\t\t\t<section class=\"elementor-section elementor-inner-section elementor-element elementor-element-qnloszg elementor-section-boxed elementor-section-height-default elementor-section-height-default\" data-id=\"qnloszg\" data-element_type=\"section\">\n\t\t\t\t\t\t<div class=\"elementor-container elementor-column-gap-default\">\n\t\t\t\t\t<div class=\"elementor-column elementor-col-100 elementor-inner-column elementor-element elementor-element-cxtsmnt\" data-id=\"cxtsmnt\" data-element_type=\"column\">\n\t\t\t<div class=\"elementor-widget-wrap elementor-element-populated\">\n\t\t\t\t\t\t<div class=\"elementor-element elementor-element-jgjrlsv elementor-widget elementor-widget-heading\" data-id=\"jgjrlsv\" data-element_type=\"widget\" data-widget_type=\"heading.default\">\n\t\t\t\t<div class=\"elementor-widget-container\">\n\t\t\t\t\t<h1 class=\"elementor-heading-title elementor-size-default\"><a href=\"http:\/\/idpacongress2025.com\/news\/\">NOTICIAS<\/a><\/h1>\t\t\t\t<\/div>\n\t\t\t\t<\/div>\n\t\t\t\t<div class=\"elementor-element elementor-element-d2f11d4 elementor-widget elementor-widget-image\" data-id=\"d2f11d4\" data-element_type=\"widget\" data-widget_type=\"image.default\">\n\t\t\t\t<div class=\"elementor-widget-container\">\n\t\t\t\t\t\t\t\t\t\t\t\t\t\t\t<img decoding=\"async\" src=\"https:\/\/idpacongress2025.com\/wp-content\/uploads\/elementor\/thumbs\/cropped-cropped-IDPA_2025-Logo-qr5qcs82ppvg3ruytw000b87goux0xx4qeg85c34aw.png\" title=\"cropped-cropped-IDPA_2025-Logo.png\" alt=\"IDPA 2025 Congress Logo\" loading=\"lazy\" \/>\t\t\t\t\t\t\t\t\t\t\t\t\t\t\t<\/div>\n\t\t\t\t<\/div>\n\t\t\t\t\t<\/div>\n\t\t<\/div>\n\t\t\t\t\t<\/div>\n\t\t<\/section>\n\t\t\t\t<section class=\"elementor-section elementor-inner-section elementor-element elementor-element-ndwmjxh elementor-section-content-middle elementor-section-boxed elementor-section-height-default elementor-section-height-default\" data-id=\"ndwmjxh\" data-element_type=\"section\">\n\t\t\t\t\t\t<div class=\"elementor-container elementor-column-gap-default\">\n\t\t\t\t\t<div class=\"elementor-column elementor-col-50 elementor-inner-column elementor-element elementor-element-wegqyxe\" data-id=\"wegqyxe\" data-element_type=\"column\">\n\t\t\t<div class=\"elementor-widget-wrap elementor-element-populated\">\n\t\t\t\t\t\t<div class=\"elementor-element elementor-element-b753497 elementor-invisible elementor-widget elementor-widget-text-editor\" data-id=\"b753497\" data-element_type=\"widget\" data-settings=\"{&quot;_animation&quot;:&quot;fadeIn&quot;}\" data-widget_type=\"text-editor.default\">\n\t\t\t\t<div class=\"elementor-widget-container\">\n\t\t\t\t\t\t\t\t\t<p><span style=\"font-weight: 400;\">Lee del congreso anterior <span style=\"text-decoration: underline;\"><strong><a href=\"https:\/\/idpacongress2023.co.za\/\">2023 en Sud\u00e1frica<\/a><\/strong><\/span><\/span><\/p>\t\t\t\t\t\t\t\t<\/div>\n\t\t\t\t<\/div>\n\t\t\t\t\t<\/div>\n\t\t<\/div>\n\t\t\t\t<div class=\"elementor-column elementor-col-50 elementor-inner-column elementor-element elementor-element-fojgvbo\" data-id=\"fojgvbo\" data-element_type=\"column\">\n\t\t\t<div class=\"elementor-widget-wrap elementor-element-populated\">\n\t\t\t\t\t\t<div class=\"elementor-element elementor-element-kxdrexi elementor-invisible elementor-widget elementor-widget-text-editor\" data-id=\"kxdrexi\" data-element_type=\"widget\" data-settings=\"{&quot;_animation&quot;:&quot;fadeIn&quot;}\" data-widget_type=\"text-editor.default\">\n\t\t\t\t<div class=\"elementor-widget-container\">\n\t\t\t\t\t\t\t\t\t<p><span style=\"font-weight: 400;\">Lee m\u00e1s sobre la <a href=\"https:\/\/developmentalpediatrics.net\/\"><span style=\"text-decoration: underline;\"><strong>Asociaci\u00f3n Internacional de Pediatr\u00eda del Desarrollo IDPA<\/strong><\/span><\/a><\/span><\/p>\t\t\t\t\t\t\t\t<\/div>\n\t\t\t\t<\/div>\n\t\t\t\t\t<\/div>\n\t\t<\/div>\n\t\t\t\t\t<\/div>\n\t\t<\/section>\n\t\t\t\t\t<\/div>\n\t\t<\/div>\n\t\t\t\t\t<\/div>\n\t\t<\/section>\n\t\t\t\t<section class=\"elementor-section elementor-top-section elementor-element elementor-element-v7k6v7u elementor-section-full_width elementor-section-height-default elementor-section-height-default\" data-id=\"v7k6v7u\" data-element_type=\"section\">\n\t\t\t\t\t\t<div class=\"elementor-container elementor-column-gap-default\">\n\t\t\t\t\t<div class=\"elementor-column elementor-col-100 elementor-top-column elementor-element elementor-element-m4tyrf2\" data-id=\"m4tyrf2\" data-element_type=\"column\">\n\t\t\t<div class=\"elementor-widget-wrap elementor-element-populated\">\n\t\t\t\t\t\t<div class=\"elementor-element elementor-element-f9612ce elementor-widget elementor-widget-image\" data-id=\"f9612ce\" data-element_type=\"widget\" data-widget_type=\"image.default\">\n\t\t\t\t<div class=\"elementor-widget-container\">\n\t\t\t\t\t\t\t\t\t\t\t\t\t\t\t<img decoding=\"async\" width=\"522\" height=\"64\" src=\"https:\/\/idpacongress2025.com\/wp-content\/uploads\/2025\/03\/Divider-3-1.png\" class=\"attachment-full size-full wp-image-3490\" alt=\"\" srcset=\"https:\/\/idpacongress2025.com\/wp-content\/uploads\/2025\/03\/Divider-3-1.png 522w, https:\/\/idpacongress2025.com\/wp-content\/uploads\/2025\/03\/Divider-3-1-300x37.png 300w\" sizes=\"(max-width: 522px) 100vw, 522px\" \/>\t\t\t\t\t\t\t\t\t\t\t\t\t\t\t<\/div>\n\t\t\t\t<\/div>\n\t\t\t\t\t<\/div>\n\t\t<\/div>\n\t\t\t\t\t<\/div>\n\t\t<\/section>\n\t\t\t\t<section class=\"elementor-section elementor-top-section elementor-element elementor-element-h73puf8 elementor-section-full_width elementor-section-height-default elementor-section-height-default\" data-id=\"h73puf8\" data-element_type=\"section\">\n\t\t\t\t\t\t<div class=\"elementor-container elementor-column-gap-no\">\n\t\t\t\t\t<div class=\"elementor-column elementor-col-33 elementor-top-column elementor-element elementor-element-i8tuj8w\" data-id=\"i8tuj8w\" data-element_type=\"column\" data-settings=\"{&quot;background_background&quot;:&quot;classic&quot;}\">\n\t\t\t<div class=\"elementor-widget-wrap elementor-element-populated\">\n\t\t\t\t\t\t<div class=\"elementor-element elementor-element-0115938 elementor-position-inline-start center-mobile elementor-view-default elementor-mobile-position-block-start elementor-widget elementor-widget-icon-box\" data-id=\"0115938\" data-element_type=\"widget\" data-widget_type=\"icon-box.default\">\n\t\t\t\t<div class=\"elementor-widget-container\">\n\t\t\t\t\t\t\t<div class=\"elementor-icon-box-wrapper\">\n\n\t\t\t\t\t\t<div class=\"elementor-icon-box-icon\">\n\t\t\t\t<span  class=\"elementor-icon\">\n\t\t\t\t<svg aria-hidden=\"true\" class=\"e-font-icon-svg e-fas-map-signs\" viewBox=\"0 0 512 512\" xmlns=\"http:\/\/www.w3.org\/2000\/svg\"><path d=\"M507.31 84.69L464 41.37c-6-6-14.14-9.37-22.63-9.37H288V16c0-8.84-7.16-16-16-16h-32c-8.84 0-16 7.16-16 16v16H56c-13.25 0-24 10.75-24 24v80c0 13.25 10.75 24 24 24h385.37c8.49 0 16.62-3.37 22.63-9.37l43.31-43.31c6.25-6.26 6.25-16.38 0-22.63zM224 496c0 8.84 7.16 16 16 16h32c8.84 0 16-7.16 16-16V384h-64v112zm232-272H288v-32h-64v32H70.63c-8.49 0-16.62 3.37-22.63 9.37L4.69 276.69c-6.25 6.25-6.25 16.38 0 22.63L48 342.63c6 6 14.14 9.37 22.63 9.37H456c13.25 0 24-10.75 24-24v-80c0-13.25-10.75-24-24-24z\"><\/path><\/svg>\t\t\t\t<\/span>\n\t\t\t<\/div>\n\t\t\t\n\t\t\t\t\t\t<div class=\"elementor-icon-box-content\">\n\n\t\t\t\t\t\t\t\t\t<h3 class=\"elementor-icon-box-title\">\n\t\t\t\t\t\t<span  >\n\t\t\t\t\t\t\t<span style=\"font-family: ABeeZee;font-size: 14px;font-style: normal;font-weight: 600\">UBICACI\u00d3N<\/span><span style=\"font-family: ABeeZee;font-size: 14px;font-style: normal;font-weight: 600\"><\/span>\t\t\t\t\t\t<\/span>\n\t\t\t\t\t<\/h3>\n\t\t\t\t\n\t\t\t\t\t\t\t\t\t<p class=\"elementor-icon-box-description\">\n\t\t\t\t\t\tHotel Barcel\u00f3, Guatemala City\t\t\t\t\t<\/p>\n\t\t\t\t\n\t\t\t<\/div>\n\t\t\t\n\t\t<\/div>\n\t\t\t\t\t\t<\/div>\n\t\t\t\t<\/div>\n\t\t\t\t\t<\/div>\n\t\t<\/div>\n\t\t\t\t<div class=\"elementor-column elementor-col-33 elementor-top-column elementor-element elementor-element-zjjtv8g\" data-id=\"zjjtv8g\" data-element_type=\"column\" data-settings=\"{&quot;background_background&quot;:&quot;classic&quot;}\">\n\t\t\t<div class=\"elementor-widget-wrap elementor-element-populated\">\n\t\t\t\t\t\t<div class=\"elementor-element elementor-element-bp69h90 elementor-position-inline-start center-mobile elementor-view-default elementor-mobile-position-block-start elementor-widget elementor-widget-icon-box\" data-id=\"bp69h90\" data-element_type=\"widget\" data-widget_type=\"icon-box.default\">\n\t\t\t\t<div class=\"elementor-widget-container\">\n\t\t\t\t\t\t\t<div class=\"elementor-icon-box-wrapper\">\n\n\t\t\t\t\t\t<div class=\"elementor-icon-box-icon\">\n\t\t\t\t<span  class=\"elementor-icon\">\n\t\t\t\t<svg aria-hidden=\"true\" class=\"e-font-icon-svg e-far-calendar-alt\" viewBox=\"0 0 448 512\" xmlns=\"http:\/\/www.w3.org\/2000\/svg\"><path d=\"M148 288h-40c-6.6 0-12-5.4-12-12v-40c0-6.6 5.4-12 12-12h40c6.6 0 12 5.4 12 12v40c0 6.6-5.4 12-12 12zm108-12v-40c0-6.6-5.4-12-12-12h-40c-6.6 0-12 5.4-12 12v40c0 6.6 5.4 12 12 12h40c6.6 0 12-5.4 12-12zm96 0v-40c0-6.6-5.4-12-12-12h-40c-6.6 0-12 5.4-12 12v40c0 6.6 5.4 12 12 12h40c6.6 0 12-5.4 12-12zm-96 96v-40c0-6.6-5.4-12-12-12h-40c-6.6 0-12 5.4-12 12v40c0 6.6 5.4 12 12 12h40c6.6 0 12-5.4 12-12zm-96 0v-40c0-6.6-5.4-12-12-12h-40c-6.6 0-12 5.4-12 12v40c0 6.6 5.4 12 12 12h40c6.6 0 12-5.4 12-12zm192 0v-40c0-6.6-5.4-12-12-12h-40c-6.6 0-12 5.4-12 12v40c0 6.6 5.4 12 12 12h40c6.6 0 12-5.4 12-12zm96-260v352c0 26.5-21.5 48-48 48H48c-26.5 0-48-21.5-48-48V112c0-26.5 21.5-48 48-48h48V12c0-6.6 5.4-12 12-12h40c6.6 0 12 5.4 12 12v52h128V12c0-6.6 5.4-12 12-12h40c6.6 0 12 5.4 12 12v52h48c26.5 0 48 21.5 48 48zm-48 346V160H48v298c0 3.3 2.7 6 6 6h340c3.3 0 6-2.7 6-6z\"><\/path><\/svg>\t\t\t\t<\/span>\n\t\t\t<\/div>\n\t\t\t\n\t\t\t\t\t\t<div class=\"elementor-icon-box-content\">\n\n\t\t\t\t\t\t\t\t\t<h3 class=\"elementor-icon-box-title\">\n\t\t\t\t\t\t<span  >\n\t\t\t\t\t\t\t1 al 4 de Diciembre\t\t\t\t\t\t<\/span>\n\t\t\t\t\t<\/h3>\n\t\t\t\t\n\t\t\t\t\t\t\t\t\t<p class=\"elementor-icon-box-description\">\n\t\t\t\t\t\t8:00am\u20136:30pm\t\t\t\t\t<\/p>\n\t\t\t\t\n\t\t\t<\/div>\n\t\t\t\n\t\t<\/div>\n\t\t\t\t\t\t<\/div>\n\t\t\t\t<\/div>\n\t\t\t\t\t<\/div>\n\t\t<\/div>\n\t\t\t\t<div class=\"elementor-column elementor-col-33 elementor-top-column elementor-element elementor-element-ylv0aex\" data-id=\"ylv0aex\" data-element_type=\"column\" data-settings=\"{&quot;background_background&quot;:&quot;classic&quot;}\">\n\t\t\t<div class=\"elementor-widget-wrap elementor-element-populated\">\n\t\t\t\t\t\t<div class=\"elementor-element elementor-element-d0d7db3 elementor-position-inline-start center-mobile elementor-view-default elementor-mobile-position-block-start elementor-widget elementor-widget-icon-box\" data-id=\"d0d7db3\" data-element_type=\"widget\" data-widget_type=\"icon-box.default\">\n\t\t\t\t<div class=\"elementor-widget-container\">\n\t\t\t\t\t\t\t<div class=\"elementor-icon-box-wrapper\">\n\n\t\t\t\t\t\t<div class=\"elementor-icon-box-icon\">\n\t\t\t\t<a href=\"https:\/\/wa.me\/50230271896?\" class=\"elementor-icon\" tabindex=\"-1\" aria-label=\"&lt;span style=&quot;font-family: ABeeZee; font-size: 14px; font-style: normal; font-variant-ligatures: normal; font-variant-caps: normal; font-weight: 600;&quot;&gt;Cont\u00e1ctanos&lt;\/span&gt;\">\n\t\t\t\t<svg aria-hidden=\"true\" class=\"e-font-icon-svg e-fab-whatsapp\" viewBox=\"0 0 448 512\" xmlns=\"http:\/\/www.w3.org\/2000\/svg\"><path d=\"M380.9 97.1C339 55.1 283.2 32 223.9 32c-122.4 0-222 99.6-222 222 0 39.1 10.2 77.3 29.6 111L0 480l117.7-30.9c32.4 17.7 68.9 27 106.1 27h.1c122.3 0 224.1-99.6 224.1-222 0-59.3-25.2-115-67.1-157zm-157 341.6c-33.2 0-65.7-8.9-94-25.7l-6.7-4-69.8 18.3L72 359.2l-4.4-7c-18.5-29.4-28.2-63.3-28.2-98.2 0-101.7 82.8-184.5 184.6-184.5 49.3 0 95.6 19.2 130.4 54.1 34.8 34.9 56.2 81.2 56.1 130.5 0 101.8-84.9 184.6-186.6 184.6zm101.2-138.2c-5.5-2.8-32.8-16.2-37.9-18-5.1-1.9-8.8-2.8-12.5 2.8-3.7 5.6-14.3 18-17.6 21.8-3.2 3.7-6.5 4.2-12 1.4-32.6-16.3-54-29.1-75.5-66-5.7-9.8 5.7-9.1 16.3-30.3 1.8-3.7.9-6.9-.5-9.7-1.4-2.8-12.5-30.1-17.1-41.2-4.5-10.8-9.1-9.3-12.5-9.5-3.2-.2-6.9-.2-10.6-.2-3.7 0-9.7 1.4-14.8 6.9-5.1 5.6-19.4 19-19.4 46.3 0 27.3 19.9 53.7 22.6 57.4 2.8 3.7 39.1 59.7 94.8 83.8 35.2 15.2 49 16.5 66.6 13.9 10.7-1.6 32.8-13.4 37.4-26.4 4.6-13 4.6-24.1 3.2-26.4-1.3-2.5-5-3.9-10.5-6.6z\"><\/path><\/svg>\t\t\t\t<\/a>\n\t\t\t<\/div>\n\t\t\t\n\t\t\t\t\t\t<div class=\"elementor-icon-box-content\">\n\n\t\t\t\t\t\t\t\t\t<h3 class=\"elementor-icon-box-title\">\n\t\t\t\t\t\t<a href=\"https:\/\/wa.me\/50230271896?\" >\n\t\t\t\t\t\t\t<span style=\"font-family: ABeeZee;font-size: 14px;font-style: normal;font-weight: 600\">Cont\u00e1ctanos<\/span>\t\t\t\t\t\t<\/a>\n\t\t\t\t\t<\/h3>\n\t\t\t\t\n\t\t\t\t\t\t\t\t\t<p class=\"elementor-icon-box-description\">\n\t\t\t\t\t\t<a href=\"https:\/\/wa.me\/50230271896?\">+502 3027-1896<\/a>\t\t\t\t\t<\/p>\n\t\t\t\t\n\t\t\t<\/div>\n\t\t\t\n\t\t<\/div>\n\t\t\t\t\t\t<\/div>\n\t\t\t\t<\/div>\n\t\t\t\t\t<\/div>\n\t\t<\/div>\n\t\t\t\t\t<\/div>\n\t\t<\/section>\n\t\t\t\t<\/div>\n\t\t","protected":false},"excerpt":{"rendered":"<p>Registro Bienvenidos al 6to Congreso de la Asociaci\u00f3n Internacional de Pediatr\u00eda del Desarrollo (IDPA) 2025 En nombre de la Asociaci\u00f3n Internacional de Pediatr\u00eda del Desarrollo (IDPA) y Wuqu\u2019 Kawoq | Alianza Maya para la Salud, es un placer anunciar el Sexto Congreso de la Asociaci\u00f3n Internacional de Pediatr\u00eda del Desarrollo, que se llevar\u00e1 a cabo [&hellip;]<\/p>\n","protected":false},"author":1,"featured_media":0,"parent":0,"menu_order":0,"comment_status":"closed","ping_status":"closed","template":"","meta":{"_monsterinsights_skip_tracking":false,"_monsterinsights_sitenote_active":false,"_monsterinsights_sitenote_note":"","_monsterinsights_sitenote_category":0,"ocean_post_layout":"full-screen","ocean_both_sidebars_style":"","ocean_both_sidebars_content_width":0,"ocean_both_sidebars_sidebars_width":0,"ocean_sidebar":"sidebar","ocean_second_sidebar":"0","ocean_disable_margins":"on","ocean_add_body_class":"","ocean_shortcode_before_top_bar":"","ocean_shortcode_after_top_bar":"","ocean_shortcode_before_header":"","ocean_shortcode_after_header":"","ocean_has_shortcode":"","ocean_shortcode_after_title":"","ocean_shortcode_before_footer_widgets":"","ocean_shortcode_after_footer_widgets":"","ocean_shortcode_before_footer_bottom":"","ocean_shortcode_after_footer_bottom":"","ocean_display_top_bar":"default","ocean_display_header":"default","ocean_header_style":"","ocean_center_header_left_menu":"0","ocean_custom_header_template":"0","ocean_custom_logo":0,"ocean_custom_retina_logo":0,"ocean_custom_logo_max_width":0,"ocean_custom_logo_tablet_max_width":0,"ocean_custom_logo_mobile_max_width":0,"ocean_custom_logo_max_height":0,"ocean_custom_logo_tablet_max_height":0,"ocean_custom_logo_mobile_max_height":0,"ocean_header_custom_menu":"0","ocean_menu_typo_font_family":"0","ocean_menu_typo_font_subset":"","ocean_menu_typo_font_size":0,"ocean_menu_typo_font_size_tablet":0,"ocean_menu_typo_font_size_mobile":0,"ocean_menu_typo_font_size_unit":"px","ocean_menu_typo_font_weight":"","ocean_menu_typo_font_weight_tablet":"","ocean_menu_typo_font_weight_mobile":"","ocean_menu_typo_transform":"","ocean_menu_typo_transform_tablet":"","ocean_menu_typo_transform_mobile":"","ocean_menu_typo_line_height":0,"ocean_menu_typo_line_height_tablet":0,"ocean_menu_typo_line_height_mobile":0,"ocean_menu_typo_line_height_unit":"","ocean_menu_typo_spacing":0,"ocean_menu_typo_spacing_tablet":0,"ocean_menu_typo_spacing_mobile":0,"ocean_menu_typo_spacing_unit":"","ocean_menu_link_color":"","ocean_menu_link_color_hover":"","ocean_menu_link_color_active":"","ocean_menu_link_background":"","ocean_menu_link_hover_background":"","ocean_menu_link_active_background":"","ocean_menu_social_links_bg":"","ocean_menu_social_hover_links_bg":"","ocean_menu_social_links_color":"","ocean_menu_social_hover_links_color":"","ocean_disable_title":"enable","ocean_disable_heading":"on","ocean_post_title":"","ocean_post_subheading":"","ocean_post_title_style":"","ocean_post_title_background_color":"","ocean_post_title_background":0,"ocean_post_title_bg_image_position":"","ocean_post_title_bg_image_attachment":"","ocean_post_title_bg_image_repeat":"","ocean_post_title_bg_image_size":"","ocean_post_title_height":0,"ocean_post_title_bg_overlay":0.5,"ocean_post_title_bg_overlay_color":"","ocean_disable_breadcrumbs":"default","ocean_breadcrumbs_color":"","ocean_breadcrumbs_separator_color":"","ocean_breadcrumbs_links_color":"","ocean_breadcrumbs_links_hover_color":"","ocean_display_footer_widgets":"default","ocean_display_footer_bottom":"default","ocean_custom_footer_template":"0","omw_enable_modal_window":"enable","footnotes":""},"class_list":["post-1671","page","type-page","status-publish","hentry","entry"],"aioseo_notices":[],"_links":{"self":[{"href":"https:\/\/idpacongress2025.com\/es\/wp-json\/wp\/v2\/pages\/1671","targetHints":{"allow":["GET"]}}],"collection":[{"href":"https:\/\/idpacongress2025.com\/es\/wp-json\/wp\/v2\/pages"}],"about":[{"href":"https:\/\/idpacongress2025.com\/es\/wp-json\/wp\/v2\/types\/page"}],"author":[{"embeddable":true,"href":"https:\/\/idpacongress2025.com\/es\/wp-json\/wp\/v2\/users\/1"}],"replies":[{"embeddable":true,"href":"https:\/\/idpacongress2025.com\/es\/wp-json\/wp\/v2\/comments?post=1671"}],"version-history":[{"count":83,"href":"https:\/\/idpacongress2025.com\/es\/wp-json\/wp\/v2\/pages\/1671\/revisions"}],"predecessor-version":[{"id":3857,"href":"https:\/\/idpacongress2025.com\/es\/wp-json\/wp\/v2\/pages\/1671\/revisions\/3857"}],"wp:attachment":[{"href":"https:\/\/idpacongress2025.com\/es\/wp-json\/wp\/v2\/media?parent=1671"}],"curies":[{"name":"wp","href":"https:\/\/api.w.org\/{rel}","templated":true}]}}